{"id":11335,"date":"2025-08-05T10:04:51","date_gmt":"2025-08-05T10:04:51","guid":{"rendered":"https:\/\/www.colomio.com\/?page_id=11335"},"modified":"2026-04-21 14:43:24","modified_gmt":"2026-04-21T14:43:24","slug":"kalenteri-2026","status":"publish","type":"page","link":"https:\/\/www.colomio.com\/fi\/kalenteri-2026","title":{"rendered":"Kalenteri 2026 Suomi \u2013 Ilmainen PDF Lataus Juhlapyhineen"},"content":{"rendered":"\n<div id=\"ez-toc-container\" class=\"ez-toc-v2_0_81 counter-hierarchy ez-toc-counter ez-toc-grey ez-toc-container-direction\">\n<div class=\"ez-toc-title-container\">\n<p class=\"ez-toc-title\" style=\"cursor:inherit\">Sis\u00e4llysluettelo<\/p>\n<span class=\"ez-toc-title-toggle\"><a href=\"#\" class=\"ez-toc-pull-right ez-toc-btn ez-toc-btn-xs ez-toc-btn-default ez-toc-toggle\" aria-label=\"Toggle Table of Content\"><span class=\"ez-toc-js-icon-con\"><span class=\"\"><span class=\"eztoc-hide\" style=\"display:none;\">Toggle<\/span><span class=\"ez-toc-icon-toggle-span\"><svg style=\"fill: #999;color:#999\" xmlns=\"http:\/\/www.w3.org\/2000\/svg\" class=\"list-377408\" width=\"20px\" height=\"20px\" viewBox=\"0 0 24 24\" fill=\"none\"><path d=\"M6 6H4v2h2V6zm14 0H8v2h12V6zM4 11h2v2H4v-2zm16 0H8v2h12v-2zM4 16h2v2H4v-2zm16 0H8v2h12v-2z\" fill=\"currentColor\"><\/path><\/svg><svg style=\"fill: #999;color:#999\" class=\"arrow-unsorted-368013\" xmlns=\"http:\/\/www.w3.org\/2000\/svg\" width=\"10px\" height=\"10px\" viewBox=\"0 0 24 24\" version=\"1.2\" baseProfile=\"tiny\"><path d=\"M18.2 9.3l-6.2-6.3-6.2 6.3c-.2.2-.3.4-.3.7s.1.5.3.7c.2.2.4.3.7.3h11c.3 0 .5-.1.7-.3.2-.2.3-.5.3-.7s-.1-.5-.3-.7zM5.8 14.7l6.2 6.3 6.2-6.3c.2-.2.3-.5.3-.7s-.1-.5-.3-.7c-.2-.2-.4-.3-.7-.3h-11c-.3 0-.5.1-.7.3-.2.2-.3.5-.3.7s.1.5.3.7z\"\/><\/svg><\/span><\/span><\/span><\/a><\/span><\/div>\n<nav><ul class='ez-toc-list ez-toc-list-level-1 eztoc-toggle-hide-by-default' ><li class='ez-toc-page-1 ez-toc-heading-level-2'><a class=\"ez-toc-link ez-toc-heading-1\" href=\"https:\/\/www.colomio.com\/fi\/kalenteri-2026\/#Kalenteri%E2%80%AF2026_eri_formaateissa\" >Kalenteri\u202f2026 eri formaateissa<\/a><\/li><li class='ez-toc-page-1 ez-toc-heading-level-2'><a class=\"ez-toc-link ez-toc-heading-2\" href=\"https:\/\/www.colomio.com\/fi\/kalenteri-2026\/#%F0%9F%87%AB%F0%9F%87%AE_Pyhapaivat_2026_Suomessa\" >\ud83c\uddeb\ud83c\uddee Pyh\u00e4p\u00e4iv\u00e4t 2026 Suomessa<\/a><\/li><li class='ez-toc-page-1 ez-toc-heading-level-2'><a class=\"ez-toc-link ez-toc-heading-3\" href=\"https:\/\/www.colomio.com\/fi\/kalenteri-2026\/#Kalenteri%E2%80%AF2026_vaakaformaatti\" >Kalenteri\u202f2026 vaakaformaatti<\/a><\/li><li class='ez-toc-page-1 ez-toc-heading-level-2'><a class=\"ez-toc-link ez-toc-heading-4\" href=\"https:\/\/www.colomio.com\/fi\/kalenteri-2026\/#Usein_kysytyt_kysymykset\" >Usein kysytyt kysymykset<\/a><ul class='ez-toc-list-level-3' ><li class='ez-toc-heading-level-3'><a class=\"ez-toc-link ez-toc-heading-5\" href=\"https:\/\/www.colomio.com\/fi\/kalenteri-2026\/#Kuinka_monta_juhlapyhaa_Suomessa_on_vuonna_2026\" >Kuinka monta juhlapyh\u00e4\u00e4 Suomessa on vuonna 2026?<\/a><\/li><li class='ez-toc-page-1 ez-toc-heading-level-3'><a class=\"ez-toc-link ez-toc-heading-6\" href=\"https:\/\/www.colomio.com\/fi\/kalenteri-2026\/#Mille_viikonpaivalle_vuosi_2026_alkaa\" >Mille viikonp\u00e4iv\u00e4lle vuosi 2026 alkaa?<\/a><\/li><li class='ez-toc-page-1 ez-toc-heading-level-3'><a class=\"ez-toc-link ez-toc-heading-7\" href=\"https:\/\/www.colomio.com\/fi\/kalenteri-2026\/#Missa_muodoissa_kalenteri_on_saatavilla\" >Miss\u00e4 muodoissa kalenteri on saatavilla?<\/a><\/li><li class='ez-toc-page-1 ez-toc-heading-level-3'><a class=\"ez-toc-link ez-toc-heading-8\" href=\"https:\/\/www.colomio.com\/fi\/kalenteri-2026\/#Onko_kalenteri_ilmainen\" >Onko kalenteri ilmainen?<\/a><\/li><li class='ez-toc-page-1 ez-toc-heading-level-3'><a class=\"ez-toc-link ez-toc-heading-9\" href=\"https:\/\/www.colomio.com\/fi\/kalenteri-2026\/#Milloin_Juhannus_on_vuonna_2026\" >Milloin Juhannus on vuonna 2026?<\/a><\/li><li class='ez-toc-page-1 ez-toc-heading-level-3'><a class=\"ez-toc-link ez-toc-heading-10\" href=\"https:\/\/www.colomio.com\/fi\/kalenteri-2026\/#Vuosikalenteri_juhlapyhin%E2%80%AF2026_%E2%80%93_nopea_yleiskatsaus\" >Vuosikalenteri juhlapyhin\u202f2026 \u2013 nopea yleiskatsaus<\/a><\/li><li class='ez-toc-page-1 ez-toc-heading-level-3'><a class=\"ez-toc-link ez-toc-heading-11\" href=\"https:\/\/www.colomio.com\/fi\/kalenteri-2026\/#Yksi_vuosikalenteri_%E2%80%93_monta_kayttotapaa\" >Yksi vuosikalenteri \u2013 monta k\u00e4ytt\u00f6tapaa<\/a><\/li><\/ul><\/li><li class='ez-toc-page-1 ez-toc-heading-level-2'><a class=\"ez-toc-link ez-toc-heading-12\" href=\"https:\/\/www.colomio.com\/fi\/kalenteri-2026\/#Kalenteri%E2%80%AF2026_pystyformaatti\" >Kalenteri\u202f2026 pystyformaatti<\/a><\/li><li class='ez-toc-page-1 ez-toc-heading-level-2'><a class=\"ez-toc-link ez-toc-heading-13\" href=\"https:\/\/www.colomio.com\/fi\/kalenteri-2026\/#Pyhapaivat_naapurimaissa_2026\" >Pyh\u00e4p\u00e4iv\u00e4t naapurimaissa 2026<\/a><\/li><\/ul><\/nav><\/div>\n\n<style class=\"wpcode-css-snippet\">table, td, th {\r\n    border: none;\r\n    padding: 0px; \r\n}\r\n\r\n@media (min-width: 768px) {\r\n    #textdown {\r\n        margin-top: 100px;\r\n    }\r\n}\r\n@media (min-width: 768px) {\r\n    .col-md-6 {\r\n        -webkit-box-flex: 0;\r\n        flex: 0 0 50%;\r\n        max-width: 50%;\r\n    }\r\n}\r\n.row {\r\n    margin-left: -10px;\r\n    margin-right: -10px;\r\n}\r\n.row {\r\n    display: -webkit-box;\r\n    display: flex\r\n;\r\n    flex-wrap: wrap;\r\n    margin-right: -15px;\r\n    margin-left: -15px;\r\n}\r\n@media (min-width: 767px) {\r\n    .row {\r\n        display: flex\r\n;\r\n        flex-wrap: wrap;\r\n    }\r\n}\r\n*, :after, :before {\r\n    box-sizing: border-box;\r\n}\r\nimg {\r\n    max-width: 100%;\r\n}\r\nimg, svg {\r\n    vertical-align: middle;\r\n}\r\nimg {\r\n    border-style: none;\r\n}\r\n*, :after, :before {\r\n    box-sizing: border-box;\r\n}\r\n.schatten {\r\nborder: 1px solid #c1c1c1;\r\n    box-shadow: 4px 4px 9px #999;\r\n    padding: 8px;\r\n    margin-bottom: 9px;\r\n}\r\n\r\n@media (min-width: 768px){\r\n.col-md-6 {\r\n    -webkit-box-flex: 0;\r\n    flex: 0 0 50%;\r\n    max-width: 50%;\r\n\tpadding-left: 15px;\r\n}\r\n#textdown {\r\nmargin-top: 100px !important;}\r\n}\r\n\r\n  @media only screen and (max-width: 500px) {  .buttonmz     { padding: 4px 10px; margin: 3px; }  }   @media only screen and (min-width: 501px) {  .buttonmz     { padding: 8px 15px; margin: 5px; }   }    .buttonmz {  letter-spacing: -.16px; display: block; width: 100%; line-height: 1.4;  white-space: normal;  min-height: 24px; background-color: white; color: blue; border-color: black !important; -moz-user-select: none; -ms-user-select: none; -webkit-user-select: none; user-select: none; -webkit-appearance: none; -moz-appearance: none; appearance: none; display: inline-block; width: auto; text-decoration: none; text-align: center; vertical-align: middle; cursor: pointer; border: 2px solid black !important; border-radius: 2px;  background-color: white; color: black;  white-space: normal; }  .buttonmz:hover { background-color: grey !important; color: white !important; }  <\/style>\n<style id=\"extra-country-holidays-css-2\">\n.extra-country-box{margin:30px 0;border:1px solid #e0e0e0;border-radius:10px;overflow:hidden;box-shadow:0 2px 8px rgba(0,0,0,.05)}\n.extra-country-box .country-header{padding:12px 18px;color:#fff;font-size:1.1em;font-weight:700;text-shadow:0 1px 2px rgba(0,0,0,.3)}\n.extra-country-box .country-body{padding:16px 18px;background:#fafbfc}\n.extra-country-box .country-body p{margin:0 0 12px;color:#555;font-size:.93em;line-height:1.6}\n.extra-country-box table{width:100%;border-collapse:collapse;font-size:.88em;margin:10px 0}\n.extra-country-box th{background:#f0f0f0;padding:8px 12px;text-align:left;font-size:.9em;color:#444}\n.extra-country-box td{padding:8px 12px;border-bottom:1px solid #eee}\n.extra-country-box tbody tr:last-child td{border-bottom:none}\n.extra-country-box tbody tr:nth-child(even){background:#f5f7fa}\n.extra-country-box .country-footnote{font-size:.82em;color:#888;font-style:italic;margin:8px 0 0;padding-top:8px;border-top:1px solid #eee}\n.extra-country-box .country-note{background:#fff8e1;border-left:3px solid #ffc107;padding:10px 14px;border-radius:4px;margin:12px 0;font-size:.88em;color:#6d5e00}\n@media(max-width:580px){\n  .extra-country-box .country-header{padding:10px 14px;font-size:1em}\n  .extra-country-box .country-body{padding:12px 14px}\n  .extra-country-box table{font-size:.82em}\n  .extra-country-box th,.extra-country-box td{padding:6px 8px}\n}\n<\/style>\n\n<style id=\"colomio-mobile-responsive\">\n.table-responsive-wrap { width:100%; overflow-x:auto; -webkit-overflow-scrolling:touch; margin:20px 0 }\n.download-flex { display:flex; flex-wrap:wrap; gap:12px; margin:10px 0 20px }\n.download-flex a { display:flex; align-items:center; gap:8px; background:#f5f5f5; border:1px solid #ddd; border-radius:8px; padding:10px 16px; text-decoration:none; color:#333; font-weight:bold; transition:background .2s,box-shadow .2s; flex:1; min-width:100px; justify-content:center }\n.download-flex a:hover { background:#e8e8e8; box-shadow:0 2px 6px rgba(0,0,0,.1) }\n.download-flex a img { width:24px; height:30px }\n@media(max-width:580px){\n  .table-responsive-wrap table { font-size:.82em }\n  .table-responsive-wrap th,.table-responsive-wrap td { padding:8px 10px }\n}\n@media(max-width:480px){\n  .download-flex { flex-direction:column; gap:8px }\n  .download-flex a { justify-content:flex-start; min-width:unset }\n}\n@media(max-width:600px){\n  .faq-section-col { margin:24px 0!important }\n  .faq-item-col { padding:12px 14px!important; margin-bottom:10px!important }\n  .faq-item-col h3 { font-size:1em!important }\n  .faq-item-col p { font-size:.92em!important }\n  figure img.schatten { max-width:100%!important; height:auto!important }\n  .buttonmz { display:inline-block; margin:3px 2px!important; font-size:.85em }\n  h2 { font-size:1.3em } p,li { font-size:.95em; line-height:1.6 }\n}\n<\/style>\n\n\n<p>Lataa <b>ilmainen kalenteri 2026<\/b> kaikilla Suomen virallisilla juhlapyvill\u00e4! Vuonna 2026 on yhteens\u00e4 <b>13 kansallista juhlapyh\u00e4\u00e4<\/b>, ja tarjoamme kattavan vuosikalenterin, joka sis\u00e4lt\u00e4\u00e4 kaikki t\u00e4rke\u00e4t p\u00e4iv\u00e4m\u00e4\u00e4r\u00e4t. Kalenteri on saatavilla <b>PDF-, Excel- ja PNG-muodoissa<\/b> sek\u00e4 vaaka- ett\u00e4 pystysuunnassa, joten l\u00f6yd\u00e4t varmasti itsellesi sopivan vaihtoehdon. Suunnittele vuotesi 2026 etuk\u00e4teen ja hy\u00f6dynn\u00e4 pitki\u00e4 viikonloppuja ja juhlapyhi\u00e4 lomien ja vapaa-ajan suunnittelussa.<\/p>\n<h2><span class=\"ez-toc-section\" id=\"Kalenteri%E2%80%AF2026_eri_formaateissa\"><\/span>Kalenteri\u202f2026 eri formaateissa<span class=\"ez-toc-section-end\"><\/span><\/h2>\n<ul>\n<li>Vuosikalenteri\u202f2026 PDF\u2011muodossa tulostettavaksi<\/li>\n<li>Kalenteripohjat PNG\u2011muodossa<\/li>\n<li>Excel\u2011kalenteri\u202f2026 omiin muokkauksiin<\/li>\n<\/ul>\n\n<p>Valitse laajasta valikoimastamme tarpeisiisi sopiva <strong>vuosikalenteri\u202f2026<\/strong>\u00a0\u2013 minimalistisista mustavalkomalleista v\u00e4rikk\u00e4isiin kalentereihin.<\/p>\n<br>\n<p id=\"auswahl\"><big>Tarjoamme useita maksuttomia kalenteriversioita. Valitse formaatti:<\/big><\/p>\n<br>\n<a class=\"buttonmz\" href=\"#querformat\" title=\"Kalenteri\u202f2026 vaakaformaatti pdf, png ja xls\"><b><big>Vaaka<\/big><\/b><\/a> <a class=\"buttonmz\" href=\"#hochformat\" title=\"Kalenteri\u202f2026 pystyformaatti pdf, png ja xls\"><b><big>Pysty<\/big><\/b><\/a>\n<br><br>\n\n\n<style>\n  #national-holidays-fi-2026 { width:100%; border-collapse:collapse; padding: 15px;  margin:20px 0;  ; font-family:sans-serif; box-shadow:0 0 20px rgba(0,0,0,.12); border-radius:8px; overflow:hidden }\n  #national-holidays-fi-2026 thead tr { background:#003580; color:#fff; text-align:left }\n  #national-holidays-fi-2026 th { padding:12px 16px; font-weight:600 }\n  #national-holidays-fi-2026 td { padding:11px 16px }\n  #national-holidays-fi-2026 tbody tr { border-bottom:1px solid #e8e8e8 }\n  #national-holidays-fi-2026 tbody tr:nth-of-type(even) { background:#eef2fa }\n  #national-holidays-fi-2026 tbody tr:last-of-type { border-bottom:3px solid #003580 }\n  #national-holidays-fi-2026 b { color:#003580 }\n  @media(max-width:580px) {\n    #national-holidays-fi-2026 { font-size: inherit }\n    #national-holidays-fi-2026 th, #national-holidays-fi-2026 td { padding:8px 10px }\n  }\n<\/style>\n<h2 id=\"national-holidays-fi-2026\"><span class=\"ez-toc-section\" id=\"%F0%9F%87%AB%F0%9F%87%AE_Pyhapaivat_2026_Suomessa\"><\/span>\ud83c\uddeb\ud83c\uddee Pyh\u00e4p\u00e4iv\u00e4t 2026 Suomessa<span class=\"ez-toc-section-end\"><\/span><\/h2>\n<p style=\"color:#444;line-height:1.7;margin-bottom:18px;\">Suomessa on <b>13 virallista pyh\u00e4p\u00e4iv\u00e4\u00e4<\/b> sek\u00e4 <b>2 lakis\u00e4\u00e4teist\u00e4 vapaap\u00e4iv\u00e4\u00e4<\/b> (juhannusaatto ja jouluaatto) vuonna 2026. Sek\u00e4 juhannusp\u00e4iv\u00e4 (20.6.) ett\u00e4 pyh\u00e4inp\u00e4iv\u00e4 (31.10.) osuvat <b>aikaisimpaan mahdolliseen p\u00e4iv\u00e4\u00e4n<\/b>. Helatorstai (14.5.) tarjoaa erinomaisen mahdollisuuden pidennettyyn viikonloppuun. Itsen\u00e4isyysp\u00e4iv\u00e4 (6.12.) osuu sunnuntaille.<\/p>\n<div class=\"table-responsive-wrap\">\n<table id=\"national-holidays-fi-2026\">\n  <thead><tr><th>P\u00e4iv\u00e4m\u00e4\u00e4r\u00e4<\/th><th>P\u00e4iv\u00e4<\/th><th>Pyh\u00e4p\u00e4iv\u00e4<\/th><\/tr><\/thead>\n  <tbody>\n    <tr><td>1. tammikuuta<\/td><td>torstai<\/td><td><b>Uudenvuodenp\u00e4iv\u00e4<\/b><\/td><\/tr>\n    <tr><td>6. tammikuuta<\/td><td>tiistai<\/td><td><b>Loppiainen<\/b><\/td><\/tr>\n    <tr><td>3. huhtikuuta<\/td><td>perjantai<\/td><td><b>Pitk\u00e4perjantai<\/b><\/td><\/tr>\n    <tr><td>5. huhtikuuta<\/td><td style=\"color:#c0392b\">sunnuntai<\/td><td><b>P\u00e4\u00e4si\u00e4isp\u00e4iv\u00e4<\/b><\/td><\/tr>\n    <tr><td>6. huhtikuuta<\/td><td>maanantai<\/td><td><b>2. p\u00e4\u00e4si\u00e4isp\u00e4iv\u00e4<\/b><\/td><\/tr>\n    <tr><td>1. toukokuuta<\/td><td>perjantai<\/td><td><b>Vappu<\/b><\/td><\/tr>\n    <tr><td>14. toukokuuta<\/td><td>torstai<\/td><td><b>Helatorstai<\/b><\/td><\/tr>\n    <tr><td>24. toukokuuta<\/td><td style=\"color:#c0392b\">sunnuntai<\/td><td><b>Helluntaip\u00e4iv\u00e4<\/b><\/td><\/tr>\n    <tr><td>19. kes\u00e4kuuta<\/td><td>perjantai<\/td><td><b>Juhannusaatto<\/b><\/td><\/tr>\n    <tr><td>20. kes\u00e4kuuta<\/td><td style=\"color:#c0392b\">lauantai<\/td><td><b>Juhannusp\u00e4iv\u00e4<\/b><\/td><\/tr>\n    <tr><td>31. lokakuuta<\/td><td style=\"color:#c0392b\">lauantai<\/td><td><b>Pyh\u00e4inp\u00e4iv\u00e4<\/b><\/td><\/tr>\n    <tr><td>6. joulukuuta<\/td><td style=\"color:#c0392b\">sunnuntai<\/td><td><b>Itsen\u00e4isyysp\u00e4iv\u00e4<\/b><\/td><\/tr>\n    <tr><td>24. joulukuuta<\/td><td>torstai<\/td><td><b>Jouluaatto<\/b><\/td><\/tr>\n    <tr><td>25. joulukuuta<\/td><td>perjantai<\/td><td><b>Joulup\u00e4iv\u00e4<\/b><\/td><\/tr>\n    <tr><td>26. joulukuuta<\/td><td style=\"color:#c0392b\">lauantai<\/td><td><b>Tapaninp\u00e4iv\u00e4<\/b><\/td><\/tr>\n  <\/tbody>\n<\/table>\n<\/div>\n<p style=\"font-size:.85em;color:#777;font-style:italic;margin-top:8px;\">Juhannusaatto ja jouluaatto ovat lakis\u00e4\u00e4teisi\u00e4 vapaap\u00e4ivi\u00e4 mutta eiv\u00e4t virallisia pyh\u00e4p\u00e4ivi\u00e4. Helluntaimaanantai ei ole pyh\u00e4p\u00e4iv\u00e4 Suomessa.<\/p>\n\n<h2 id=\"querformat\"><span class=\"ez-toc-section\" id=\"Kalenteri%E2%80%AF2026_vaakaformaatti\"><\/span>Kalenteri\u202f2026 vaakaformaatti<span class=\"ez-toc-section-end\"><\/span><\/h2>\n\n<div class=\"row justify-content-center\"><div class=\"col-md-6\"><div style=\"text-align: left;\"><figure><a class=\"kalender\" href=\"https:\/\/media.colomio.com\/calendar\/2026\/fi\/vuosikalenteri-2026-viikkonumerot.pdf\" rel=\"nofollow\" title=\"Kalenteri\u202f2026 klassinen, vaaka PDF tulostettavaksi\"><img decoding=\"async\" class=\"schatten\" loading=\"lazy\" src=\"https:\/\/media.colomio.com\/calendar\/2026\/fi\/vuosikalenteri-2026-viikkonumerot.png\" alt=\"Kalenteri\u202f2026 klassinen, vaaka PDF tulostettavaksi\" title=\"Kalenteri\u202f2026 klassinen, vaaka PDF tulostettavaksi\"><figcaption class=\"title\" title=\"Kalenteri\u202f2026 klassinen, vaaka PDF tulostettavaksi\">Kalenteri\u202f2026 klassinen<\/figcaption><\/a><\/figure>\n\n<\/div><\/div> \n\n<div class=\"col-md-6\"><div id=\"textdown\" style=\"text-align: left;\">\n<div id=\"ib\"><ul class=\"paint-row-content\"><li>klassinen kalenteri\u202f2026 vaakaformaatissa (DIN\u202fA4)<\/li><li>Sopii my\u00f6s sein\u00e4kalenteriksi<\/li><li>Tyhj\u00e4 mustavalkokalenteri<\/li><li>viikkonumeroilla ja kansallisilla juhlapyhill\u00e4<\/li><br>\n<li style=\"list-style-type: none;\"><b>Maksuton lataus:<\/b><\/li><br>\n<div class=\"download-flex\">\n  <a href=\"https:\/\/media.colomio.com\/calendar\/2026\/fi\/vuosikalenteri-2026-viikkonumerot.pdf\" rel=\"nofollow\"><img loading=\"lazy\" decoding=\"async\" alt=\"PDF\" src=\"https:\/\/www.colomio.com\/wp-content\/uploads\/2025\/09\/doc1.gif\" width=\"24\" height=\"30\"> PDF<\/a>\n  <a href=\"https:\/\/media.colomio.com\/calendar\/2026\/fi\/vuosikalenteri-2026-viikkonumerot.xlsx\" rel=\"nofollow\"><img loading=\"lazy\" decoding=\"async\" alt=\"Excel\" src=\"https:\/\/www.colomio.com\/wp-content\/uploads\/2025\/09\/doc2.gif\" width=\"24\" height=\"30\"> Excel<\/a>\n  <a href=\"https:\/\/media.colomio.com\/calendar\/2026\/fi\/vuosikalenteri-2026-viikkonumerot.png\" rel=\"nofollow\"><img loading=\"lazy\" decoding=\"async\" alt=\"PNG\" src=\"https:\/\/www.colomio.com\/wp-content\/uploads\/2025\/09\/doc3.gif\" width=\"24\" height=\"30\"> PNG<\/a>\n<\/div>\n<\/ul><\/div>\t\n\n<\/div><\/div><\/div>\n<script async src=\"https:\/\/pagead2.googlesyndication.com\/pagead\/js\/adsbygoogle.js?client=ca-pub-6550436067840591\"\r\n     crossorigin=\"anonymous\"><\/script>\r\n<!-- flagge -->\r\n<ins class=\"adsbygoogle\"\r\n     style=\"display:block\"\r\n     data-ad-client=\"ca-pub-6550436067840591\"\r\n     data-ad-slot=\"3909965393\"\r\n     data-ad-format=\"auto\"\r\n     data-full-width-responsive=\"true\"><\/ins>\r\n<script>\r\n     (adsbygoogle = window.adsbygoogle || []).push({});\r\n<\/script>\n\n<p>Sivustoltamme l\u00f6yd\u00e4t my\u00f6s <b>kuukausikalenterit vuodelle 2026<\/b>. Kaikki kalenteritiedot on koottu huolellisesti, mutta pid\u00e4t\u00e4mme oikeuden mahdollisiin virheisiin.<\/p>\n<br>\n\n<style>\n  .faq-section-col { margin:40px 0 }\n  .faq-item-col { background:#f9f9f9; border-left:4px solid #1a5276; border-radius:6px; padding:16px 20px; margin-bottom:14px; box-shadow:0 1px 3px rgba(0,0,0,.08) }\n  .faq-item-col:nth-child(even) { border-left-color:#2e86c1 }\n  .faq-item-col h3 { color:#333; margin:0 0 8px; font-size:1.1em }\n  .faq-item-col p { margin:0; color:#555; line-height:1.6 }\n<\/style>\n\n<h2 id=\"faq-fi-annual-2026\"><span class=\"ez-toc-section\" id=\"Usein_kysytyt_kysymykset\"><\/span>Usein kysytyt kysymykset<span class=\"ez-toc-section-end\"><\/span><\/h2>\n<div class=\"faq-section-col\">\n<div class=\"faq-item-col\"><h3><span class=\"ez-toc-section\" id=\"Kuinka_monta_juhlapyhaa_Suomessa_on_vuonna_2026\"><\/span>Kuinka monta juhlapyh\u00e4\u00e4 Suomessa on vuonna 2026?<span class=\"ez-toc-section-end\"><\/span><\/h3><p>Vuonna 2026 Suomessa on yhteens\u00e4 13 virallista juhlapyh\u00e4\u00e4. N\u00e4ihin kuuluvat muun muassa Uudenvuodenp\u00e4iv\u00e4, p\u00e4\u00e4si\u00e4isen pyh\u00e4t, Vappu, Juhannus ja joulun pyh\u00e4t.<\/p><\/div>\n<div class=\"faq-item-col\"><h3><span class=\"ez-toc-section\" id=\"Mille_viikonpaivalle_vuosi_2026_alkaa\"><\/span>Mille viikonp\u00e4iv\u00e4lle vuosi 2026 alkaa?<span class=\"ez-toc-section-end\"><\/span><\/h3><p>Vuosi 2026 alkaa torstaille 1. tammikuuta. T\u00e4m\u00e4 tarkoittaa, ett\u00e4 Uudenvuodenp\u00e4iv\u00e4 osuu torstaille, mik\u00e4 antaa hyv\u00e4n alun uudelle vuodelle.<\/p><\/div>\n<div class=\"faq-item-col\"><h3><span class=\"ez-toc-section\" id=\"Missa_muodoissa_kalenteri_on_saatavilla\"><\/span>Miss\u00e4 muodoissa kalenteri on saatavilla?<span class=\"ez-toc-section-end\"><\/span><\/h3><p>Kalenteri 2026 on ladattavissa PDF-, Excel (XLS)- ja PNG-muodoissa. Kaikki muodot ovat saatavilla sek\u00e4 vaaka- ett\u00e4 pystysuunnassa.<\/p><\/div>\n<div class=\"faq-item-col\"><h3><span class=\"ez-toc-section\" id=\"Onko_kalenteri_ilmainen\"><\/span>Onko kalenteri ilmainen?<span class=\"ez-toc-section-end\"><\/span><\/h3><p>Kyll\u00e4, kalenteri 2026 on t\u00e4ysin ilmainen ladattavaksi. Voit ladata sen kaikissa saatavilla olevissa muodoissa ilman maksua.<\/p><\/div>\n<div class=\"faq-item-col\"><h3><span class=\"ez-toc-section\" id=\"Milloin_Juhannus_on_vuonna_2026\"><\/span>Milloin Juhannus on vuonna 2026?<span class=\"ez-toc-section-end\"><\/span><\/h3><p>Juhannusp\u00e4iv\u00e4 on vuonna 2026 lauantaina 20. kes\u00e4kuuta. Juhannus osuu siis viikonlopulle, mik\u00e4 tarjoaa mahdollisuuden pitk\u00e4\u00e4n kes\u00e4lomaan.<\/p><\/div>\n<\/div>\n\n<script type=\"application\/ld+json\">\n{\n  \"@context\": \"https:\/\/schema.org\",\n  \"@type\": \"FAQPage\",\n  \"mainEntity\": [\n    {\n      \"@type\": \"Question\",\n      \"name\": \"Kuinka monta juhlapyh\u00e4\u00e4 Suomessa on vuonna 2026?\",\n      \"acceptedAnswer\": {\n        \"@type\": \"Answer\",\n        \"text\": \"Vuonna 2026 Suomessa on yhteens\u00e4 13 virallista juhlapyh\u00e4\u00e4. N\u00e4ihin kuuluvat muun muassa Uudenvuodenp\u00e4iv\u00e4, p\u00e4\u00e4si\u00e4isen pyh\u00e4t, Vappu, Juhannus ja joulun pyh\u00e4t.\"\n      }\n    },\n    {\n      \"@type\": \"Question\",\n      \"name\": \"Mille viikonp\u00e4iv\u00e4lle vuosi 2026 alkaa?\",\n      \"acceptedAnswer\": {\n        \"@type\": \"Answer\",\n        \"text\": \"Vuosi 2026 alkaa torstaille 1. tammikuuta. T\u00e4m\u00e4 tarkoittaa, ett\u00e4 Uudenvuodenp\u00e4iv\u00e4 osuu torstaille, mik\u00e4 antaa hyv\u00e4n alun uudelle vuodelle.\"\n      }\n    },\n    {\n      \"@type\": \"Question\",\n      \"name\": \"Miss\u00e4 muodoissa kalenteri on saatavilla?\",\n      \"acceptedAnswer\": {\n        \"@type\": \"Answer\",\n        \"text\": \"Kalenteri 2026 on ladattavissa PDF-, Excel (XLS)- ja PNG-muodoissa. Kaikki muodot ovat saatavilla sek\u00e4 vaaka- ett\u00e4 pystysuunnassa.\"\n      }\n    },\n    {\n      \"@type\": \"Question\",\n      \"name\": \"Onko kalenteri ilmainen?\",\n      \"acceptedAnswer\": {\n        \"@type\": \"Answer\",\n        \"text\": \"Kyll\u00e4, kalenteri 2026 on t\u00e4ysin ilmainen ladattavaksi. Voit ladata sen kaikissa saatavilla olevissa muodoissa ilman maksua.\"\n      }\n    },\n    {\n      \"@type\": \"Question\",\n      \"name\": \"Milloin Juhannus on vuonna 2026?\",\n      \"acceptedAnswer\": {\n        \"@type\": \"Answer\",\n        \"text\": \"Juhannusp\u00e4iv\u00e4 on vuonna 2026 lauantaina 20. kes\u00e4kuuta. Juhannus osuu siis viikonlopulle, mik\u00e4 tarjoaa mahdollisuuden pitk\u00e4\u00e4n kes\u00e4lomaan.\"\n      }\n    }\n  ]\n}\n<\/script>\n\n\n<!-- Feiertage start -->\n<h3><span class=\"ez-toc-section\" id=\"Vuosikalenteri_juhlapyhin%E2%80%AF2026_%E2%80%93_nopea_yleiskatsaus\"><\/span>Vuosikalenteri juhlapyhin\u202f2026 \u2013 nopea yleiskatsaus<span class=\"ez-toc-section-end\"><\/span><\/h3>\n<!-- Feiertage ende -->\n\n<!--  ***  --><br><br>\n\n<div class=\"row justify-content-center\"><div class=\"col-md-6\"><div style=\"text-align: left;\">\n\n<figure><a class=\"kalender\" href=\"https:\/\/media.colomio.com\/calendar\/2026\/fi\/seinakalenteri-2026-varillinen-viikkonumerot-a4-vaaka.pdf\" rel=\"nofollow\" title=\"Kalenteri\u202f2026, vaaka PDF ilmaiseksi tulostettavaksi\"><img decoding=\"async\" class=\"schatten\" loading=\"lazy\" src=\"https:\/\/media.colomio.com\/calendar\/2026\/fi\/seinakalenteri-2026-varillinen-viikkonumerot-a4-vaaka.png\" alt=\"Kalenteri\u202f2026, vaaka PDF ilmaiseksi tulostettavaksi\" title=\"Kalenteri\u202f2026, vaaka PDF ilmaiseksi tulostettavaksi\"><figcaption class=\"title\" title=\"Kalenteri\u202f2026, vaaka PDF ilmaiseksi tulostettavaksi\">Kalenteri\u202f2026 vaaka<\/figcaption><\/a><\/figure>\n\n<\/div><\/div> \n\n<div class=\"col-md-6\"><div id=\"textdown\" style=\"text-align: left;\">\n<div id=\"ib\"><ul class=\"paint-row-content\"><li>Kalenteri\u202f2026 vaakaformaatin mallina (DIN\u202fA4)<\/li><li>Kuukaudet rinnakkain 3\u00d74\u2011ruudukossa v\u00e4rillisill\u00e4 otsikoilla<\/li><li>sopii my\u00f6s sein\u00e4kalenteriksi<\/li><li>viikkonumeroilla ja kansallisilla juhlapyhill\u00e4<\/li><br>\n<li style=\"list-style-type: none;\"><b>Maksuton lataus:<\/b><\/li><br>\n<div class=\"download-flex\">\n  <a href=\"https:\/\/media.colomio.com\/calendar\/2026\/fi\/seinakalenteri-2026-varillinen-viikkonumerot-a4-vaaka.pdf\" rel=\"nofollow\"><img loading=\"lazy\" decoding=\"async\" alt=\"PDF\" src=\"https:\/\/www.colomio.com\/wp-content\/uploads\/2025\/09\/doc1.gif\" width=\"24\" height=\"30\"> PDF<\/a>\n  <a href=\"https:\/\/media.colomio.com\/calendar\/2026\/fi\/seinakalenteri-2026-varillinen-viikkonumerot-a4-vaaka.xlsx\" rel=\"nofollow\"><img loading=\"lazy\" decoding=\"async\" alt=\"Excel\" src=\"https:\/\/www.colomio.com\/wp-content\/uploads\/2025\/09\/doc2.gif\" width=\"24\" height=\"30\"> Excel<\/a>\n  <a href=\"https:\/\/media.colomio.com\/calendar\/2026\/fi\/seinakalenteri-2026-varillinen-viikkonumerot-a4-vaaka.png\" rel=\"nofollow\"><img loading=\"lazy\" decoding=\"async\" alt=\"PNG\" src=\"https:\/\/www.colomio.com\/wp-content\/uploads\/2025\/09\/doc3.gif\" width=\"24\" height=\"30\"> PNG<\/a>\n<\/div>\n<\/ul><\/div>\t\n\n<\/div><\/div><\/div>\n\n<!--  ***  --><br><br>\n\n<div class=\"row justify-content-center\"><div class=\"col-md-6\"><div style=\"text-align: left;\">\n\n<figure><a class=\"kalender\" href=\"https:\/\/media.colomio.com\/calendar\/2026\/fi\/varikalenteri-2026-paivayskooste-sarakkeet-viikonpaivat.pdf\" rel=\"nofollow\" title=\"2026 kalenteri vaaka PDF tulostettavaksi\"><img decoding=\"async\" class=\"schatten\" loading=\"lazy\" src=\"https:\/\/media.colomio.com\/calendar\/2026\/fi\/varikalenteri-2026-paivayskooste-sarakkeet-viikonpaivat.png\" alt=\"2026 kalenteri vaaka PDF tulostettavaksi\" title=\"2026 kalenteri vaaka PDF tulostettavaksi\"><figcaption class=\"title\" title=\"2026 kalenteri vaaka PDF tulostettavaksi\">2026 kalenteri<\/figcaption><\/a><\/figure>\n\n<\/div><\/div> \n\n<div class=\"col-md-6\"><div id=\"textdown\" style=\"text-align: left;\">\n<div id=\"ib\"><ul class=\"paint-row-content\"><li>2026 kalenteri yhdell\u00e4 DIN\u202fA4\u2011sivulla, vaaka<\/li><li>Kuukaudet sarakkeina<\/li><li>viikkonumeroilla ja kansallisilla juhlapyhill\u00e4<\/li><br>\n<li style=\"list-style-type: none;\"><b>Maksuton lataus:<\/b><\/li><br>\n<div class=\"download-flex\">\n  <a href=\"https:\/\/media.colomio.com\/calendar\/2026\/fi\/varikalenteri-2026-paivayskooste-sarakkeet-viikonpaivat.pdf\" rel=\"nofollow\"><img loading=\"lazy\" decoding=\"async\" alt=\"PDF\" src=\"https:\/\/www.colomio.com\/wp-content\/uploads\/2025\/09\/doc1.gif\" width=\"24\" height=\"30\"> PDF<\/a>\n  <a href=\"https:\/\/media.colomio.com\/calendar\/2026\/fi\/varikalenteri-2026-paivayskooste-sarakkeet-viikonpaivat.xlsx\" rel=\"nofollow\"><img loading=\"lazy\" decoding=\"async\" alt=\"Excel\" src=\"https:\/\/www.colomio.com\/wp-content\/uploads\/2025\/09\/doc2.gif\" width=\"24\" height=\"30\"> Excel<\/a>\n  <a href=\"https:\/\/media.colomio.com\/calendar\/2026\/fi\/varikalenteri-2026-paivayskooste-sarakkeet-viikonpaivat.png\" rel=\"nofollow\"><img loading=\"lazy\" decoding=\"async\" alt=\"PNG\" src=\"https:\/\/www.colomio.com\/wp-content\/uploads\/2025\/09\/doc3.gif\" width=\"24\" height=\"30\"> PNG<\/a>\n<\/div>\n<\/ul><\/div>\t\n\n<\/div><\/div><\/div>\n\n\n<h3><span class=\"ez-toc-section\" id=\"Yksi_vuosikalenteri_%E2%80%93_monta_kayttotapaa\"><\/span>Yksi vuosikalenteri \u2013 monta k\u00e4ytt\u00f6tapaa<span class=\"ez-toc-section-end\"><\/span><\/h3>\n\n<p>On monia syit\u00e4 tulostaa kalenteri vuodelle\u202f2026. T\u00e4llainen vuosiplaneeraaja antaa perheelle nopean katsauksen juhla\u2011 ja lomap\u00e4iviin, tapaamisiin ja syntym\u00e4p\u00e4iviin. Monet k\u00e4ytt\u00e4v\u00e4t sit\u00e4 lomasuunnittelijana merkitsem\u00e4ll\u00e4 vapaat p\u00e4iv\u00e4t v\u00e4rill\u00e4, jolloin n\u00e4kee yhdell\u00e4 silm\u00e4yksell\u00e4 ty\u00f6\u2011 ja vapaap\u00e4iv\u00e4t. Se toimii my\u00f6s ty\u00f6kalenterina, sill\u00e4 ty\u00f6\u2011 ja vuorotiedot ovat nopeasti saatavilla. Lapsille perhekalenteri on k\u00e4tev\u00e4 koulukalenteri. Useimmissa kodeissa vuosikalenteri on monitoiminen apuri, joka roikkuu n\u00e4kyv\u00e4sti olohuoneessa, ruokasalissa tai k\u00e4yt\u00e4v\u00e4ss\u00e4 ja kertoo luotettavasti kaikille ajankohtaisista menoista. Ammatillisista syist\u00e4 monet suosivat viikkonumerollista kalenteria\u202f2026, koska se tarjoaa nopean yleiskuvan vuoden 52 viikosta.<\/p>\n\n<!--  ***  --><br><br>\n\n<div class=\"row justify-content-center\"><div class=\"col-md-6\"><div style=\"text-align: left;\">\n\n<figure><a class=\"kalender\" href=\"https:\/\/media.colomio.com\/calendar\/2026\/fi\/kalenteri-2026-viikonpaivasarakkeet-aikatauluttaja.pdf\" rel=\"nofollow\" title=\"Kalenteri\u202f2026 vaaka PDF tulostettavaksi\"><img decoding=\"async\" class=\"schatten\" loading=\"lazy\" src=\"https:\/\/media.colomio.com\/calendar\/2026\/fi\/kalenteri-2026-viikonpaivasarakkeet-aikatauluttaja.png\" alt=\"Kalenteri\u202f2026 vaaka PDF tulostettavaksi\" title=\"Kalenteri\u202f2026 vaaka PDF tulostettavaksi\"><figcaption class=\"title\" title=\"Kalenteri\u202f2026 vaaka PDF tulostettavaksi\">Kalenteri\u202f2026<\/figcaption><\/a><\/figure>\n\n<\/div>\n<\/div> \n\n<div class=\"col-md-6\"><div id=\"textdown\" style=\"text-align: left;\">\n<div id=\"ib\"><ul class=\"paint-row-content\"><li>Kalenteri\u202f2026 vaakaformaatissa yhdell\u00e4 sivulla (DIN\u202fA4)<\/li><li>p\u00e4iv\u00e4t allekkain<\/li><li>viikkonumeroilla ja kansallisilla juhlapyhill\u00e4<\/li><br>\n<li style=\"list-style-type: none;\"><b>Maksuton lataus:<\/b><\/li><br>\n<div class=\"download-flex\">\n  <a href=\"https:\/\/media.colomio.com\/calendar\/2026\/fi\/kalenteri-2026-viikonpaivasarakkeet-aikatauluttaja.pdf\" rel=\"nofollow\"><img loading=\"lazy\" decoding=\"async\" alt=\"PDF\" src=\"https:\/\/www.colomio.com\/wp-content\/uploads\/2025\/09\/doc1.gif\" width=\"24\" height=\"30\"> PDF<\/a>\n  <a href=\"https:\/\/media.colomio.com\/calendar\/2026\/fi\/kalenteri-2026-viikonpaivasarakkeet-aikatauluttaja.xlsx\" rel=\"nofollow\"><img loading=\"lazy\" decoding=\"async\" alt=\"Excel\" src=\"https:\/\/www.colomio.com\/wp-content\/uploads\/2025\/09\/doc2.gif\" width=\"24\" height=\"30\"> Excel<\/a>\n  <a href=\"https:\/\/media.colomio.com\/calendar\/2026\/fi\/kalenteri-2026-viikonpaivasarakkeet-aikatauluttaja.png\" rel=\"nofollow\"><img loading=\"lazy\" decoding=\"async\" alt=\"PNG\" src=\"https:\/\/www.colomio.com\/wp-content\/uploads\/2025\/09\/doc3.gif\" width=\"24\" height=\"30\"> PNG<\/a>\n<\/div>\n<\/ul>\n<\/div>\t\n\n<\/div>\n<\/div> <\/div>\n\n<!--  ***  --><br><br>\n\n<h2 id=\"hochformat\"><span class=\"ez-toc-section\" id=\"Kalenteri%E2%80%AF2026_pystyformaatti\"><\/span>Kalenteri\u202f2026 pystyformaatti<span class=\"ez-toc-section-end\"><\/span><\/h2>\n<p>Vuosikalenterimme ovat monipuolisia suunnittelijoita, joissa on runsaasti tilaa muistiinpanoille. Erityisen suosittu on kaksisivuinen Excel\u2011mallimme vuodelle\u202f2026: ensimm\u00e4isell\u00e4 sivulla sarakkeet tammikuusta kes\u00e4kuuhun, toisella hein\u00e4kuusta joulukuuhun. Voit merkit\u00e4 menot oikeisiin sarakkeisiin; lauantait, sunnuntait ja pyh\u00e4t on v\u00e4rikorostettu selkeyden vuoksi. Lataa kalenteri\u202f2026 maksutta PDF\u2011, Excel\u2011 tai PNG\u2011muodossa \u2013 t\u00e4ydellinen sein\u00e4kalenteriksi.<\/p>\n\n<div class=\"row justify-content-center\"><div class=\"col-md-6\"><div style=\"text-align: left;\">\n<figure><a class=\"kalender\" href=\"https:\/\/media.colomio.com\/calendar\/2026\/fi\/kalenteri-2026-pysty-musta-valkoinen-viikkonumerot.pdf\" rel=\"nofollow\" title=\"Kalenteri\u202f2026 \u2013 Pysty, ilmainen tulostus\"><img decoding=\"async\" class=\"schatten\" loading=\"lazy\" src=\"https:\/\/media.colomio.com\/calendar\/2026\/fi\/kalenteri-2026-pysty-musta-valkoinen-viikkonumerot.png\" alt=\"Kalenteri\u202f2026 \u2013 Pysty, ilmainen tulostus\" title=\"Kalenteri\u202f2026 \u2013 Pysty, ilmainen tulostus\"><figcaption class=\"title\" title=\"Kalenteri\u202f2026 \u2013 Pysty, ilmainen tulostus\">Kalenteri\u202f2026 \u2013 Pysty<\/figcaption><\/a><\/figure>\n\n<\/div>\n<\/div> \n\n<div class=\"col-md-6\"><div id=\"textdown\" style=\"text-align: left;\">\n<div id=\"ib\"><ul class=\"paint-row-content\"><li>Kalenteri\u202f2026 yhdell\u00e4 DIN\u202fA4\u2011sivulla, pysty<\/li><li>Tyhj\u00e4 mustavalkokalenteri<\/li><li>viikkonumeroilla ja kansallisilla juhlapyhill\u00e4<\/li><br>\n<li style=\"list-style-type: none;\"><b>Maksuton lataus:<\/b><\/li><br>\n<div class=\"download-flex\">\n  <a href=\"https:\/\/media.colomio.com\/calendar\/2026\/fi\/kalenteri-2026-pysty-musta-valkoinen-viikkonumerot.pdf\" rel=\"nofollow\"><img loading=\"lazy\" decoding=\"async\" alt=\"PDF\" src=\"https:\/\/www.colomio.com\/wp-content\/uploads\/2025\/09\/doc1.gif\" width=\"24\" height=\"30\"> PDF<\/a>\n  <a href=\"https:\/\/media.colomio.com\/calendar\/2026\/fi\/kalenteri-2026-pysty-musta-valkoinen-viikkonumerot.xlsx\" rel=\"nofollow\"><img loading=\"lazy\" decoding=\"async\" alt=\"Excel\" src=\"https:\/\/www.colomio.com\/wp-content\/uploads\/2025\/09\/doc2.gif\" width=\"24\" height=\"30\"> Excel<\/a>\n  <a href=\"https:\/\/media.colomio.com\/calendar\/2026\/fi\/kalenteri-2026-pysty-musta-valkoinen-viikkonumerot.png\" rel=\"nofollow\"><img loading=\"lazy\" decoding=\"async\" alt=\"PNG\" src=\"https:\/\/www.colomio.com\/wp-content\/uploads\/2025\/09\/doc3.gif\" width=\"24\" height=\"30\"> PNG<\/a>\n<\/div>\n<\/ul>\n<\/div>\t\n\n<\/div>\n<\/div> <\/div>\n\n<!--  ***  --><br><br>\n\n<div class=\"row justify-content-center\"><div class=\"col-md-6\"><div style=\"text-align: left;\">\n<figure><a class=\"kalender\" href=\"https:\/\/media.colomio.com\/calendar\/2026\/fi\/vuosisuunnitelma-2026-pysty-klassinen-kalenteri.pdf\" rel=\"nofollow\" title=\"Kalenteri\u202f2026 \u2013 Pysty, ilmainen tulostus\"><img decoding=\"async\" class=\"schatten\" loading=\"lazy\" src=\"https:\/\/media.colomio.com\/calendar\/2026\/fi\/vuosisuunnitelma-2026-pysty-klassinen-kalenteri.png\" alt=\"Kalenteri\u202f2026 \u2013 Pysty, ilmainen tulostus\" title=\"Kalenteri\u202f2026 \u2013 Pysty, ilmainen tulostus\"><figcaption class=\"title\" title=\"Kalenteri\u202f2026 \u2013 Pysty, ilmainen tulostus\">Kalenteri\u202f2026 \u2013 Pysty<\/figcaption><\/a><\/figure>\n\n<\/div>\n<\/div> \n\n<div class=\"col-md-6\"><div id=\"textdown\" style=\"text-align: left;\">\n<div id=\"ib\"><ul class=\"paint-row-content\"><li>Kalenteri\u202f2026 pystyformaatissa (DIN\u202fA4\u2011pohja)<\/li><li>lauantai ja sunnuntai v\u00e4rikorostettu<\/li><li>sopii my\u00f6s sein\u00e4kalenteriksi<\/li><li>viikkonumeroilla ja kansallisilla juhlapyhill\u00e4<\/li><br>\n<li style=\"list-style-type: none;\"><b>Maksuton lataus:<\/b><\/li><br>\n<div class=\"download-flex\">\n  <a href=\"https:\/\/media.colomio.com\/calendar\/2026\/fi\/vuosisuunnitelma-2026-pysty-klassinen-kalenteri.pdf\" rel=\"nofollow\"><img loading=\"lazy\" decoding=\"async\" alt=\"PDF\" src=\"https:\/\/www.colomio.com\/wp-content\/uploads\/2025\/09\/doc1.gif\" width=\"24\" height=\"30\"> PDF<\/a>\n  <a href=\"https:\/\/media.colomio.com\/calendar\/2026\/fi\/vuosisuunnitelma-2026-pysty-klassinen-kalenteri.xlsx\" rel=\"nofollow\"><img loading=\"lazy\" decoding=\"async\" alt=\"Excel\" src=\"https:\/\/www.colomio.com\/wp-content\/uploads\/2025\/09\/doc2.gif\" width=\"24\" height=\"30\"> Excel<\/a>\n  <a href=\"https:\/\/media.colomio.com\/calendar\/2026\/fi\/vuosisuunnitelma-2026-pysty-klassinen-kalenteri.png\" rel=\"nofollow\"><img loading=\"lazy\" decoding=\"async\" alt=\"PNG\" src=\"https:\/\/www.colomio.com\/wp-content\/uploads\/2025\/09\/doc3.gif\" width=\"24\" height=\"30\"> PNG<\/a>\n<\/div>\n<\/ul>\n<\/div>\t\n\n<\/div>\n<\/div> <\/div>\n\n<!--  ***  --><br><br>\n\n\n\n<h2 id=\"extra-holidays-fi-0\"><span class=\"ez-toc-section\" id=\"Pyhapaivat_naapurimaissa_2026\"><\/span>Pyh\u00e4p\u00e4iv\u00e4t naapurimaissa 2026<span class=\"ez-toc-section-end\"><\/span><\/h2>\n<p style=\"color:#555;margin-bottom:20px;\">Kalentereitamme k\u00e4ytet\u00e4\u00e4n my\u00f6s Ruotsissa. T\u00e4ss\u00e4 naapurimaan pyh\u00e4p\u00e4iv\u00e4t suunnittelusi tueksi.<\/p>\n<div class=\"extra-country-box\" id=\"extra-se-0\">\n<div class=\"country-header\" style=\"background:linear-gradient(135deg, #006AA7 50%, #FECC02 50%)\">\ud83c\uddf8\ud83c\uddea Ruotsi \u2013 Pyh\u00e4p\u00e4iv\u00e4t 2026<\/div>\n<div class=\"country-body\">\n<p>Monilla k\u00e4vij\u00f6ill\u00e4mme on yhteys Ruotsiin. T\u00e4ss\u00e4 <b>13 Ruotsin pyh\u00e4p\u00e4iv\u00e4\u00e4<\/b> vuodelle 2026.<\/p>\n<table>\n<thead><tr><th>P\u00e4iv\u00e4m\u00e4\u00e4r\u00e4<\/th><th>P\u00e4iv\u00e4<\/th><th>Pyh\u00e4p\u00e4iv\u00e4<\/th><\/tr><\/thead>\n<tbody>\n<tr><td>1. tammikuuta<\/td><td>torstai<\/td><td><b>Ny\u00e5rsdagen (Uudenvuodenp\u00e4iv\u00e4)<\/b><\/td><\/tr>\n<tr><td>6. tammikuuta<\/td><td>tiistai<\/td><td><b>Trettondedag jul (Loppiainen)<\/b><\/td><\/tr>\n<tr><td>3. huhtikuuta<\/td><td>perjantai<\/td><td><b>L\u00e5ngfredagen (Pitk\u00e4perjantai)<\/b><\/td><\/tr>\n<tr><td>5. huhtikuuta<\/td><td>sunnuntai<\/td><td><b>P\u00e5skdagen (P\u00e4\u00e4si\u00e4isp\u00e4iv\u00e4)<\/b><\/td><\/tr>\n<tr><td>6. huhtikuuta<\/td><td>maanantai<\/td><td><b>Annandag p\u00e5sk (2. p\u00e4\u00e4si\u00e4isp\u00e4iv\u00e4)<\/b><\/td><\/tr>\n<tr><td>1. toukokuuta<\/td><td>perjantai<\/td><td><b>F\u00f6rsta maj (Vappu)<\/b><\/td><\/tr>\n<tr><td>14. toukokuuta<\/td><td>torstai<\/td><td><b>Kristi himmelsf\u00e4rdsdag (Helatorstai)<\/b><\/td><\/tr>\n<tr><td>24. toukokuuta<\/td><td>sunnuntai<\/td><td><b>Pingstdagen (Helluntaip\u00e4iv\u00e4)<\/b><\/td><\/tr>\n<tr><td>6. kes\u00e4kuuta<\/td><td>lauantai<\/td><td><b>Nationaldagen (Kansallisp\u00e4iv\u00e4) \u2013 lauantai!<\/b><\/td><\/tr>\n<tr><td>20. kes\u00e4kuuta<\/td><td>lauantai<\/td><td><b>Midsommardagen (Juhannusp\u00e4iv\u00e4)<\/b><\/td><\/tr>\n<tr><td>31. lokakuuta<\/td><td>lauantai<\/td><td><b>Alla helgons dag (Pyh\u00e4inp\u00e4iv\u00e4)<\/b><\/td><\/tr>\n<tr><td>25. joulukuuta<\/td><td>perjantai<\/td><td><b>Juldagen (Joulup\u00e4iv\u00e4)<\/b><\/td><\/tr>\n<tr><td>26. joulukuuta<\/td><td>lauantai<\/td><td><b>Annandag jul (Tapaninp\u00e4iv\u00e4)<\/b><\/td><\/tr>\n<\/tbody>\n<\/table>\n<div class=\"country-note\">Ruotsissa on <b>13 pyh\u00e4p\u00e4iv\u00e4\u00e4<\/b> \u2013 sama m\u00e4\u00e4r\u00e4 kuin Suomessa. Merkitt\u00e4vimm\u00e4t erot: Ruotsissa <b>ei ole<\/b> jouluaattoa tai juhannusaattoa lakis\u00e4\u00e4teisin\u00e4 vapaap\u00e4ivin\u00e4 (Suomessa ne ovat). Ruotsissa <b>ei ole<\/b> itsen\u00e4isyysp\u00e4iv\u00e4\u00e4 joulukuussa, mutta kansallisp\u00e4iv\u00e4 (6. kes\u00e4kuuta) on pyh\u00e4p\u00e4iv\u00e4 vuodesta 2005. Sek\u00e4 juhannusp\u00e4iv\u00e4 ett\u00e4 pyh\u00e4inp\u00e4iv\u00e4 osuvat vuonna 2026 <b>samalle p\u00e4iv\u00e4lle<\/b> molemmissa maissa.<\/div>\n<p class=\"country-footnote\">Midsommarafton (19.6.), Julafton (24.12.) ja Ny\u00e5rsafton (31.12.) eiv\u00e4t ole virallisia pyh\u00e4p\u00e4ivi\u00e4 Ruotsissa, mutta k\u00e4yt\u00e4nn\u00f6ss\u00e4 l\u00e4hes kaikilla on vapaata.<\/p>\n<\/div>\n<\/div>\n\n","protected":false},"excerpt":{"rendered":"<p>Lataa ilmainen kalenteri 2026 kaikilla Suomen virallisilla juhlapyvill\u00e4! Vuonna 2026 on yhteens\u00e4 13 kansallista juhlapyh\u00e4\u00e4, ja tarjoamme kattavan vuosikalenterin, joka sis\u00e4lt\u00e4\u00e4 kaikki t\u00e4rke\u00e4t p\u00e4iv\u00e4m\u00e4\u00e4r\u00e4t. Kalenteri on saatavilla PDF-, Excel- ja PNG-muodoissa sek\u00e4 vaaka- ett\u00e4 pystysuunnassa, joten l\u00f6yd\u00e4t varmasti itsellesi sopivan vaihtoehdon. Suunnittele vuotesi 2026 etuk\u00e4teen ja hy\u00f6dynn\u00e4 pitki\u00e4 viikonloppuja ja juhlapyhi\u00e4 lomien ja vapaa-ajan suunnittelussa. &#8230; <a title=\"Kalenteri 2026 Suomi \u2013 Ilmainen PDF Lataus Juhlapyhineen\" class=\"read-more\" href=\"https:\/\/www.colomio.com\/fi\/kalenteri-2026\" aria-label=\"Lue lis\u00e4\u00e4 aiheesta Kalenteri 2026 Suomi \u2013 Ilmainen PDF Lataus Juhlapyhineen\">Lue lis\u00e4\u00e4<\/a><\/p>\n","protected":false},"author":4,"featured_media":0,"parent":0,"menu_order":0,"comment_status":"closed","ping_status":"closed","template":"","meta":{"_yoast_wpseo_title":"Kalenteri 2026 Suomi \u2013 Juhlapyh\u00e4t PDF & Excel","_yoast_wpseo_metadesc":"Lataa ilmainen kalenteri 2026 Suomen juhlapyhineen! 13 juhlapyh\u00e4\u00e4, PDF\/Excel\/PNG-muodot. Vaaka- ja pystysuunta. Suunnittele vuotesi etuk\u00e4teen!","_yoast_wpseo_bctitle":"Kalenteri 2026","_colomio_max_video_preview":"","_colomio_max_image_preview":"","_colomio_max_snippet":"","_custom_article_jsonld":"","_custom_howto_jsonld":"","_custom_schema_jsonld":"","category-page":true,"footnotes":""},"class_list":["post-11335","page","type-page","status-publish"],"yoast_head":"<!-- This site is optimized with the Yoast SEO plugin v27.2 - https:\/\/yoast.com\/product\/yoast-seo-wordpress\/ -->\n<title>Kalenteri 2026 Suomi \u2013 Juhlapyh\u00e4t PDF &amp; Excel<\/title>\n<meta name=\"description\" content=\"Lataa ilmainen kalenteri 2026 Suomen juhlapyhineen! 13 juhlapyh\u00e4\u00e4, PDF\/Excel\/PNG-muodot. Vaaka- ja pystysuunta. Suunnittele vuotesi etuk\u00e4teen!\" \/>\n<meta name=\"robots\" content=\"index, follow, max-snippet:-1, max-image-preview:large, max-video-preview:-1\" \/>\n<link rel=\"canonical\" href=\"https:\/\/www.colomio.com\/fi\/kalenteri-2026\" \/>\n<meta property=\"og:locale\" content=\"fi_FI\" \/>\n<meta property=\"og:type\" content=\"article\" \/>\n<meta property=\"og:title\" content=\"Kalenteri 2026 Suomi \u2013 Juhlapyh\u00e4t PDF &amp; Excel\" \/>\n<meta property=\"og:description\" content=\"Lataa ilmainen kalenteri 2026 Suomen juhlapyhineen! 13 juhlapyh\u00e4\u00e4, PDF\/Excel\/PNG-muodot. Vaaka- ja pystysuunta. Suunnittele vuotesi etuk\u00e4teen!\" \/>\n<meta property=\"og:url\" content=\"https:\/\/www.colomio.com\/fi\/kalenteri-2026\" \/>\n<meta property=\"og:site_name\" content=\"www.colomio.com\" \/>\n<meta property=\"article:modified_time\" content=\"2026-04-21T14:43:24+00:00\" \/>\n<meta property=\"og:image\" content=\"https:\/\/media.colomio.com\/calendar\/2026\/fi\/vuosikalenteri-2026-viikkonumerot.png\" \/>\n<meta name=\"twitter:card\" content=\"summary_large_image\" \/>\n<meta name=\"twitter:label1\" content=\"Arvioitu lukuaika\" \/>\n\t<meta name=\"twitter:data1\" content=\"7 minuuttia\" \/>\n<script type=\"application\/ld+json\" class=\"yoast-schema-graph\">{\"@context\":\"https:\/\/schema.org\",\"@graph\":[{\"@type\":\"WebPage\",\"@id\":\"https:\/\/www.colomio.com\/fi\/kalenteri-2026\",\"url\":\"https:\/\/www.colomio.com\/fi\/kalenteri-2026\",\"name\":\"Kalenteri 2026 Suomi \u2013 Juhlapyh\u00e4t PDF & Excel\",\"isPartOf\":{\"@id\":\"https:\/\/www.colomio.com\/fi#website\"},\"primaryImageOfPage\":{\"@id\":\"https:\/\/www.colomio.com\/fi\/kalenteri-2026#primaryimage\"},\"image\":{\"@id\":\"https:\/\/www.colomio.com\/fi\/kalenteri-2026#primaryimage\"},\"thumbnailUrl\":\"https:\/\/media.colomio.com\/calendar\/2026\/fi\/vuosikalenteri-2026-viikkonumerot.png\",\"datePublished\":\"2025-08-05T10:04:51+00:00\",\"dateModified\":\"2026-04-21T14:43:24+00:00\",\"description\":\"Lataa ilmainen kalenteri 2026 Suomen juhlapyhineen! 13 juhlapyh\u00e4\u00e4, PDF\/Excel\/PNG-muodot. Vaaka- ja pystysuunta. Suunnittele vuotesi etuk\u00e4teen!\",\"breadcrumb\":{\"@id\":\"https:\/\/www.colomio.com\/fi\/kalenteri-2026#breadcrumb\"},\"inLanguage\":\"fi\",\"potentialAction\":[{\"@type\":\"ReadAction\",\"target\":[\"https:\/\/www.colomio.com\/fi\/kalenteri-2026\"]}]},{\"@type\":\"ImageObject\",\"inLanguage\":\"fi\",\"@id\":\"https:\/\/www.colomio.com\/fi\/kalenteri-2026#primaryimage\",\"url\":\"https:\/\/media.colomio.com\/calendar\/2026\/fi\/vuosikalenteri-2026-viikkonumerot.png\",\"contentUrl\":\"https:\/\/media.colomio.com\/calendar\/2026\/fi\/vuosikalenteri-2026-viikkonumerot.png\"},{\"@type\":\"BreadcrumbList\",\"@id\":\"https:\/\/www.colomio.com\/fi\/kalenteri-2026#breadcrumb\",\"itemListElement\":[{\"@type\":\"ListItem\",\"position\":1,\"name\":\"Home\",\"item\":\"https:\/\/www.colomio.com\/fi\"},{\"@type\":\"ListItem\",\"position\":2,\"name\":\"Kalenteri 2026\"}]},{\"@type\":\"WebSite\",\"@id\":\"https:\/\/www.colomio.com\/fi#website\",\"url\":\"https:\/\/www.colomio.com\/fi\",\"name\":\"www.colomio.com\",\"description\":\"\",\"publisher\":{\"@id\":\"https:\/\/www.colomio.com\/fi#organization\"},\"potentialAction\":[{\"@type\":\"SearchAction\",\"target\":{\"@type\":\"EntryPoint\",\"urlTemplate\":\"https:\/\/www.colomio.com\/fi?s={search_term_string}\"},\"query-input\":{\"@type\":\"PropertyValueSpecification\",\"valueRequired\":true,\"valueName\":\"search_term_string\"}}],\"inLanguage\":\"fi\"},{\"@type\":\"Organization\",\"@id\":\"https:\/\/www.colomio.com\/fi#organization\",\"name\":\"colomio\",\"url\":\"https:\/\/www.colomio.com\/fi\",\"logo\":{\"@type\":\"ImageObject\",\"inLanguage\":\"fi\",\"@id\":\"https:\/\/www.colomio.com\/fi#\/schema\/logo\/image\/\",\"url\":\"https:\/\/www.colomio.com\/wp-content\/uploads\/2025\/02\/cropped-colomio-logo.png?wsr\",\"contentUrl\":\"https:\/\/www.colomio.com\/wp-content\/uploads\/2025\/02\/cropped-colomio-logo.png?wsr\",\"width\":373,\"height\":98,\"caption\":\"www.colomio.com\"},\"image\":{\"@id\":\"https:\/\/www.colomio.com\/fi#\/schema\/logo\/image\/\"},\"sameAs\":[\"https:\/\/www.instagram.com\/colomio.team\/\",\"https:\/\/de.pinterest.com\/happycolorz_colomio\/\",\"https:\/\/www.pinterest.com\/happycolorz_colomio\/\",\"https:\/\/www.muminthemadhouse.com\/custom-ai-colouring-pages-for-kids\/\",\"https:\/\/slummysinglemummy.com\/2026\/03\/05\/rainy-afternoons-just-got-a-lot-more-creative-discovering-colomio\/\",\"https:\/\/www.amazon.com\/Horses-Coloring-Book-pages-reprint\/dp\/1707878994\",\"https:\/\/www.prnewswire.com\/news-releases\/colomiocom-launches-a-free-customizable-coloring-book-for-home-printing-301162753.html\",\"https:\/\/www.linkedin.com\/in\/mathias-ziegler-b6068568\/\"],\"alternateName\":\"colomio.com\",\"foundingDate\":\"2019\",\"description\":\"Free printable coloring pages, step-by-step drawing tutorials, and creative crafts for kids \u2013 created by parents, tested by children.\",\"address\":{\"@type\":\"PostalAddress\",\"streetAddress\":\"Zeppelinstr. 73\",\"addressLocality\":\"Munich\",\"postalCode\":\"81669\",\"addressRegion\":\"Bavaria\",\"addressCountry\":\"DE\"},\"parentOrganization\":{\"@type\":\"Organization\",\"name\":\"happycolorz GmbH\",\"url\":\"https:\/\/www.happycolorz.de\"},\"founder\":[{\"@type\":\"Person\",\"@id\":\"https:\/\/www.colomio.com\/fi#mathias\/\",\"name\":\"Mathias Ziegler\",\"jobTitle\":\"Founder & Managing Director\",\"url\":\"https:\/\/www.colomio.com\/fi\/authors\/colomio-team\"}]}]}<\/script>\n<!-- \/ Yoast SEO plugin. -->","yoast_head_json":{"title":"Kalenteri 2026 Suomi \u2013 Juhlapyh\u00e4t PDF & Excel","description":"Lataa ilmainen kalenteri 2026 Suomen juhlapyhineen! 13 juhlapyh\u00e4\u00e4, PDF\/Excel\/PNG-muodot. Vaaka- ja pystysuunta. Suunnittele vuotesi etuk\u00e4teen!","robots":{"index":"index","follow":"follow","max-snippet":"max-snippet:-1","max-image-preview":"max-image-preview:large","max-video-preview":"max-video-preview:-1"},"canonical":"https:\/\/www.colomio.com\/fi\/kalenteri-2026","og_locale":"fi_FI","og_type":"article","og_title":"Kalenteri 2026 Suomi \u2013 Juhlapyh\u00e4t PDF & Excel","og_description":"Lataa ilmainen kalenteri 2026 Suomen juhlapyhineen! 13 juhlapyh\u00e4\u00e4, PDF\/Excel\/PNG-muodot. Vaaka- ja pystysuunta. Suunnittele vuotesi etuk\u00e4teen!","og_url":"https:\/\/www.colomio.com\/fi\/kalenteri-2026","og_site_name":"www.colomio.com","article_modified_time":"2026-04-21T14:43:24+00:00","og_image":[{"url":"https:\/\/media.colomio.com\/calendar\/2026\/fi\/vuosikalenteri-2026-viikkonumerot.png","type":"","width":"","height":""}],"twitter_card":"summary_large_image","twitter_misc":{"Arvioitu lukuaika":"7 minuuttia"},"schema":{"@context":"https:\/\/schema.org","@graph":[{"@type":"WebPage","@id":"https:\/\/www.colomio.com\/fi\/kalenteri-2026","url":"https:\/\/www.colomio.com\/fi\/kalenteri-2026","name":"Kalenteri 2026 Suomi \u2013 Juhlapyh\u00e4t PDF & Excel","isPartOf":{"@id":"https:\/\/www.colomio.com\/fi#website"},"primaryImageOfPage":{"@id":"https:\/\/www.colomio.com\/fi\/kalenteri-2026#primaryimage"},"image":{"@id":"https:\/\/www.colomio.com\/fi\/kalenteri-2026#primaryimage"},"thumbnailUrl":"https:\/\/media.colomio.com\/calendar\/2026\/fi\/vuosikalenteri-2026-viikkonumerot.png","datePublished":"2025-08-05T10:04:51+00:00","dateModified":"2026-04-21T14:43:24+00:00","description":"Lataa ilmainen kalenteri 2026 Suomen juhlapyhineen! 13 juhlapyh\u00e4\u00e4, PDF\/Excel\/PNG-muodot. Vaaka- ja pystysuunta. Suunnittele vuotesi etuk\u00e4teen!","breadcrumb":{"@id":"https:\/\/www.colomio.com\/fi\/kalenteri-2026#breadcrumb"},"inLanguage":"fi","potentialAction":[{"@type":"ReadAction","target":["https:\/\/www.colomio.com\/fi\/kalenteri-2026"]}]},{"@type":"ImageObject","inLanguage":"fi","@id":"https:\/\/www.colomio.com\/fi\/kalenteri-2026#primaryimage","url":"https:\/\/media.colomio.com\/calendar\/2026\/fi\/vuosikalenteri-2026-viikkonumerot.png","contentUrl":"https:\/\/media.colomio.com\/calendar\/2026\/fi\/vuosikalenteri-2026-viikkonumerot.png"},{"@type":"BreadcrumbList","@id":"https:\/\/www.colomio.com\/fi\/kalenteri-2026#breadcrumb","itemListElement":[{"@type":"ListItem","position":1,"name":"Home","item":"https:\/\/www.colomio.com\/fi"},{"@type":"ListItem","position":2,"name":"Kalenteri 2026"}]},{"@type":"WebSite","@id":"https:\/\/www.colomio.com\/fi#website","url":"https:\/\/www.colomio.com\/fi","name":"www.colomio.com","description":"","publisher":{"@id":"https:\/\/www.colomio.com\/fi#organization"},"potentialAction":[{"@type":"SearchAction","target":{"@type":"EntryPoint","urlTemplate":"https:\/\/www.colomio.com\/fi?s={search_term_string}"},"query-input":{"@type":"PropertyValueSpecification","valueRequired":true,"valueName":"search_term_string"}}],"inLanguage":"fi"},{"@type":"Organization","@id":"https:\/\/www.colomio.com\/fi#organization","name":"colomio","url":"https:\/\/www.colomio.com\/fi","logo":{"@type":"ImageObject","inLanguage":"fi","@id":"https:\/\/www.colomio.com\/fi#\/schema\/logo\/image\/","url":"https:\/\/www.colomio.com\/wp-content\/uploads\/2025\/02\/cropped-colomio-logo.png?wsr","contentUrl":"https:\/\/www.colomio.com\/wp-content\/uploads\/2025\/02\/cropped-colomio-logo.png?wsr","width":373,"height":98,"caption":"www.colomio.com"},"image":{"@id":"https:\/\/www.colomio.com\/fi#\/schema\/logo\/image\/"},"sameAs":["https:\/\/www.instagram.com\/colomio.team\/","https:\/\/de.pinterest.com\/happycolorz_colomio\/","https:\/\/www.pinterest.com\/happycolorz_colomio\/","https:\/\/www.muminthemadhouse.com\/custom-ai-colouring-pages-for-kids\/","https:\/\/slummysinglemummy.com\/2026\/03\/05\/rainy-afternoons-just-got-a-lot-more-creative-discovering-colomio\/","https:\/\/www.amazon.com\/Horses-Coloring-Book-pages-reprint\/dp\/1707878994","https:\/\/www.prnewswire.com\/news-releases\/colomiocom-launches-a-free-customizable-coloring-book-for-home-printing-301162753.html","https:\/\/www.linkedin.com\/in\/mathias-ziegler-b6068568\/"],"alternateName":"colomio.com","foundingDate":"2019","description":"Free printable coloring pages, step-by-step drawing tutorials, and creative crafts for kids \u2013 created by parents, tested by children.","address":{"@type":"PostalAddress","streetAddress":"Zeppelinstr. 73","addressLocality":"Munich","postalCode":"81669","addressRegion":"Bavaria","addressCountry":"DE"},"parentOrganization":{"@type":"Organization","name":"happycolorz GmbH","url":"https:\/\/www.happycolorz.de"},"founder":[{"@type":"Person","@id":"https:\/\/www.colomio.com\/fi#mathias\/","name":"Mathias Ziegler","jobTitle":"Founder & Managing Director","url":"https:\/\/www.colomio.com\/fi\/authors\/colomio-team"}]}]}},"_links":{"self":[{"href":"https:\/\/www.colomio.com\/fi\/wp-json\/wp\/v2\/pages\/11335","targetHints":{"allow":["GET"]}}],"collection":[{"href":"https:\/\/www.colomio.com\/fi\/wp-json\/wp\/v2\/pages"}],"about":[{"href":"https:\/\/www.colomio.com\/fi\/wp-json\/wp\/v2\/types\/page"}],"author":[{"embeddable":true,"href":"https:\/\/www.colomio.com\/fi\/wp-json\/wp\/v2\/users\/4"}],"replies":[{"embeddable":true,"href":"https:\/\/www.colomio.com\/fi\/wp-json\/wp\/v2\/comments?post=11335"}],"version-history":[{"count":11,"href":"https:\/\/www.colomio.com\/fi\/wp-json\/wp\/v2\/pages\/11335\/revisions"}],"predecessor-version":[{"id":141789,"href":"https:\/\/www.colomio.com\/fi\/wp-json\/wp\/v2\/pages\/11335\/revisions\/141789"}],"wp:attachment":[{"href":"https:\/\/www.colomio.com\/fi\/wp-json\/wp\/v2\/media?parent=11335"}],"curies":[{"name":"wp","href":"https:\/\/api.w.org\/{rel}","templated":true}]}}