{"id":11481,"date":"2025-08-12T13:55:00","date_gmt":"2025-08-12T13:55:00","guid":{"rendered":"https:\/\/www.colomio.com\/seite-002"},"modified":"2026-04-21 14:46:33","modified_gmt":"2026-04-21T14:46:33","slug":"fevrier-2026-calendrier","status":"publish","type":"page","link":"https:\/\/www.colomio.com\/fr\/fevrier-2026-calendrier","title":{"rendered":"Calendrier F\u00e9vrier 2026 France &#8211; T\u00e9l\u00e9chargement Gratuit"},"content":{"rendered":"\n<style class=\"wpcode-css-snippet\">table, td, th {\r\n    border: none;\r\n    padding: 0px; \r\n}\r\n\r\n@media (min-width: 768px) {\r\n    #textdown {\r\n        margin-top: 100px;\r\n    }\r\n}\r\n@media (min-width: 768px) {\r\n    .col-md-6 {\r\n        -webkit-box-flex: 0;\r\n        flex: 0 0 50%;\r\n        max-width: 50%;\r\n    }\r\n}\r\n.row {\r\n    margin-left: -10px;\r\n    margin-right: -10px;\r\n}\r\n.row {\r\n    display: -webkit-box;\r\n    display: flex\r\n;\r\n    flex-wrap: wrap;\r\n    margin-right: -15px;\r\n    margin-left: -15px;\r\n}\r\n@media (min-width: 767px) {\r\n    .row {\r\n        display: flex\r\n;\r\n        flex-wrap: wrap;\r\n    }\r\n}\r\n*, :after, :before {\r\n    box-sizing: border-box;\r\n}\r\nimg {\r\n    max-width: 100%;\r\n}\r\nimg, svg {\r\n    vertical-align: middle;\r\n}\r\nimg {\r\n    border-style: none;\r\n}\r\n*, :after, :before {\r\n    box-sizing: border-box;\r\n}\r\n.schatten {\r\nborder: 1px solid #c1c1c1;\r\n    box-shadow: 4px 4px 9px #999;\r\n    padding: 8px;\r\n    margin-bottom: 9px;\r\n}\r\n\r\n@media (min-width: 768px){\r\n.col-md-6 {\r\n    -webkit-box-flex: 0;\r\n    flex: 0 0 50%;\r\n    max-width: 50%;\r\n\tpadding-left: 15px;\r\n}\r\n#textdown {\r\nmargin-top: 100px !important;}\r\n}\r\n\r\n  @media only screen and (max-width: 500px) {  .buttonmz     { padding: 4px 10px; margin: 3px; }  }   @media only screen and (min-width: 501px) {  .buttonmz     { padding: 8px 15px; margin: 5px; }   }    .buttonmz {  letter-spacing: -.16px; display: block; width: 100%; line-height: 1.4;  white-space: normal;  min-height: 24px; background-color: white; color: blue; border-color: black !important; -moz-user-select: none; -ms-user-select: none; -webkit-user-select: none; user-select: none; -webkit-appearance: none; -moz-appearance: none; appearance: none; display: inline-block; width: auto; text-decoration: none; text-align: center; vertical-align: middle; cursor: pointer; border: 2px solid black !important; border-radius: 2px;  background-color: white; color: black;  white-space: normal; }  .buttonmz:hover { background-color: grey !important; color: white !important; }  <\/style>\n<style id=\"colomio-mobile-responsive\">\n.table-responsive-wrap { width:100%; overflow-x:auto; -webkit-overflow-scrolling:touch; margin:20px 0 }\n.download-flex { display:flex; flex-wrap:wrap; gap:12px; margin:10px 0 20px }\n.download-flex a { display:flex; align-items:center; gap:8px; background:#f5f5f5; border:1px solid #ddd; border-radius:8px; padding:10px 16px; text-decoration:none; color:#333; font-weight:bold; transition:background .2s,box-shadow .2s; flex:1; min-width:100px; justify-content:center }\n.download-flex a:hover { background:#e8e8e8; box-shadow:0 2px 6px rgba(0,0,0,.1) }\n.download-flex a img { width:24px; height:30px }\n@media(max-width:580px){\n  .table-responsive-wrap table { font-size:.82em }\n  .table-responsive-wrap th,.table-responsive-wrap td { padding:8px 10px }\n}\n@media(max-width:480px){\n  .download-flex { flex-direction:column; gap:8px }\n  .download-flex a { justify-content:flex-start; min-width:unset }\n}\n@media(max-width:600px){\n  .faq-section-col { margin:24px 0!important }\n  .faq-item-col { padding:12px 14px!important; margin-bottom:10px!important }\n  .faq-item-col h3 { font-size:1em!important }\n  .faq-item-col p { font-size:.92em!important }\n  figure img.schatten { max-width:100%!important; height:auto!important }\n  .buttonmz { display:inline-block; margin:3px 2px!important; font-size:.85em }\n  h2 { font-size:1.3em } p,li { font-size:.95em; line-height:1.6 }\n}\n<\/style>\n\n<!-- 2026 -->\n<p>Le <b>calendrier f\u00e9vrier 2026<\/b> pour la France pr\u00e9sente un mois de 28 jours qui d\u00e9bute un <b>dimanche<\/b>. F\u00e9vrier 2026 ne compte aucun jour f\u00e9ri\u00e9 national en France, offrant ainsi quatre semaines compl\u00e8tes de travail. Ce mois d&rsquo;hiver reste une p\u00e9riode id\u00e9ale pour planifier vos activit\u00e9s personnelles et professionnelles. T\u00e9l\u00e9chargez gratuitement votre calendrier f\u00e9vrier 2026 aux <b>formats PDF, Excel (XLS) et PNG<\/b> pour r\u00e9pondre \u00e0 tous vos besoins d&rsquo;organisation et d&rsquo;impression.<\/p>\n<p>Notre calendrier f\u00e9vrier 2026 France affiche clairement tous les jours f\u00e9ri\u00e9s nationaux dans une <b>mise en page \u00e9pur\u00e9e<\/b>. Disponible en format <b>PDF pour l&rsquo;impression<\/b>, Excel pour vos personnalisations et modifications, et PNG pour un usage num\u00e9rique optimal. Choisissez entre les orientations portrait et paysage selon vos pr\u00e9f\u00e9rences d&rsquo;utilisation.<\/p>\n\n<br><br>\n\nNos mod\u00e8les offrent beaucoup d&rsquo;espace pour les notes et sont disponibles dans diff\u00e9rents designs, afin que vous trouviez le calendrier parfait pour vos besoins. Imprimez le calendrier et utilisez-le comme un calendrier mural \u00e9l\u00e9gant ou comme un planificateur de bureau pratique.<\/p>\n<br>\n<div id=\"ez-toc-container\" class=\"ez-toc-v2_0_81 counter-hierarchy ez-toc-counter ez-toc-grey ez-toc-container-direction\">\n<div class=\"ez-toc-title-container\">\n<p class=\"ez-toc-title\" style=\"cursor:inherit\">Table des mati\u00e8res<\/p>\n<span class=\"ez-toc-title-toggle\"><a href=\"#\" class=\"ez-toc-pull-right ez-toc-btn ez-toc-btn-xs ez-toc-btn-default ez-toc-toggle\" aria-label=\"Toggle Table of Content\"><span class=\"ez-toc-js-icon-con\"><span class=\"\"><span class=\"eztoc-hide\" style=\"display:none;\">Toggle<\/span><span class=\"ez-toc-icon-toggle-span\"><svg style=\"fill: #999;color:#999\" xmlns=\"http:\/\/www.w3.org\/2000\/svg\" class=\"list-377408\" width=\"20px\" height=\"20px\" viewBox=\"0 0 24 24\" fill=\"none\"><path d=\"M6 6H4v2h2V6zm14 0H8v2h12V6zM4 11h2v2H4v-2zm16 0H8v2h12v-2zM4 16h2v2H4v-2zm16 0H8v2h12v-2z\" fill=\"currentColor\"><\/path><\/svg><svg style=\"fill: #999;color:#999\" class=\"arrow-unsorted-368013\" xmlns=\"http:\/\/www.w3.org\/2000\/svg\" width=\"10px\" height=\"10px\" viewBox=\"0 0 24 24\" version=\"1.2\" baseProfile=\"tiny\"><path d=\"M18.2 9.3l-6.2-6.3-6.2 6.3c-.2.2-.3.4-.3.7s.1.5.3.7c.2.2.4.3.7.3h11c.3 0 .5-.1.7-.3.2-.2.3-.5.3-.7s-.1-.5-.3-.7zM5.8 14.7l6.2 6.3 6.2-6.3c.2-.2.3-.5.3-.7s-.1-.5-.3-.7c-.2-.2-.4-.3-.7-.3h-11c-.3 0-.5.1-.7.3-.2.2-.3.5-.3.7s.1.5.3.7z\"\/><\/svg><\/span><\/span><\/span><\/a><\/span><\/div>\n<nav><ul class='ez-toc-list ez-toc-list-level-1 eztoc-toggle-hide-by-default' ><li class='ez-toc-page-1 ez-toc-heading-level-2'><a class=\"ez-toc-link ez-toc-heading-1\" href=\"https:\/\/www.colomio.com\/fr\/fevrier-2026-calendrier\/#Calendrier_fevrier_2026\" >Calendrier f\u00e9vrier 2026<\/a><\/li><li class='ez-toc-page-1 ez-toc-heading-level-2'><a class=\"ez-toc-link ez-toc-heading-2\" href=\"https:\/\/www.colomio.com\/fr\/fevrier-2026-calendrier\/#Questions_frequentes\" >Questions fr\u00e9quentes<\/a><ul class='ez-toc-list-level-3' ><li class='ez-toc-heading-level-3'><a class=\"ez-toc-link ez-toc-heading-3\" href=\"https:\/\/www.colomio.com\/fr\/fevrier-2026-calendrier\/#Quels_sont_les_jours_feries_en_fevrier_2026_en_France\" >Quels sont les jours f\u00e9ri\u00e9s en f\u00e9vrier 2026 en France ?<\/a><\/li><li class='ez-toc-page-1 ez-toc-heading-level-3'><a class=\"ez-toc-link ez-toc-heading-4\" href=\"https:\/\/www.colomio.com\/fr\/fevrier-2026-calendrier\/#Quel_jour_commence_fevrier_2026\" >Quel jour commence f\u00e9vrier 2026 ?<\/a><\/li><li class='ez-toc-page-1 ez-toc-heading-level-3'><a class=\"ez-toc-link ez-toc-heading-5\" href=\"https:\/\/www.colomio.com\/fr\/fevrier-2026-calendrier\/#Combien_de_jours_compte_fevrier_2026\" >Combien de jours compte f\u00e9vrier 2026 ?<\/a><\/li><li class='ez-toc-page-1 ez-toc-heading-level-3'><a class=\"ez-toc-link ez-toc-heading-6\" href=\"https:\/\/www.colomio.com\/fr\/fevrier-2026-calendrier\/#Dans_quels_formats_puis-je_telecharger_le_calendrier_fevrier_2026\" >Dans quels formats puis-je t\u00e9l\u00e9charger le calendrier f\u00e9vrier 2026 ?<\/a><\/li><li class='ez-toc-page-1 ez-toc-heading-level-3'><a class=\"ez-toc-link ez-toc-heading-7\" href=\"https:\/\/www.colomio.com\/fr\/fevrier-2026-calendrier\/#Fevrier_2026_est-il_adapte_pour_planifier_les_vacances_dhiver\" >F\u00e9vrier 2026 est-il adapt\u00e9 pour planifier les vacances d&rsquo;hiver ?<\/a><\/li><\/ul><\/li><\/ul><\/nav><\/div>\n<h2 id=\"kalender-februar-2026\"><span class=\"ez-toc-section\" id=\"Calendrier_fevrier_2026\"><\/span>Calendrier f\u00e9vrier 2026<span class=\"ez-toc-section-end\"><\/span><\/h2>\n<p>Bien s\u00fbr, vous pouvez \u00e9galement t\u00e9l\u00e9charger gratuitement des feuilles de calendrier pour tous les autres mois et ainsi cr\u00e9er un planificateur annuel personnalis\u00e9 selon vos go\u00fbts. Avec une jolie page de couverture, votre calendrier personnalis\u00e9 devient un cadeau attrayant pour de bons amis et la famille.<br><br>\n\nProfitez de l&rsquo;occasion pour organiser au mieux votre planification pour 2026 et b\u00e9n\u00e9ficiez de nos offres gratuites aux formats PDF, PNG et XLS !<\/p>\n<br><div class=\"row justify-content-center\"><div class=\"col-md-6\"><div style=\"text-align: left;\">\n\n\n<p><b>FORMAT PAYSAGE<\/b><\/p> <figure><a class=\"kalender\" href=\"https:\/\/media.colomio.com\/calendar-int\/2026\/fr\/calendrier-fevrier-2026-classique.pdf\" rel=\"nofollow\" title=\"Calendrier f\u00e9vrier 2026 classique, format paysage PDF \u00e0 imprimer\"><img decoding=\"async\" class=\"schatten\" loading=\"lazy\" src=\"https:\/\/media.colomio.com\/calendar-int\/2026\/fr\/calendrier-fevrier-2026-classique.png\" alt=\"Calendrier f\u00e9vrier 2026 classique, format paysage PDF \u00e0 imprimer\" title=\"Calendrier f\u00e9vrier 2026 classique, format paysage PDF \u00e0 imprimer\"><figcaption class=\"title\" title=\"Calendrier f\u00e9vrier 2026 classique, format paysage PDF \u00e0 imprimer\">Calendrier f\u00e9vrier 2026 classique<\/figcaption><\/a><\/figure>\n\n\n\n<\/div>\n<\/div> \n\n<div class=\"col-md-6\"><div id=\"textdown\" style=\"text-align: left;\">\n<div id=\"ib\"><ul class=\"paint-row-content\"><li>Calendrier f\u00e9vrier 2026 sur une page DIN A4, format paysage<\/li><li>Grands chiffres pour une bonne lisibilit\u00e9<\/li><li>chaque jour a de la place pour des rendez-vous et des notes importantes<\/li><li>avec semaines calendaires et jours f\u00e9ri\u00e9s (nationaux)<\/li><br>\n<li style=\"list-style-type: none;\"><b>T\u00e9l\u00e9chargement gratuit :<\/b><\/li><br>\n<div class=\"download-flex\">\n  <a href=\"https:\/\/media.colomio.com\/calendar-int\/2026\/fr\/calendrier-fevrier-2026-classique.pdf\" rel=\"nofollow\"><img loading=\"lazy\" decoding=\"async\" alt=\"PDF\" src=\"https:\/\/www.colomio.com\/wp-content\/uploads\/2025\/09\/doc1.gif\" width=\"24\" height=\"30\"> PDF<\/a>\n  <a href=\"https:\/\/media.colomio.com\/calendar-int\/2026\/fr\/calendrier-fevrier-2026-classique.xlsx\" rel=\"nofollow\"><img loading=\"lazy\" decoding=\"async\" alt=\"Excel\" src=\"https:\/\/www.colomio.com\/wp-content\/uploads\/2025\/09\/doc2.gif\" width=\"24\" height=\"30\"> Excel<\/a>\n  <a href=\"https:\/\/media.colomio.com\/calendar-int\/2026\/fr\/calendrier-fevrier-2026-classique.png\" rel=\"nofollow\"><img loading=\"lazy\" decoding=\"async\" alt=\"PNG\" src=\"https:\/\/www.colomio.com\/wp-content\/uploads\/2025\/09\/doc3.gif\" width=\"24\" height=\"30\"> PNG<\/a>\n<\/div>\n<\/ul>\n<\/div>\t\n\n\n<\/div>\n<\/div> <\/div>\n\n\n<br><br>\n\n<p>Consultez \u00e9galement nos autres <b>calendriers mensuels 2026<\/b> pour une planification annuelle compl\u00e8te. Toutes les informations sont fournies sans garantie et peuvent \u00eatre sujettes \u00e0 modifications.<\/p>\n<br>\n\n<style>\n  .faq-section-col { margin:40px 0 }\n  .faq-item-col { background:#f9f9f9; border-left:4px solid #1a5276; border-radius:6px; padding:16px 20px; margin-bottom:14px; box-shadow:0 1px 3px rgba(0,0,0,.08) }\n  .faq-item-col:nth-child(even) { border-left-color:#2e86c1 }\n  .faq-item-col h3 { color:#333; margin:0 0 8px; font-size:1.1em }\n  .faq-item-col p { margin:0; color:#555; line-height:1.6 }\n<\/style>\n\n<h2 id=\"faq-fr-2-2026\"><span class=\"ez-toc-section\" id=\"Questions_frequentes\"><\/span>Questions fr\u00e9quentes<span class=\"ez-toc-section-end\"><\/span><\/h2>\n<div class=\"faq-section-col\">\n<div class=\"faq-item-col\"><h3><span class=\"ez-toc-section\" id=\"Quels_sont_les_jours_feries_en_fevrier_2026_en_France\"><\/span>Quels sont les jours f\u00e9ri\u00e9s en f\u00e9vrier 2026 en France ?<span class=\"ez-toc-section-end\"><\/span><\/h3><p>F\u00e9vrier 2026 ne compte aucun jour f\u00e9ri\u00e9 national en France. Ce mois d&rsquo;hiver pr\u00e9sente donc un calendrier de travail standard sans interruption officielle.<\/p><\/div>\n<div class=\"faq-item-col\"><h3><span class=\"ez-toc-section\" id=\"Quel_jour_commence_fevrier_2026\"><\/span>Quel jour commence f\u00e9vrier 2026 ?<span class=\"ez-toc-section-end\"><\/span><\/h3><p>F\u00e9vrier 2026 commence un dimanche, le 1er f\u00e9vrier. Cette configuration offre un d\u00e9but de mois en week-end, facilitant la transition depuis janvier.<\/p><\/div>\n<div class=\"faq-item-col\"><h3><span class=\"ez-toc-section\" id=\"Combien_de_jours_compte_fevrier_2026\"><\/span>Combien de jours compte f\u00e9vrier 2026 ?<span class=\"ez-toc-section-end\"><\/span><\/h3><p>F\u00e9vrier 2026 compte 28 jours au total. L&rsquo;ann\u00e9e 2026 n&rsquo;\u00e9tant pas bissextile, f\u00e9vrier conserve sa dur\u00e9e habituelle de quatre semaines exactes.<\/p><\/div>\n<div class=\"faq-item-col\"><h3><span class=\"ez-toc-section\" id=\"Dans_quels_formats_puis-je_telecharger_le_calendrier_fevrier_2026\"><\/span>Dans quels formats puis-je t\u00e9l\u00e9charger le calendrier f\u00e9vrier 2026 ?<span class=\"ez-toc-section-end\"><\/span><\/h3><p>Le calendrier f\u00e9vrier 2026 est disponible gratuitement en formats PDF, Excel (XLS) et PNG. Chaque format est propos\u00e9 en orientation portrait et paysage pour s&rsquo;adapter \u00e0 vos besoins.<\/p><\/div>\n<div class=\"faq-item-col\"><h3><span class=\"ez-toc-section\" id=\"Fevrier_2026_est-il_adapte_pour_planifier_les_vacances_dhiver\"><\/span>F\u00e9vrier 2026 est-il adapt\u00e9 pour planifier les vacances d&rsquo;hiver ?<span class=\"ez-toc-section-end\"><\/span><\/h3><p>F\u00e9vrier 2026 convient parfaitement pour organiser les vacances scolaires d&rsquo;hiver en France. L&rsquo;absence de jours f\u00e9ri\u00e9s permet une planification flexible des cong\u00e9s familiaux.<\/p><\/div>\n<\/div>\n\n<script type=\"application\/ld+json\">\n{\n  \"@context\": \"https:\/\/schema.org\",\n  \"@type\": \"FAQPage\",\n  \"mainEntity\": [\n    {\n      \"@type\": \"Question\",\n      \"name\": \"Quels sont les jours f\u00e9ri\u00e9s en f\u00e9vrier 2026 en France ?\",\n      \"acceptedAnswer\": {\n        \"@type\": \"Answer\",\n        \"text\": \"F\u00e9vrier 2026 ne compte aucun jour f\u00e9ri\u00e9 national en France. Ce mois d'hiver pr\u00e9sente donc un calendrier de travail standard sans interruption officielle.\"\n      }\n    },\n    {\n      \"@type\": \"Question\",\n      \"name\": \"Quel jour commence f\u00e9vrier 2026 ?\",\n      \"acceptedAnswer\": {\n        \"@type\": \"Answer\",\n        \"text\": \"F\u00e9vrier 2026 commence un dimanche, le 1er f\u00e9vrier. Cette configuration offre un d\u00e9but de mois en week-end, facilitant la transition depuis janvier.\"\n      }\n    },\n    {\n      \"@type\": \"Question\",\n      \"name\": \"Combien de jours compte f\u00e9vrier 2026 ?\",\n      \"acceptedAnswer\": {\n        \"@type\": \"Answer\",\n        \"text\": \"F\u00e9vrier 2026 compte 28 jours au total. L'ann\u00e9e 2026 n'\u00e9tant pas bissextile, f\u00e9vrier conserve sa dur\u00e9e habituelle de quatre semaines exactes.\"\n      }\n    },\n    {\n      \"@type\": \"Question\",\n      \"name\": \"Dans quels formats puis-je t\u00e9l\u00e9charger le calendrier f\u00e9vrier 2026 ?\",\n      \"acceptedAnswer\": {\n        \"@type\": \"Answer\",\n        \"text\": \"Le calendrier f\u00e9vrier 2026 est disponible gratuitement en formats PDF, Excel (XLS) et PNG. Chaque format est propos\u00e9 en orientation portrait et paysage pour s'adapter \u00e0 vos besoins.\"\n      }\n    },\n    {\n      \"@type\": \"Question\",\n      \"name\": \"F\u00e9vrier 2026 est-il adapt\u00e9 pour planifier les vacances d'hiver ?\",\n      \"acceptedAnswer\": {\n        \"@type\": \"Answer\",\n        \"text\": \"F\u00e9vrier 2026 convient parfaitement pour organiser les vacances scolaires d'hiver en France. L'absence de jours f\u00e9ri\u00e9s permet une planification flexible des cong\u00e9s familiaux.\"\n      }\n    }\n  ]\n}\n<\/script>\n\n<script async src=\"https:\/\/pagead2.googlesyndication.com\/pagead\/js\/adsbygoogle.js?client=ca-pub-6550436067840591\"\r\n     crossorigin=\"anonymous\"><\/script>\r\n<!-- flagge -->\r\n<ins class=\"adsbygoogle\"\r\n     style=\"display:block\"\r\n     data-ad-client=\"ca-pub-6550436067840591\"\r\n     data-ad-slot=\"3909965393\"\r\n     data-ad-format=\"auto\"\r\n     data-full-width-responsive=\"true\"><\/ins>\r\n<script>\r\n     (adsbygoogle = window.adsbygoogle || []).push({});\r\n<\/script><br>\n<div class=\"row justify-content-center\"><div class=\"col-md-6\"><div style=\"text-align: left;\">\n<figure><a class=\"kalender\" href=\"https:\/\/media.colomio.com\/calendar-int\/2026\/fr\/calendrier-fevrier-2026-format-paysage.pdf\" rel=\"nofollow\" title=\"Mod\u00e8le calendrier mensuel f\u00e9vrier 2026 \u00e0 imprimer gratuitement\"><img decoding=\"async\" class=\"schatten\" loading=\"lazy\" src=\"https:\/\/media.colomio.com\/calendar-int\/2026\/fr\/calendrier-fevrier-2026-format-paysage.png\" alt=\"Mod\u00e8le calendrier mensuel f\u00e9vrier 2026 \u00e0 imprimer gratuitement\" title=\"Mod\u00e8le calendrier mensuel f\u00e9vrier 2026 \u00e0 imprimer gratuitement\"><figcaption class=\"title\" title=\"Mod\u00e8le calendrier mensuel f\u00e9vrier 2026 \u00e0 imprimer gratuitement\">Calendrier mensuel f\u00e9vrier 2026<\/figcaption><\/a><\/figure>\n\n\n\n<\/div>\n<\/div> \n\n<div class=\"col-md-6\"><div id=\"textdown\" style=\"text-align: left;\">\n<div id=\"ib\"><ul class=\"paint-row-content\"><li>Calendrier mensuel f\u00e9vrier 2026 sur une page enti\u00e8re (Din A4), paysage<\/li><li>avec semaines calendaires et jours f\u00e9ri\u00e9s (nationaux)<\/li><li>incl. espace libre pour notes personnelles<\/li><br>\n<li style=\"list-style-type: none;\"><b>T\u00e9l\u00e9chargement gratuit :<\/b><\/li><br>\n<div class=\"download-flex\">\n  <a href=\"https:\/\/media.colomio.com\/calendar-int\/2026\/fr\/calendrier-fevrier-2026-format-paysage.pdf\" rel=\"nofollow\"><img loading=\"lazy\" decoding=\"async\" alt=\"PDF\" src=\"https:\/\/www.colomio.com\/wp-content\/uploads\/2025\/09\/doc1.gif\" width=\"24\" height=\"30\"> PDF<\/a>\n  <a href=\"https:\/\/media.colomio.com\/calendar-int\/2026\/fr\/calendrier-fevrier-2026-format-paysage.xlsx\" rel=\"nofollow\"><img loading=\"lazy\" decoding=\"async\" alt=\"Excel\" src=\"https:\/\/www.colomio.com\/wp-content\/uploads\/2025\/09\/doc2.gif\" width=\"24\" height=\"30\"> Excel<\/a>\n  <a href=\"https:\/\/media.colomio.com\/calendar-int\/2026\/fr\/calendrier-fevrier-2026-format-paysage.png\" rel=\"nofollow\"><img loading=\"lazy\" decoding=\"async\" alt=\"PNG\" src=\"https:\/\/www.colomio.com\/wp-content\/uploads\/2025\/09\/doc3.gif\" width=\"24\" height=\"30\"> PNG<\/a>\n<\/div>\n<\/ul>\n<\/div>\t\n\n\n<\/div>\n<\/div> <\/div>\n<br><br>\n\n\n<div class=\"row justify-content-center\"><div class=\"col-md-6\"><div style=\"text-align: left;\">\n<figure><a class=\"kalender\" href=\"https:\/\/media.colomio.com\/calendar-int\/2026\/fr\/calendrier-fevrier-2026.pdf\" rel=\"nofollow\" title=\"Calendrier f\u00e9vrier 2026 avec jours f\u00e9ri\u00e9s\"><img decoding=\"async\" class=\"schatten\" loading=\"lazy\" src=\"https:\/\/media.colomio.com\/calendar-int\/2026\/fr\/calendrier-fevrier-2026.png\" alt=\"Calendrier f\u00e9vrier 2026 avec jours f\u00e9ri\u00e9s\" title=\"Calendrier f\u00e9vrier 2026 avec jours f\u00e9ri\u00e9s\"><figcaption class=\"title\" title=\"Calendrier f\u00e9vrier 2026 avec jours f\u00e9ri\u00e9s\">Calendrier f\u00e9vrier 2026 &#8211; paysage<\/figcaption><\/a><\/figure>\n\n\n\n<\/div>\n<\/div> \n\n<div class=\"col-md-6\"><div id=\"textdown\" style=\"text-align: left;\">\n<div id=\"ib\"><ul class=\"paint-row-content\"><li>Calendrier mensuel f\u00e9vrier 2026 sur une page enti\u00e8re (Din A4), paysage<\/li><li>avec semaines calendaires et jours f\u00e9ri\u00e9s (nationaux)<\/li><li>incl. espace libre pour notes personnelles<\/li><li>Mod\u00e8le avec jours f\u00e9ri\u00e9s nationaux<\/li><br>\n<li style=\"list-style-type: none;\"><b>T\u00e9l\u00e9chargement gratuit :<\/b><\/li><br>\n<div class=\"download-flex\">\n  <a href=\"https:\/\/media.colomio.com\/calendar-int\/2026\/fr\/calendrier-fevrier-2026.pdf\" rel=\"nofollow\"><img loading=\"lazy\" decoding=\"async\" alt=\"PDF\" src=\"https:\/\/www.colomio.com\/wp-content\/uploads\/2025\/09\/doc1.gif\" width=\"24\" height=\"30\"> PDF<\/a>\n  <a href=\"https:\/\/media.colomio.com\/calendar-int\/2026\/fr\/calendrier-fevrier-2026.xlsx\" rel=\"nofollow\"><img loading=\"lazy\" decoding=\"async\" alt=\"Excel\" src=\"https:\/\/www.colomio.com\/wp-content\/uploads\/2025\/09\/doc2.gif\" width=\"24\" height=\"30\"> Excel<\/a>\n  <a href=\"https:\/\/media.colomio.com\/calendar-int\/2026\/fr\/calendrier-fevrier-2026.png\" rel=\"nofollow\"><img loading=\"lazy\" decoding=\"async\" alt=\"PNG\" src=\"https:\/\/www.colomio.com\/wp-content\/uploads\/2025\/09\/doc3.gif\" width=\"24\" height=\"30\"> PNG<\/a>\n<\/div>\n<\/ul>\n<\/div>\t\n\n\n<\/div>\n<\/div> <\/div>\n\n<p>Particuli\u00e8rement pour les familles, il est conseill\u00e9 de noter bien en vue tous les anniversaires et rendez-vous importants dans un calendrier central. Les planificateurs avec suffisamment d&rsquo;espace sont un bon choix ici ! Une version tr\u00e8s populaire est le calendrier 2026 pour f\u00e9vrier, o\u00f9 tous les jours sont list\u00e9s verticalement et chaque date est plac\u00e9e sur une ligne distincte. Nous proposons \u00e9galement des calendriers mensuels qui utilisent de petits chiffres et laissent ainsi suffisamment de place pour des notes importantes. Nos calendriers classiques pour f\u00e9vrier 2026 \u00e0 imprimer sont \u00e9galement tr\u00e8s appr\u00e9ci\u00e9s. De grands chiffres indiquent rapidement le jour de la semaine et assurent ainsi une bonne vue d&rsquo;ensemble.<\/p>\n\n<br><br><br>\n<div class=\"row justify-content-center\"><div class=\"col-md-6\"><div style=\"text-align: left;\">\n<p><b>FORMAT PORTRAIT<\/b><\/p><figure><a class=\"kalender\" href=\"https:\/\/media.colomio.com\/calendar-int\/2026\/fr\/fevrier-2026-calendrier-format-portrait.pdf\" rel=\"nofollow\" title=\"Calendrier f\u00e9vrier 2026 - format portrait, gratuit \u00e0 imprimer\"><img decoding=\"async\" class=\"schatten\" loading=\"lazy\" src=\"https:\/\/media.colomio.com\/calendar-int\/2026\/fr\/fevrier-2026-calendrier-format-portrait.png\" alt=\"Calendrier f\u00e9vrier 2026 - format portrait, gratuit \u00e0 imprimer\" title=\"Calendrier f\u00e9vrier 2026 - format portrait, gratuit \u00e0 imprimer\"><figcaption class=\"title\" title=\"Calendrier f\u00e9vrier 2026 - format portrait, gratuit \u00e0 imprimer\">Calendrier f\u00e9vrier 2026 &#8211; format portrait<\/figcaption><\/a><\/figure>\n\n\n\n<\/div>\n<\/div> \n\n<div class=\"col-md-6\"><div id=\"textdown\" style=\"text-align: left;\">\n<div id=\"ib\"><ul class=\"paint-row-content\"><li>Mois de f\u00e9vrier 2026 sur une page enti\u00e8re (Din A4), format portrait<\/li><li>Grands chiffres pour une bonne lisibilit\u00e9<\/li><li>avec semaines calendaires et jours f\u00e9ri\u00e9s (nationaux)<\/li><li>utilisable comme calendrier mural<\/li><br>\n<li style=\"list-style-type: none;\"><b>T\u00e9l\u00e9chargement gratuit :<\/b><\/li><br>\n<div class=\"download-flex\">\n  <a href=\"https:\/\/media.colomio.com\/calendar-int\/2026\/fr\/fevrier-2026-calendrier-format-portrait.pdf\" rel=\"nofollow\"><img loading=\"lazy\" decoding=\"async\" alt=\"PDF\" src=\"https:\/\/www.colomio.com\/wp-content\/uploads\/2025\/09\/doc1.gif\" width=\"24\" height=\"30\"> PDF<\/a>\n  <a href=\"https:\/\/media.colomio.com\/calendar-int\/2026\/fr\/fevrier-2026-calendrier-format-portrait.xlsx\" rel=\"nofollow\"><img loading=\"lazy\" decoding=\"async\" alt=\"Excel\" src=\"https:\/\/www.colomio.com\/wp-content\/uploads\/2025\/09\/doc2.gif\" width=\"24\" height=\"30\"> Excel<\/a>\n  <a href=\"https:\/\/media.colomio.com\/calendar-int\/2026\/fr\/fevrier-2026-calendrier-format-portrait.png\" rel=\"nofollow\"><img loading=\"lazy\" decoding=\"async\" alt=\"PNG\" src=\"https:\/\/www.colomio.com\/wp-content\/uploads\/2025\/09\/doc3.gif\" width=\"24\" height=\"30\"> PNG<\/a>\n<\/div>\n<\/ul>\n<\/div>\t\n\n\n<\/div>\n<\/div> <\/div>\n<br><br><br>\n<div class=\"row justify-content-center\"><div class=\"col-md-6\"><div style=\"text-align: left;\">\n<figure><a class=\"kalender\" href=\"https:\/\/media.colomio.com\/calendar-int\/2026\/fr\/calendrier-fevrier-2026-format-portrait.pdf\" rel=\"nofollow\" title=\"Calendrier f\u00e9vrier 2026 - format portrait, gratuit \u00e0 imprimer en pdf\"><img decoding=\"async\" class=\"schatten\" loading=\"lazy\" src=\"https:\/\/media.colomio.com\/calendar-int\/2026\/fr\/calendrier-fevrier-2026-format-portrait.png\" alt=\"Calendrier f\u00e9vrier 2026 - format portrait, gratuit \u00e0 imprimer\" title=\"Calendrier f\u00e9vrier 2026 - format portrait, gratuit \u00e0 imprimer\"><figcaption class=\"title\" title=\"Calendrier f\u00e9vrier 2026 - format portrait, gratuit \u00e0 imprimer\">Calendrier f\u00e9vrier 2026 &#8211; format portrait<\/figcaption><\/a><\/figure>\n\n\n\n<\/div>\n<\/div> \n\n<div class=\"col-md-6\"><div id=\"textdown\" style=\"text-align: left;\">\n<div id=\"ib\"><ul class=\"paint-row-content\"><li>Calendrier f\u00e9vrier 2026 sur une page enti\u00e8re (Din A4)<\/li><li>Format portrait<\/li><li>Grands chiffres (facilement lisibles)<\/li><li>avec semaines calendaires et jours f\u00e9ri\u00e9s (nationaux)<\/li><li>adapt\u00e9 comme calendrier mural<\/li><br>\n<li style=\"list-style-type: none;\"><b>T\u00e9l\u00e9chargement gratuit :<\/b><\/li><br>\n<div class=\"download-flex\">\n  <a href=\"https:\/\/media.colomio.com\/calendar-int\/2026\/fr\/calendrier-fevrier-2026-format-portrait.pdf\" rel=\"nofollow\"><img loading=\"lazy\" decoding=\"async\" alt=\"PDF\" src=\"https:\/\/www.colomio.com\/wp-content\/uploads\/2025\/09\/doc1.gif\" width=\"24\" height=\"30\"> PDF<\/a>\n  <a href=\"https:\/\/media.colomio.com\/calendar-int\/2026\/fr\/calendrier-fevrier-2026-format-portrait.xlsx\" rel=\"nofollow\"><img loading=\"lazy\" decoding=\"async\" alt=\"Excel\" src=\"https:\/\/www.colomio.com\/wp-content\/uploads\/2025\/09\/doc2.gif\" width=\"24\" height=\"30\"> Excel<\/a>\n  <a href=\"https:\/\/media.colomio.com\/calendar-int\/2026\/fr\/calendrier-fevrier-2026-format-portrait.png\" rel=\"nofollow\"><img loading=\"lazy\" decoding=\"async\" alt=\"PNG\" src=\"https:\/\/www.colomio.com\/wp-content\/uploads\/2025\/09\/doc3.gif\" width=\"24\" height=\"30\"> PNG<\/a>\n<\/div>\n<\/ul>\n<\/div>\t\n\n\n<\/div>\n<\/div> <\/div>\n\n","protected":false},"excerpt":{"rendered":"<p>Le calendrier f\u00e9vrier 2026 pour la France pr\u00e9sente un mois de 28 jours qui d\u00e9bute un dimanche. F\u00e9vrier 2026 ne compte aucun jour f\u00e9ri\u00e9 national en France, offrant ainsi quatre semaines compl\u00e8tes de travail. Ce mois d&rsquo;hiver reste une p\u00e9riode id\u00e9ale pour planifier vos activit\u00e9s personnelles et professionnelles. T\u00e9l\u00e9chargez gratuitement votre calendrier f\u00e9vrier 2026 aux &#8230; <a title=\"Calendrier F\u00e9vrier 2026 France &#8211; T\u00e9l\u00e9chargement Gratuit\" class=\"read-more\" href=\"https:\/\/www.colomio.com\/fr\/fevrier-2026-calendrier\" aria-label=\"En savoir plus sur Calendrier F\u00e9vrier 2026 France &#8211; T\u00e9l\u00e9chargement Gratuit\">Lire la suite<\/a><\/p>\n","protected":false},"author":4,"featured_media":0,"parent":0,"menu_order":2,"comment_status":"closed","ping_status":"closed","template":"","meta":{"_yoast_wpseo_title":"F\u00e9vrier 2026 Calendrier France \u2013 PDF & Excel Gratuit","_yoast_wpseo_metadesc":"Calendrier f\u00e9vrier 2026 France gratuit. 28 jours, d\u00e9bute dimanche. T\u00e9l\u00e9chargement PDF, Excel, PNG. Aucun jour f\u00e9ri\u00e9 national ce mois-ci.","_yoast_wpseo_bctitle":"F\u00e9vrier 2026","_colomio_max_video_preview":"","_colomio_max_image_preview":"","_colomio_max_snippet":"","_custom_article_jsonld":"","_custom_howto_jsonld":"","_custom_schema_jsonld":"","category-page":true,"footnotes":""},"class_list":["post-11481","page","type-page","status-publish"],"yoast_head":"<!-- This site is optimized with the Yoast SEO plugin v27.2 - https:\/\/yoast.com\/product\/yoast-seo-wordpress\/ -->\n<title>F\u00e9vrier 2026 Calendrier France \u2013 PDF &amp; Excel Gratuit<\/title>\n<meta name=\"description\" content=\"Calendrier f\u00e9vrier 2026 France gratuit. 28 jours, d\u00e9bute dimanche. T\u00e9l\u00e9chargement PDF, Excel, PNG. Aucun jour f\u00e9ri\u00e9 national ce mois-ci.\" \/>\n<meta name=\"robots\" content=\"index, follow, max-snippet:-1, max-image-preview:large, max-video-preview:-1\" \/>\n<link rel=\"canonical\" href=\"https:\/\/www.colomio.com\/fr\/fevrier-2026-calendrier\" \/>\n<meta property=\"og:locale\" content=\"fr_FR\" \/>\n<meta property=\"og:type\" content=\"article\" \/>\n<meta property=\"og:title\" content=\"F\u00e9vrier 2026 Calendrier France \u2013 PDF &amp; Excel Gratuit\" \/>\n<meta property=\"og:description\" content=\"Calendrier f\u00e9vrier 2026 France gratuit. 28 jours, d\u00e9bute dimanche. T\u00e9l\u00e9chargement PDF, Excel, PNG. Aucun jour f\u00e9ri\u00e9 national ce mois-ci.\" \/>\n<meta property=\"og:url\" content=\"https:\/\/www.colomio.com\/fr\/fevrier-2026-calendrier\" \/>\n<meta property=\"og:site_name\" content=\"www.colomio.com\" \/>\n<meta property=\"article:modified_time\" content=\"2026-04-21T14:46:33+00:00\" \/>\n<meta property=\"og:image\" content=\"https:\/\/media.colomio.com\/calendar-int\/2026\/fr\/calendrier-fevrier-2026-classique.png\" \/>\n<meta name=\"twitter:card\" content=\"summary_large_image\" \/>\n<meta name=\"twitter:label1\" content=\"Dur\u00e9e de lecture estim\u00e9e\" \/>\n\t<meta name=\"twitter:data1\" content=\"7 minutes\" \/>\n<script type=\"application\/ld+json\" class=\"yoast-schema-graph\">{\"@context\":\"https:\/\/schema.org\",\"@graph\":[{\"@type\":\"WebPage\",\"@id\":\"https:\/\/www.colomio.com\/fr\/fevrier-2026-calendrier\",\"url\":\"https:\/\/www.colomio.com\/fr\/fevrier-2026-calendrier\",\"name\":\"F\u00e9vrier 2026 Calendrier France \u2013 PDF & Excel Gratuit\",\"isPartOf\":{\"@id\":\"https:\/\/www.colomio.com\/fr#website\"},\"primaryImageOfPage\":{\"@id\":\"https:\/\/www.colomio.com\/fr\/fevrier-2026-calendrier#primaryimage\"},\"image\":{\"@id\":\"https:\/\/www.colomio.com\/fr\/fevrier-2026-calendrier#primaryimage\"},\"thumbnailUrl\":\"https:\/\/media.colomio.com\/calendar-int\/2026\/fr\/calendrier-fevrier-2026-classique.png\",\"datePublished\":\"2025-08-12T13:55:00+00:00\",\"dateModified\":\"2026-04-21T14:46:33+00:00\",\"description\":\"Calendrier f\u00e9vrier 2026 France gratuit. 28 jours, d\u00e9bute dimanche. T\u00e9l\u00e9chargement PDF, Excel, PNG. Aucun jour f\u00e9ri\u00e9 national ce mois-ci.\",\"breadcrumb\":{\"@id\":\"https:\/\/www.colomio.com\/fr\/fevrier-2026-calendrier#breadcrumb\"},\"inLanguage\":\"fr-FR\",\"potentialAction\":[{\"@type\":\"ReadAction\",\"target\":[\"https:\/\/www.colomio.com\/fr\/fevrier-2026-calendrier\"]}]},{\"@type\":\"ImageObject\",\"inLanguage\":\"fr-FR\",\"@id\":\"https:\/\/www.colomio.com\/fr\/fevrier-2026-calendrier#primaryimage\",\"url\":\"https:\/\/media.colomio.com\/calendar-int\/2026\/fr\/calendrier-fevrier-2026-classique.png\",\"contentUrl\":\"https:\/\/media.colomio.com\/calendar-int\/2026\/fr\/calendrier-fevrier-2026-classique.png\"},{\"@type\":\"BreadcrumbList\",\"@id\":\"https:\/\/www.colomio.com\/fr\/fevrier-2026-calendrier#breadcrumb\",\"itemListElement\":[{\"@type\":\"ListItem\",\"position\":1,\"name\":\"Home\",\"item\":\"https:\/\/www.colomio.com\/fr\"},{\"@type\":\"ListItem\",\"position\":2,\"name\":\"F\u00e9vrier 2026\"}]},{\"@type\":\"WebSite\",\"@id\":\"https:\/\/www.colomio.com\/fr#website\",\"url\":\"https:\/\/www.colomio.com\/fr\",\"name\":\"www.colomio.com\",\"description\":\"\",\"publisher\":{\"@id\":\"https:\/\/www.colomio.com\/fr#organization\"},\"potentialAction\":[{\"@type\":\"SearchAction\",\"target\":{\"@type\":\"EntryPoint\",\"urlTemplate\":\"https:\/\/www.colomio.com\/fr?s={search_term_string}\"},\"query-input\":{\"@type\":\"PropertyValueSpecification\",\"valueRequired\":true,\"valueName\":\"search_term_string\"}}],\"inLanguage\":\"fr-FR\"},{\"@type\":\"Organization\",\"@id\":\"https:\/\/www.colomio.com\/fr#organization\",\"name\":\"colomio\",\"url\":\"https:\/\/www.colomio.com\/fr\",\"logo\":{\"@type\":\"ImageObject\",\"inLanguage\":\"fr-FR\",\"@id\":\"https:\/\/www.colomio.com\/fr#\/schema\/logo\/image\/\",\"url\":\"https:\/\/www.colomio.com\/wp-content\/uploads\/2025\/02\/cropped-colomio-logo.png?wsr\",\"contentUrl\":\"https:\/\/www.colomio.com\/wp-content\/uploads\/2025\/02\/cropped-colomio-logo.png?wsr\",\"width\":373,\"height\":98,\"caption\":\"www.colomio.com\"},\"image\":{\"@id\":\"https:\/\/www.colomio.com\/fr#\/schema\/logo\/image\/\"},\"sameAs\":[\"https:\/\/www.instagram.com\/colomio.team\/\",\"https:\/\/de.pinterest.com\/happycolorz_colomio\/\",\"https:\/\/www.pinterest.com\/happycolorz_colomio\/\",\"https:\/\/www.muminthemadhouse.com\/custom-ai-colouring-pages-for-kids\/\",\"https:\/\/slummysinglemummy.com\/2026\/03\/05\/rainy-afternoons-just-got-a-lot-more-creative-discovering-colomio\/\",\"https:\/\/www.amazon.com\/Horses-Coloring-Book-pages-reprint\/dp\/1707878994\",\"https:\/\/www.prnewswire.com\/news-releases\/colomiocom-launches-a-free-customizable-coloring-book-for-home-printing-301162753.html\",\"https:\/\/www.linkedin.com\/in\/mathias-ziegler-b6068568\/\"],\"alternateName\":\"colomio.com\",\"foundingDate\":\"2019\",\"description\":\"Free printable coloring pages, step-by-step drawing tutorials, and creative crafts for kids \u2013 created by parents, tested by children.\",\"address\":{\"@type\":\"PostalAddress\",\"streetAddress\":\"Zeppelinstr. 73\",\"addressLocality\":\"Munich\",\"postalCode\":\"81669\",\"addressRegion\":\"Bavaria\",\"addressCountry\":\"DE\"},\"parentOrganization\":{\"@type\":\"Organization\",\"name\":\"happycolorz GmbH\",\"url\":\"https:\/\/www.happycolorz.de\"},\"founder\":[{\"@type\":\"Person\",\"@id\":\"https:\/\/www.colomio.com\/fr#mathias\/\",\"name\":\"Mathias Ziegler\",\"jobTitle\":\"Founder & Managing Director\",\"url\":\"https:\/\/www.colomio.com\/fr\/authors\/colomio-team\"}]}]}<\/script>\n<!-- \/ Yoast SEO plugin. -->","yoast_head_json":{"title":"F\u00e9vrier 2026 Calendrier France \u2013 PDF & Excel Gratuit","description":"Calendrier f\u00e9vrier 2026 France gratuit. 28 jours, d\u00e9bute dimanche. T\u00e9l\u00e9chargement PDF, Excel, PNG. Aucun jour f\u00e9ri\u00e9 national ce mois-ci.","robots":{"index":"index","follow":"follow","max-snippet":"max-snippet:-1","max-image-preview":"max-image-preview:large","max-video-preview":"max-video-preview:-1"},"canonical":"https:\/\/www.colomio.com\/fr\/fevrier-2026-calendrier","og_locale":"fr_FR","og_type":"article","og_title":"F\u00e9vrier 2026 Calendrier France \u2013 PDF & Excel Gratuit","og_description":"Calendrier f\u00e9vrier 2026 France gratuit. 28 jours, d\u00e9bute dimanche. T\u00e9l\u00e9chargement PDF, Excel, PNG. Aucun jour f\u00e9ri\u00e9 national ce mois-ci.","og_url":"https:\/\/www.colomio.com\/fr\/fevrier-2026-calendrier","og_site_name":"www.colomio.com","article_modified_time":"2026-04-21T14:46:33+00:00","og_image":[{"url":"https:\/\/media.colomio.com\/calendar-int\/2026\/fr\/calendrier-fevrier-2026-classique.png","type":"","width":"","height":""}],"twitter_card":"summary_large_image","twitter_misc":{"Dur\u00e9e de lecture estim\u00e9e":"7 minutes"},"schema":{"@context":"https:\/\/schema.org","@graph":[{"@type":"WebPage","@id":"https:\/\/www.colomio.com\/fr\/fevrier-2026-calendrier","url":"https:\/\/www.colomio.com\/fr\/fevrier-2026-calendrier","name":"F\u00e9vrier 2026 Calendrier France \u2013 PDF & Excel Gratuit","isPartOf":{"@id":"https:\/\/www.colomio.com\/fr#website"},"primaryImageOfPage":{"@id":"https:\/\/www.colomio.com\/fr\/fevrier-2026-calendrier#primaryimage"},"image":{"@id":"https:\/\/www.colomio.com\/fr\/fevrier-2026-calendrier#primaryimage"},"thumbnailUrl":"https:\/\/media.colomio.com\/calendar-int\/2026\/fr\/calendrier-fevrier-2026-classique.png","datePublished":"2025-08-12T13:55:00+00:00","dateModified":"2026-04-21T14:46:33+00:00","description":"Calendrier f\u00e9vrier 2026 France gratuit. 28 jours, d\u00e9bute dimanche. T\u00e9l\u00e9chargement PDF, Excel, PNG. Aucun jour f\u00e9ri\u00e9 national ce mois-ci.","breadcrumb":{"@id":"https:\/\/www.colomio.com\/fr\/fevrier-2026-calendrier#breadcrumb"},"inLanguage":"fr-FR","potentialAction":[{"@type":"ReadAction","target":["https:\/\/www.colomio.com\/fr\/fevrier-2026-calendrier"]}]},{"@type":"ImageObject","inLanguage":"fr-FR","@id":"https:\/\/www.colomio.com\/fr\/fevrier-2026-calendrier#primaryimage","url":"https:\/\/media.colomio.com\/calendar-int\/2026\/fr\/calendrier-fevrier-2026-classique.png","contentUrl":"https:\/\/media.colomio.com\/calendar-int\/2026\/fr\/calendrier-fevrier-2026-classique.png"},{"@type":"BreadcrumbList","@id":"https:\/\/www.colomio.com\/fr\/fevrier-2026-calendrier#breadcrumb","itemListElement":[{"@type":"ListItem","position":1,"name":"Home","item":"https:\/\/www.colomio.com\/fr"},{"@type":"ListItem","position":2,"name":"F\u00e9vrier 2026"}]},{"@type":"WebSite","@id":"https:\/\/www.colomio.com\/fr#website","url":"https:\/\/www.colomio.com\/fr","name":"www.colomio.com","description":"","publisher":{"@id":"https:\/\/www.colomio.com\/fr#organization"},"potentialAction":[{"@type":"SearchAction","target":{"@type":"EntryPoint","urlTemplate":"https:\/\/www.colomio.com\/fr?s={search_term_string}"},"query-input":{"@type":"PropertyValueSpecification","valueRequired":true,"valueName":"search_term_string"}}],"inLanguage":"fr-FR"},{"@type":"Organization","@id":"https:\/\/www.colomio.com\/fr#organization","name":"colomio","url":"https:\/\/www.colomio.com\/fr","logo":{"@type":"ImageObject","inLanguage":"fr-FR","@id":"https:\/\/www.colomio.com\/fr#\/schema\/logo\/image\/","url":"https:\/\/www.colomio.com\/wp-content\/uploads\/2025\/02\/cropped-colomio-logo.png?wsr","contentUrl":"https:\/\/www.colomio.com\/wp-content\/uploads\/2025\/02\/cropped-colomio-logo.png?wsr","width":373,"height":98,"caption":"www.colomio.com"},"image":{"@id":"https:\/\/www.colomio.com\/fr#\/schema\/logo\/image\/"},"sameAs":["https:\/\/www.instagram.com\/colomio.team\/","https:\/\/de.pinterest.com\/happycolorz_colomio\/","https:\/\/www.pinterest.com\/happycolorz_colomio\/","https:\/\/www.muminthemadhouse.com\/custom-ai-colouring-pages-for-kids\/","https:\/\/slummysinglemummy.com\/2026\/03\/05\/rainy-afternoons-just-got-a-lot-more-creative-discovering-colomio\/","https:\/\/www.amazon.com\/Horses-Coloring-Book-pages-reprint\/dp\/1707878994","https:\/\/www.prnewswire.com\/news-releases\/colomiocom-launches-a-free-customizable-coloring-book-for-home-printing-301162753.html","https:\/\/www.linkedin.com\/in\/mathias-ziegler-b6068568\/"],"alternateName":"colomio.com","foundingDate":"2019","description":"Free printable coloring pages, step-by-step drawing tutorials, and creative crafts for kids \u2013 created by parents, tested by children.","address":{"@type":"PostalAddress","streetAddress":"Zeppelinstr. 73","addressLocality":"Munich","postalCode":"81669","addressRegion":"Bavaria","addressCountry":"DE"},"parentOrganization":{"@type":"Organization","name":"happycolorz GmbH","url":"https:\/\/www.happycolorz.de"},"founder":[{"@type":"Person","@id":"https:\/\/www.colomio.com\/fr#mathias\/","name":"Mathias Ziegler","jobTitle":"Founder & Managing Director","url":"https:\/\/www.colomio.com\/fr\/authors\/colomio-team"}]}]}},"_links":{"self":[{"href":"https:\/\/www.colomio.com\/fr\/wp-json\/wp\/v2\/pages\/11481","targetHints":{"allow":["GET"]}}],"collection":[{"href":"https:\/\/www.colomio.com\/fr\/wp-json\/wp\/v2\/pages"}],"about":[{"href":"https:\/\/www.colomio.com\/fr\/wp-json\/wp\/v2\/types\/page"}],"author":[{"embeddable":true,"href":"https:\/\/www.colomio.com\/fr\/wp-json\/wp\/v2\/users\/4"}],"replies":[{"embeddable":true,"href":"https:\/\/www.colomio.com\/fr\/wp-json\/wp\/v2\/comments?post=11481"}],"version-history":[{"count":6,"href":"https:\/\/www.colomio.com\/fr\/wp-json\/wp\/v2\/pages\/11481\/revisions"}],"predecessor-version":[{"id":95612,"href":"https:\/\/www.colomio.com\/fr\/wp-json\/wp\/v2\/pages\/11481\/revisions\/95612"}],"wp:attachment":[{"href":"https:\/\/www.colomio.com\/fr\/wp-json\/wp\/v2\/media?parent=11481"}],"curies":[{"name":"wp","href":"https:\/\/api.w.org\/{rel}","templated":true}]}}