{"id":11529,"date":"2025-08-12T13:55:00","date_gmt":"2025-08-12T13:55:00","guid":{"rendered":"https:\/\/www.colomio.com\/seite-050"},"modified":"2026-04-21 14:49:47","modified_gmt":"2026-04-21T14:49:47","slug":"febbraio-2026-calendario","status":"publish","type":"page","link":"https:\/\/www.colomio.com\/it\/febbraio-2026-calendario","title":{"rendered":"Calendario Febbraio 2026 Italia &#8211; Download Gratuito"},"content":{"rendered":"\n<style class=\"wpcode-css-snippet\">table, td, th {\r\n    border: none;\r\n    padding: 0px; \r\n}\r\n\r\n@media (min-width: 768px) {\r\n    #textdown {\r\n        margin-top: 100px;\r\n    }\r\n}\r\n@media (min-width: 768px) {\r\n    .col-md-6 {\r\n        -webkit-box-flex: 0;\r\n        flex: 0 0 50%;\r\n        max-width: 50%;\r\n    }\r\n}\r\n.row {\r\n    margin-left: -10px;\r\n    margin-right: -10px;\r\n}\r\n.row {\r\n    display: -webkit-box;\r\n    display: flex\r\n;\r\n    flex-wrap: wrap;\r\n    margin-right: -15px;\r\n    margin-left: -15px;\r\n}\r\n@media (min-width: 767px) {\r\n    .row {\r\n        display: flex\r\n;\r\n        flex-wrap: wrap;\r\n    }\r\n}\r\n*, :after, :before {\r\n    box-sizing: border-box;\r\n}\r\nimg {\r\n    max-width: 100%;\r\n}\r\nimg, svg {\r\n    vertical-align: middle;\r\n}\r\nimg {\r\n    border-style: none;\r\n}\r\n*, :after, :before {\r\n    box-sizing: border-box;\r\n}\r\n.schatten {\r\nborder: 1px solid #c1c1c1;\r\n    box-shadow: 4px 4px 9px #999;\r\n    padding: 8px;\r\n    margin-bottom: 9px;\r\n}\r\n\r\n@media (min-width: 768px){\r\n.col-md-6 {\r\n    -webkit-box-flex: 0;\r\n    flex: 0 0 50%;\r\n    max-width: 50%;\r\n\tpadding-left: 15px;\r\n}\r\n#textdown {\r\nmargin-top: 100px !important;}\r\n}\r\n\r\n  @media only screen and (max-width: 500px) {  .buttonmz     { padding: 4px 10px; margin: 3px; }  }   @media only screen and (min-width: 501px) {  .buttonmz     { padding: 8px 15px; margin: 5px; }   }    .buttonmz {  letter-spacing: -.16px; display: block; width: 100%; line-height: 1.4;  white-space: normal;  min-height: 24px; background-color: white; color: blue; border-color: black !important; -moz-user-select: none; -ms-user-select: none; -webkit-user-select: none; user-select: none; -webkit-appearance: none; -moz-appearance: none; appearance: none; display: inline-block; width: auto; text-decoration: none; text-align: center; vertical-align: middle; cursor: pointer; border: 2px solid black !important; border-radius: 2px;  background-color: white; color: black;  white-space: normal; }  .buttonmz:hover { background-color: grey !important; color: white !important; }  <\/style>\n<style id=\"extra-country-holidays-css-2\">\n.extra-country-box{margin:30px 0;border:1px solid #e0e0e0;border-radius:10px;overflow:hidden;box-shadow:0 2px 8px rgba(0,0,0,.05)}\n.extra-country-box .country-header{padding:12px 18px;color:#fff;font-size:1.1em;font-weight:700;text-shadow:0 1px 2px rgba(0,0,0,.3)}\n.extra-country-box .country-body{padding:16px 18px;background:#fafbfc}\n.extra-country-box .country-body p{margin:0 0 12px;color:#555;font-size:.93em;line-height:1.6}\n.extra-country-box table{width:100%;border-collapse:collapse;font-size:.88em;margin:10px 0}\n.extra-country-box th{background:#f0f0f0;padding:8px 12px;text-align:left;font-size:.9em;color:#444}\n.extra-country-box td{padding:8px 12px;border-bottom:1px solid #eee}\n.extra-country-box tbody tr:last-child td{border-bottom:none}\n.extra-country-box tbody tr:nth-child(even){background:#f5f7fa}\n.extra-country-box .country-footnote{font-size:.82em;color:#888;font-style:italic;margin:8px 0 0;padding-top:8px;border-top:1px solid #eee}\n.extra-country-box .country-note{background:#fff8e1;border-left:3px solid #ffc107;padding:10px 14px;border-radius:4px;margin:12px 0;font-size:.88em;color:#6d5e00}\n@media(max-width:580px){\n  .extra-country-box .country-header{padding:10px 14px;font-size:1em}\n  .extra-country-box .country-body{padding:12px 14px}\n  .extra-country-box table{font-size:.82em}\n  .extra-country-box th,.extra-country-box td{padding:6px 8px}\n}\n<\/style>\n\n<style id=\"colomio-mobile-responsive\">\n.table-responsive-wrap { width:100%; overflow-x:auto; -webkit-overflow-scrolling:touch; margin:20px 0 }\n.download-flex { display:flex; flex-wrap:wrap; gap:12px; margin:10px 0 20px }\n.download-flex a { display:flex; align-items:center; gap:8px; background:#f5f5f5; border:1px solid #ddd; border-radius:8px; padding:10px 16px; text-decoration:none; color:#333; font-weight:bold; transition:background .2s,box-shadow .2s; flex:1; min-width:100px; justify-content:center }\n.download-flex a:hover { background:#e8e8e8; box-shadow:0 2px 6px rgba(0,0,0,.1) }\n.download-flex a img { width:24px; height:30px }\n@media(max-width:580px){\n  .table-responsive-wrap table { font-size:.82em }\n  .table-responsive-wrap th,.table-responsive-wrap td { padding:8px 10px }\n}\n@media(max-width:480px){\n  .download-flex { flex-direction:column; gap:8px }\n  .download-flex a { justify-content:flex-start; min-width:unset }\n}\n@media(max-width:600px){\n  .faq-section-col { margin:24px 0!important }\n  .faq-item-col { padding:12px 14px!important; margin-bottom:10px!important }\n  .faq-item-col h3 { font-size:1em!important }\n  .faq-item-col p { font-size:.92em!important }\n  figure img.schatten { max-width:100%!important; height:auto!important }\n  .buttonmz { display:inline-block; margin:3px 2px!important; font-size:.85em }\n  h2 { font-size:1.3em } p,li { font-size:.95em; line-height:1.6 }\n}\n<\/style>\n\n<!-- 2026 -->\n<p>Il <b>calendario febbraio 2026<\/b> per l&#8217;Italia presenta un mese di 28 giorni che inizia di <b>domenica<\/b>. Febbraio 2026 non include festivit\u00e0 nazionali ufficiali in Italia, rendendolo un mese dedicato principalmente al lavoro e alle attivit\u00e0 quotidiane. Il nostro calendario gratuito \u00e8 disponibile per il download in <b>formato PDF, Excel (XLS) e PNG<\/b>, perfetto per la stampa, la personalizzazione e l&#8217;uso digitale. Scarica subito il tuo calendario febbraio 2026 e organizza al meglio il tuo mese.<\/p>\n<p>Il nostro <b>calendario febbraio 2026<\/b> presenta un layout pulito e professionale con tutte le festivit\u00e0 italiane chiaramente evidenziate. Disponibile in formato <b>PDF per la stampa<\/b>, Excel per personalizzazioni e modifiche, e PNG per l&#8217;uso digitale. Il calendario include orientamento verticale e orizzontale per soddisfare ogni esigenza di utilizzo.<\/p>\n\n<br><br>\n\nI nostri modelli offrono molto spazio per appunti e sono disponibili in diversi design, cos\u00ec potete trovare il calendario perfetto per le vostre esigenze. Stampate il calendario e usatelo come elegante calendario da parete o come pratico planner da tavolo.<\/p>\n<br>\n<div id=\"ez-toc-container\" class=\"ez-toc-v2_0_81 counter-hierarchy ez-toc-counter ez-toc-grey ez-toc-container-direction\">\n<div class=\"ez-toc-title-container\">\n<p class=\"ez-toc-title\" style=\"cursor:inherit\">Indice dei contenuti<\/p>\n<span class=\"ez-toc-title-toggle\"><a href=\"#\" class=\"ez-toc-pull-right ez-toc-btn ez-toc-btn-xs ez-toc-btn-default ez-toc-toggle\" aria-label=\"Toggle Table of Content\"><span class=\"ez-toc-js-icon-con\"><span class=\"\"><span class=\"eztoc-hide\" style=\"display:none;\">Toggle<\/span><span class=\"ez-toc-icon-toggle-span\"><svg style=\"fill: #999;color:#999\" xmlns=\"http:\/\/www.w3.org\/2000\/svg\" class=\"list-377408\" width=\"20px\" height=\"20px\" viewBox=\"0 0 24 24\" fill=\"none\"><path d=\"M6 6H4v2h2V6zm14 0H8v2h12V6zM4 11h2v2H4v-2zm16 0H8v2h12v-2zM4 16h2v2H4v-2zm16 0H8v2h12v-2z\" fill=\"currentColor\"><\/path><\/svg><svg style=\"fill: #999;color:#999\" class=\"arrow-unsorted-368013\" xmlns=\"http:\/\/www.w3.org\/2000\/svg\" width=\"10px\" height=\"10px\" viewBox=\"0 0 24 24\" version=\"1.2\" baseProfile=\"tiny\"><path d=\"M18.2 9.3l-6.2-6.3-6.2 6.3c-.2.2-.3.4-.3.7s.1.5.3.7c.2.2.4.3.7.3h11c.3 0 .5-.1.7-.3.2-.2.3-.5.3-.7s-.1-.5-.3-.7zM5.8 14.7l6.2 6.3 6.2-6.3c.2-.2.3-.5.3-.7s-.1-.5-.3-.7c-.2-.2-.4-.3-.7-.3h-11c-.3 0-.5.1-.7.3-.2.2-.3.5-.3.7s.1.5.3.7z\"\/><\/svg><\/span><\/span><\/span><\/a><\/span><\/div>\n<nav><ul class='ez-toc-list ez-toc-list-level-1 eztoc-toggle-hide-by-default' ><li class='ez-toc-page-1 ez-toc-heading-level-2'><a class=\"ez-toc-link ez-toc-heading-1\" href=\"https:\/\/www.colomio.com\/it\/febbraio-2026-calendario\/#Calendario_febbraio_2026\" >Calendario febbraio 2026<\/a><\/li><li class='ez-toc-page-1 ez-toc-heading-level-2'><a class=\"ez-toc-link ez-toc-heading-2\" href=\"https:\/\/www.colomio.com\/it\/febbraio-2026-calendario\/#Domande_frequenti\" >Domande frequenti<\/a><ul class='ez-toc-list-level-3' ><li class='ez-toc-heading-level-3'><a class=\"ez-toc-link ez-toc-heading-3\" href=\"https:\/\/www.colomio.com\/it\/febbraio-2026-calendario\/#Quali_sono_le_festivita_di_febbraio_2026_in_Italia\" >Quali sono le festivit\u00e0 di febbraio 2026 in Italia?<\/a><\/li><li class='ez-toc-page-1 ez-toc-heading-level-3'><a class=\"ez-toc-link ez-toc-heading-4\" href=\"https:\/\/www.colomio.com\/it\/febbraio-2026-calendario\/#Che_giorno_inizia_febbraio_2026\" >Che giorno inizia febbraio 2026?<\/a><\/li><li class='ez-toc-page-1 ez-toc-heading-level-3'><a class=\"ez-toc-link ez-toc-heading-5\" href=\"https:\/\/www.colomio.com\/it\/febbraio-2026-calendario\/#Quanti_giorni_ha_febbraio_2026\" >Quanti giorni ha febbraio 2026?<\/a><\/li><li class='ez-toc-page-1 ez-toc-heading-level-3'><a class=\"ez-toc-link ez-toc-heading-6\" href=\"https:\/\/www.colomio.com\/it\/febbraio-2026-calendario\/#In_quali_formati_posso_scaricare_il_calendario_febbraio_2026\" >In quali formati posso scaricare il calendario febbraio 2026?<\/a><\/li><li class='ez-toc-page-1 ez-toc-heading-level-3'><a class=\"ez-toc-link ez-toc-heading-7\" href=\"https:\/\/www.colomio.com\/it\/febbraio-2026-calendario\/#E_il_periodo_ideale_per_pianificare_le_vacanze_di_primavera\" >\u00c8 il periodo ideale per pianificare le vacanze di primavera?<\/a><\/li><\/ul><\/li><li class='ez-toc-page-1 ez-toc-heading-level-2'><a class=\"ez-toc-link ez-toc-heading-8\" href=\"https:\/\/www.colomio.com\/it\/febbraio-2026-calendario\/#Festivita_nei_paesi_vicini_%E2%80%93_Febbraio_2026\" >Festivit\u00e0 nei paesi vicini \u2013 Febbraio 2026<\/a><\/li><\/ul><\/nav><\/div>\n<h2 id=\"kalender-februar-2026\"><span class=\"ez-toc-section\" id=\"Calendario_febbraio_2026\"><\/span>Calendario febbraio 2026<span class=\"ez-toc-section-end\"><\/span><\/h2>\n<p>Naturalmente potete anche scaricare gratuitamente i fogli di calendario per tutti gli altri mesi e creare cos\u00ec un planner annuale personalizzato secondo i vostri gusti. Con una bella copertina, il vostro calendario personalizzato diventer\u00e0 un regalo attraente per amici e famiglia.<br><br>\n\nApprofittate dell&#8217;occasione per organizzare al meglio la vostra pianificazione per il 2026 e usufruite delle nostre offerte gratuite nei formati PDF, PNG e XLS!<\/p>\n<br><div class=\"row justify-content-center\"><div class=\"col-md-6\"><div style=\"text-align: left;\">\n\n\n<p><b>ORIENTAMENTO ORIZZONTALE<\/b><\/p> <figure><a class=\"kalender\" href=\"https:\/\/media.colomio.com\/calendar-int\/2026\/it\/calendario-febbraio-2026-classico.pdf\" rel=\"nofollow\" title=\"Calendario febbraio 2026 classico, orientamento orizzontale PDF da stampare\"><img decoding=\"async\" class=\"schatten\" loading=\"lazy\" src=\"https:\/\/media.colomio.com\/calendar-int\/2026\/it\/calendario-febbraio-2026-classico.png\" alt=\"Calendario febbraio 2026 classico, orientamento orizzontale PDF da stampare\" title=\"Calendario febbraio 2026 classico, orientamento orizzontale PDF da stampare\"><figcaption class=\"title\" title=\"Calendario febbraio 2026 classico, orientamento orizzontale PDF da stampare\">Calendario febbraio 2026 classico<\/figcaption><\/a><\/figure>\n\n\n\n<\/div>\n<\/div> \n\n<div class=\"col-md-6\"><div id=\"textdown\" style=\"text-align: left;\">\n<div id=\"ib\"><ul class=\"paint-row-content\"><li>Calendario febbraio 2026 su una pagina DIN A4, orientamento orizzontale<\/li><li>Numeri grandi per una buona leggibilit\u00e0<\/li><li>ogni giorno ha spazio per appuntamenti importanti e appunti<\/li><li>con settimane del calendario e festivit\u00e0 (a livello nazionale)<\/li><br>\n<li style=\"list-style-type: none;\"><b>Scarica gratuitamente:<\/b><\/li><br>\n<div class=\"download-flex\">\n  <a href=\"https:\/\/media.colomio.com\/calendar-int\/2026\/it\/calendario-febbraio-2026-classico.pdf\" rel=\"nofollow\"><img loading=\"lazy\" decoding=\"async\" alt=\"PDF\" src=\"https:\/\/www.colomio.com\/wp-content\/uploads\/2025\/09\/doc1.gif\" width=\"24\" height=\"30\"> PDF<\/a>\n  <a href=\"https:\/\/media.colomio.com\/calendar-int\/2026\/it\/calendario-febbraio-2026-classico.xlsx\" rel=\"nofollow\"><img loading=\"lazy\" decoding=\"async\" alt=\"Excel\" src=\"https:\/\/www.colomio.com\/wp-content\/uploads\/2025\/09\/doc2.gif\" width=\"24\" height=\"30\"> Excel<\/a>\n  <a href=\"https:\/\/media.colomio.com\/calendar-int\/2026\/it\/calendario-febbraio-2026-classico.png\" rel=\"nofollow\"><img loading=\"lazy\" decoding=\"async\" alt=\"PNG\" src=\"https:\/\/www.colomio.com\/wp-content\/uploads\/2025\/09\/doc3.gif\" width=\"24\" height=\"30\"> PNG<\/a>\n<\/div>\n<\/ul>\n<\/div>\t\n\n\n<\/div>\n<\/div> <\/div>\n\n\n<br><br>\n\n<p>Esplora anche i nostri altri <b>calendari mensili 2026<\/b> per una pianificazione completa dell&#8217;anno. Tutte le informazioni sono fornite senza garanzia di accuratezza.<\/p>\n<br>\n\n<style>\n  .faq-section-col { margin:40px 0 }\n  .faq-item-col { background:#f9f9f9; border-left:4px solid #1a5276; border-radius:6px; padding:16px 20px; margin-bottom:14px; box-shadow:0 1px 3px rgba(0,0,0,.08) }\n  .faq-item-col:nth-child(even) { border-left-color:#2e86c1 }\n  .faq-item-col h3 { color:#333; margin:0 0 8px; font-size:1.1em }\n  .faq-item-col p { margin:0; color:#555; line-height:1.6 }\n<\/style>\n\n<h2 id=\"faq-it-2-2026\"><span class=\"ez-toc-section\" id=\"Domande_frequenti\"><\/span>Domande frequenti<span class=\"ez-toc-section-end\"><\/span><\/h2>\n<div class=\"faq-section-col\">\n<div class=\"faq-item-col\"><h3><span class=\"ez-toc-section\" id=\"Quali_sono_le_festivita_di_febbraio_2026_in_Italia\"><\/span>Quali sono le festivit\u00e0 di febbraio 2026 in Italia?<span class=\"ez-toc-section-end\"><\/span><\/h3><p>Febbraio 2026 non presenta festivit\u00e0 nazionali ufficiali in Italia. Il mese \u00e8 caratterizzato da giorni lavorativi regolari senza interruzioni per celebrazioni nazionali.<\/p><\/div>\n<div class=\"faq-item-col\"><h3><span class=\"ez-toc-section\" id=\"Che_giorno_inizia_febbraio_2026\"><\/span>Che giorno inizia febbraio 2026?<span class=\"ez-toc-section-end\"><\/span><\/h3><p>Febbraio 2026 inizia di domenica, il 1\u00b0 febbraio 2026. Questo significa che la prima settimana del mese inizia nel weekend.<\/p><\/div>\n<div class=\"faq-item-col\"><h3><span class=\"ez-toc-section\" id=\"Quanti_giorni_ha_febbraio_2026\"><\/span>Quanti giorni ha febbraio 2026?<span class=\"ez-toc-section-end\"><\/span><\/h3><p>Febbraio 2026 ha 28 giorni, essendo il 2026 un anno non bisestile. Il mese termina sabato 28 febbraio 2026.<\/p><\/div>\n<div class=\"faq-item-col\"><h3><span class=\"ez-toc-section\" id=\"In_quali_formati_posso_scaricare_il_calendario_febbraio_2026\"><\/span>In quali formati posso scaricare il calendario febbraio 2026?<span class=\"ez-toc-section-end\"><\/span><\/h3><p>Il calendario febbraio 2026 \u00e8 disponibile gratuitamente in formato PDF, Excel (XLS) e PNG. Tutti i formati sono disponibili sia in orientamento verticale che orizzontale.<\/p><\/div>\n<div class=\"faq-item-col\"><h3><span class=\"ez-toc-section\" id=\"E_il_periodo_ideale_per_pianificare_le_vacanze_di_primavera\"><\/span>\u00c8 il periodo ideale per pianificare le vacanze di primavera?<span class=\"ez-toc-section-end\"><\/span><\/h3><p>S\u00ec, febbraio 2026 \u00e8 perfetto per organizzare le vacanze pasquali e primaverili. Senza festivit\u00e0 nazionali, offre tempo libero per la pianificazione di viaggi e attivit\u00e0 future.<\/p><\/div>\n<\/div>\n\n<script type=\"application\/ld+json\">\n{\n  \"@context\": \"https:\/\/schema.org\",\n  \"@type\": \"FAQPage\",\n  \"mainEntity\": [\n    {\n      \"@type\": \"Question\",\n      \"name\": \"Quali sono le festivit\u00e0 di febbraio 2026 in Italia?\",\n      \"acceptedAnswer\": {\n        \"@type\": \"Answer\",\n        \"text\": \"Febbraio 2026 non presenta festivit\u00e0 nazionali ufficiali in Italia. Il mese \u00e8 caratterizzato da giorni lavorativi regolari senza interruzioni per celebrazioni nazionali.\"\n      }\n    },\n    {\n      \"@type\": \"Question\",\n      \"name\": \"Che giorno inizia febbraio 2026?\",\n      \"acceptedAnswer\": {\n        \"@type\": \"Answer\",\n        \"text\": \"Febbraio 2026 inizia di domenica, il 1\u00b0 febbraio 2026. Questo significa che la prima settimana del mese inizia nel weekend.\"\n      }\n    },\n    {\n      \"@type\": \"Question\",\n      \"name\": \"Quanti giorni ha febbraio 2026?\",\n      \"acceptedAnswer\": {\n        \"@type\": \"Answer\",\n        \"text\": \"Febbraio 2026 ha 28 giorni, essendo il 2026 un anno non bisestile. Il mese termina sabato 28 febbraio 2026.\"\n      }\n    },\n    {\n      \"@type\": \"Question\",\n      \"name\": \"In quali formati posso scaricare il calendario febbraio 2026?\",\n      \"acceptedAnswer\": {\n        \"@type\": \"Answer\",\n        \"text\": \"Il calendario febbraio 2026 \u00e8 disponibile gratuitamente in formato PDF, Excel (XLS) e PNG. Tutti i formati sono disponibili sia in orientamento verticale che orizzontale.\"\n      }\n    },\n    {\n      \"@type\": \"Question\",\n      \"name\": \"\u00c8 il periodo ideale per pianificare le vacanze di primavera?\",\n      \"acceptedAnswer\": {\n        \"@type\": \"Answer\",\n        \"text\": \"S\u00ec, febbraio 2026 \u00e8 perfetto per organizzare le vacanze pasquali e primaverili. Senza festivit\u00e0 nazionali, offre tempo libero per la pianificazione di viaggi e attivit\u00e0 future.\"\n      }\n    }\n  ]\n}\n<\/script>\n\n<script async src=\"https:\/\/pagead2.googlesyndication.com\/pagead\/js\/adsbygoogle.js?client=ca-pub-6550436067840591\"\r\n     crossorigin=\"anonymous\"><\/script>\r\n<!-- flagge -->\r\n<ins class=\"adsbygoogle\"\r\n     style=\"display:block\"\r\n     data-ad-client=\"ca-pub-6550436067840591\"\r\n     data-ad-slot=\"3909965393\"\r\n     data-ad-format=\"auto\"\r\n     data-full-width-responsive=\"true\"><\/ins>\r\n<script>\r\n     (adsbygoogle = window.adsbygoogle || []).push({});\r\n<\/script><br>\n<div class=\"row justify-content-center\"><div class=\"col-md-6\"><div style=\"text-align: left;\">\n<figure><a class=\"kalender\" href=\"https:\/\/media.colomio.com\/calendar-int\/2026\/it\/calendario-febbraio-2026-formato-orizzontale.pdf\" rel=\"nofollow\" title=\"Modello calendario mensile febbraio 2026 da stampare gratuitamente\"><img decoding=\"async\" class=\"schatten\" loading=\"lazy\" src=\"https:\/\/media.colomio.com\/calendar-int\/2026\/it\/calendario-febbraio-2026-formato-orizzontale.png\" alt=\"Modello calendario mensile febbraio 2026 da stampare gratuitamente\" title=\"Modello calendario mensile febbraio 2026 da stampare gratuitamente\"><figcaption class=\"title\" title=\"Modello calendario mensile febbraio 2026 da stampare gratuitamente\">Calendario mensile febbraio 2026<\/figcaption><\/a><\/figure>\n\n\n\n<\/div>\n<\/div> \n\n<div class=\"col-md-6\"><div id=\"textdown\" style=\"text-align: left;\">\n<div id=\"ib\"><ul class=\"paint-row-content\"><li>Calendario mensile febbraio 2026 su una pagina intera (DIN A4), orizzontale<\/li><li>con settimane del calendario e festivit\u00e0 (a livello nazionale)<\/li><li>incluso spazio libero per appunti personali<\/li><br>\n<li style=\"list-style-type: none;\"><b>Download gratuito:<\/b><\/li>\n<div class=\"download-flex\">\n  <a href=\"https:\/\/media.colomio.com\/calendar-int\/2026\/it\/calendario-febbraio-2026-formato-orizzontale.pdf\" rel=\"nofollow\" title=\"Modello calendario mensile febbraio 2026 da stampare gratuitamente pdf\"><img loading=\"lazy\" decoding=\"async\" alt=\"PDF\" src=\"https:\/\/www.colomio.com\/wp-content\/uploads\/2025\/09\/doc1.gif\" width=\"24\" height=\"30\"> PDF<\/a>\n  <a href=\"https:\/\/media.colomio.com\/calendar-int\/2026\/it\/calendario-febbraio-2026-formato-orizzontale.xlsx\" rel=\"nofollow\" title=\"Modello calendario mensile febbraio 2026 da stampare gratuitamente Excel\"><img loading=\"lazy\" decoding=\"async\" alt=\"Excel\" src=\"https:\/\/www.colomio.com\/wp-content\/uploads\/2025\/09\/doc2.gif\" width=\"24\" height=\"30\"> Excel<\/a>\n  <a href=\"https:\/\/media.colomio.com\/calendar-int\/2026\/it\/calendario-febbraio-2026-formato-orizzontale.png\" rel=\"nofollow\" title=\"Modello calendario mensile febbraio 2026 da stampare gratuitamente png\"><img loading=\"lazy\" decoding=\"async\" alt=\"PNG\" src=\"https:\/\/www.colomio.com\/wp-content\/uploads\/2025\/09\/doc3.gif\" width=\"24\" height=\"30\"> PNG<\/a>\n<\/div>\n<\/ul>\n<\/div>\t\n\n\n<\/div>\n<\/div> <\/div>\n<br><br>\n\n\n<div class=\"row justify-content-center\"><div class=\"col-md-6\"><div style=\"text-align: left;\">\n<figure><a class=\"kalender\" href=\"https:\/\/media.colomio.com\/calendar-int\/2026\/it\/calendario-febbraio-2026.pdf\" rel=\"nofollow\" title=\"Calendario febbraio 2026 con festivit\u00e0\"><img decoding=\"async\" class=\"schatten\" loading=\"lazy\" src=\"https:\/\/media.colomio.com\/calendar-int\/2026\/it\/calendario-febbraio-2026.png\" alt=\"Calendario febbraio 2026 con festivit\u00e0\" title=\"Calendario febbraio 2026 con festivit\u00e0\"><figcaption class=\"title\" title=\"Calendario febbraio 2026 con festivit\u00e0\">Calendario febbraio 2026 &#8211; orizzontale<\/figcaption><\/a><\/figure>\n\n\n\n<\/div>\n<\/div> \n\n<div class=\"col-md-6\"><div id=\"textdown\" style=\"text-align: left;\">\n<div id=\"ib\"><ul class=\"paint-row-content\"><li>Calendario mensile febbraio 2026 su una pagina intera (DIN A4), orizzontale<\/li><li>con settimane del calendario e festivit\u00e0 (a livello nazionale)<\/li><li>incluso spazio libero per appunti personali<\/li><li>modello con festivit\u00e0 nazionali<\/li><br>\n<li style=\"list-style-type: none;\"><b>Download gratuito:<\/b><\/li>\n<div class=\"download-flex\">\n  <a href=\"https:\/\/media.colomio.com\/calendar-int\/2026\/it\/calendario-febbraio-2026.pdf\" rel=\"nofollow\" title=\"Calendario febbraio 2026 con festivit\u00e0\"><img loading=\"lazy\" decoding=\"async\" alt=\"PDF\" src=\"https:\/\/www.colomio.com\/wp-content\/uploads\/2025\/09\/doc1.gif\" width=\"24\" height=\"30\"> PDF<\/a>\n  <a href=\"https:\/\/media.colomio.com\/calendar-int\/2026\/it\/calendario-febbraio-2026.xlsx\" rel=\"nofollow\" title=\"Calendario febbraio 2026 con festivit\u00e0 come file Excel\"><img loading=\"lazy\" decoding=\"async\" alt=\"Excel\" src=\"https:\/\/www.colomio.com\/wp-content\/uploads\/2025\/09\/doc2.gif\" width=\"24\" height=\"30\"> Excel<\/a>\n  <a href=\"https:\/\/media.colomio.com\/calendar-int\/2026\/it\/calendario-febbraio-2026.png\" rel=\"nofollow\" title=\"Calendario febbraio 2026 con festivit\u00e0 come file immagine PNG\"><img loading=\"lazy\" decoding=\"async\" alt=\"PNG\" src=\"https:\/\/www.colomio.com\/wp-content\/uploads\/2025\/09\/doc3.gif\" width=\"24\" height=\"30\"> PNG<\/a>\n<\/div>\n<\/ul>\n<\/div>\t\n\n\n<\/div>\n<\/div> <\/div>\n\n<p>Soprattutto per le famiglie \u00e8 consigliabile annotare tutti i compleanni e gli appuntamenti importanti in un calendario centrale ben visibile. I planner con spazio sufficiente sono una buona scelta! Una versione molto popolare \u00e8 il calendario 2026 per febbraio, in cui tutti i giorni sono disposti come in una lista uno sotto l&#8217;altro e ogni data \u00e8 in una riga separata. Offriamo inoltre anche calendari mensili che usano numeri piccoli e quindi lasciano abbastanza spazio per appunti importanti. Molto popolari sono anche i nostri classici calendari per febbraio 2026 da stampare. I numeri grandi indicano rapidamente il giorno della settimana e garantiscono cos\u00ec una buona panoramica. <\/p>\n\n<br><br><br>\n<div class=\"row justify-content-center\"><div class=\"col-md-6\"><div style=\"text-align: left;\">\n<p><b>ORIENTAMENTO VERTICALE<\/b><\/p><figure><a class=\"kalender\" href=\"https:\/\/media.colomio.com\/calendar-int\/2026\/it\/febbraio-2026-calendario-verticale.pdf\" rel=\"nofollow\" title=\"Calendario febbraio 2026 - orientamento verticale, gratuito da stampare\"><img decoding=\"async\" class=\"schatten\" loading=\"lazy\" src=\"https:\/\/media.colomio.com\/calendar-int\/2026\/it\/febbraio-2026-calendario-verticale.png\" alt=\"Calendario febbraio 2026 - orientamento verticale, gratuito da stampare\" title=\"Calendario febbraio 2026 - orientamento verticale, gratuito da stampare\"><figcaption class=\"title\" title=\"Calendario febbraio 2026 - orientamento verticale, gratuito da stampare\">Calendario febbraio 2026 &#8211; orientamento verticale<\/figcaption><\/a><\/figure>\n\n\n\n<\/div>\n<\/div> \n\n<div class=\"col-md-6\"><div id=\"textdown\" style=\"text-align: left;\">\n<div id=\"ib\"><ul class=\"paint-row-content\"><li>Mese di febbraio 2026 su una pagina intera (DIN A4), orientamento verticale<\/li><li>Numeri grandi per una buona leggibilit\u00e0<\/li><li>con settimane del calendario e festivit\u00e0 (a livello nazionale)<\/li><li>utilizzabile come calendario da parete<\/li><br>\n<li style=\"list-style-type: none;\"><b>Download gratuito:<\/b><\/li>\n<div class=\"download-flex\">\n  <a href=\"https:\/\/media.colomio.com\/calendar-int\/2026\/it\/febbraio-2026-calendario-verticale.pdf\" rel=\"nofollow\" title=\"Calendario febbraio 2026 - orientamento verticale, gratuito da stampare come pdf\"><img loading=\"lazy\" decoding=\"async\" alt=\"PDF\" src=\"https:\/\/www.colomio.com\/wp-content\/uploads\/2025\/09\/doc1.gif\" width=\"24\" height=\"30\"> PDF<\/a>\n  <a href=\"https:\/\/media.colomio.com\/calendar-int\/2026\/it\/febbraio-2026-calendario-verticale.xlsx\" rel=\"nofollow\" title=\"Calendario febbraio 2026 - orientamento verticale, gratuito da stampare come Excel\"><img loading=\"lazy\" decoding=\"async\" alt=\"Excel\" src=\"https:\/\/www.colomio.com\/wp-content\/uploads\/2025\/09\/doc2.gif\" width=\"24\" height=\"30\"> Excel<\/a>\n  <a href=\"https:\/\/media.colomio.com\/calendar-int\/2026\/it\/febbraio-2026-calendario-verticale.png\" rel=\"nofollow\" title=\"Calendario febbraio 2026 - orientamento verticale, gratuito da stampare come png\"><img loading=\"lazy\" decoding=\"async\" alt=\"PNG\" src=\"https:\/\/www.colomio.com\/wp-content\/uploads\/2025\/09\/doc3.gif\" width=\"24\" height=\"30\"> PNG<\/a>\n<\/div>\n<\/ul>\n<\/div>\t\n\n\n<\/div>\n<\/div> <\/div>\n<br><br><br>\n<div class=\"row justify-content-center\"><div class=\"col-md-6\"><div style=\"text-align: left;\">\n<figure><a class=\"kalender\" href=\"https:\/\/media.colomio.com\/calendar-int\/2026\/it\/calendario-febbraio-2026-formato-verticale.pdf\" rel=\"nofollow\" title=\"Calendario febbraio 2026 - orientamento verticale, gratuito da stampare come pdf\"><img decoding=\"async\" class=\"schatten\" loading=\"lazy\" src=\"https:\/\/media.colomio.com\/calendar-int\/2026\/it\/calendario-febbraio-2026-formato-verticale.png\" alt=\"Calendario febbraio 2026 - orientamento verticale, gratuito da stampare\" title=\"Calendario febbraio 2026 - orientamento verticale, gratuito da stampare\"><figcaption class=\"title\" title=\"Calendario febbraio 2026 - orientamento verticale, gratuito da stampare\">Calendario febbraio 2026 &#8211; orientamento verticale<\/figcaption><\/a><\/figure>\n\n\n\n<\/div>\n<\/div> \n\n<div class=\"col-md-6\"><div id=\"textdown\" style=\"text-align: left;\">\n<div id=\"ib\"><ul class=\"paint-row-content\"><li>Calendario febbraio 2026 su una pagina intera (DIN A4)<\/li><li>Orientamento verticale<\/li><li>Numeri grandi (facilmente leggibili)<\/li><li>con settimane del calendario e festivit\u00e0 (a livello nazionale)<\/li><li>adatto come calendario da parete<\/li><br>\n<li style=\"list-style-type: none;\"><b>Download gratuito:<\/b><\/li>\n<div class=\"download-flex\">\n  <a href=\"https:\/\/media.colomio.com\/calendar-int\/2026\/it\/calendario-febbraio-2026-formato-verticale.pdf\" rel=\"nofollow\" title=\"Calendario febbraio 2026 - orientamento verticale, gratuito da stampare come pdf\"><img loading=\"lazy\" decoding=\"async\" alt=\"PDF\" src=\"https:\/\/www.colomio.com\/wp-content\/uploads\/2025\/09\/doc1.gif\" width=\"24\" height=\"30\"> PDF<\/a>\n  <a href=\"https:\/\/media.colomio.com\/calendar-int\/2026\/it\/calendario-febbraio-2026-formato-verticale.xlsx\" rel=\"nofollow\" title=\"Calendario febbraio 2026 - orientamento verticale, gratuito da stampare come Excel\"><img loading=\"lazy\" decoding=\"async\" alt=\"Excel\" src=\"https:\/\/www.colomio.com\/wp-content\/uploads\/2025\/09\/doc2.gif\" width=\"24\" height=\"30\"> Excel<\/a>\n  <a href=\"https:\/\/media.colomio.com\/calendar-int\/2026\/it\/calendario-febbraio-2026-formato-verticale.png\" rel=\"nofollow\" title=\"Calendario febbraio 2026 - orientamento verticale, gratuito da stampare come formato png\"><img loading=\"lazy\" decoding=\"async\" alt=\"PNG\" src=\"https:\/\/www.colomio.com\/wp-content\/uploads\/2025\/09\/doc3.gif\" width=\"24\" height=\"30\"> PNG<\/a>\n<\/div>\n<\/ul>\n<\/div>\t\n\n\n<\/div>\n<\/div> <\/div>\n\n\n\n<h2 id=\"extra-holidays-it-2\"><span class=\"ez-toc-section\" id=\"Festivita_nei_paesi_vicini_%E2%80%93_Febbraio_2026\"><\/span>Festivit\u00e0 nei paesi vicini \u2013 Febbraio 2026<span class=\"ez-toc-section-end\"><\/span><\/h2>\n<p style=\"color:#555;margin-bottom:20px;\">I nostri calendari sono utilizzati anche nella Svizzera italiana. Qui trovate le festivit\u00e0 dei paesi vicini per la vostra pianificazione.<\/p>\n<div class=\"extra-country-box\" id=\"extra-it-patroni-2\">\n<div class=\"country-header\" style=\"background:linear-gradient(135deg, #009246 33%, #fff 33%, #fff 66%, #CE2B37 66%)\">\u26ea Feste patronali delle grandi citt\u00e0 \u2013 Febbraio 2026<\/div>\n<div class=\"country-body\">\n<p>Ogni comune italiano celebra il proprio santo patrono come <b>giorno festivo locale<\/b> con giorno di riposo. Ecco le feste patronali delle principali citt\u00e0 a febbraio 2026.<\/p>\n<table>\n<thead><tr><th>Data<\/th><th>Giorno<\/th><th>Festivit\u00e0<\/th><\/tr><\/thead>\n<tbody>\n<tr><td>5 febbraio<\/td><td>gioved\u00ec<\/td><td><b>Sant&#8217;Agata \u2013 Catania (900\u00b0 anniversario!)<\/b><\/td><\/tr>\n<\/tbody>\n<\/table>\n<div class=\"country-note\">In Italia la festa del santo patrono \u00e8 un giorno festivo ufficiale per il comune interessato: scuole chiuse, dipendenti liberi. Solo la festa dei Santi Pietro e Paolo (Roma, 29 giugno) \u00e8 riconosciuta anche per legge statale.<\/div>\n<p class=\"country-footnote\">La festa di San Francesco d&#8217;Assisi (4 ottobre 2026) \u00e8 stata ripristinata come <b>festivit\u00e0 nazionale<\/b> nel 2025 per l&#8217;800\u00b0 anniversario della morte del Santo Patrono d&#8217;Italia.<\/p>\n<\/div>\n<\/div>\n\n\n","protected":false},"excerpt":{"rendered":"<p>Il calendario febbraio 2026 per l&#8217;Italia presenta un mese di 28 giorni che inizia di domenica. Febbraio 2026 non include festivit\u00e0 nazionali ufficiali in Italia, rendendolo un mese dedicato principalmente al lavoro e alle attivit\u00e0 quotidiane. Il nostro calendario gratuito \u00e8 disponibile per il download in formato PDF, Excel (XLS) e PNG, perfetto per la &#8230; <a title=\"Calendario Febbraio 2026 Italia &#8211; Download Gratuito\" class=\"read-more\" href=\"https:\/\/www.colomio.com\/it\/febbraio-2026-calendario\" aria-label=\"Per saperne di pi\u00f9 su Calendario Febbraio 2026 Italia &#8211; Download Gratuito\">Leggi tutto<\/a><\/p>\n","protected":false},"author":4,"featured_media":0,"parent":0,"menu_order":50,"comment_status":"closed","ping_status":"closed","template":"","meta":{"_yoast_wpseo_title":"Febbraio 2026 Calendario Italia \u2013 PDF & Excel Gratis","_yoast_wpseo_metadesc":"Calendario febbraio 2026 Italia gratuito. 28 giorni, inizia domenica. Download PDF, Excel, PNG. Festivit\u00e0 italiane incluse. Stampa subito!","_yoast_wpseo_bctitle":"Febbraio 2026","_colomio_max_video_preview":"","_colomio_max_image_preview":"","_colomio_max_snippet":"","_custom_article_jsonld":"","_custom_howto_jsonld":"","_custom_schema_jsonld":"","category-page":true,"footnotes":""},"class_list":["post-11529","page","type-page","status-publish"],"yoast_head":"<!-- This site is optimized with the Yoast SEO plugin v27.2 - https:\/\/yoast.com\/product\/yoast-seo-wordpress\/ -->\n<title>Febbraio 2026 Calendario Italia \u2013 PDF &amp; Excel Gratis<\/title>\n<meta name=\"description\" content=\"Calendario febbraio 2026 Italia gratuito. 28 giorni, inizia domenica. Download PDF, Excel, PNG. Festivit\u00e0 italiane incluse. Stampa subito!\" \/>\n<meta name=\"robots\" content=\"index, follow, max-snippet:-1, max-image-preview:large, max-video-preview:-1\" \/>\n<link rel=\"canonical\" href=\"https:\/\/www.colomio.com\/it\/febbraio-2026-calendario\" \/>\n<meta property=\"og:locale\" content=\"it_IT\" \/>\n<meta property=\"og:type\" content=\"article\" \/>\n<meta property=\"og:title\" content=\"Febbraio 2026 Calendario Italia \u2013 PDF &amp; Excel Gratis\" \/>\n<meta property=\"og:description\" content=\"Calendario febbraio 2026 Italia gratuito. 28 giorni, inizia domenica. Download PDF, Excel, PNG. Festivit\u00e0 italiane incluse. Stampa subito!\" \/>\n<meta property=\"og:url\" content=\"https:\/\/www.colomio.com\/it\/febbraio-2026-calendario\" \/>\n<meta property=\"og:site_name\" content=\"www.colomio.com\" \/>\n<meta property=\"article:modified_time\" content=\"2026-04-21T14:49:47+00:00\" \/>\n<meta property=\"og:image\" content=\"https:\/\/media.colomio.com\/calendar-int\/2026\/it\/calendario-febbraio-2026-classico.png\" \/>\n<meta name=\"twitter:card\" content=\"summary_large_image\" \/>\n<meta name=\"twitter:label1\" content=\"Tempo di lettura stimato\" \/>\n\t<meta name=\"twitter:data1\" content=\"7 minuti\" \/>\n<script type=\"application\/ld+json\" class=\"yoast-schema-graph\">{\"@context\":\"https:\/\/schema.org\",\"@graph\":[{\"@type\":\"WebPage\",\"@id\":\"https:\/\/www.colomio.com\/it\/febbraio-2026-calendario\",\"url\":\"https:\/\/www.colomio.com\/it\/febbraio-2026-calendario\",\"name\":\"Febbraio 2026 Calendario Italia \u2013 PDF & Excel Gratis\",\"isPartOf\":{\"@id\":\"https:\/\/www.colomio.com\/it#website\"},\"primaryImageOfPage\":{\"@id\":\"https:\/\/www.colomio.com\/it\/febbraio-2026-calendario#primaryimage\"},\"image\":{\"@id\":\"https:\/\/www.colomio.com\/it\/febbraio-2026-calendario#primaryimage\"},\"thumbnailUrl\":\"https:\/\/media.colomio.com\/calendar-int\/2026\/it\/calendario-febbraio-2026-classico.png\",\"datePublished\":\"2025-08-12T13:55:00+00:00\",\"dateModified\":\"2026-04-21T14:49:47+00:00\",\"description\":\"Calendario febbraio 2026 Italia gratuito. 28 giorni, inizia domenica. Download PDF, Excel, PNG. Festivit\u00e0 italiane incluse. Stampa subito!\",\"breadcrumb\":{\"@id\":\"https:\/\/www.colomio.com\/it\/febbraio-2026-calendario#breadcrumb\"},\"inLanguage\":\"it-IT\",\"potentialAction\":[{\"@type\":\"ReadAction\",\"target\":[\"https:\/\/www.colomio.com\/it\/febbraio-2026-calendario\"]}]},{\"@type\":\"ImageObject\",\"inLanguage\":\"it-IT\",\"@id\":\"https:\/\/www.colomio.com\/it\/febbraio-2026-calendario#primaryimage\",\"url\":\"https:\/\/media.colomio.com\/calendar-int\/2026\/it\/calendario-febbraio-2026-classico.png\",\"contentUrl\":\"https:\/\/media.colomio.com\/calendar-int\/2026\/it\/calendario-febbraio-2026-classico.png\"},{\"@type\":\"BreadcrumbList\",\"@id\":\"https:\/\/www.colomio.com\/it\/febbraio-2026-calendario#breadcrumb\",\"itemListElement\":[{\"@type\":\"ListItem\",\"position\":1,\"name\":\"Home\",\"item\":\"https:\/\/www.colomio.com\/it\"},{\"@type\":\"ListItem\",\"position\":2,\"name\":\"Febbraio 2026\"}]},{\"@type\":\"WebSite\",\"@id\":\"https:\/\/www.colomio.com\/it#website\",\"url\":\"https:\/\/www.colomio.com\/it\",\"name\":\"www.colomio.com\",\"description\":\"\",\"publisher\":{\"@id\":\"https:\/\/www.colomio.com\/it#organization\"},\"potentialAction\":[{\"@type\":\"SearchAction\",\"target\":{\"@type\":\"EntryPoint\",\"urlTemplate\":\"https:\/\/www.colomio.com\/it?s={search_term_string}\"},\"query-input\":{\"@type\":\"PropertyValueSpecification\",\"valueRequired\":true,\"valueName\":\"search_term_string\"}}],\"inLanguage\":\"it-IT\"},{\"@type\":\"Organization\",\"@id\":\"https:\/\/www.colomio.com\/it#organization\",\"name\":\"colomio\",\"url\":\"https:\/\/www.colomio.com\/it\",\"logo\":{\"@type\":\"ImageObject\",\"inLanguage\":\"it-IT\",\"@id\":\"https:\/\/www.colomio.com\/it#\/schema\/logo\/image\/\",\"url\":\"https:\/\/www.colomio.com\/wp-content\/uploads\/2025\/02\/cropped-colomio-logo.png?wsr\",\"contentUrl\":\"https:\/\/www.colomio.com\/wp-content\/uploads\/2025\/02\/cropped-colomio-logo.png?wsr\",\"width\":373,\"height\":98,\"caption\":\"www.colomio.com\"},\"image\":{\"@id\":\"https:\/\/www.colomio.com\/it#\/schema\/logo\/image\/\"},\"sameAs\":[\"https:\/\/www.instagram.com\/colomio.team\/\",\"https:\/\/de.pinterest.com\/happycolorz_colomio\/\",\"https:\/\/www.pinterest.com\/happycolorz_colomio\/\",\"https:\/\/www.muminthemadhouse.com\/custom-ai-colouring-pages-for-kids\/\",\"https:\/\/slummysinglemummy.com\/2026\/03\/05\/rainy-afternoons-just-got-a-lot-more-creative-discovering-colomio\/\",\"https:\/\/www.amazon.com\/Horses-Coloring-Book-pages-reprint\/dp\/1707878994\",\"https:\/\/www.prnewswire.com\/news-releases\/colomiocom-launches-a-free-customizable-coloring-book-for-home-printing-301162753.html\",\"https:\/\/www.linkedin.com\/in\/mathias-ziegler-b6068568\/\"],\"alternateName\":\"colomio.com\",\"foundingDate\":\"2019\",\"description\":\"Free printable coloring pages, step-by-step drawing tutorials, and creative crafts for kids \u2013 created by parents, tested by children.\",\"address\":{\"@type\":\"PostalAddress\",\"streetAddress\":\"Zeppelinstr. 73\",\"addressLocality\":\"Munich\",\"postalCode\":\"81669\",\"addressRegion\":\"Bavaria\",\"addressCountry\":\"DE\"},\"parentOrganization\":{\"@type\":\"Organization\",\"name\":\"happycolorz GmbH\",\"url\":\"https:\/\/www.happycolorz.de\"},\"founder\":[{\"@type\":\"Person\",\"@id\":\"https:\/\/www.colomio.com\/it#mathias\/\",\"name\":\"Mathias Ziegler\",\"jobTitle\":\"Founder & Managing Director\",\"url\":\"https:\/\/www.colomio.com\/it\/authors\/colomio-team\"}]}]}<\/script>\n<!-- \/ Yoast SEO plugin. -->","yoast_head_json":{"title":"Febbraio 2026 Calendario Italia \u2013 PDF & Excel Gratis","description":"Calendario febbraio 2026 Italia gratuito. 28 giorni, inizia domenica. Download PDF, Excel, PNG. Festivit\u00e0 italiane incluse. Stampa subito!","robots":{"index":"index","follow":"follow","max-snippet":"max-snippet:-1","max-image-preview":"max-image-preview:large","max-video-preview":"max-video-preview:-1"},"canonical":"https:\/\/www.colomio.com\/it\/febbraio-2026-calendario","og_locale":"it_IT","og_type":"article","og_title":"Febbraio 2026 Calendario Italia \u2013 PDF & Excel Gratis","og_description":"Calendario febbraio 2026 Italia gratuito. 28 giorni, inizia domenica. Download PDF, Excel, PNG. Festivit\u00e0 italiane incluse. Stampa subito!","og_url":"https:\/\/www.colomio.com\/it\/febbraio-2026-calendario","og_site_name":"www.colomio.com","article_modified_time":"2026-04-21T14:49:47+00:00","og_image":[{"url":"https:\/\/media.colomio.com\/calendar-int\/2026\/it\/calendario-febbraio-2026-classico.png","type":"","width":"","height":""}],"twitter_card":"summary_large_image","twitter_misc":{"Tempo di lettura stimato":"7 minuti"},"schema":{"@context":"https:\/\/schema.org","@graph":[{"@type":"WebPage","@id":"https:\/\/www.colomio.com\/it\/febbraio-2026-calendario","url":"https:\/\/www.colomio.com\/it\/febbraio-2026-calendario","name":"Febbraio 2026 Calendario Italia \u2013 PDF & Excel Gratis","isPartOf":{"@id":"https:\/\/www.colomio.com\/it#website"},"primaryImageOfPage":{"@id":"https:\/\/www.colomio.com\/it\/febbraio-2026-calendario#primaryimage"},"image":{"@id":"https:\/\/www.colomio.com\/it\/febbraio-2026-calendario#primaryimage"},"thumbnailUrl":"https:\/\/media.colomio.com\/calendar-int\/2026\/it\/calendario-febbraio-2026-classico.png","datePublished":"2025-08-12T13:55:00+00:00","dateModified":"2026-04-21T14:49:47+00:00","description":"Calendario febbraio 2026 Italia gratuito. 28 giorni, inizia domenica. Download PDF, Excel, PNG. Festivit\u00e0 italiane incluse. Stampa subito!","breadcrumb":{"@id":"https:\/\/www.colomio.com\/it\/febbraio-2026-calendario#breadcrumb"},"inLanguage":"it-IT","potentialAction":[{"@type":"ReadAction","target":["https:\/\/www.colomio.com\/it\/febbraio-2026-calendario"]}]},{"@type":"ImageObject","inLanguage":"it-IT","@id":"https:\/\/www.colomio.com\/it\/febbraio-2026-calendario#primaryimage","url":"https:\/\/media.colomio.com\/calendar-int\/2026\/it\/calendario-febbraio-2026-classico.png","contentUrl":"https:\/\/media.colomio.com\/calendar-int\/2026\/it\/calendario-febbraio-2026-classico.png"},{"@type":"BreadcrumbList","@id":"https:\/\/www.colomio.com\/it\/febbraio-2026-calendario#breadcrumb","itemListElement":[{"@type":"ListItem","position":1,"name":"Home","item":"https:\/\/www.colomio.com\/it"},{"@type":"ListItem","position":2,"name":"Febbraio 2026"}]},{"@type":"WebSite","@id":"https:\/\/www.colomio.com\/it#website","url":"https:\/\/www.colomio.com\/it","name":"www.colomio.com","description":"","publisher":{"@id":"https:\/\/www.colomio.com\/it#organization"},"potentialAction":[{"@type":"SearchAction","target":{"@type":"EntryPoint","urlTemplate":"https:\/\/www.colomio.com\/it?s={search_term_string}"},"query-input":{"@type":"PropertyValueSpecification","valueRequired":true,"valueName":"search_term_string"}}],"inLanguage":"it-IT"},{"@type":"Organization","@id":"https:\/\/www.colomio.com\/it#organization","name":"colomio","url":"https:\/\/www.colomio.com\/it","logo":{"@type":"ImageObject","inLanguage":"it-IT","@id":"https:\/\/www.colomio.com\/it#\/schema\/logo\/image\/","url":"https:\/\/www.colomio.com\/wp-content\/uploads\/2025\/02\/cropped-colomio-logo.png?wsr","contentUrl":"https:\/\/www.colomio.com\/wp-content\/uploads\/2025\/02\/cropped-colomio-logo.png?wsr","width":373,"height":98,"caption":"www.colomio.com"},"image":{"@id":"https:\/\/www.colomio.com\/it#\/schema\/logo\/image\/"},"sameAs":["https:\/\/www.instagram.com\/colomio.team\/","https:\/\/de.pinterest.com\/happycolorz_colomio\/","https:\/\/www.pinterest.com\/happycolorz_colomio\/","https:\/\/www.muminthemadhouse.com\/custom-ai-colouring-pages-for-kids\/","https:\/\/slummysinglemummy.com\/2026\/03\/05\/rainy-afternoons-just-got-a-lot-more-creative-discovering-colomio\/","https:\/\/www.amazon.com\/Horses-Coloring-Book-pages-reprint\/dp\/1707878994","https:\/\/www.prnewswire.com\/news-releases\/colomiocom-launches-a-free-customizable-coloring-book-for-home-printing-301162753.html","https:\/\/www.linkedin.com\/in\/mathias-ziegler-b6068568\/"],"alternateName":"colomio.com","foundingDate":"2019","description":"Free printable coloring pages, step-by-step drawing tutorials, and creative crafts for kids \u2013 created by parents, tested by children.","address":{"@type":"PostalAddress","streetAddress":"Zeppelinstr. 73","addressLocality":"Munich","postalCode":"81669","addressRegion":"Bavaria","addressCountry":"DE"},"parentOrganization":{"@type":"Organization","name":"happycolorz GmbH","url":"https:\/\/www.happycolorz.de"},"founder":[{"@type":"Person","@id":"https:\/\/www.colomio.com\/it#mathias\/","name":"Mathias Ziegler","jobTitle":"Founder & Managing Director","url":"https:\/\/www.colomio.com\/it\/authors\/colomio-team"}]}]}},"_links":{"self":[{"href":"https:\/\/www.colomio.com\/it\/wp-json\/wp\/v2\/pages\/11529","targetHints":{"allow":["GET"]}}],"collection":[{"href":"https:\/\/www.colomio.com\/it\/wp-json\/wp\/v2\/pages"}],"about":[{"href":"https:\/\/www.colomio.com\/it\/wp-json\/wp\/v2\/types\/page"}],"author":[{"embeddable":true,"href":"https:\/\/www.colomio.com\/it\/wp-json\/wp\/v2\/users\/4"}],"replies":[{"embeddable":true,"href":"https:\/\/www.colomio.com\/it\/wp-json\/wp\/v2\/comments?post=11529"}],"version-history":[{"count":7,"href":"https:\/\/www.colomio.com\/it\/wp-json\/wp\/v2\/pages\/11529\/revisions"}],"predecessor-version":[{"id":96407,"href":"https:\/\/www.colomio.com\/it\/wp-json\/wp\/v2\/pages\/11529\/revisions\/96407"}],"wp:attachment":[{"href":"https:\/\/www.colomio.com\/it\/wp-json\/wp\/v2\/media?parent=11529"}],"curies":[{"name":"wp","href":"https:\/\/api.w.org\/{rel}","templated":true}]}}