{"id":109765,"date":"2026-03-16T11:39:26","date_gmt":"2026-03-16T11:39:26","guid":{"rendered":"https:\/\/www.colomio.com\/?page_id=109765"},"modified":"2026-04-21 14:52:44","modified_gmt":"2026-04-21T14:52:44","slug":"kalender-2027","status":"publish","type":"page","link":"https:\/\/www.colomio.com\/no\/kalender-2027","title":{"rendered":"\u00c5rskalender 2027 Norge \u2013 Gratis PDF med Alle Helligdager"},"content":{"rendered":"<style class=\"wpcode-css-snippet\">table, td, th {\n    border: none;\n    padding: 0px; \n}<\/p>\n<p>@media (min-width: 768px) {\n    #textdown {\n        margin-top: 100px;\n    }\n}\n@media (min-width: 768px) {\n    .col-md-6 {\n        -webkit-box-flex: 0;\n        flex: 0 0 50%;\n        max-width: 50%;\n    }\n}\n.row {\n    margin-left: -10px;\n    margin-right: -10px;\n}\n.row {\n    display: -webkit-box;\n    display: flex\n;\n    flex-wrap: wrap;\n    margin-right: -15px;\n    margin-left: -15px;\n}\n@media (min-width: 767px) {\n    .row {\n        display: flex\n;\n        flex-wrap: wrap;\n    }\n}\n*, :after, :before {\n    box-sizing: border-box;\n}\nimg {\n    max-width: 100%;\n}\nimg, svg {\n    vertical-align: middle;\n}\nimg {\n    border-style: none;\n}\n*, :after, :before {\n    box-sizing: border-box;\n}\n.schatten {\nborder: 1px solid #c1c1c1;\n    box-shadow: 4px 4px 9px #999;\n    padding: 8px;\n    margin-bottom: 9px;\n}<\/p>\n<p>@media (min-width: 768px){\n.col-md-6 {\n    -webkit-box-flex: 0;\n    flex: 0 0 50%;\n    max-width: 50%;\n\tpadding-left: 15px;\n}\n#textdown {\nmargin-top: 100px !important;}\n}<\/p>\n<p>  @media only screen and (max-width: 500px) {  .buttonmz     { padding: 4px 10px; margin: 3px; }  }   @media only screen and (min-width: 501px) {  .buttonmz     { padding: 8px 15px; margin: 5px; }   }    .buttonmz {  letter-spacing: -.16px; display: block; width: 100%; line-height: 1.4;  white-space: normal;  min-height: 24px; background-color: white; color: blue; border-color: black !important; -moz-user-select: none; -ms-user-select: none; -webkit-user-select: none; user-select: none; -webkit-appearance: none; -moz-appearance: none; appearance: none; display: inline-block; width: auto; text-decoration: none; text-align: center; vertical-align: middle; cursor: pointer; border: 2px solid black !important; border-radius: 2px;  background-color: white; color: black;  white-space: normal; }  .buttonmz:hover { background-color: grey !important; color: white !important; }  <\/style>\n<style id=\"extra-country-holidays-css\">\n.extra-country-box{margin:30px 0;border:1px solid #e0e0e0;border-radius:10px;overflow:hidden;box-shadow:0 2px 8px rgba(0,0,0,.05)}\n.extra-country-box .country-header{padding:12px 18px;color:#fff;font-size:1.1em;font-weight:700;text-shadow:0 1px 2px rgba(0,0,0,.3)}\n.extra-country-box .country-body{padding:16px 18px;background:#fafbfc}\n.extra-country-box .country-body p{margin:0 0 12px;color:#555;font-size:.93em;line-height:1.6}\n.extra-country-box table{width:100%;border-collapse:collapse;font-size:.88em;margin:10px 0}\n.extra-country-box th{background:#f0f0f0;padding:8px 12px;text-align:left;font-size:.9em;color:#444}\n.extra-country-box td{padding:8px 12px;border-bottom:1px solid #eee}\n.extra-country-box tbody tr:last-child td{border-bottom:none}\n.extra-country-box tbody tr:nth-child(even){background:#f5f7fa}\n.extra-country-box .country-footnote{font-size:.82em;color:#888;font-style:italic;margin:8px 0 0;padding-top:8px;border-top:1px solid #eee}\n.extra-country-box .country-note{background:#fff8e1;border-left:3px solid #ffc107;padding:10px 14px;border-radius:4px;margin:12px 0;font-size:.88em;color:#6d5e00}\n@media(max-width:580px){\n  .extra-country-box .country-header{padding:10px 14px;font-size:1em}\n  .extra-country-box .country-body{padding:12px 14px}\n  .extra-country-box table{font-size:.82em}\n  .extra-country-box th,.extra-country-box td{padding:6px 8px}\n}\n<\/style>\n<style id=\"colomio-mobile-responsive\">\n.table-responsive-wrap { width:100%; overflow-x:auto; -webkit-overflow-scrolling:touch; margin:20px 0 }\n.download-flex { display:flex; flex-wrap:wrap; gap:12px; margin:10px 0 20px }\n.download-flex a { display:flex; align-items:center; gap:8px; background:#f5f5f5; border:1px solid #ddd; border-radius:8px; padding:10px 16px; text-decoration:none; color:#333; font-weight:bold; transition:background .2s,box-shadow .2s; flex:1; min-width:100px; justify-content:center }\n.download-flex a:hover { background:#e8e8e8; box-shadow:0 2px 6px rgba(0,0,0,.1) }\n.download-flex a img { width:24px; height:30px }\n@media(max-width:580px){\n  .table-responsive-wrap table { font-size:.82em }\n  .table-responsive-wrap th,.table-responsive-wrap td { padding:8px 10px }\n}\n@media(max-width:480px){\n  .download-flex { flex-direction:column; gap:8px }\n  .download-flex a { justify-content:flex-start; min-width:unset }\n}\n@media(max-width:600px){\n  .faq-section-col { margin:24px 0!important }\n  .faq-item-col { padding:12px 14px!important; margin-bottom:10px!important }\n  .faq-item-col h3 { font-size:1em!important }\n  .faq-item-col p { font-size:.92em!important }\n  figure img.schatten { max-width:100%!important; height:auto!important }\n  .buttonmz { display:inline-block; margin:3px 2px!important; font-size:.85em }\n  h2 { font-size:1.3em } p,li { font-size:.95em; line-height:1.6 }\n}\n<\/style>\n<p>V\u00e5r <b>kalender 2027<\/b> gir deg full oversikt over \u00e5ret med alle <b>norske helligdager<\/b> tydelig markert. 2027 er et spesielt \u00e5r fordi Grunnlovsdagen (17.\u00a0mai) og 2.\u00a0pinsedag faller p\u00e5 samme dag! \u00c5ret begynner p\u00e5 en fredag 1.\u00a0januar. <b>Last ned gratis<\/b> i PDF, Excel\u00a0(XLS) og PNG \u2013 b\u00e5de i <b>liggende og st\u00e5ende format<\/b>.<\/p>\n<h2>Kalender 2027 i forskjellige formater<\/h2>\n<ul>\n<li>\u00c5rskalender 2027 som PDF til utskrift<\/li>\n<li>Kalendermaler i PNG-format<\/li>\n<li>Excel-kalender 2027 for egne tilpasninger<\/li>\n<\/ul>\n<p>Velg den <strong>\u00e5rskalenderen 2027<\/strong> som passer best for deg \u2013 fra minimalistiske svart-hvite maler til fargerike kalendere.<\/p>\n<p> <\/p>\n<p id=\"valg\"><big>Vi tilbyr flere gratis kalenderversjoner. Velg format:<\/big><\/p>\n<p> <a class=\"buttonmz\" href=\"#liggende\" title=\"Kalender 2027 Liggende\"><b><big>Liggende<\/big><\/b><\/a> <a class=\"buttonmz\" href=\"#staaende\" title=\"Kalender 2027 St\u00e5ende\"><b><big>St\u00e5ende<\/big><\/b><\/a> <\/p>\n<style>\n  #national-holidays-no-2027 { width:100%; border-collapse:collapse; padding: 15px; margin:20px 0; font-family:sans-serif; box-shadow:0 0 20px rgba(0,0,0,.12); border-radius:8px; overflow:hidden }\n  #national-holidays-no-2027 thead tr { background:#BA0C2F; color:#fff; text-align:left }\n  #national-holidays-no-2027 th { padding:12px 16px; font-weight:600 }\n  #national-holidays-no-2027 td { padding:11px 16px }\n  #national-holidays-no-2027 tbody tr { border-bottom:1px solid #e8e8e8 }\n  #national-holidays-no-2027 tbody tr:nth-of-type(even) { background:#fdf0f0 }\n  #national-holidays-no-2027 tbody tr:last-of-type { border-bottom:3px solid #BA0C2F }\n  #national-holidays-no-2027 b { color:#BA0C2F }\n  @media(max-width:580px) {\n    #national-holidays-no-2027 { font-size: inherit }\n    #national-holidays-no-2027 th, #national-holidays-no-2027 td { padding:8px 10px }\n  }\n<\/style>\n<h2 id=\"national-holidays-no-2027\">\ud83c\uddf3\ud83c\uddf4 Helligdager 2027 i Norge<\/h2>\n<p style=\"color:#444;line-height:1.7;margin-bottom:18px;\">Norge har en unik situasjon i 2027: <b>Grunnlovsdagen (17.\u00a0mai) og 2.\u00a0pinsedag faller p\u00e5 samme dag<\/b>! P\u00e5sken kommer tidlig den 28.\u00a0mars. Kristi himmelfartsdag (torsdag 6.\u00a0mai) gir mulighet for inneklemd fridag.<\/p>\n<div class=\"table-responsive-wrap\">\n<table id=\"national-holidays-no-2027\">\n<thead>\n<tr>\n<th>Dato<\/th>\n<th>Dag<\/th>\n<th>Helligdag<\/th>\n<\/tr>\n<\/thead>\n<tbody>\n<tr>\n<td>1. januar<\/td>\n<td>fredag<\/td>\n<td><b>F\u00f8rste nytt\u00e5rsdag<\/b><\/td>\n<\/tr>\n<tr>\n<td>25. mars<\/td>\n<td>torsdag<\/td>\n<td><b>Skj\u00e6rtorsdag<\/b><\/td>\n<\/tr>\n<tr>\n<td>26. mars<\/td>\n<td>fredag<\/td>\n<td><b>Langfredag<\/b><\/td>\n<\/tr>\n<tr>\n<td>28. mars<\/td>\n<td style=\"color:#c0392b\">s\u00f8ndag<\/td>\n<td><b>F\u00f8rste p\u00e5skedag<\/b><\/td>\n<\/tr>\n<tr>\n<td>29. mars<\/td>\n<td>mandag<\/td>\n<td><b>Andre p\u00e5skedag<\/b><\/td>\n<\/tr>\n<tr>\n<td>1. mai<\/td>\n<td style=\"color:#c0392b\">l\u00f8rdag<\/td>\n<td><b>F\u00f8rste mai<\/b><\/td>\n<\/tr>\n<tr>\n<td>6. mai<\/td>\n<td>torsdag<\/td>\n<td><b>Kristi himmelfartsdag<\/b><\/td>\n<\/tr>\n<tr>\n<td>16. mai<\/td>\n<td style=\"color:#c0392b\">s\u00f8ndag<\/td>\n<td><b>F\u00f8rste pinsedag<\/b><\/td>\n<\/tr>\n<tr>\n<td>17. mai<\/td>\n<td>mandag<\/td>\n<td><b>Andre pinsedag \/ Grunnlovsdagen<\/b><\/td>\n<\/tr>\n<tr>\n<td>25. desember<\/td>\n<td style=\"color:#c0392b\">l\u00f8rdag<\/td>\n<td><b>F\u00f8rste juledag<\/b><\/td>\n<\/tr>\n<tr>\n<td>26. desember<\/td>\n<td style=\"color:#c0392b\">s\u00f8ndag<\/td>\n<td><b>Andre juledag<\/b><\/td>\n<\/tr>\n<\/tbody>\n<\/table>\n<\/div>\n<p style=\"font-size:.85em;color:#777;font-style:italic;margin-top:8px;\">Am 17.\u00a0mai 2027 faller Grunnlovsdagen og 2.\u00a0pinsedag sammen. Arbeidstakere f\u00e5r ikke ekstra erstatningsdag. Julaften og nytt\u00e5rsaften er ikke helligdager, men de fleste har fri.<\/p>\n<h2 id=\"liggende\">Kalender 2027 i liggende format<\/h2>\n<div class=\"row justify-content-center\">\n<div class=\"col-md-6\">\n<div style=\"text-align: left;\">\n<figure><a class=\"kalender\" href=\"https:\/\/media.colomio.com\/calendar\/2027\/no\/arskalender-2027-liggende.pdf\" rel=\"nofollow\" title=\"Kalender 2027 klassisk\"><img decoding=\"async\" class=\"schatten\" loading=\"lazy\" src=\"https:\/\/media.colomio.com\/calendar\/2027\/no\/arskalender-2027-liggende.png\" alt=\"Kalender 2027 klassisk PDF\" title=\"Kalender 2027 klassisk\"><figcaption class=\"title\" title=\"Kalender 2027 klassisk\">Kalender 2027 klassisk<\/figcaption><\/a><\/figure>\n<\/div>\n<\/div>\n<div class=\"col-md-6\">\n<div id=\"textdown\" style=\"text-align: left;\">\n<div id=\"ib\">\n<ul class=\"paint-row-content\">\n<li>Klassisk kalender 2027 i liggende format (DIN\u00a0A4)<\/li>\n<li>Kan brukes som veggkalender<\/li>\n<li>Rent design i svart-hvitt<\/li>\n<li>med ukenummer og nasjonale helligdager<\/li>\n<p><\/p>\n<li style=\"list-style-type: none;\"><b>Gratis nedlasting:<\/b><\/li>\n<p><\/p>\n<div class=\"download-flex\">\n  <a href=\"https:\/\/media.colomio.com\/calendar\/2027\/no\/arskalender-2027-liggende.pdf\" rel=\"nofollow\"><img loading=\"lazy\" decoding=\"async\" alt=\"PDF\" src=\"https:\/\/www.colomio.com\/wp-content\/uploads\/2025\/09\/doc1.gif\" width=\"24\" height=\"30\"> PDF<\/a><br \/>\n  <a href=\"https:\/\/media.colomio.com\/calendar\/2027\/no\/arskalender-2027-liggende.xlsx\" rel=\"nofollow\"><img loading=\"lazy\" decoding=\"async\" alt=\"Excel\" src=\"https:\/\/www.colomio.com\/wp-content\/uploads\/2025\/09\/doc2.gif\" width=\"24\" height=\"30\"> Excel<\/a><br \/>\n  <a href=\"https:\/\/media.colomio.com\/calendar\/2027\/no\/arskalender-2027-liggende.png\" rel=\"nofollow\"><img loading=\"lazy\" decoding=\"async\" alt=\"PNG\" src=\"https:\/\/www.colomio.com\/wp-content\/uploads\/2025\/09\/doc3.gif\" width=\"24\" height=\"30\"> PNG<\/a>\n<\/div>\n<\/ul>\n<\/div>\n<\/div>\n<\/div>\n<\/div>\n<script async src=\"https:\/\/pagead2.googlesyndication.com\/pagead\/js\/adsbygoogle.js?client=ca-pub-6550436067840591\"\r\n     crossorigin=\"anonymous\"><\/script>\r\n<!-- flagge -->\r\n<ins class=\"adsbygoogle\"\r\n     style=\"display:block\"\r\n     data-ad-client=\"ca-pub-6550436067840591\"\r\n     data-ad-slot=\"3909965393\"\r\n     data-ad-format=\"auto\"\r\n     data-full-width-responsive=\"true\"><\/ins>\r\n<script>\r\n     (adsbygoogle = window.adsbygoogle || []).push({});\r\n<\/script>\n<p>Se ogs\u00e5 v\u00e5re <b>m\u00e5nedlige kalendere for 2027<\/b>. Alle opplysninger uten garanti.<\/p>\n<p><\/p>\n<style>\n  .faq-section-col { margin:40px 0 }\n  .faq-item-col { background:#f9f9f9; border-left:4px solid #1a5276; border-radius:6px; padding:16px 20px; margin-bottom:14px; box-shadow:0 1px 3px rgba(0,0,0,.08) }\n  .faq-item-col:nth-child(even) { border-left-color:#2e86c1 }\n  .faq-item-col h3 { color:#333; margin:0 0 8px; font-size:1.1em }\n  .faq-item-col p { margin:0; color:#555; line-height:1.6 }\n<\/style>\n<h2 id=\"faq-no-annual-2027\">Ofte stilte sp\u00f8rsm\u00e5l<\/h2>\n<div class=\"faq-section-col\">\n<div class=\"faq-item-col\">\n<h3>Hvor mange helligdager er det i Norge i 2027?<\/h3>\n<p>Norge har <b>12 offisielle helligdager i 2027<\/b>, men Grunnlovsdagen og 2.\u00a0pinsedag faller p\u00e5 samme dag (17.\u00a0mai), s\u00e5 det blir 11 unike fridager.<\/p>\n<\/div>\n<div class=\"faq-item-col\">\n<h3>Hvilken dag begynner 2027 p\u00e5?<\/h3>\n<p>2027 begynner p\u00e5 en <b>fredag 1.\u00a0januar<\/b>.<\/p>\n<\/div>\n<div class=\"faq-item-col\">\n<h3>Hvilke formater kan jeg laste ned kalenderen i?<\/h3>\n<p>Kalenderen finnes i <b>tre formater<\/b>: PDF, Excel\u00a0(XLS) og PNG, i b\u00e5de liggende og st\u00e5ende orientering.<\/p>\n<\/div>\n<div class=\"faq-item-col\">\n<h3>Er kalenderen gratis?<\/h3>\n<p>Ja, v\u00e5r <b>kalender 2027 er helt gratis<\/b>. Last ned alle formater uten registrering eller skjulte kostnader.<\/p>\n<\/div>\n<div class=\"faq-item-col\">\n<h3>N\u00e5r er 17.\u00a0mai i 2027?<\/h3>\n<p><b>17.\u00a0mai 2027 faller p\u00e5 en mandag<\/b> \u2013 og sammenfaller med 2.\u00a0pinsedag! Det blir bare \u00e9n fridag i stedet for to.<\/p>\n<\/div>\n<\/div>\n<p><script type=\"application\/ld+json\">\n{\n  \"@context\": \"https:\/\/schema.org\",\n  \"@type\": \"FAQPage\",\n  \"mainEntity\": [\n    {\n      \"@type\": \"Question\",\n      \"name\": \"Hvor mange helligdager er det i Norge i 2027?\",\n      \"acceptedAnswer\": {\n        \"@type\": \"Answer\",\n        \"text\": \"Norge har 12 offisielle helligdager i 2027, men Grunnlovsdagen og 2.\u00a0pinsedag faller p\u00e5 samme dag (17.\u00a0mai), s\u00e5 det blir 11 unike fridager.\"\n      }\n    },\n    {\n      \"@type\": \"Question\",\n      \"name\": \"Hvilken dag begynner 2027 p\u00e5?\",\n      \"acceptedAnswer\": {\n        \"@type\": \"Answer\",\n        \"text\": \"2027 begynner p\u00e5 en fredag 1.\u00a0januar.\"\n      }\n    },\n    {\n      \"@type\": \"Question\",\n      \"name\": \"Hvilke formater kan jeg laste ned kalenderen i?\",\n      \"acceptedAnswer\": {\n        \"@type\": \"Answer\",\n        \"text\": \"Kalenderen finnes i tre formater: PDF, Excel\u00a0(XLS) og PNG, i b\u00e5de liggende og st\u00e5ende orientering.\"\n      }\n    },\n    {\n      \"@type\": \"Question\",\n      \"name\": \"Er kalenderen gratis?\",\n      \"acceptedAnswer\": {\n        \"@type\": \"Answer\",\n        \"text\": \"Ja, v\u00e5r kalender 2027 er helt gratis. Last ned alle formater uten registrering eller skjulte kostnader.\"\n      }\n    },\n    {\n      \"@type\": \"Question\",\n      \"name\": \"N\u00e5r er 17.\u00a0mai i 2027?\",\n      \"acceptedAnswer\": {\n        \"@type\": \"Answer\",\n        \"text\": \"17.\u00a0mai 2027 faller p\u00e5 en mandag \u2013 og sammenfaller med 2.\u00a0pinsedag! Det blir bare \u00e9n fridag i stedet for to.\"\n      }\n    }\n  ]\n}\n<\/script><\/p>\n<p><script async src=\"https:\/\/pagead2.googlesyndication.com\/pagead\/js\/adsbygoogle.js?client=ca-pub-6550436067840591\"\n     crossorigin=\"anonymous\"><\/script><br \/>\n<!-- flagge --><br \/>\n<ins class=\"adsbygoogle\"\n     style=\"display:block\"\n     data-ad-client=\"ca-pub-6550436067840591\"\n     data-ad-slot=\"3909965393\"\n     data-ad-format=\"auto\"\n     data-full-width-responsive=\"true\"><\/ins><br \/>\n<script>\n     (adsbygoogle = window.adsbygoogle || []).push({});\n<\/script> <!-- Feiertage start --> <\/p>\n<h3>\u00c5rskalender med helligdager 2027 \u2013 rask oversikt<\/h3>\n<p> <!-- Feiertage ende --> <!-- *** --><\/p>\n<div class=\"row justify-content-center\">\n<div class=\"col-md-6\">\n<div style=\"text-align: left;\">\n<figure><a class=\"kalender\" href=\"https:\/\/media.colomio.com\/calendar\/2027\/no\/arskalender-2027-farge.pdf\" rel=\"nofollow\" title=\"Kalender 2027 liggende\"><img decoding=\"async\" class=\"schatten\" loading=\"lazy\" src=\"https:\/\/media.colomio.com\/calendar\/2027\/no\/arskalender-2027-farge.png\" alt=\"Kalender 2027 liggende PDF\" title=\"Kalender 2027 liggende\"><figcaption class=\"title\" title=\"Kalender 2027 liggende\">Kalender 2027 liggende<\/figcaption><\/a><\/figure>\n<\/div>\n<\/div>\n<div class=\"col-md-6\">\n<div id=\"textdown\" style=\"text-align: left;\">\n<div id=\"ib\">\n<ul class=\"paint-row-content\">\n<li>Kalender 2027 som mal i liggende format (DIN\u00a0A4)<\/li>\n<li>M\u00e5neder side om side i 3\u00d74 rutenett med fargede overskrifter<\/li>\n<li>Kan brukes som veggkalender<\/li>\n<li>med ukenummer og nasjonale helligdager<\/li>\n<p><\/p>\n<li style=\"list-style-type: none;\"><b>Gratis nedlasting:<\/b><\/li>\n<p><\/p>\n<div class=\"download-flex\">\n  <a href=\"https:\/\/media.colomio.com\/calendar\/2027\/no\/arskalender-2027-farge.pdf\" rel=\"nofollow\"><img loading=\"lazy\" decoding=\"async\" alt=\"PDF\" src=\"https:\/\/www.colomio.com\/wp-content\/uploads\/2025\/09\/doc1.gif\" width=\"24\" height=\"30\"> PDF<\/a><br \/>\n  <a href=\"https:\/\/media.colomio.com\/calendar\/2027\/no\/arskalender-2027-farge.xlsx\" rel=\"nofollow\"><img loading=\"lazy\" decoding=\"async\" alt=\"Excel\" src=\"https:\/\/www.colomio.com\/wp-content\/uploads\/2025\/09\/doc2.gif\" width=\"24\" height=\"30\"> Excel<\/a><br \/>\n  <a href=\"https:\/\/media.colomio.com\/calendar\/2027\/no\/arskalender-2027-farge.png\" rel=\"nofollow\"><img loading=\"lazy\" decoding=\"async\" alt=\"PNG\" src=\"https:\/\/www.colomio.com\/wp-content\/uploads\/2025\/09\/doc3.gif\" width=\"24\" height=\"30\"> PNG<\/a>\n<\/div>\n<\/ul>\n<\/div>\n<\/div>\n<\/div>\n<\/div>\n<p> <!-- *** --><\/p>\n<div class=\"row justify-content-center\">\n<div class=\"col-md-6\">\n<div style=\"text-align: left;\">\n<figure><a class=\"kalender\" href=\"https:\/\/media.colomio.com\/calendar\/2027\/no\/gratis-arskalender-2027-farge-liggende.pdf\" rel=\"nofollow\" title=\"Kalender 2027\"><img decoding=\"async\" class=\"schatten\" loading=\"lazy\" src=\"https:\/\/media.colomio.com\/calendar\/2027\/no\/gratis-arskalender-2027-farge-liggende.png\" alt=\"Kalender 2027 PDF\" title=\"Kalender 2027\"><figcaption class=\"title\" title=\"Kalender 2027\">Kalender 2027<\/figcaption><\/a><\/figure>\n<\/div>\n<\/div>\n<div class=\"col-md-6\">\n<div id=\"textdown\" style=\"text-align: left;\">\n<div id=\"ib\">\n<ul class=\"paint-row-content\">\n<li>Kalender 2027 p\u00e5 \u00e9n DIN\u00a0A4-side, liggende<\/li>\n<li>M\u00e5neder ordnet i kolonner<\/li>\n<li>med ukenummer og nasjonale helligdager<\/li>\n<p><\/p>\n<li style=\"list-style-type: none;\"><b>Gratis nedlasting:<\/b><\/li>\n<p><\/p>\n<div class=\"download-flex\">\n  <a href=\"https:\/\/media.colomio.com\/calendar\/2027\/no\/gratis-arskalender-2027-farge-liggende.pdf\" rel=\"nofollow\"><img loading=\"lazy\" decoding=\"async\" alt=\"PDF\" src=\"https:\/\/www.colomio.com\/wp-content\/uploads\/2025\/09\/doc1.gif\" width=\"24\" height=\"30\"> PDF<\/a><br \/>\n  <a href=\"https:\/\/media.colomio.com\/calendar\/2027\/no\/gratis-arskalender-2027-farge-liggende.xlsx\" rel=\"nofollow\"><img loading=\"lazy\" decoding=\"async\" alt=\"Excel\" src=\"https:\/\/www.colomio.com\/wp-content\/uploads\/2025\/09\/doc2.gif\" width=\"24\" height=\"30\"> Excel<\/a><br \/>\n  <a href=\"https:\/\/media.colomio.com\/calendar\/2027\/no\/gratis-arskalender-2027-farge-liggende.png\" rel=\"nofollow\"><img loading=\"lazy\" decoding=\"async\" alt=\"PNG\" src=\"https:\/\/www.colomio.com\/wp-content\/uploads\/2025\/09\/doc3.gif\" width=\"24\" height=\"30\"> PNG<\/a>\n<\/div>\n<\/ul>\n<\/div>\n<\/div>\n<\/div>\n<\/div>\n<h3>\u00c9n \u00e5rskalender \u2013 mange muligheter<\/h3>\n<p>En \u00e5rskalender for 2027 er nyttig p\u00e5 mange m\u00e5ter. Familien f\u00e5r rask oversikt over helligdager, ferier og bursdager. Mange bruker den som ferieplanner der fridager markeres i farger. Den fungerer ogs\u00e5 som arbeidskalender med synlige arbeidstider. For barn er den en praktisk skolekalender. Hengt opp i stuen eller gangen informerer den p\u00e5litelig hele familien. Dessuten foretrekker mange en kalender 2027 med ukenummer for rask oversikt over \u00e5rets 52\u00a0uker.<\/p>\n<p> <!-- *** --><\/p>\n<div class=\"row justify-content-center\">\n<div class=\"col-md-6\">\n<div style=\"text-align: left;\">\n<figure><a class=\"kalender\" href=\"https:\/\/media.colomio.com\/calendar\/2027\/no\/gratis-kalender-2027-med-ukenummer.pdf\" rel=\"nofollow\" title=\"Kalender 2027\"><img decoding=\"async\" class=\"schatten\" loading=\"lazy\" src=\"https:\/\/media.colomio.com\/calendar\/2027\/no\/gratis-kalender-2027-med-ukenummer.png\" alt=\"Kalender 2027 PDF\" title=\"Kalender 2027\"><figcaption class=\"title\" title=\"Kalender 2027\">Kalender 2027<\/figcaption><\/a><\/figure>\n<\/div>\n<\/div>\n<div class=\"col-md-6\">\n<div id=\"textdown\" style=\"text-align: left;\">\n<div id=\"ib\">\n<ul class=\"paint-row-content\">\n<li>Kalender 2027 i liggende format p\u00e5 \u00e9n side (DIN\u00a0A4)<\/li>\n<li>Dager ordnet under hverandre<\/li>\n<li>med ukenummer og nasjonale helligdager<\/li>\n<p><\/p>\n<li style=\"list-style-type: none;\"><b>Gratis nedlasting:<\/b><\/li>\n<p><\/p>\n<div class=\"download-flex\">\n  <a href=\"https:\/\/media.colomio.com\/calendar\/2027\/no\/gratis-kalender-2027-med-ukenummer.pdf\" rel=\"nofollow\"><img loading=\"lazy\" decoding=\"async\" alt=\"PDF\" src=\"https:\/\/www.colomio.com\/wp-content\/uploads\/2025\/09\/doc1.gif\" width=\"24\" height=\"30\"> PDF<\/a><br \/>\n  <a href=\"https:\/\/media.colomio.com\/calendar\/2027\/no\/gratis-kalender-2027-med-ukenummer.xlsx\" rel=\"nofollow\"><img loading=\"lazy\" decoding=\"async\" alt=\"Excel\" src=\"https:\/\/www.colomio.com\/wp-content\/uploads\/2025\/09\/doc2.gif\" width=\"24\" height=\"30\"> Excel<\/a><br \/>\n  <a href=\"https:\/\/media.colomio.com\/calendar\/2027\/no\/gratis-kalender-2027-med-ukenummer.png\" rel=\"nofollow\"><img loading=\"lazy\" decoding=\"async\" alt=\"PNG\" src=\"https:\/\/www.colomio.com\/wp-content\/uploads\/2025\/09\/doc3.gif\" width=\"24\" height=\"30\"> PNG<\/a>\n<\/div>\n<\/ul>\n<\/div>\n<\/div>\n<\/div>\n<\/div>\n<p> <!-- *** --><\/p>\n<h2 id=\"staaende\">Kalender 2027 i st\u00e5ende format<\/h2>\n<p>V\u00e5re \u00e5rskalendere i st\u00e5ende format er allsidige planleggere med plass til notater. Den popul\u00e6re to-siders Excel-malen har kolonner for januar\u2013juni p\u00e5 f\u00f8rste side og juli\u2013desember p\u00e5 andre. L\u00f8rdager, s\u00f8ndager og helligdager er fargemarkert. Last ned kalenderen gratis som PDF, Excel eller PNG \u2013 perfekt som veggkalender.<\/p>\n<div class=\"row justify-content-center\">\n<div class=\"col-md-6\">\n<div style=\"text-align: left;\">\n<figure><a class=\"kalender\" href=\"https:\/\/media.colomio.com\/calendar\/2027\/no\/kalender-2027-staendeformat-svart-hvitt.pdf\" rel=\"nofollow\" title=\"Kalender 2027 \u2013 St\u00e5ende\"><img decoding=\"async\" class=\"schatten\" loading=\"lazy\" src=\"https:\/\/media.colomio.com\/calendar\/2027\/no\/kalender-2027-staendeformat-svart-hvitt.png\" alt=\"Kalender 2027 \u2013 St\u00e5ende PDF\" title=\"Kalender 2027 \u2013 St\u00e5ende\"><figcaption class=\"title\" title=\"Kalender 2027 \u2013 St\u00e5ende\">Kalender 2027 \u2013 St\u00e5ende<\/figcaption><\/a><\/figure>\n<\/div>\n<\/div>\n<div class=\"col-md-6\">\n<div id=\"textdown\" style=\"text-align: left;\">\n<div id=\"ib\">\n<ul class=\"paint-row-content\">\n<li>Kalender 2027 p\u00e5 \u00e9n DIN\u00a0A4-side, st\u00e5ende<\/li>\n<li>Ren kalender i svart-hvitt<\/li>\n<li>med ukenummer og nasjonale helligdager<\/li>\n<p><\/p>\n<li style=\"list-style-type: none;\"><b>Gratis nedlasting:<\/b><\/li>\n<p><\/p>\n<div class=\"download-flex\">\n  <a href=\"https:\/\/media.colomio.com\/calendar\/2027\/no\/kalender-2027-staendeformat-svart-hvitt.pdf\" rel=\"nofollow\"><img loading=\"lazy\" decoding=\"async\" alt=\"PDF\" src=\"https:\/\/www.colomio.com\/wp-content\/uploads\/2025\/09\/doc1.gif\" width=\"24\" height=\"30\"> PDF<\/a><br \/>\n  <a href=\"https:\/\/media.colomio.com\/calendar\/2027\/no\/kalender-2027-staendeformat-svart-hvitt.xlsx\" rel=\"nofollow\"><img loading=\"lazy\" decoding=\"async\" alt=\"Excel\" src=\"https:\/\/www.colomio.com\/wp-content\/uploads\/2025\/09\/doc2.gif\" width=\"24\" height=\"30\"> Excel<\/a><br \/>\n  <a href=\"https:\/\/media.colomio.com\/calendar\/2027\/no\/kalender-2027-staendeformat-svart-hvitt.png\" rel=\"nofollow\"><img loading=\"lazy\" decoding=\"async\" alt=\"PNG\" src=\"https:\/\/www.colomio.com\/wp-content\/uploads\/2025\/09\/doc3.gif\" width=\"24\" height=\"30\"> PNG<\/a>\n<\/div>\n<\/ul>\n<\/div>\n<\/div>\n<\/div>\n<\/div>\n<p> <!-- *** --><\/p>\n<div class=\"row justify-content-center\">\n<div class=\"col-md-6\">\n<div style=\"text-align: left;\">\n<figure><a class=\"kalender\" href=\"https:\/\/media.colomio.com\/calendar\/2027\/no\/kalender-2027-med-ukenummer-staendeformat.pdf\" rel=\"nofollow\" title=\"Kalender 2027 \u2013 St\u00e5ende\"><img decoding=\"async\" class=\"schatten\" loading=\"lazy\" src=\"https:\/\/media.colomio.com\/calendar\/2027\/no\/kalender-2027-med-ukenummer-staendeformat.png\" alt=\"Kalender 2027 \u2013 St\u00e5ende PDF\" title=\"Kalender 2027 \u2013 St\u00e5ende\"><figcaption class=\"title\" title=\"Kalender 2027 \u2013 St\u00e5ende\">Kalender 2027 \u2013 St\u00e5ende<\/figcaption><\/a><\/figure>\n<\/div>\n<\/div>\n<div class=\"col-md-6\">\n<div id=\"textdown\" style=\"text-align: left;\">\n<div id=\"ib\">\n<ul class=\"paint-row-content\">\n<li>Kalender 2027 i st\u00e5ende format (DIN\u00a0A4-mal)<\/li>\n<li>L\u00f8rdag og s\u00f8ndag fargemarkert<\/li>\n<li>Kan brukes som veggkalender<\/li>\n<li>med ukenummer og nasjonale helligdager<\/li>\n<p><\/p>\n<li style=\"list-style-type: none;\"><b>Gratis nedlasting:<\/b><\/li>\n<p><\/p>\n<div class=\"download-flex\">\n  <a href=\"https:\/\/media.colomio.com\/calendar\/2027\/no\/kalender-2027-med-ukenummer-staendeformat.pdf\" rel=\"nofollow\"><img loading=\"lazy\" decoding=\"async\" alt=\"PDF\" src=\"https:\/\/www.colomio.com\/wp-content\/uploads\/2025\/09\/doc1.gif\" width=\"24\" height=\"30\"> PDF<\/a><br \/>\n  <a href=\"https:\/\/media.colomio.com\/calendar\/2027\/no\/kalender-2027-med-ukenummer-staendeformat.xlsx\" rel=\"nofollow\"><img loading=\"lazy\" decoding=\"async\" alt=\"Excel\" src=\"https:\/\/www.colomio.com\/wp-content\/uploads\/2025\/09\/doc2.gif\" width=\"24\" height=\"30\"> Excel<\/a><br \/>\n  <a href=\"https:\/\/media.colomio.com\/calendar\/2027\/no\/kalender-2027-med-ukenummer-staendeformat.png\" rel=\"nofollow\"><img loading=\"lazy\" decoding=\"async\" alt=\"PNG\" src=\"https:\/\/www.colomio.com\/wp-content\/uploads\/2025\/09\/doc3.gif\" width=\"24\" height=\"30\"> PNG<\/a>\n<\/div>\n<\/ul>\n<\/div>\n<\/div>\n<\/div>\n<\/div>\n<p> <!-- *** --><\/p>\n<h2 id=\"extra-holidays-no-0\">Helligdager i nabolandene 2027<\/h2>\n<p style=\"color:#555;margin-bottom:20px;\">V\u00e5re kalendere brukes ogs\u00e5 i Sverige og Danmark. Her finner du nabolandenes helligdager for din planlegging.<\/p>\n<div class=\"extra-country-box\" id=\"extra-se-0\">\n<div class=\"country-header\" style=\"background:linear-gradient(135deg, #006AA7 50%, #FECC02 50%)\">\ud83c\uddf8\ud83c\uddea Sverige \u2013 Helligdager 2027<\/div>\n<div class=\"country-body\">\n<p>Mange av v\u00e5re bes\u00f8kende kommer fra Sverige. Her finner du <b>13 svenske helligdager<\/b> i 2027.<\/p>\n<table>\n<thead>\n<tr>\n<th>Dato<\/th>\n<th>Dag<\/th>\n<th>Helligdag<\/th>\n<\/tr>\n<\/thead>\n<tbody>\n<tr>\n<td>1. januar<\/td>\n<td>fredag<\/td>\n<td><b>Ny\u00e5rsdagen (Nytt\u00e5r)<\/b><\/td>\n<\/tr>\n<tr>\n<td>6. januar<\/td>\n<td>onsdag<\/td>\n<td><b>Trettondedag jul (Trettendedagen)<\/b><\/td>\n<\/tr>\n<tr>\n<td>26. mars<\/td>\n<td>fredag<\/td>\n<td><b>L\u00e5ngfredagen (Langfredag)<\/b><\/td>\n<\/tr>\n<tr>\n<td>28. mars<\/td>\n<td style=\"color:#c0392b\">s\u00f8ndag<\/td>\n<td><b>P\u00e5skdagen (1. p\u00e5skedag)<\/b><\/td>\n<\/tr>\n<tr>\n<td>29. mars<\/td>\n<td>mandag<\/td>\n<td><b>Annandag p\u00e5sk (2. p\u00e5skedag)<\/b><\/td>\n<\/tr>\n<tr>\n<td>1. mai<\/td>\n<td style=\"color:#c0392b\">l\u00f8rdag<\/td>\n<td><b>F\u00f6rsta maj (Arbeidernes dag)<\/b><\/td>\n<\/tr>\n<tr>\n<td>6. mai<\/td>\n<td>torsdag<\/td>\n<td><b>Kristi himmelsf\u00e4rdsdag<\/b><\/td>\n<\/tr>\n<tr>\n<td>16. mai<\/td>\n<td style=\"color:#c0392b\">s\u00f8ndag<\/td>\n<td><b>Pingstdagen (1. pinsedag)<\/b><\/td>\n<\/tr>\n<tr>\n<td>6. juni<\/td>\n<td style=\"color:#c0392b\">s\u00f8ndag<\/td>\n<td><b>Nationaldagen (l\u00f8rdag!)<\/b><\/td>\n<\/tr>\n<tr>\n<td>26. juni<\/td>\n<td style=\"color:#c0392b\">l\u00f8rdag<\/td>\n<td><b>Midsommardagen (tidligst mulig dato!)<\/b><\/td>\n<\/tr>\n<tr>\n<td>6. november<\/td>\n<td style=\"color:#c0392b\">l\u00f8rdag<\/td>\n<td><b>Alla helgons dag (Allehelgensdag)<\/b><\/td>\n<\/tr>\n<tr>\n<td>25. desember<\/td>\n<td style=\"color:#c0392b\">l\u00f8rdag<\/td>\n<td><b>Juldagen (1. juledag)<\/b><\/td>\n<\/tr>\n<tr>\n<td>26. desember<\/td>\n<td style=\"color:#c0392b\">s\u00f8ndag<\/td>\n<td><b>Annandag jul (2. juledag)<\/b><\/td>\n<\/tr>\n<\/tbody>\n<\/table>\n<p class=\"country-footnote\">Midsommarafton (19. juni), Julafton (24. des) og Ny\u00e5rsafton (31. des) er ikke offisielle helligdager i Sverige, men de facto fridager for de fleste.<\/p>\n<\/div>\n<\/div>\n<div class=\"extra-country-box\" id=\"extra-dk-0\">\n<div class=\"country-header\" style=\"background:linear-gradient(135deg, #C8102E 50%, #fff 50%)\">\ud83c\udde9\ud83c\uddf0 Danmark \u2013 Helligdager 2027<\/div>\n<div class=\"country-body\">\n<p>Mange av v\u00e5re bes\u00f8kende kommer fra Danmark. Her finner du <b>10 danske helligdager<\/b> i 2027.<\/p>\n<table>\n<thead>\n<tr>\n<th>Dato<\/th>\n<th>Dag<\/th>\n<th>Helligdag<\/th>\n<\/tr>\n<\/thead>\n<tbody>\n<tr>\n<td>1. januar<\/td>\n<td>fredag<\/td>\n<td><b>Nyt\u00e5rsdag (Nytt\u00e5r)<\/b><\/td>\n<\/tr>\n<tr>\n<td>25. mars<\/td>\n<td>torsdag<\/td>\n<td><b>Sk\u00e6rtorsdag (Skj\u00e6rtorsdag)<\/b><\/td>\n<\/tr>\n<tr>\n<td>26. mars<\/td>\n<td>fredag<\/td>\n<td><b>Langfredag<\/b><\/td>\n<\/tr>\n<tr>\n<td>28. mars<\/td>\n<td style=\"color:#c0392b\">s\u00f8ndag<\/td>\n<td><b>P\u00e5skedag (1. p\u00e5skedag)<\/b><\/td>\n<\/tr>\n<tr>\n<td>29. mars<\/td>\n<td>mandag<\/td>\n<td><b>2. p\u00e5skedag<\/b><\/td>\n<\/tr>\n<tr>\n<td>6. mai<\/td>\n<td>torsdag<\/td>\n<td><b>Kristi himmelfartsdag<\/b><\/td>\n<\/tr>\n<tr>\n<td>16. mai<\/td>\n<td style=\"color:#c0392b\">s\u00f8ndag<\/td>\n<td><b>Pinsedag (1. pinsedag)<\/b><\/td>\n<\/tr>\n<tr>\n<td>17. mai<\/td>\n<td>mandag<\/td>\n<td><b>2. pinsedag<\/b><\/td>\n<\/tr>\n<tr>\n<td>25. desember<\/td>\n<td style=\"color:#c0392b\">l\u00f8rdag<\/td>\n<td><b>Juledag (1. juledag)<\/b><\/td>\n<\/tr>\n<tr>\n<td>26. desember<\/td>\n<td style=\"color:#c0392b\">s\u00f8ndag<\/td>\n<td><b>2. juledag<\/b><\/td>\n<\/tr>\n<\/tbody>\n<\/table>\n<p class=\"country-footnote\">Grundlovsdag (5. juni) er ikke offisiell helligdag i Danmark, men banker er stengt og mange har fri. Juleaften (24. des) og Nyt\u00e5rsaften (31. des) er heller ikke helligdager, men butikker skal stenge.<\/p>\n<\/div>\n<\/div>\n","protected":false},"excerpt":{"rendered":"<p>V\u00e5r kalender 2027 gir deg full oversikt over \u00e5ret med alle norske helligdager tydelig markert. 2027 er et spesielt \u00e5r fordi Grunnlovsdagen (17.\u00a0mai) og 2.\u00a0pinsedag faller p\u00e5 samme dag! \u00c5ret begynner p\u00e5 en fredag 1.\u00a0januar. Last ned gratis i PDF, Excel\u00a0(XLS) og PNG \u2013 b\u00e5de i liggende og st\u00e5ende format. Kalender 2027 i forskjellige formater &#8230; <a title=\"\u00c5rskalender 2027 Norge \u2013 Gratis PDF med Alle Helligdager\" class=\"read-more\" href=\"https:\/\/www.colomio.com\/no\/kalender-2027\" aria-label=\"Read more about \u00c5rskalender 2027 Norge \u2013 Gratis PDF med Alle Helligdager\">Les mer<\/a><\/p>\n","protected":false},"author":1,"featured_media":0,"parent":0,"menu_order":0,"comment_status":"closed","ping_status":"closed","template":"","meta":{"_yoast_wpseo_title":"\u00c5rskalender 2027 Norge \u2013 Gratis PDF & Excel Nedlasting","_yoast_wpseo_metadesc":"Planlegg 2027 med v\u00e5r gratis \u00e5rskalender \u2013 alle norske helligdager inkludert. Last ned som PDF, Excel og PNG i liggende og st\u00e5ende format.","_yoast_wpseo_bctitle":"Kalender 2027","_colomio_max_video_preview":"","_colomio_max_image_preview":"","_colomio_max_snippet":"","_custom_article_jsonld":"","_custom_howto_jsonld":"","_custom_schema_jsonld":"","category-page":true,"footnotes":""},"class_list":["post-109765","page","type-page","status-publish"],"yoast_head":"<!-- This site is optimized with the Yoast SEO plugin v27.2 - https:\/\/yoast.com\/product\/yoast-seo-wordpress\/ -->\n<title>\u00c5rskalender 2027 Norge \u2013 Gratis PDF &amp; Excel Nedlasting<\/title>\n<meta name=\"description\" content=\"Planlegg 2027 med v\u00e5r gratis \u00e5rskalender \u2013 alle norske helligdager inkludert. Last ned som PDF, Excel og PNG i liggende og st\u00e5ende format.\" \/>\n<meta name=\"robots\" content=\"index, follow, max-snippet:-1, max-image-preview:large, max-video-preview:-1\" \/>\n<link rel=\"canonical\" href=\"https:\/\/www.colomio.com\/no\/kalender-2027\" \/>\n<meta property=\"og:locale\" content=\"nb_NO\" \/>\n<meta property=\"og:type\" content=\"article\" \/>\n<meta property=\"og:title\" content=\"\u00c5rskalender 2027 Norge \u2013 Gratis PDF &amp; Excel Nedlasting\" \/>\n<meta property=\"og:description\" content=\"Planlegg 2027 med v\u00e5r gratis \u00e5rskalender \u2013 alle norske helligdager inkludert. Last ned som PDF, Excel og PNG i liggende og st\u00e5ende format.\" \/>\n<meta property=\"og:url\" content=\"https:\/\/www.colomio.com\/no\/kalender-2027\" \/>\n<meta property=\"og:site_name\" content=\"www.colomio.com\" \/>\n<meta property=\"article:modified_time\" content=\"2026-04-21T14:52:44+00:00\" \/>\n<meta property=\"og:image\" content=\"https:\/\/media.colomio.com\/calendar\/2027\/no\/arskalender-2027-liggende.png\" \/>\n<meta name=\"twitter:card\" content=\"summary_large_image\" \/>\n<meta name=\"twitter:label1\" content=\"Ansl. lesetid\" \/>\n\t<meta name=\"twitter:data1\" content=\"10 minutter\" \/>\n<script type=\"application\/ld+json\" class=\"yoast-schema-graph\">{\"@context\":\"https:\/\/schema.org\",\"@graph\":[{\"@type\":\"WebPage\",\"@id\":\"https:\/\/www.colomio.com\/no\/kalender-2027\",\"url\":\"https:\/\/www.colomio.com\/no\/kalender-2027\",\"name\":\"\u00c5rskalender 2027 Norge \u2013 Gratis PDF & Excel Nedlasting\",\"isPartOf\":{\"@id\":\"https:\/\/www.colomio.com\/no#website\"},\"primaryImageOfPage\":{\"@id\":\"https:\/\/www.colomio.com\/no\/kalender-2027#primaryimage\"},\"image\":{\"@id\":\"https:\/\/www.colomio.com\/no\/kalender-2027#primaryimage\"},\"thumbnailUrl\":\"https:\/\/media.colomio.com\/calendar\/2027\/no\/arskalender-2027-liggende.png\",\"datePublished\":\"2026-03-16T11:39:26+00:00\",\"dateModified\":\"2026-04-21T14:52:44+00:00\",\"description\":\"Planlegg 2027 med v\u00e5r gratis \u00e5rskalender \u2013 alle norske helligdager inkludert. Last ned som PDF, Excel og PNG i liggende og st\u00e5ende format.\",\"breadcrumb\":{\"@id\":\"https:\/\/www.colomio.com\/no\/kalender-2027#breadcrumb\"},\"inLanguage\":\"nb-NO\",\"potentialAction\":[{\"@type\":\"ReadAction\",\"target\":[\"https:\/\/www.colomio.com\/no\/kalender-2027\"]}]},{\"@type\":\"ImageObject\",\"inLanguage\":\"nb-NO\",\"@id\":\"https:\/\/www.colomio.com\/no\/kalender-2027#primaryimage\",\"url\":\"https:\/\/media.colomio.com\/calendar\/2027\/no\/arskalender-2027-liggende.png\",\"contentUrl\":\"https:\/\/media.colomio.com\/calendar\/2027\/no\/arskalender-2027-liggende.png\"},{\"@type\":\"BreadcrumbList\",\"@id\":\"https:\/\/www.colomio.com\/no\/kalender-2027#breadcrumb\",\"itemListElement\":[{\"@type\":\"ListItem\",\"position\":1,\"name\":\"Home\",\"item\":\"https:\/\/www.colomio.com\/no\"},{\"@type\":\"ListItem\",\"position\":2,\"name\":\"Kalender 2027\"}]},{\"@type\":\"WebSite\",\"@id\":\"https:\/\/www.colomio.com\/no#website\",\"url\":\"https:\/\/www.colomio.com\/no\",\"name\":\"www.colomio.com\",\"description\":\"\",\"publisher\":{\"@id\":\"https:\/\/www.colomio.com\/no#organization\"},\"potentialAction\":[{\"@type\":\"SearchAction\",\"target\":{\"@type\":\"EntryPoint\",\"urlTemplate\":\"https:\/\/www.colomio.com\/no?s={search_term_string}\"},\"query-input\":{\"@type\":\"PropertyValueSpecification\",\"valueRequired\":true,\"valueName\":\"search_term_string\"}}],\"inLanguage\":\"nb-NO\"},{\"@type\":\"Organization\",\"@id\":\"https:\/\/www.colomio.com\/no#organization\",\"name\":\"colomio\",\"url\":\"https:\/\/www.colomio.com\/no\",\"logo\":{\"@type\":\"ImageObject\",\"inLanguage\":\"nb-NO\",\"@id\":\"https:\/\/www.colomio.com\/no#\/schema\/logo\/image\/\",\"url\":\"https:\/\/www.colomio.com\/wp-content\/uploads\/2025\/02\/cropped-colomio-logo.png?wsr\",\"contentUrl\":\"https:\/\/www.colomio.com\/wp-content\/uploads\/2025\/02\/cropped-colomio-logo.png?wsr\",\"width\":373,\"height\":98,\"caption\":\"www.colomio.com\"},\"image\":{\"@id\":\"https:\/\/www.colomio.com\/no#\/schema\/logo\/image\/\"},\"sameAs\":[\"https:\/\/www.instagram.com\/colomio.team\/\",\"https:\/\/de.pinterest.com\/happycolorz_colomio\/\",\"https:\/\/www.pinterest.com\/happycolorz_colomio\/\",\"https:\/\/www.muminthemadhouse.com\/custom-ai-colouring-pages-for-kids\/\",\"https:\/\/slummysinglemummy.com\/2026\/03\/05\/rainy-afternoons-just-got-a-lot-more-creative-discovering-colomio\/\",\"https:\/\/www.amazon.com\/Horses-Coloring-Book-pages-reprint\/dp\/1707878994\",\"https:\/\/www.prnewswire.com\/news-releases\/colomiocom-launches-a-free-customizable-coloring-book-for-home-printing-301162753.html\",\"https:\/\/www.linkedin.com\/in\/mathias-ziegler-b6068568\/\"],\"alternateName\":\"colomio.com\",\"foundingDate\":\"2019\",\"description\":\"Free printable coloring pages, step-by-step drawing tutorials, and creative crafts for kids \u2013 created by parents, tested by children.\",\"address\":{\"@type\":\"PostalAddress\",\"streetAddress\":\"Zeppelinstr. 73\",\"addressLocality\":\"Munich\",\"postalCode\":\"81669\",\"addressRegion\":\"Bavaria\",\"addressCountry\":\"DE\"},\"parentOrganization\":{\"@type\":\"Organization\",\"name\":\"happycolorz GmbH\",\"url\":\"https:\/\/www.happycolorz.de\"},\"founder\":[{\"@type\":\"Person\",\"@id\":\"https:\/\/www.colomio.com\/no#mathias\/\",\"name\":\"Mathias Ziegler\",\"jobTitle\":\"Founder & Managing Director\",\"url\":\"https:\/\/www.colomio.com\/no\/authors\/colomio-team\"}]}]}<\/script>\n<!-- \/ Yoast SEO plugin. -->","yoast_head_json":{"title":"\u00c5rskalender 2027 Norge \u2013 Gratis PDF & Excel Nedlasting","description":"Planlegg 2027 med v\u00e5r gratis \u00e5rskalender \u2013 alle norske helligdager inkludert. Last ned som PDF, Excel og PNG i liggende og st\u00e5ende format.","robots":{"index":"index","follow":"follow","max-snippet":"max-snippet:-1","max-image-preview":"max-image-preview:large","max-video-preview":"max-video-preview:-1"},"canonical":"https:\/\/www.colomio.com\/no\/kalender-2027","og_locale":"nb_NO","og_type":"article","og_title":"\u00c5rskalender 2027 Norge \u2013 Gratis PDF & Excel Nedlasting","og_description":"Planlegg 2027 med v\u00e5r gratis \u00e5rskalender \u2013 alle norske helligdager inkludert. Last ned som PDF, Excel og PNG i liggende og st\u00e5ende format.","og_url":"https:\/\/www.colomio.com\/no\/kalender-2027","og_site_name":"www.colomio.com","article_modified_time":"2026-04-21T14:52:44+00:00","og_image":[{"url":"https:\/\/media.colomio.com\/calendar\/2027\/no\/arskalender-2027-liggende.png","type":"","width":"","height":""}],"twitter_card":"summary_large_image","twitter_misc":{"Ansl. lesetid":"10 minutter"},"schema":{"@context":"https:\/\/schema.org","@graph":[{"@type":"WebPage","@id":"https:\/\/www.colomio.com\/no\/kalender-2027","url":"https:\/\/www.colomio.com\/no\/kalender-2027","name":"\u00c5rskalender 2027 Norge \u2013 Gratis PDF & Excel Nedlasting","isPartOf":{"@id":"https:\/\/www.colomio.com\/no#website"},"primaryImageOfPage":{"@id":"https:\/\/www.colomio.com\/no\/kalender-2027#primaryimage"},"image":{"@id":"https:\/\/www.colomio.com\/no\/kalender-2027#primaryimage"},"thumbnailUrl":"https:\/\/media.colomio.com\/calendar\/2027\/no\/arskalender-2027-liggende.png","datePublished":"2026-03-16T11:39:26+00:00","dateModified":"2026-04-21T14:52:44+00:00","description":"Planlegg 2027 med v\u00e5r gratis \u00e5rskalender \u2013 alle norske helligdager inkludert. Last ned som PDF, Excel og PNG i liggende og st\u00e5ende format.","breadcrumb":{"@id":"https:\/\/www.colomio.com\/no\/kalender-2027#breadcrumb"},"inLanguage":"nb-NO","potentialAction":[{"@type":"ReadAction","target":["https:\/\/www.colomio.com\/no\/kalender-2027"]}]},{"@type":"ImageObject","inLanguage":"nb-NO","@id":"https:\/\/www.colomio.com\/no\/kalender-2027#primaryimage","url":"https:\/\/media.colomio.com\/calendar\/2027\/no\/arskalender-2027-liggende.png","contentUrl":"https:\/\/media.colomio.com\/calendar\/2027\/no\/arskalender-2027-liggende.png"},{"@type":"BreadcrumbList","@id":"https:\/\/www.colomio.com\/no\/kalender-2027#breadcrumb","itemListElement":[{"@type":"ListItem","position":1,"name":"Home","item":"https:\/\/www.colomio.com\/no"},{"@type":"ListItem","position":2,"name":"Kalender 2027"}]},{"@type":"WebSite","@id":"https:\/\/www.colomio.com\/no#website","url":"https:\/\/www.colomio.com\/no","name":"www.colomio.com","description":"","publisher":{"@id":"https:\/\/www.colomio.com\/no#organization"},"potentialAction":[{"@type":"SearchAction","target":{"@type":"EntryPoint","urlTemplate":"https:\/\/www.colomio.com\/no?s={search_term_string}"},"query-input":{"@type":"PropertyValueSpecification","valueRequired":true,"valueName":"search_term_string"}}],"inLanguage":"nb-NO"},{"@type":"Organization","@id":"https:\/\/www.colomio.com\/no#organization","name":"colomio","url":"https:\/\/www.colomio.com\/no","logo":{"@type":"ImageObject","inLanguage":"nb-NO","@id":"https:\/\/www.colomio.com\/no#\/schema\/logo\/image\/","url":"https:\/\/www.colomio.com\/wp-content\/uploads\/2025\/02\/cropped-colomio-logo.png?wsr","contentUrl":"https:\/\/www.colomio.com\/wp-content\/uploads\/2025\/02\/cropped-colomio-logo.png?wsr","width":373,"height":98,"caption":"www.colomio.com"},"image":{"@id":"https:\/\/www.colomio.com\/no#\/schema\/logo\/image\/"},"sameAs":["https:\/\/www.instagram.com\/colomio.team\/","https:\/\/de.pinterest.com\/happycolorz_colomio\/","https:\/\/www.pinterest.com\/happycolorz_colomio\/","https:\/\/www.muminthemadhouse.com\/custom-ai-colouring-pages-for-kids\/","https:\/\/slummysinglemummy.com\/2026\/03\/05\/rainy-afternoons-just-got-a-lot-more-creative-discovering-colomio\/","https:\/\/www.amazon.com\/Horses-Coloring-Book-pages-reprint\/dp\/1707878994","https:\/\/www.prnewswire.com\/news-releases\/colomiocom-launches-a-free-customizable-coloring-book-for-home-printing-301162753.html","https:\/\/www.linkedin.com\/in\/mathias-ziegler-b6068568\/"],"alternateName":"colomio.com","foundingDate":"2019","description":"Free printable coloring pages, step-by-step drawing tutorials, and creative crafts for kids \u2013 created by parents, tested by children.","address":{"@type":"PostalAddress","streetAddress":"Zeppelinstr. 73","addressLocality":"Munich","postalCode":"81669","addressRegion":"Bavaria","addressCountry":"DE"},"parentOrganization":{"@type":"Organization","name":"happycolorz GmbH","url":"https:\/\/www.happycolorz.de"},"founder":[{"@type":"Person","@id":"https:\/\/www.colomio.com\/no#mathias\/","name":"Mathias Ziegler","jobTitle":"Founder & Managing Director","url":"https:\/\/www.colomio.com\/no\/authors\/colomio-team"}]}]}},"_links":{"self":[{"href":"https:\/\/www.colomio.com\/no\/wp-json\/wp\/v2\/pages\/109765","targetHints":{"allow":["GET"]}}],"collection":[{"href":"https:\/\/www.colomio.com\/no\/wp-json\/wp\/v2\/pages"}],"about":[{"href":"https:\/\/www.colomio.com\/no\/wp-json\/wp\/v2\/types\/page"}],"author":[{"embeddable":true,"href":"https:\/\/www.colomio.com\/no\/wp-json\/wp\/v2\/users\/1"}],"replies":[{"embeddable":true,"href":"https:\/\/www.colomio.com\/no\/wp-json\/wp\/v2\/comments?post=109765"}],"version-history":[{"count":6,"href":"https:\/\/www.colomio.com\/no\/wp-json\/wp\/v2\/pages\/109765\/revisions"}],"predecessor-version":[{"id":141786,"href":"https:\/\/www.colomio.com\/no\/wp-json\/wp\/v2\/pages\/109765\/revisions\/141786"}],"wp:attachment":[{"href":"https:\/\/www.colomio.com\/no\/wp-json\/wp\/v2\/media?parent=109765"}],"curies":[{"name":"wp","href":"https:\/\/api.w.org\/{rel}","templated":true}]}}