{"id":109739,"date":"2026-03-16T11:39:26","date_gmt":"2026-03-16T11:39:26","guid":{"rendered":"https:\/\/www.colomio.com\/?page_id=109739"},"modified":"2026-04-21 14:55:48","modified_gmt":"2026-04-21T14:55:48","slug":"kalendarz-2027","status":"publish","type":"page","link":"https:\/\/www.colomio.com\/pl\/kalendarz-2027","title":{"rendered":"Kalendarz 2027 do Druku \u2013 Darmowy PDF ze \u015awi\u0119tami w Polsce"},"content":{"rendered":"<style class=\"wpcode-css-snippet\">table, td, th {\n    border: none;\n    padding: 0px; \n}<\/p>\n<p>@media (min-width: 768px) {\n    #textdown {\n        margin-top: 100px;\n    }\n}\n@media (min-width: 768px) {\n    .col-md-6 {\n        -webkit-box-flex: 0;\n        flex: 0 0 50%;\n        max-width: 50%;\n    }\n}\n.row {\n    margin-left: -10px;\n    margin-right: -10px;\n}\n.row {\n    display: -webkit-box;\n    display: flex\n;\n    flex-wrap: wrap;\n    margin-right: -15px;\n    margin-left: -15px;\n}\n@media (min-width: 767px) {\n    .row {\n        display: flex\n;\n        flex-wrap: wrap;\n    }\n}\n*, :after, :before {\n    box-sizing: border-box;\n}\nimg {\n    max-width: 100%;\n}\nimg, svg {\n    vertical-align: middle;\n}\nimg {\n    border-style: none;\n}\n*, :after, :before {\n    box-sizing: border-box;\n}\n.schatten {\nborder: 1px solid #c1c1c1;\n    box-shadow: 4px 4px 9px #999;\n    padding: 8px;\n    margin-bottom: 9px;\n}<\/p>\n<p>@media (min-width: 768px){\n.col-md-6 {\n    -webkit-box-flex: 0;\n    flex: 0 0 50%;\n    max-width: 50%;\n\tpadding-left: 15px;\n}\n#textdown {\nmargin-top: 100px !important;}\n}<\/p>\n<p>  @media only screen and (max-width: 500px) {  .buttonmz     { padding: 4px 10px; margin: 3px; }  }   @media only screen and (min-width: 501px) {  .buttonmz     { padding: 8px 15px; margin: 5px; }   }    .buttonmz {  letter-spacing: -.16px; display: block; width: 100%; line-height: 1.4;  white-space: normal;  min-height: 24px; background-color: white; color: blue; border-color: black !important; -moz-user-select: none; -ms-user-select: none; -webkit-user-select: none; user-select: none; -webkit-appearance: none; -moz-appearance: none; appearance: none; display: inline-block; width: auto; text-decoration: none; text-align: center; vertical-align: middle; cursor: pointer; border: 2px solid black !important; border-radius: 2px;  background-color: white; color: black;  white-space: normal; }  .buttonmz:hover { background-color: grey !important; color: white !important; }  <\/style>\n<style id=\"extra-country-holidays-css\">\n.extra-country-box{margin:30px 0;border:1px solid #e0e0e0;border-radius:10px;overflow:hidden;box-shadow:0 2px 8px rgba(0,0,0,.05)}\n.extra-country-box .country-header{padding:12px 18px;color:#fff;font-size:1.1em;font-weight:700;text-shadow:0 1px 2px rgba(0,0,0,.3)}\n.extra-country-box .country-body{padding:16px 18px;background:#fafbfc}\n.extra-country-box .country-body p{margin:0 0 12px;color:#555;font-size:.93em;line-height:1.6}\n.extra-country-box table{width:100%;border-collapse:collapse;font-size:.88em;margin:10px 0}\n.extra-country-box th{background:#f0f0f0;padding:8px 12px;text-align:left;font-size:.9em;color:#444}\n.extra-country-box td{padding:8px 12px;border-bottom:1px solid #eee}\n.extra-country-box tbody tr:last-child td{border-bottom:none}\n.extra-country-box tbody tr:nth-child(even){background:#f5f7fa}\n.extra-country-box .country-footnote{font-size:.82em;color:#888;font-style:italic;margin:8px 0 0;padding-top:8px;border-top:1px solid #eee}\n.extra-country-box .country-note{background:#fff8e1;border-left:3px solid #ffc107;padding:10px 14px;border-radius:4px;margin:12px 0;font-size:.88em;color:#6d5e00}\n@media(max-width:580px){\n  .extra-country-box .country-header{padding:10px 14px;font-size:1em}\n  .extra-country-box .country-body{padding:12px 14px}\n  .extra-country-box table{font-size:.82em}\n  .extra-country-box th,.extra-country-box td{padding:6px 8px}\n}\n<\/style>\n<style id=\"colomio-mobile-responsive\">\n.table-responsive-wrap { width:100%; overflow-x:auto; -webkit-overflow-scrolling:touch; margin:20px 0 }\n.download-flex { display:flex; flex-wrap:wrap; gap:12px; margin:10px 0 20px }\n.download-flex a { display:flex; align-items:center; gap:8px; background:#f5f5f5; border:1px solid #ddd; border-radius:8px; padding:10px 16px; text-decoration:none; color:#333; font-weight:bold; transition:background .2s,box-shadow .2s; flex:1; min-width:100px; justify-content:center }\n.download-flex a:hover { background:#e8e8e8; box-shadow:0 2px 6px rgba(0,0,0,.1) }\n.download-flex a img { width:24px; height:30px }\n@media(max-width:580px){\n  .table-responsive-wrap table { font-size:.82em }\n  .table-responsive-wrap th,.table-responsive-wrap td { padding:8px 10px }\n}\n@media(max-width:480px){\n  .download-flex { flex-direction:column; gap:8px }\n  .download-flex a { justify-content:flex-start; min-width:unset }\n}\n@media(max-width:600px){\n  .faq-section-col { margin:24px 0!important }\n  .faq-item-col { padding:12px 14px!important; margin-bottom:10px!important }\n  .faq-item-col h3 { font-size:1em!important }\n  .faq-item-col p { font-size:.92em!important }\n  figure img.schatten { max-width:100%!important; height:auto!important }\n  .buttonmz { display:inline-block; margin:3px 2px!important; font-size:.85em }\n  h2 { font-size:1.3em } p,li { font-size:.95em; line-height:1.6 }\n}\n<\/style>\n<p>Nasz <b>kalendarz 2027<\/b> zawiera wszystkie <b>14 polskich \u015bwi\u0105t pa\u0144stwowych<\/b>. Rok 2027 rozpoczyna si\u0119 w pi\u0105tek 1\u00a0stycznia, a Wielkanoc wypada ju\u017c 28\u00a0marca. <b>Pobierz za darmo<\/b> nasz kalendarz roczny w formatach PDF, Excel\u00a0(XLS) i PNG \u2013 dost\u0119pny w wersji <b>poziomej i pionowej<\/b>.<\/p>\n<h2>Kalendarz 2027 w r\u00f3\u017cnych formatach<\/h2>\n<ul>\n<li>Kalendarz roczny 2027 w PDF do druku<\/li>\n<li>Szablony kalendarza w formacie PNG<\/li>\n<li>Kalendarz 2027 Excel do w\u0142asnych modyfikacji<\/li>\n<\/ul>\n<p>Wybierz <strong>kalendarz roczny 2027<\/strong>, kt\u00f3ry najlepiej odpowiada Twoim potrzebom \u2013 od minimalistycznych szablon\u00f3w czarno-bia\u0142ych po kolorowe kalendarze.<\/p>\n<p> <\/p>\n<p id=\"wybor\"><big>Oferujemy kilka darmowych wersji kalendarzy. Prosz\u0119 wybra\u0107 format:<\/big><\/p>\n<p> <a class=\"buttonmz\" href=\"#poziomy\" title=\"Kalendarz 2027 Poziomy\"><b><big>Poziomy<\/big><\/b><\/a> <a class=\"buttonmz\" href=\"#pionowy\" title=\"Kalendarz 2027 Pionowy\"><b><big>Pionowy<\/big><\/b><\/a> <\/p>\n<style>\n  #national-holidays-pl-2027 { width:100%; border-collapse:collapse; padding: 15px; margin:20px 0; font-family:sans-serif; box-shadow:0 0 20px rgba(0,0,0,.12); border-radius:8px; overflow:hidden }\n  #national-holidays-pl-2027 thead tr { background:#DC143C; color:#fff; text-align:left }\n  #national-holidays-pl-2027 th { padding:12px 16px; font-weight:600 }\n  #national-holidays-pl-2027 td { padding:11px 16px }\n  #national-holidays-pl-2027 tbody tr { border-bottom:1px solid #e8e8e8 }\n  #national-holidays-pl-2027 tbody tr:nth-of-type(even) { background:#fdf0f0 }\n  #national-holidays-pl-2027 tbody tr:last-of-type { border-bottom:3px solid #DC143C }\n  #national-holidays-pl-2027 b { color:#DC143C }\n  @media(max-width:580px) {\n    #national-holidays-pl-2027 { font-size: inherit }\n    #national-holidays-pl-2027 th, #national-holidays-pl-2027 td { padding:8px 10px }\n  }\n<\/style>\n<h2 id=\"national-holidays-pl-2027\">\ud83c\uddf5\ud83c\uddf1 \u015awi\u0119ta 2027 w Polsce<\/h2>\n<p style=\"color:#444;line-height:1.7;margin-bottom:18px;\">Polska ma <b>14 dni ustawowo wolnych od pracy<\/b> w 2027 roku. Wielkanoc przypada wyj\u0105tkowo wcze\u015bnie \u2013 28\u00a0marca. Od 2025 roku Wigilia (24\u00a0grudnia) jest \u015bwi\u0119tem pa\u0144stwowym.<\/p>\n<div class=\"table-responsive-wrap\">\n<table id=\"national-holidays-pl-2027\">\n<thead>\n<tr>\n<th>Data<\/th>\n<th>Dzie\u0144<\/th>\n<th>\u015awi\u0119to<\/th>\n<\/tr>\n<\/thead>\n<tbody>\n<tr>\n<td>1 stycznia<\/td>\n<td>pi\u0105tek<\/td>\n<td><b>Nowy Rok<\/b><\/td>\n<\/tr>\n<tr>\n<td>6 stycznia<\/td>\n<td>\u015broda<\/td>\n<td><b>Trzech Kr\u00f3li<\/b><\/td>\n<\/tr>\n<tr>\n<td>28 marca<\/td>\n<td style=\"color:#c0392b\">niedziela<\/td>\n<td><b>Wielkanoc<\/b><\/td>\n<\/tr>\n<tr>\n<td>29 marca<\/td>\n<td>poniedzia\u0142ek<\/td>\n<td><b>Poniedzia\u0142ek Wielkanocny<\/b><\/td>\n<\/tr>\n<tr>\n<td>1 maja<\/td>\n<td style=\"color:#c0392b\">sobota<\/td>\n<td><b>\u015awi\u0119to Pracy<\/b><\/td>\n<\/tr>\n<tr>\n<td>3 maja<\/td>\n<td>poniedzia\u0142ek<\/td>\n<td><b>\u015awi\u0119to Konstytucji 3 Maja<\/b><\/td>\n<\/tr>\n<tr>\n<td>16 maja<\/td>\n<td style=\"color:#c0392b\">niedziela<\/td>\n<td><b>Zes\u0142anie Ducha \u015awi\u0119tego<\/b><\/td>\n<\/tr>\n<tr>\n<td>27 maja<\/td>\n<td>czwartek<\/td>\n<td><b>Bo\u017ce Cia\u0142o<\/b><\/td>\n<\/tr>\n<tr>\n<td>15 sierpnia<\/td>\n<td style=\"color:#c0392b\">niedziela<\/td>\n<td><b>Wniebowzi\u0119cie NMP<\/b><\/td>\n<\/tr>\n<tr>\n<td>1 listopada<\/td>\n<td>poniedzia\u0142ek<\/td>\n<td><b>Wszystkich \u015awi\u0119tych<\/b><\/td>\n<\/tr>\n<tr>\n<td>11 listopada<\/td>\n<td>czwartek<\/td>\n<td><b>\u015awi\u0119to Niepodleg\u0142o\u015bci<\/b><\/td>\n<\/tr>\n<tr>\n<td>24 grudnia<\/td>\n<td>pi\u0105tek<\/td>\n<td><b>Wigilia<\/b><\/td>\n<\/tr>\n<tr>\n<td>25 grudnia<\/td>\n<td style=\"color:#c0392b\">sobota<\/td>\n<td><b>Bo\u017ce Narodzenie<\/b><\/td>\n<\/tr>\n<tr>\n<td>26 grudnia<\/td>\n<td style=\"color:#c0392b\">niedziela<\/td>\n<td><b>Drugi dzie\u0144 Bo\u017cego Narodzenia<\/b><\/td>\n<\/tr>\n<\/tbody>\n<\/table>\n<\/div>\n<p style=\"font-size:.85em;color:#777;font-style:italic;margin-top:8px;\">15\u00a0sierpnia jest r\u00f3wnie\u017c obchodzony jako \u015awi\u0119to Wojska Polskiego.<\/p>\n<h2 id=\"poziomy\">Kalendarz 2027 w formacie poziomym<\/h2>\n<div class=\"row justify-content-center\">\n<div class=\"col-md-6\">\n<div style=\"text-align: left;\">\n<figure><a class=\"kalender\" href=\"https:\/\/media.colomio.com\/calendar\/2027\/pl\/kalendarz-roczny-2027-format-poziomy.pdf\" rel=\"nofollow\" title=\"Kalendarz 2027 klasyczny\"><img decoding=\"async\" class=\"schatten\" loading=\"lazy\" src=\"https:\/\/media.colomio.com\/calendar\/2027\/pl\/kalendarz-roczny-2027-format-poziomy.png\" alt=\"Kalendarz 2027 klasyczny PDF\" title=\"Kalendarz 2027 klasyczny\"><figcaption class=\"title\" title=\"Kalendarz 2027 klasyczny\">Kalendarz 2027 klasyczny<\/figcaption><\/a><\/figure>\n<\/div>\n<\/div>\n<div class=\"col-md-6\">\n<div id=\"textdown\" style=\"text-align: left;\">\n<div id=\"ib\">\n<ul class=\"paint-row-content\">\n<li>Klasyczny kalendarz 2027 w formacie poziomym (DIN\u00a0A4)<\/li>\n<li>Mo\u017ce s\u0142u\u017cy\u0107 jako kalendarz \u015bcienny<\/li>\n<li>Czysty design czarno-bia\u0142y<\/li>\n<li>z numerami tygodni i \u015bwi\u0119tami pa\u0144stwowymi<\/li>\n<p><\/p>\n<li style=\"list-style-type: none;\"><b>Darmowe pobieranie:<\/b><\/li>\n<p><\/p>\n<div class=\"download-flex\">\n  <a href=\"https:\/\/media.colomio.com\/calendar\/2027\/pl\/kalendarz-roczny-2027-format-poziomy.pdf\" rel=\"nofollow\"><img loading=\"lazy\" decoding=\"async\" alt=\"PDF\" src=\"https:\/\/www.colomio.com\/wp-content\/uploads\/2025\/09\/doc1.gif\" width=\"24\" height=\"30\"> PDF<\/a><br \/>\n  <a href=\"https:\/\/media.colomio.com\/calendar\/2027\/pl\/kalendarz-roczny-2027-format-poziomy.xlsx\" rel=\"nofollow\"><img loading=\"lazy\" decoding=\"async\" alt=\"Excel\" src=\"https:\/\/www.colomio.com\/wp-content\/uploads\/2025\/09\/doc2.gif\" width=\"24\" height=\"30\"> Excel<\/a><br \/>\n  <a href=\"https:\/\/media.colomio.com\/calendar\/2027\/pl\/kalendarz-roczny-2027-format-poziomy.png\" rel=\"nofollow\"><img loading=\"lazy\" decoding=\"async\" alt=\"PNG\" src=\"https:\/\/www.colomio.com\/wp-content\/uploads\/2025\/09\/doc3.gif\" width=\"24\" height=\"30\"> PNG<\/a>\n<\/div>\n<\/ul>\n<\/div>\n<\/div>\n<\/div>\n<\/div>\n<script async src=\"https:\/\/pagead2.googlesyndication.com\/pagead\/js\/adsbygoogle.js?client=ca-pub-6550436067840591\"\r\n     crossorigin=\"anonymous\"><\/script>\r\n<!-- flagge -->\r\n<ins class=\"adsbygoogle\"\r\n     style=\"display:block\"\r\n     data-ad-client=\"ca-pub-6550436067840591\"\r\n     data-ad-slot=\"3909965393\"\r\n     data-ad-format=\"auto\"\r\n     data-full-width-responsive=\"true\"><\/ins>\r\n<script>\r\n     (adsbygoogle = window.adsbygoogle || []).push({});\r\n<\/script>\n<p>Sprawd\u017a tak\u017ce nasze <b>kalendarze miesi\u0119czne 2027<\/b>. Wszystkie informacje podane bez gwarancji.<\/p>\n<p><\/p>\n<style>\n  .faq-section-col { margin:40px 0 }\n  .faq-item-col { background:#f9f9f9; border-left:4px solid #1a5276; border-radius:6px; padding:16px 20px; margin-bottom:14px; box-shadow:0 1px 3px rgba(0,0,0,.08) }\n  .faq-item-col:nth-child(even) { border-left-color:#2e86c1 }\n  .faq-item-col h3 { color:#333; margin:0 0 8px; font-size:1.1em }\n  .faq-item-col p { margin:0; color:#555; line-height:1.6 }\n<\/style>\n<h2 id=\"faq-pl-annual-2027\">Najcz\u0119\u015bciej zadawane pytania<\/h2>\n<div class=\"faq-section-col\">\n<div class=\"faq-item-col\">\n<h3>Ile \u015bwi\u0105t pa\u0144stwowych jest w Polsce w 2027?<\/h3>\n<p>W 2027 roku Polska ma <b>14 dni ustawowo wolnych od pracy<\/b>, w\u0142\u0105cznie z Wigili\u0105, kt\u00f3ra jest \u015bwi\u0119tem od 2025\u00a0roku.<\/p>\n<\/div>\n<div class=\"faq-item-col\">\n<h3>W jaki dzie\u0144 zaczyna si\u0119 rok 2027?<\/h3>\n<p>Rok 2027 zaczyna si\u0119 w <b>pi\u0105tek 1\u00a0stycznia<\/b>. Nowy Rok przypada wi\u0119c na koniec tygodnia roboczego.<\/p>\n<\/div>\n<div class=\"faq-item-col\">\n<h3>W jakich formatach mog\u0119 pobra\u0107 kalendarz?<\/h3>\n<p>Kalendarz dost\u0119pny jest w <b>trzech formatach<\/b>: PDF, Excel\u00a0(XLS) i PNG. Ka\u017cdy format w wersji poziomej i pionowej.<\/p>\n<\/div>\n<div class=\"faq-item-col\">\n<h3>Czy kalendarz jest darmowy?<\/h3>\n<p>Tak, nasz <b>kalendarz 2027 jest ca\u0142kowicie darmowy<\/b>. Mo\u017cna go pobra\u0107 bez rejestracji i ukrytych koszt\u00f3w.<\/p>\n<\/div>\n<div class=\"faq-item-col\">\n<h3>Kiedy jest Wielkanoc w 2027?<\/h3>\n<p><b>Niedziela Wielkanocna wypada 28\u00a0marca 2027<\/b>. To wyj\u0105tkowo wczesna Wielkanoc \u2013 Poniedzia\u0142ek Wielkanocny to 29\u00a0marca.<\/p>\n<\/div>\n<\/div>\n<p><script type=\"application\/ld+json\">\n{\n  \"@context\": \"https:\/\/schema.org\",\n  \"@type\": \"FAQPage\",\n  \"mainEntity\": [\n    {\n      \"@type\": \"Question\",\n      \"name\": \"Ile \u015bwi\u0105t pa\u0144stwowych jest w Polsce w 2027?\",\n      \"acceptedAnswer\": {\n        \"@type\": \"Answer\",\n        \"text\": \"W 2027 roku Polska ma 14 dni ustawowo wolnych od pracy, w\u0142\u0105cznie z Wigili\u0105, kt\u00f3ra jest \u015bwi\u0119tem od 2025\u00a0roku.\"\n      }\n    },\n    {\n      \"@type\": \"Question\",\n      \"name\": \"W jaki dzie\u0144 zaczyna si\u0119 rok 2027?\",\n      \"acceptedAnswer\": {\n        \"@type\": \"Answer\",\n        \"text\": \"Rok 2027 zaczyna si\u0119 w pi\u0105tek 1\u00a0stycznia. Nowy Rok przypada wi\u0119c na koniec tygodnia roboczego.\"\n      }\n    },\n    {\n      \"@type\": \"Question\",\n      \"name\": \"W jakich formatach mog\u0119 pobra\u0107 kalendarz?\",\n      \"acceptedAnswer\": {\n        \"@type\": \"Answer\",\n        \"text\": \"Kalendarz dost\u0119pny jest w trzech formatach: PDF, Excel\u00a0(XLS) i PNG. Ka\u017cdy format w wersji poziomej i pionowej.\"\n      }\n    },\n    {\n      \"@type\": \"Question\",\n      \"name\": \"Czy kalendarz jest darmowy?\",\n      \"acceptedAnswer\": {\n        \"@type\": \"Answer\",\n        \"text\": \"Tak, nasz kalendarz 2027 jest ca\u0142kowicie darmowy. Mo\u017cna go pobra\u0107 bez rejestracji i ukrytych koszt\u00f3w.\"\n      }\n    },\n    {\n      \"@type\": \"Question\",\n      \"name\": \"Kiedy jest Wielkanoc w 2027?\",\n      \"acceptedAnswer\": {\n        \"@type\": \"Answer\",\n        \"text\": \"Niedziela Wielkanocna wypada 28\u00a0marca 2027. To wyj\u0105tkowo wczesna Wielkanoc \u2013 Poniedzia\u0142ek Wielkanocny to 29\u00a0marca.\"\n      }\n    }\n  ]\n}\n<\/script><\/p>\n<p><script async src=\"https:\/\/pagead2.googlesyndication.com\/pagead\/js\/adsbygoogle.js?client=ca-pub-6550436067840591\"\n     crossorigin=\"anonymous\"><\/script><br \/>\n<!-- flagge --><br \/>\n<ins class=\"adsbygoogle\"\n     style=\"display:block\"\n     data-ad-client=\"ca-pub-6550436067840591\"\n     data-ad-slot=\"3909965393\"\n     data-ad-format=\"auto\"\n     data-full-width-responsive=\"true\"><\/ins><br \/>\n<script>\n     (adsbygoogle = window.adsbygoogle || []).push({});\n<\/script> <!-- Feiertage start --> <\/p>\n<h3>Kalendarz roczny ze \u015bwi\u0119tami 2027 \u2013 szybki przegl\u0105d<\/h3>\n<p> <!-- Feiertage ende --> <!-- *** --><\/p>\n<div class=\"row justify-content-center\">\n<div class=\"col-md-6\">\n<div style=\"text-align: left;\">\n<figure><a class=\"kalender\" href=\"https:\/\/media.colomio.com\/calendar\/2027\/pl\/kalendarz-roczny-2027-kolorowy.pdf\" rel=\"nofollow\" title=\"Kalendarz 2027 poziomy\"><img decoding=\"async\" class=\"schatten\" loading=\"lazy\" src=\"https:\/\/media.colomio.com\/calendar\/2027\/pl\/kalendarz-roczny-2027-kolorowy.png\" alt=\"Kalendarz 2027 poziomy PDF\" title=\"Kalendarz 2027 poziomy\"><figcaption class=\"title\" title=\"Kalendarz 2027 poziomy\">Kalendarz 2027 poziomy<\/figcaption><\/a><\/figure>\n<\/div>\n<\/div>\n<div class=\"col-md-6\">\n<div id=\"textdown\" style=\"text-align: left;\">\n<div id=\"ib\">\n<ul class=\"paint-row-content\">\n<li>Kalendarz 2027 jako szablon w formacie poziomym (DIN\u00a0A4)<\/li>\n<li>Miesi\u0105ce obok siebie w siatce 3\u00d74 z kolorowymi nag\u0142\u00f3wkami<\/li>\n<li>Nadaje si\u0119 jako kalendarz \u015bcienny<\/li>\n<li>z numerami tygodni i \u015bwi\u0119tami pa\u0144stwowymi<\/li>\n<p><\/p>\n<li style=\"list-style-type: none;\"><b>Darmowe pobieranie:<\/b><\/li>\n<p><\/p>\n<div class=\"download-flex\">\n  <a href=\"https:\/\/media.colomio.com\/calendar\/2027\/pl\/kalendarz-roczny-2027-kolorowy.pdf\" rel=\"nofollow\"><img loading=\"lazy\" decoding=\"async\" alt=\"PDF\" src=\"https:\/\/www.colomio.com\/wp-content\/uploads\/2025\/09\/doc1.gif\" width=\"24\" height=\"30\"> PDF<\/a><br \/>\n  <a href=\"https:\/\/media.colomio.com\/calendar\/2027\/pl\/kalendarz-roczny-2027-kolorowy.xlsx\" rel=\"nofollow\"><img loading=\"lazy\" decoding=\"async\" alt=\"Excel\" src=\"https:\/\/www.colomio.com\/wp-content\/uploads\/2025\/09\/doc2.gif\" width=\"24\" height=\"30\"> Excel<\/a><br \/>\n  <a href=\"https:\/\/media.colomio.com\/calendar\/2027\/pl\/kalendarz-roczny-2027-kolorowy.png\" rel=\"nofollow\"><img loading=\"lazy\" decoding=\"async\" alt=\"PNG\" src=\"https:\/\/www.colomio.com\/wp-content\/uploads\/2025\/09\/doc3.gif\" width=\"24\" height=\"30\"> PNG<\/a>\n<\/div>\n<\/ul>\n<\/div>\n<\/div>\n<\/div>\n<\/div>\n<p> <!-- *** --><\/p>\n<div class=\"row justify-content-center\">\n<div class=\"col-md-6\">\n<div style=\"text-align: left;\">\n<figure><a class=\"kalender\" href=\"https:\/\/media.colomio.com\/calendar\/2027\/pl\/bezplatny-kalendarz-roczny-2027-kolorowy-poziomy.pdf\" rel=\"nofollow\" title=\"Kalendarz 2027\"><img decoding=\"async\" class=\"schatten\" loading=\"lazy\" src=\"https:\/\/media.colomio.com\/calendar\/2027\/pl\/bezplatny-kalendarz-roczny-2027-kolorowy-poziomy.png\" alt=\"Kalendarz 2027 PDF\" title=\"Kalendarz 2027\"><figcaption class=\"title\" title=\"Kalendarz 2027\">Kalendarz 2027<\/figcaption><\/a><\/figure>\n<\/div>\n<\/div>\n<div class=\"col-md-6\">\n<div id=\"textdown\" style=\"text-align: left;\">\n<div id=\"ib\">\n<ul class=\"paint-row-content\">\n<li>Kalendarz roczny 2027 na jednej stronie DIN\u00a0A4, poziomy<\/li>\n<li>Miesi\u0105ce u\u0142o\u017cone w kolumnach<\/li>\n<li>z numerami tygodni i \u015bwi\u0119tami pa\u0144stwowymi<\/li>\n<p><\/p>\n<li style=\"list-style-type: none;\"><b>Darmowe pobieranie:<\/b><\/li>\n<p><\/p>\n<div class=\"download-flex\">\n  <a href=\"https:\/\/media.colomio.com\/calendar\/2027\/pl\/bezplatny-kalendarz-roczny-2027-kolorowy-poziomy.pdf\" rel=\"nofollow\"><img loading=\"lazy\" decoding=\"async\" alt=\"PDF\" src=\"https:\/\/www.colomio.com\/wp-content\/uploads\/2025\/09\/doc1.gif\" width=\"24\" height=\"30\"> PDF<\/a><br \/>\n  <a href=\"https:\/\/media.colomio.com\/calendar\/2027\/pl\/bezplatny-kalendarz-roczny-2027-kolorowy-poziomy.xlsx\" rel=\"nofollow\"><img loading=\"lazy\" decoding=\"async\" alt=\"Excel\" src=\"https:\/\/www.colomio.com\/wp-content\/uploads\/2025\/09\/doc2.gif\" width=\"24\" height=\"30\"> Excel<\/a><br \/>\n  <a href=\"https:\/\/media.colomio.com\/calendar\/2027\/pl\/bezplatny-kalendarz-roczny-2027-kolorowy-poziomy.png\" rel=\"nofollow\"><img loading=\"lazy\" decoding=\"async\" alt=\"PNG\" src=\"https:\/\/www.colomio.com\/wp-content\/uploads\/2025\/09\/doc3.gif\" width=\"24\" height=\"30\"> PNG<\/a>\n<\/div>\n<\/ul>\n<\/div>\n<\/div>\n<\/div>\n<\/div>\n<h3>Jeden kalendarz \u2013 wiele mo\u017cliwo\u015bci<\/h3>\n<p>Wydrukowanie kalendarza na rok 2027 ma wiele zastosowa\u0144. Plan roczny daje rodzinie szybki przegl\u0105d \u015bwi\u0105t, urlop\u00f3w i urodzin. Wielu u\u017cywa go jako planera wakacyjnego, oznaczaj\u0105c wolne dni kolorem. S\u0142u\u017cy te\u017c jako kalendarz pracy z widocznymi godzinami s\u0142u\u017cby. Dla dzieci jest praktycznym kalendarzem szkolnym. Powieszony w salonie lub korytarzu informuje ca\u0142\u0105 rodzin\u0119 o wa\u017cnych terminach. Wielu preferuje r\u00f3wnie\u017c kalendarz 2027 z numerami tygodni, daj\u0105cy przegl\u0105d 52\u00a0tygodni roku.<\/p>\n<p> <!-- *** --><\/p>\n<div class=\"row justify-content-center\">\n<div class=\"col-md-6\">\n<div style=\"text-align: left;\">\n<figure><a class=\"kalender\" href=\"https:\/\/media.colomio.com\/calendar\/2027\/pl\/bezplatny-kalendarz-2027-z-numerami-tygodni.pdf\" rel=\"nofollow\" title=\"Kalendarz 2027\"><img decoding=\"async\" class=\"schatten\" loading=\"lazy\" src=\"https:\/\/media.colomio.com\/calendar\/2027\/pl\/bezplatny-kalendarz-2027-z-numerami-tygodni.png\" alt=\"Kalendarz 2027 PDF\" title=\"Kalendarz 2027\"><figcaption class=\"title\" title=\"Kalendarz 2027\">Kalendarz 2027<\/figcaption><\/a><\/figure>\n<\/div>\n<\/div>\n<div class=\"col-md-6\">\n<div id=\"textdown\" style=\"text-align: left;\">\n<div id=\"ib\">\n<ul class=\"paint-row-content\">\n<li>Kalendarz 2027 w formacie poziomym na jednej stronie (DIN\u00a0A4)<\/li>\n<li>Dni u\u0142o\u017cone jeden pod drugim<\/li>\n<li>z numerami tygodni i \u015bwi\u0119tami pa\u0144stwowymi<\/li>\n<p><\/p>\n<li style=\"list-style-type: none;\"><b>Darmowe pobieranie:<\/b><\/li>\n<p><\/p>\n<div class=\"download-flex\">\n  <a href=\"https:\/\/media.colomio.com\/calendar\/2027\/pl\/bezplatny-kalendarz-2027-z-numerami-tygodni.pdf\" rel=\"nofollow\"><img loading=\"lazy\" decoding=\"async\" alt=\"PDF\" src=\"https:\/\/www.colomio.com\/wp-content\/uploads\/2025\/09\/doc1.gif\" width=\"24\" height=\"30\"> PDF<\/a><br \/>\n  <a href=\"https:\/\/media.colomio.com\/calendar\/2027\/pl\/bezplatny-kalendarz-2027-z-numerami-tygodni.xlsx\" rel=\"nofollow\"><img loading=\"lazy\" decoding=\"async\" alt=\"Excel\" src=\"https:\/\/www.colomio.com\/wp-content\/uploads\/2025\/09\/doc2.gif\" width=\"24\" height=\"30\"> Excel<\/a><br \/>\n  <a href=\"https:\/\/media.colomio.com\/calendar\/2027\/pl\/bezplatny-kalendarz-2027-z-numerami-tygodni.png\" rel=\"nofollow\"><img loading=\"lazy\" decoding=\"async\" alt=\"PNG\" src=\"https:\/\/www.colomio.com\/wp-content\/uploads\/2025\/09\/doc3.gif\" width=\"24\" height=\"30\"> PNG<\/a>\n<\/div>\n<\/ul>\n<\/div>\n<\/div>\n<\/div>\n<\/div>\n<p> <!-- *** --><\/p>\n<h2 id=\"pionowy\">Kalendarz 2027 w formacie pionowym<\/h2>\n<p>Nasze kalendarze w formacie pionowym oferuj\u0105 du\u017co miejsca na notatki. Szablon Excel na dwie strony z miesi\u0105cami od stycznia do czerwca na pierwszej stronie i od lipca do grudnia na drugiej jest szczeg\u00f3lnie praktyczny. Soboty, niedziele i \u015bwi\u0119ta s\u0105 wyra\u017anie zaznaczone kolorem. Pobierz i wydrukuj kalendarz 2027 jako PDF, Excel lub PNG.<\/p>\n<div class=\"row justify-content-center\">\n<div class=\"col-md-6\">\n<div style=\"text-align: left;\">\n<figure><a class=\"kalender\" href=\"https:\/\/media.colomio.com\/calendar\/2027\/pl\/kalendarz-2027-format-pionowy-czarno-bialy.pdf\" rel=\"nofollow\" title=\"Kalendarz 2027 \u2013 Pionowy\"><img decoding=\"async\" class=\"schatten\" loading=\"lazy\" src=\"https:\/\/media.colomio.com\/calendar\/2027\/pl\/kalendarz-2027-format-pionowy-czarno-bialy.png\" alt=\"Kalendarz 2027 \u2013 Pionowy PDF\" title=\"Kalendarz 2027 \u2013 Pionowy\"><figcaption class=\"title\" title=\"Kalendarz 2027 \u2013 Pionowy\">Kalendarz 2027 \u2013 Pionowy<\/figcaption><\/a><\/figure>\n<\/div>\n<\/div>\n<div class=\"col-md-6\">\n<div id=\"textdown\" style=\"text-align: left;\">\n<div id=\"ib\">\n<ul class=\"paint-row-content\">\n<li>Kalendarz 2027 na jednej stronie DIN\u00a0A4, pionowy<\/li>\n<li>Czysty design czarno-bia\u0142y<\/li>\n<li>z numerami tygodni i \u015bwi\u0119tami pa\u0144stwowymi<\/li>\n<p><\/p>\n<li style=\"list-style-type: none;\"><b>Darmowe pobieranie:<\/b><\/li>\n<p><\/p>\n<div class=\"download-flex\">\n  <a href=\"https:\/\/media.colomio.com\/calendar\/2027\/pl\/kalendarz-2027-format-pionowy-czarno-bialy.pdf\" rel=\"nofollow\"><img loading=\"lazy\" decoding=\"async\" alt=\"PDF\" src=\"https:\/\/www.colomio.com\/wp-content\/uploads\/2025\/09\/doc1.gif\" width=\"24\" height=\"30\"> PDF<\/a><br \/>\n  <a href=\"https:\/\/media.colomio.com\/calendar\/2027\/pl\/kalendarz-2027-format-pionowy-czarno-bialy.xlsx\" rel=\"nofollow\"><img loading=\"lazy\" decoding=\"async\" alt=\"Excel\" src=\"https:\/\/www.colomio.com\/wp-content\/uploads\/2025\/09\/doc2.gif\" width=\"24\" height=\"30\"> Excel<\/a><br \/>\n  <a href=\"https:\/\/media.colomio.com\/calendar\/2027\/pl\/kalendarz-2027-format-pionowy-czarno-bialy.png\" rel=\"nofollow\"><img loading=\"lazy\" decoding=\"async\" alt=\"PNG\" src=\"https:\/\/www.colomio.com\/wp-content\/uploads\/2025\/09\/doc3.gif\" width=\"24\" height=\"30\"> PNG<\/a>\n<\/div>\n<\/ul>\n<\/div>\n<\/div>\n<\/div>\n<\/div>\n<p> <!-- *** --><\/p>\n<div class=\"row justify-content-center\">\n<div class=\"col-md-6\">\n<div style=\"text-align: left;\">\n<figure><a class=\"kalender\" href=\"https:\/\/media.colomio.com\/calendar\/2027\/pl\/kalendarz-2027-z-numerami-tygodni-format-pionowy.pdf\" rel=\"nofollow\" title=\"Kalendarz 2027 \u2013 Pionowy\"><img decoding=\"async\" class=\"schatten\" loading=\"lazy\" src=\"https:\/\/media.colomio.com\/calendar\/2027\/pl\/kalendarz-2027-z-numerami-tygodni-format-pionowy.png\" alt=\"Kalendarz 2027 \u2013 Pionowy PDF\" title=\"Kalendarz 2027 \u2013 Pionowy\"><figcaption class=\"title\" title=\"Kalendarz 2027 \u2013 Pionowy\">Kalendarz 2027 \u2013 Pionowy<\/figcaption><\/a><\/figure>\n<\/div>\n<\/div>\n<div class=\"col-md-6\">\n<div id=\"textdown\" style=\"text-align: left;\">\n<div id=\"ib\">\n<ul class=\"paint-row-content\">\n<li>Kalendarz 2027 w formacie pionowym (szablon DIN\u00a0A4)<\/li>\n<li>Sobota i niedziela wyr\u00f3\u017cnione kolorem<\/li>\n<li>Nadaje si\u0119 jako kalendarz \u015bcienny<\/li>\n<li>z numerami tygodni i \u015bwi\u0119tami pa\u0144stwowymi<\/li>\n<p><\/p>\n<li style=\"list-style-type: none;\"><b>Darmowe pobieranie:<\/b><\/li>\n<p><\/p>\n<div class=\"download-flex\">\n  <a href=\"https:\/\/media.colomio.com\/calendar\/2027\/pl\/kalendarz-2027-z-numerami-tygodni-format-pionowy.pdf\" rel=\"nofollow\"><img loading=\"lazy\" decoding=\"async\" alt=\"PDF\" src=\"https:\/\/www.colomio.com\/wp-content\/uploads\/2025\/09\/doc1.gif\" width=\"24\" height=\"30\"> PDF<\/a><br \/>\n  <a href=\"https:\/\/media.colomio.com\/calendar\/2027\/pl\/kalendarz-2027-z-numerami-tygodni-format-pionowy.xlsx\" rel=\"nofollow\"><img loading=\"lazy\" decoding=\"async\" alt=\"Excel\" src=\"https:\/\/www.colomio.com\/wp-content\/uploads\/2025\/09\/doc2.gif\" width=\"24\" height=\"30\"> Excel<\/a><br \/>\n  <a href=\"https:\/\/media.colomio.com\/calendar\/2027\/pl\/kalendarz-2027-z-numerami-tygodni-format-pionowy.png\" rel=\"nofollow\"><img loading=\"lazy\" decoding=\"async\" alt=\"PNG\" src=\"https:\/\/www.colomio.com\/wp-content\/uploads\/2025\/09\/doc3.gif\" width=\"24\" height=\"30\"> PNG<\/a>\n<\/div>\n<\/ul>\n<\/div>\n<\/div>\n<\/div>\n<\/div>\n<p> <!-- *** --><\/p>\n<h2 id=\"extra-holidays-pl-0\">\u015awi\u0119ta w krajach s\u0105siednich 2027<\/h2>\n<p style=\"color:#555;margin-bottom:20px;\">Nasze kalendarze s\u0105 u\u017cywane r\u00f3wnie\u017c w krajach s\u0105siednich. Oto dni wolne w wybranych pa\u0144stwach.<\/p>\n<div class=\"extra-country-box\" id=\"wigilia-fix-2027\">\n<div class=\"country-header\" style=\"background:linear-gradient(135deg, #DC143C 50%, #fff 50%)\">\ud83c\uddf5\ud83c\uddf1 Nowy dzie\u0144 wolny od 2025: Wigilia Bo\u017cego Narodzenia<\/div>\n<div class=\"country-body\">\n<p>Od 2025 roku <b>Wigilia Bo\u017cego Narodzenia (24 grudnia)<\/b> jest oficjalnym dniem ustawowo wolnym od pracy w Polsce. Ustawa zosta\u0142a uchwalona 6 grudnia 2024 r. Polska ma teraz <b>14 dni ustawowo wolnych od pracy<\/b> w roku.<\/p>\n<table>\n<thead>\n<tr>\n<th>Data<\/th>\n<th>Dzie\u0144<\/th>\n<th>\u015awi\u0119to<\/th>\n<\/tr>\n<\/thead>\n<tbody>\n<tr>\n<td>24 grudnia<\/td>\n<td>pi\u0105tek<\/td>\n<td><b>Wigilia Bo\u017cego Narodzenia (nowy od 2025 r.)<\/b><\/td>\n<\/tr>\n<\/tbody>\n<\/table>\n<\/div>\n","protected":false},"excerpt":{"rendered":"<p>Nasz kalendarz 2027 zawiera wszystkie 14 polskich \u015bwi\u0105t pa\u0144stwowych. Rok 2027 rozpoczyna si\u0119 w pi\u0105tek 1\u00a0stycznia, a Wielkanoc wypada ju\u017c 28\u00a0marca. Pobierz za darmo nasz kalendarz roczny w formatach PDF, Excel\u00a0(XLS) i PNG \u2013 dost\u0119pny w wersji poziomej i pionowej. Kalendarz 2027 w r\u00f3\u017cnych formatach Kalendarz roczny 2027 w PDF do druku Szablony kalendarza w &#8230; <a title=\"Kalendarz 2027 do Druku \u2013 Darmowy PDF ze \u015awi\u0119tami w Polsce\" class=\"read-more\" href=\"https:\/\/www.colomio.com\/pl\/kalendarz-2027\" aria-label=\"Read more about Kalendarz 2027 do Druku \u2013 Darmowy PDF ze \u015awi\u0119tami w Polsce\">Dowiedz si\u0119 wi\u0119cej<\/a><\/p>\n","protected":false},"author":1,"featured_media":0,"parent":0,"menu_order":0,"comment_status":"closed","ping_status":"closed","template":"","meta":{"_yoast_wpseo_title":"Kalendarz 2027 Polska do Druku | Darmowy PDF ze \u015awi\u0119tami","_yoast_wpseo_metadesc":"Zaplanuj 2027 z naszym darmowym kalendarzem \u2013 14 \u015bwi\u0105t pa\u0144stwowych uwzgl\u0119dnionych. Pobierz PDF, Excel i PNG w formacie poziomym lub pionowym.","_yoast_wpseo_bctitle":"Kalendarz 2027","_colomio_max_video_preview":"","_colomio_max_image_preview":"","_colomio_max_snippet":"","_custom_article_jsonld":"","_custom_howto_jsonld":"","_custom_schema_jsonld":"","category-page":true,"footnotes":""},"class_list":["post-109739","page","type-page","status-publish"],"yoast_head":"<!-- This site is optimized with the Yoast SEO plugin v27.2 - https:\/\/yoast.com\/product\/yoast-seo-wordpress\/ -->\n<title>Kalendarz 2027 Polska do Druku | Darmowy PDF ze \u015awi\u0119tami<\/title>\n<meta name=\"description\" content=\"Zaplanuj 2027 z naszym darmowym kalendarzem \u2013 14 \u015bwi\u0105t pa\u0144stwowych uwzgl\u0119dnionych. Pobierz PDF, Excel i PNG w formacie poziomym lub pionowym.\" \/>\n<meta name=\"robots\" content=\"index, follow, max-snippet:-1, max-image-preview:large, max-video-preview:-1\" \/>\n<link rel=\"canonical\" href=\"https:\/\/www.colomio.com\/pl\/kalendarz-2027\" \/>\n<meta property=\"og:locale\" content=\"pl_PL\" \/>\n<meta property=\"og:type\" content=\"article\" \/>\n<meta property=\"og:title\" content=\"Kalendarz 2027 Polska do Druku | Darmowy PDF ze \u015awi\u0119tami\" \/>\n<meta property=\"og:description\" content=\"Zaplanuj 2027 z naszym darmowym kalendarzem \u2013 14 \u015bwi\u0105t pa\u0144stwowych uwzgl\u0119dnionych. Pobierz PDF, Excel i PNG w formacie poziomym lub pionowym.\" \/>\n<meta property=\"og:url\" content=\"https:\/\/www.colomio.com\/pl\/kalendarz-2027\" \/>\n<meta property=\"og:site_name\" content=\"www.colomio.com\" \/>\n<meta property=\"article:modified_time\" content=\"2026-04-21T14:55:48+00:00\" \/>\n<meta property=\"og:image\" content=\"https:\/\/media.colomio.com\/calendar\/2027\/pl\/kalendarz-roczny-2027-format-poziomy.png\" \/>\n<meta name=\"twitter:card\" content=\"summary_large_image\" \/>\n<meta name=\"twitter:label1\" content=\"Szacowany czas czytania\" \/>\n\t<meta name=\"twitter:data1\" content=\"10 minut\" \/>\n<script type=\"application\/ld+json\" class=\"yoast-schema-graph\">{\"@context\":\"https:\/\/schema.org\",\"@graph\":[{\"@type\":\"WebPage\",\"@id\":\"https:\/\/www.colomio.com\/pl\/kalendarz-2027\",\"url\":\"https:\/\/www.colomio.com\/pl\/kalendarz-2027\",\"name\":\"Kalendarz 2027 Polska do Druku | Darmowy PDF ze \u015awi\u0119tami\",\"isPartOf\":{\"@id\":\"https:\/\/www.colomio.com\/pl#website\"},\"primaryImageOfPage\":{\"@id\":\"https:\/\/www.colomio.com\/pl\/kalendarz-2027#primaryimage\"},\"image\":{\"@id\":\"https:\/\/www.colomio.com\/pl\/kalendarz-2027#primaryimage\"},\"thumbnailUrl\":\"https:\/\/media.colomio.com\/calendar\/2027\/pl\/kalendarz-roczny-2027-format-poziomy.png\",\"datePublished\":\"2026-03-16T11:39:26+00:00\",\"dateModified\":\"2026-04-21T14:55:48+00:00\",\"description\":\"Zaplanuj 2027 z naszym darmowym kalendarzem \u2013 14 \u015bwi\u0105t pa\u0144stwowych uwzgl\u0119dnionych. Pobierz PDF, Excel i PNG w formacie poziomym lub pionowym.\",\"breadcrumb\":{\"@id\":\"https:\/\/www.colomio.com\/pl\/kalendarz-2027#breadcrumb\"},\"inLanguage\":\"pl-PL\",\"potentialAction\":[{\"@type\":\"ReadAction\",\"target\":[\"https:\/\/www.colomio.com\/pl\/kalendarz-2027\"]}]},{\"@type\":\"ImageObject\",\"inLanguage\":\"pl-PL\",\"@id\":\"https:\/\/www.colomio.com\/pl\/kalendarz-2027#primaryimage\",\"url\":\"https:\/\/media.colomio.com\/calendar\/2027\/pl\/kalendarz-roczny-2027-format-poziomy.png\",\"contentUrl\":\"https:\/\/media.colomio.com\/calendar\/2027\/pl\/kalendarz-roczny-2027-format-poziomy.png\"},{\"@type\":\"BreadcrumbList\",\"@id\":\"https:\/\/www.colomio.com\/pl\/kalendarz-2027#breadcrumb\",\"itemListElement\":[{\"@type\":\"ListItem\",\"position\":1,\"name\":\"Home\",\"item\":\"https:\/\/www.colomio.com\/pl\"},{\"@type\":\"ListItem\",\"position\":2,\"name\":\"Kalendarz 2027\"}]},{\"@type\":\"WebSite\",\"@id\":\"https:\/\/www.colomio.com\/pl#website\",\"url\":\"https:\/\/www.colomio.com\/pl\",\"name\":\"www.colomio.com\",\"description\":\"\",\"publisher\":{\"@id\":\"https:\/\/www.colomio.com\/pl#organization\"},\"potentialAction\":[{\"@type\":\"SearchAction\",\"target\":{\"@type\":\"EntryPoint\",\"urlTemplate\":\"https:\/\/www.colomio.com\/pl?s={search_term_string}\"},\"query-input\":{\"@type\":\"PropertyValueSpecification\",\"valueRequired\":true,\"valueName\":\"search_term_string\"}}],\"inLanguage\":\"pl-PL\"},{\"@type\":\"Organization\",\"@id\":\"https:\/\/www.colomio.com\/pl#organization\",\"name\":\"colomio\",\"url\":\"https:\/\/www.colomio.com\/pl\",\"logo\":{\"@type\":\"ImageObject\",\"inLanguage\":\"pl-PL\",\"@id\":\"https:\/\/www.colomio.com\/pl#\/schema\/logo\/image\/\",\"url\":\"https:\/\/www.colomio.com\/wp-content\/uploads\/2025\/02\/cropped-colomio-logo.png?wsr\",\"contentUrl\":\"https:\/\/www.colomio.com\/wp-content\/uploads\/2025\/02\/cropped-colomio-logo.png?wsr\",\"width\":373,\"height\":98,\"caption\":\"www.colomio.com\"},\"image\":{\"@id\":\"https:\/\/www.colomio.com\/pl#\/schema\/logo\/image\/\"},\"sameAs\":[\"https:\/\/www.instagram.com\/colomio.team\/\",\"https:\/\/de.pinterest.com\/happycolorz_colomio\/\",\"https:\/\/www.pinterest.com\/happycolorz_colomio\/\",\"https:\/\/www.muminthemadhouse.com\/custom-ai-colouring-pages-for-kids\/\",\"https:\/\/slummysinglemummy.com\/2026\/03\/05\/rainy-afternoons-just-got-a-lot-more-creative-discovering-colomio\/\",\"https:\/\/www.amazon.com\/Horses-Coloring-Book-pages-reprint\/dp\/1707878994\",\"https:\/\/www.prnewswire.com\/news-releases\/colomiocom-launches-a-free-customizable-coloring-book-for-home-printing-301162753.html\",\"https:\/\/www.linkedin.com\/in\/mathias-ziegler-b6068568\/\"],\"alternateName\":\"colomio.com\",\"foundingDate\":\"2019\",\"description\":\"Free printable coloring pages, step-by-step drawing tutorials, and creative crafts for kids \u2013 created by parents, tested by children.\",\"address\":{\"@type\":\"PostalAddress\",\"streetAddress\":\"Zeppelinstr. 73\",\"addressLocality\":\"Munich\",\"postalCode\":\"81669\",\"addressRegion\":\"Bavaria\",\"addressCountry\":\"DE\"},\"parentOrganization\":{\"@type\":\"Organization\",\"name\":\"happycolorz GmbH\",\"url\":\"https:\/\/www.happycolorz.de\"},\"founder\":[{\"@type\":\"Person\",\"@id\":\"https:\/\/www.colomio.com\/pl#mathias\/\",\"name\":\"Mathias Ziegler\",\"jobTitle\":\"Founder & Managing Director\",\"url\":\"https:\/\/www.colomio.com\/pl\/authors\/colomio-team\"}]}]}<\/script>\n<!-- \/ Yoast SEO plugin. -->","yoast_head_json":{"title":"Kalendarz 2027 Polska do Druku | Darmowy PDF ze \u015awi\u0119tami","description":"Zaplanuj 2027 z naszym darmowym kalendarzem \u2013 14 \u015bwi\u0105t pa\u0144stwowych uwzgl\u0119dnionych. Pobierz PDF, Excel i PNG w formacie poziomym lub pionowym.","robots":{"index":"index","follow":"follow","max-snippet":"max-snippet:-1","max-image-preview":"max-image-preview:large","max-video-preview":"max-video-preview:-1"},"canonical":"https:\/\/www.colomio.com\/pl\/kalendarz-2027","og_locale":"pl_PL","og_type":"article","og_title":"Kalendarz 2027 Polska do Druku | Darmowy PDF ze \u015awi\u0119tami","og_description":"Zaplanuj 2027 z naszym darmowym kalendarzem \u2013 14 \u015bwi\u0105t pa\u0144stwowych uwzgl\u0119dnionych. Pobierz PDF, Excel i PNG w formacie poziomym lub pionowym.","og_url":"https:\/\/www.colomio.com\/pl\/kalendarz-2027","og_site_name":"www.colomio.com","article_modified_time":"2026-04-21T14:55:48+00:00","og_image":[{"url":"https:\/\/media.colomio.com\/calendar\/2027\/pl\/kalendarz-roczny-2027-format-poziomy.png","type":"","width":"","height":""}],"twitter_card":"summary_large_image","twitter_misc":{"Szacowany czas czytania":"10 minut"},"schema":{"@context":"https:\/\/schema.org","@graph":[{"@type":"WebPage","@id":"https:\/\/www.colomio.com\/pl\/kalendarz-2027","url":"https:\/\/www.colomio.com\/pl\/kalendarz-2027","name":"Kalendarz 2027 Polska do Druku | Darmowy PDF ze \u015awi\u0119tami","isPartOf":{"@id":"https:\/\/www.colomio.com\/pl#website"},"primaryImageOfPage":{"@id":"https:\/\/www.colomio.com\/pl\/kalendarz-2027#primaryimage"},"image":{"@id":"https:\/\/www.colomio.com\/pl\/kalendarz-2027#primaryimage"},"thumbnailUrl":"https:\/\/media.colomio.com\/calendar\/2027\/pl\/kalendarz-roczny-2027-format-poziomy.png","datePublished":"2026-03-16T11:39:26+00:00","dateModified":"2026-04-21T14:55:48+00:00","description":"Zaplanuj 2027 z naszym darmowym kalendarzem \u2013 14 \u015bwi\u0105t pa\u0144stwowych uwzgl\u0119dnionych. Pobierz PDF, Excel i PNG w formacie poziomym lub pionowym.","breadcrumb":{"@id":"https:\/\/www.colomio.com\/pl\/kalendarz-2027#breadcrumb"},"inLanguage":"pl-PL","potentialAction":[{"@type":"ReadAction","target":["https:\/\/www.colomio.com\/pl\/kalendarz-2027"]}]},{"@type":"ImageObject","inLanguage":"pl-PL","@id":"https:\/\/www.colomio.com\/pl\/kalendarz-2027#primaryimage","url":"https:\/\/media.colomio.com\/calendar\/2027\/pl\/kalendarz-roczny-2027-format-poziomy.png","contentUrl":"https:\/\/media.colomio.com\/calendar\/2027\/pl\/kalendarz-roczny-2027-format-poziomy.png"},{"@type":"BreadcrumbList","@id":"https:\/\/www.colomio.com\/pl\/kalendarz-2027#breadcrumb","itemListElement":[{"@type":"ListItem","position":1,"name":"Home","item":"https:\/\/www.colomio.com\/pl"},{"@type":"ListItem","position":2,"name":"Kalendarz 2027"}]},{"@type":"WebSite","@id":"https:\/\/www.colomio.com\/pl#website","url":"https:\/\/www.colomio.com\/pl","name":"www.colomio.com","description":"","publisher":{"@id":"https:\/\/www.colomio.com\/pl#organization"},"potentialAction":[{"@type":"SearchAction","target":{"@type":"EntryPoint","urlTemplate":"https:\/\/www.colomio.com\/pl?s={search_term_string}"},"query-input":{"@type":"PropertyValueSpecification","valueRequired":true,"valueName":"search_term_string"}}],"inLanguage":"pl-PL"},{"@type":"Organization","@id":"https:\/\/www.colomio.com\/pl#organization","name":"colomio","url":"https:\/\/www.colomio.com\/pl","logo":{"@type":"ImageObject","inLanguage":"pl-PL","@id":"https:\/\/www.colomio.com\/pl#\/schema\/logo\/image\/","url":"https:\/\/www.colomio.com\/wp-content\/uploads\/2025\/02\/cropped-colomio-logo.png?wsr","contentUrl":"https:\/\/www.colomio.com\/wp-content\/uploads\/2025\/02\/cropped-colomio-logo.png?wsr","width":373,"height":98,"caption":"www.colomio.com"},"image":{"@id":"https:\/\/www.colomio.com\/pl#\/schema\/logo\/image\/"},"sameAs":["https:\/\/www.instagram.com\/colomio.team\/","https:\/\/de.pinterest.com\/happycolorz_colomio\/","https:\/\/www.pinterest.com\/happycolorz_colomio\/","https:\/\/www.muminthemadhouse.com\/custom-ai-colouring-pages-for-kids\/","https:\/\/slummysinglemummy.com\/2026\/03\/05\/rainy-afternoons-just-got-a-lot-more-creative-discovering-colomio\/","https:\/\/www.amazon.com\/Horses-Coloring-Book-pages-reprint\/dp\/1707878994","https:\/\/www.prnewswire.com\/news-releases\/colomiocom-launches-a-free-customizable-coloring-book-for-home-printing-301162753.html","https:\/\/www.linkedin.com\/in\/mathias-ziegler-b6068568\/"],"alternateName":"colomio.com","foundingDate":"2019","description":"Free printable coloring pages, step-by-step drawing tutorials, and creative crafts for kids \u2013 created by parents, tested by children.","address":{"@type":"PostalAddress","streetAddress":"Zeppelinstr. 73","addressLocality":"Munich","postalCode":"81669","addressRegion":"Bavaria","addressCountry":"DE"},"parentOrganization":{"@type":"Organization","name":"happycolorz GmbH","url":"https:\/\/www.happycolorz.de"},"founder":[{"@type":"Person","@id":"https:\/\/www.colomio.com\/pl#mathias\/","name":"Mathias Ziegler","jobTitle":"Founder & Managing Director","url":"https:\/\/www.colomio.com\/pl\/authors\/colomio-team"}]}]}},"_links":{"self":[{"href":"https:\/\/www.colomio.com\/pl\/wp-json\/wp\/v2\/pages\/109739","targetHints":{"allow":["GET"]}}],"collection":[{"href":"https:\/\/www.colomio.com\/pl\/wp-json\/wp\/v2\/pages"}],"about":[{"href":"https:\/\/www.colomio.com\/pl\/wp-json\/wp\/v2\/types\/page"}],"author":[{"embeddable":true,"href":"https:\/\/www.colomio.com\/pl\/wp-json\/wp\/v2\/users\/1"}],"replies":[{"embeddable":true,"href":"https:\/\/www.colomio.com\/pl\/wp-json\/wp\/v2\/comments?post=109739"}],"version-history":[{"count":6,"href":"https:\/\/www.colomio.com\/pl\/wp-json\/wp\/v2\/pages\/109739\/revisions"}],"predecessor-version":[{"id":141780,"href":"https:\/\/www.colomio.com\/pl\/wp-json\/wp\/v2\/pages\/109739\/revisions\/141780"}],"wp:attachment":[{"href":"https:\/\/www.colomio.com\/pl\/wp-json\/wp\/v2\/media?parent=109739"}],"curies":[{"name":"wp","href":"https:\/\/api.w.org\/{rel}","templated":true}]}}