{"id":11305,"date":"2025-08-05T10:04:51","date_gmt":"2025-08-05T10:04:51","guid":{"rendered":"https:\/\/www.colomio.com\/?page_id=11305"},"modified":"2026-04-21 14:56:02","modified_gmt":"2026-04-21T14:56:02","slug":"kalendarz-2026","status":"publish","type":"page","link":"https:\/\/www.colomio.com\/pl\/kalendarz-2026","title":{"rendered":"Kalendarz 2026 Polska &#8211; Darmowy PDF do Pobrania"},"content":{"rendered":"\n<style class=\"wpcode-css-snippet\">table, td, th {\r\n    border: none;\r\n    padding: 0px; \r\n}\r\n\r\n@media (min-width: 768px) {\r\n    #textdown {\r\n        margin-top: 100px;\r\n    }\r\n}\r\n@media (min-width: 768px) {\r\n    .col-md-6 {\r\n        -webkit-box-flex: 0;\r\n        flex: 0 0 50%;\r\n        max-width: 50%;\r\n    }\r\n}\r\n.row {\r\n    margin-left: -10px;\r\n    margin-right: -10px;\r\n}\r\n.row {\r\n    display: -webkit-box;\r\n    display: flex\r\n;\r\n    flex-wrap: wrap;\r\n    margin-right: -15px;\r\n    margin-left: -15px;\r\n}\r\n@media (min-width: 767px) {\r\n    .row {\r\n        display: flex\r\n;\r\n        flex-wrap: wrap;\r\n    }\r\n}\r\n*, :after, :before {\r\n    box-sizing: border-box;\r\n}\r\nimg {\r\n    max-width: 100%;\r\n}\r\nimg, svg {\r\n    vertical-align: middle;\r\n}\r\nimg {\r\n    border-style: none;\r\n}\r\n*, :after, :before {\r\n    box-sizing: border-box;\r\n}\r\n.schatten {\r\nborder: 1px solid #c1c1c1;\r\n    box-shadow: 4px 4px 9px #999;\r\n    padding: 8px;\r\n    margin-bottom: 9px;\r\n}\r\n\r\n@media (min-width: 768px){\r\n.col-md-6 {\r\n    -webkit-box-flex: 0;\r\n    flex: 0 0 50%;\r\n    max-width: 50%;\r\n\tpadding-left: 15px;\r\n}\r\n#textdown {\r\nmargin-top: 100px !important;}\r\n}\r\n\r\n  @media only screen and (max-width: 500px) {  .buttonmz     { padding: 4px 10px; margin: 3px; }  }   @media only screen and (min-width: 501px) {  .buttonmz     { padding: 8px 15px; margin: 5px; }   }    .buttonmz {  letter-spacing: -.16px; display: block; width: 100%; line-height: 1.4;  white-space: normal;  min-height: 24px; background-color: white; color: blue; border-color: black !important; -moz-user-select: none; -ms-user-select: none; -webkit-user-select: none; user-select: none; -webkit-appearance: none; -moz-appearance: none; appearance: none; display: inline-block; width: auto; text-decoration: none; text-align: center; vertical-align: middle; cursor: pointer; border: 2px solid black !important; border-radius: 2px;  background-color: white; color: black;  white-space: normal; }  .buttonmz:hover { background-color: grey !important; color: white !important; }  <\/style>\n<style id=\"extra-country-holidays-css\">\n.extra-country-box{margin:30px 0;border:1px solid #e0e0e0;border-radius:10px;overflow:hidden;box-shadow:0 2px 8px rgba(0,0,0,.05)}\n.extra-country-box .country-header{padding:12px 18px;color:#fff;font-size:1.1em;font-weight:700;text-shadow:0 1px 2px rgba(0,0,0,.3)}\n.extra-country-box .country-body{padding:16px 18px;background:#fafbfc}\n.extra-country-box .country-body p{margin:0 0 12px;color:#555;font-size:.93em;line-height:1.6}\n.extra-country-box table{width:100%;border-collapse:collapse;font-size:.88em;margin:10px 0}\n.extra-country-box th{background:#f0f0f0;padding:8px 12px;text-align:left;font-size:.9em;color:#444}\n.extra-country-box td{padding:8px 12px;border-bottom:1px solid #eee}\n.extra-country-box tbody tr:last-child td{border-bottom:none}\n.extra-country-box tbody tr:nth-child(even){background:#f5f7fa}\n.extra-country-box .country-footnote{font-size:.82em;color:#888;font-style:italic;margin:8px 0 0;padding-top:8px;border-top:1px solid #eee}\n.extra-country-box .country-note{background:#fff8e1;border-left:3px solid #ffc107;padding:10px 14px;border-radius:4px;margin:12px 0;font-size:.88em;color:#6d5e00}\n@media(max-width:580px){\n  .extra-country-box .country-header{padding:10px 14px;font-size:1em}\n  .extra-country-box .country-body{padding:12px 14px}\n  .extra-country-box table{font-size:.82em}\n  .extra-country-box th,.extra-country-box td{padding:6px 8px}\n}\n<\/style>\n\n<style id=\"colomio-mobile-responsive\">\n.table-responsive-wrap { width:100%; overflow-x:auto; -webkit-overflow-scrolling:touch; margin:20px 0 }\n.download-flex { display:flex; flex-wrap:wrap; gap:12px; margin:10px 0 20px }\n.download-flex a { display:flex; align-items:center; gap:8px; background:#f5f5f5; border:1px solid #ddd; border-radius:8px; padding:10px 16px; text-decoration:none; color:#333; font-weight:bold; transition:background .2s,box-shadow .2s; flex:1; min-width:100px; justify-content:center }\n.download-flex a:hover { background:#e8e8e8; box-shadow:0 2px 6px rgba(0,0,0,.1) }\n.download-flex a img { width:24px; height:30px }\n@media(max-width:580px){\n  .table-responsive-wrap table { font-size:.82em }\n  .table-responsive-wrap th,.table-responsive-wrap td { padding:8px 10px }\n}\n@media(max-width:480px){\n  .download-flex { flex-direction:column; gap:8px }\n  .download-flex a { justify-content:flex-start; min-width:unset }\n}\n@media(max-width:600px){\n  .faq-section-col { margin:24px 0!important }\n  .faq-item-col { padding:12px 14px!important; margin-bottom:10px!important }\n  .faq-item-col h3 { font-size:1em!important }\n  .faq-item-col p { font-size:.92em!important }\n  figure img.schatten { max-width:100%!important; height:auto!important }\n  .buttonmz { display:inline-block; margin:3px 2px!important; font-size:.85em }\n  h2 { font-size:1.3em } p,li { font-size:.95em; line-height:1.6 }\n}\n<\/style>\n\n\n<p>Kalendarz 2026 dla Polski zawiera wszystkie <b>13 \u015bwi\u0105t pa\u0144stwowych<\/b> obowi\u0105zuj\u0105cych w naszym kraju. Rok 2026 rozpocznie si\u0119 w czwartek, 1 stycznia, co oznacza korzystne roz\u0142o\u017cenie dni wolnych od pracy. Nasz <b>darmowy kalendarz roczny 2026<\/b> dost\u0119pny jest do pobrania w trzech formatach: PDF, Excel (XLS) oraz PNG, zar\u00f3wno w orientacji poziomej jak i pionowej. Dzi\u0119ki temu ka\u017cdy znajdzie odpowiedni format do swoich potrzeb &#8211; czy to do druku, planowania w arkuszu kalkulacyjnym, czy wykorzystania graficznego.<\/p>\n<h2>Kalendarz\u202f2026 w r\u00f3\u017cnych formatach<\/h2> <ul> <li>Kalendarz roczny\u202f2026 w formacie PDF do druku<\/li> <li>Szablony kalendarza w formacie PNG<\/li> <li>Kalendarz\u202f2026 w Excelu do indywidualnych modyfikacji<\/li> <\/ul> <p>Wybierz z naszej szerokiej oferty wzor\u00f3w odpowiedni <strong>kalendarz roczny\u202f2026<\/strong> do swoich potrzeb \u2013 od minimalistycznych czarno\u2011bia\u0142ych szablon\u00f3w po kolorowe kalendarze.<\/p> <br> <p id=\"auswahl\"><big>Oferujemy kilka bezp\u0142atnych wersji kalendarza. Wybierz format:<\/big><\/p> <br> <a class=\"buttonmz\" href=\"#querformat\" title=\"Kalendarz\u00a02026 w uk\u0142adzie poziomym w pdf, png i xls\"><b><big>Poziomy<\/big><\/b><\/a> <a class=\"buttonmz\" href=\"#hochformat\" title=\"Kalendarz\u00a02026 w uk\u0142adzie pionowym w pdf, png i xls\"><b><big>Pionowy<\/big><\/b><\/a> <br><br> \n<style>\n  #national-holidays-pl-2026 { width:100%; border-collapse:collapse; padding: 15px;  margin:20px 0;  ; font-family:sans-serif; box-shadow:0 0 20px rgba(0,0,0,.12); border-radius:8px; overflow:hidden }\n  #national-holidays-pl-2026 thead tr { background:#DC143C; color:#fff; text-align:left }\n  #national-holidays-pl-2026 th { padding:12px 16px; font-weight:600 }\n  #national-holidays-pl-2026 td { padding:11px 16px }\n  #national-holidays-pl-2026 tbody tr { border-bottom:1px solid #e8e8e8 }\n  #national-holidays-pl-2026 tbody tr:nth-of-type(even) { background:#fdf0f0 }\n  #national-holidays-pl-2026 tbody tr:last-of-type { border-bottom:3px solid #DC143C }\n  #national-holidays-pl-2026 b { color:#DC143C }\n  @media(max-width:580px) {\n    #national-holidays-pl-2026 { font-size: inherit }\n    #national-holidays-pl-2026 th, #national-holidays-pl-2026 td { padding:8px 10px }\n  }\n<\/style>\n<h2 id=\"national-holidays-pl-2026\">\ud83c\uddf5\ud83c\uddf1 \u015awi\u0119ta ustawowe 2026 w Polsce<\/h2>\n<p style=\"color:#444;line-height:1.7;margin-bottom:18px;\">Polska ma <b>14 dni ustawowo wolnych od pracy<\/b> w 2026 roku \u2013 o jeden wi\u0119cej ni\u017c wcze\u015bniej, dzi\u0119ki <b>Wigilii<\/b>, kt\u00f3ra jest dniem wolnym od 2025 r. Rok 2026 przynosi a\u017c 4 \u015bwi\u0119ta w niedziel\u0119, ale tak\u017ce doskona\u0142e mo\u017cliwo\u015bci d\u0142ugich weekend\u00f3w dzi\u0119ki Bo\u017cemu Cia\u0142u (czwartek 4 czerwca) i Wigilii (czwartek 24 grudnia).<\/p>\n<div class=\"table-responsive-wrap\">\n<table id=\"national-holidays-pl-2026\">\n  <thead><tr><th>Data<\/th><th>Dzie\u0144<\/th><th>\u015awi\u0119to<\/th><\/tr><\/thead>\n  <tbody>\n    <tr><td>1 stycznia<\/td><td>czwartek<\/td><td><b>Nowy Rok<\/b><\/td><\/tr>\n    <tr><td>6 stycznia<\/td><td>wtorek<\/td><td><b>\u015awi\u0119to Trzech Kr\u00f3li<\/b><\/td><\/tr>\n    <tr><td>5 kwietnia<\/td><td style=\"color:#c0392b\">niedziela<\/td><td><b>Niedziela Wielkanocna<\/b><\/td><\/tr>\n    <tr><td>6 kwietnia<\/td><td>poniedzia\u0142ek<\/td><td><b>Poniedzia\u0142ek Wielkanocny<\/b><\/td><\/tr>\n    <tr><td>1 maja<\/td><td>pi\u0105tek<\/td><td><b>\u015awi\u0119to Pracy<\/b><\/td><\/tr>\n    <tr><td>3 maja<\/td><td style=\"color:#c0392b\">niedziela<\/td><td><b>\u015awi\u0119to Konstytucji 3 Maja<\/b><\/td><\/tr>\n    <tr><td>24 maja<\/td><td style=\"color:#c0392b\">niedziela<\/td><td><b>Zes\u0142anie Ducha \u015awi\u0119tego (Zielone \u015awi\u0105tki)<\/b><\/td><\/tr>\n    <tr><td>4 czerwca<\/td><td>czwartek<\/td><td><b>Bo\u017ce Cia\u0142o<\/b><\/td><\/tr>\n    <tr><td>15 sierpnia<\/td><td style=\"color:#c0392b\">sobota<\/td><td><b>Wniebowzi\u0119cie NMP \/ \u015awi\u0119to Wojska Polskiego<\/b><\/td><\/tr>\n    <tr><td>1 listopada<\/td><td style=\"color:#c0392b\">niedziela<\/td><td><b>Wszystkich \u015awi\u0119tych<\/b><\/td><\/tr>\n    <tr><td>11 listopada<\/td><td>\u015broda<\/td><td><b>Narodowe \u015awi\u0119to Niepodleg\u0142o\u015bci<\/b><\/td><\/tr>\n    <tr><td>24 grudnia<\/td><td>czwartek<\/td><td><b>Wigilia Bo\u017cego Narodzenia <b>(nowy od 2025)<\/b><\/b><\/td><\/tr>\n    <tr><td>25 grudnia<\/td><td>pi\u0105tek<\/td><td><b>Bo\u017ce Narodzenie (1. dzie\u0144)<\/b><\/td><\/tr>\n    <tr><td>26 grudnia<\/td><td style=\"color:#c0392b\">sobota<\/td><td><b>Bo\u017ce Narodzenie (2. dzie\u0144 \u2013 \u015aw. Szczepana)<\/b><\/td><\/tr>\n  <\/tbody>\n<\/table>\n<\/div>\n<p style=\"font-size:.85em;color:#777;font-style:italic;margin-top:8px;\">Wigilia Bo\u017cego Narodzenia (24 grudnia) jest nowym \u015bwi\u0119tem ustawowym od 2025 roku na mocy ustawy z 6 grudnia 2024 r.<\/p>\n\n<h2 id=\"querformat\">Kalendarz\u202f2026 w uk\u0142adzie poziomym<\/h2> <div class=\"row justify-content-center\"><div class=\"col-md-6\"><div style=\"text-align: left;\"> <figure><a class=\"kalender\" href=\"https:\/\/media.colomio.com\/calendar\/2026\/pl\/kalendarz-roczny-2026-tygodnie-kalendarzowe.pdf\" rel=\"nofollow\" title=\"Kalendarz\u00a02026 klasyczny, uk\u0142ad poziomy PDF do druku\"><img decoding=\"async\" class=\"schatten\" loading=\"lazy\" src=\"https:\/\/media.colomio.com\/calendar\/2026\/pl\/kalendarz-roczny-2026-tygodnie-kalendarzowe.png\" alt=\"Kalendarz\u00a02026 klasyczny, uk\u0142ad poziomy PDF do druku\" title=\"Kalendarz\u00a02026 klasyczny, uk\u0142ad poziomy PDF do druku\"><figcaption class=\"title\" title=\"Kalendarz\u00a02026 klasyczny, uk\u0142ad poziomy PDF do druku\">Kalendarz\u202f2026 klasyczny<\/figcaption><\/a><\/figure> <\/div><\/div> <div class=\"col-md-6\"><div id=\"textdown\" style=\"text-align: left;\"> <div id=\"ib\"><ul class=\"paint-row-content\"><li>klasyczny kalendarz\u202f2026 w uk\u0142adzie poziomym (DIN\u202fA4)<\/li><li>mo\u017cliwo\u015b\u0107 u\u017cycia jako kalendarz \u015bcienny<\/li><li>pusty kalendarz czarno\u2011bia\u0142y<\/li><li>z tygodniami kalendarzowymi i \u015bwi\u0119tami (og\u00f3lnokrajowymi)<\/li><br> <li style=\"list-style-type: none;\"><b>Bezp\u0142atne pobranie:<\/b><\/li><br>\n<div class=\"download-flex\">\n  <a href=\"https:\/\/media.colomio.com\/calendar\/2026\/pl\/kalendarz-roczny-2026-tygodnie-kalendarzowe.pdf\" rel=\"nofollow\"><img loading=\"lazy\" decoding=\"async\" alt=\"PDF\" src=\"https:\/\/www.colomio.com\/wp-content\/uploads\/2025\/09\/doc1.gif\" width=\"24\" height=\"30\"> PDF<\/a>\n  <a href=\"https:\/\/media.colomio.com\/calendar\/2026\/pl\/kalendarz-roczny-2026-tygodnie-kalendarzowe.xlsx\" rel=\"nofollow\"><img loading=\"lazy\" decoding=\"async\" alt=\"Excel\" src=\"https:\/\/www.colomio.com\/wp-content\/uploads\/2025\/09\/doc2.gif\" width=\"24\" height=\"30\"> Excel<\/a>\n  <a href=\"https:\/\/media.colomio.com\/calendar\/2026\/pl\/kalendarz-roczny-2026-tygodnie-kalendarzowe.png\" rel=\"nofollow\"><img loading=\"lazy\" decoding=\"async\" alt=\"PNG\" src=\"https:\/\/www.colomio.com\/wp-content\/uploads\/2025\/09\/doc3.gif\" width=\"24\" height=\"30\"> PNG<\/a>\n<\/div> <\/ul><\/div> <\/div><\/div><\/div>\n<script async src=\"https:\/\/pagead2.googlesyndication.com\/pagead\/js\/adsbygoogle.js?client=ca-pub-6550436067840591\"\r\n     crossorigin=\"anonymous\"><\/script>\r\n<!-- flagge -->\r\n<ins class=\"adsbygoogle\"\r\n     style=\"display:block\"\r\n     data-ad-client=\"ca-pub-6550436067840591\"\r\n     data-ad-slot=\"3909965393\"\r\n     data-ad-format=\"auto\"\r\n     data-full-width-responsive=\"true\"><\/ins>\r\n<script>\r\n     (adsbygoogle = window.adsbygoogle || []).push({});\r\n<\/script> \n<p>Opr\u00f3cz kalendarza rocznego oferujemy r\u00f3wnie\u017c <b>kalendarze miesi\u0119czne na 2026 rok<\/b>. Wszystkie informacje podajemy bez gwarancji &#8211; zalecamy weryfikacj\u0119 dat \u015bwi\u0105t w oficjalnych \u017ar\u00f3d\u0142ach.<\/p>\n<br>\n\n<style>\n  .faq-section-col { margin:40px 0 }\n  .faq-item-col { background:#f9f9f9; border-left:4px solid #1a5276; border-radius:6px; padding:16px 20px; margin-bottom:14px; box-shadow:0 1px 3px rgba(0,0,0,.08) }\n  .faq-item-col:nth-child(even) { border-left-color:#2e86c1 }\n  .faq-item-col h3 { color:#333; margin:0 0 8px; font-size:1.1em }\n  .faq-item-col p { margin:0; color:#555; line-height:1.6 }\n<\/style>\n\n<h2 id=\"faq-pl-annual-2026\">Cz\u0119sto zadawane pytania<\/h2>\n<div class=\"faq-section-col\">\n<div class=\"faq-item-col\"><h3>Ile \u015bwi\u0105t pa\u0144stwowych jest w Polsce w 2026 roku?<\/h3><p>W Polsce w 2026 roku obowi\u0105zuje <b>13 \u015bwi\u0105t pa\u0144stwowych<\/b>. Wszystkie te dni wolne od pracy s\u0105 uwzgl\u0119dnione w naszym kalendarzu. Lista obejmuje zar\u00f3wno \u015bwi\u0119ta religijne jak i pa\u0144stwowe.<\/p><\/div>\n<div class=\"faq-item-col\"><h3>W kt\u00f3rym dniu tygodnia rozpoczyna si\u0119 rok 2026?<\/h3><p>Rok 2026 rozpoczyna si\u0119 w <b>czwartek, 1 stycznia<\/b>. Oznacza to, \u017ce Nowy Rok przypada w \u015brodku tygodnia. To korzystne roz\u0142o\u017cenie dla planowania pierwszego tygodnia roku.<\/p><\/div>\n<div class=\"faq-item-col\"><h3>W jakich formatach dost\u0119pny jest kalendarz 2026?<\/h3><p>Kalendarz 2026 dost\u0119pny jest w <b>trzech formatach: PDF, Excel (XLS) i PNG<\/b>. Ka\u017cdy format oferowany jest w orientacji poziomej i pionowej. Wszystkie wersje zawieraj\u0105 polskie \u015bwi\u0119ta pa\u0144stwowe.<\/p><\/div>\n<div class=\"faq-item-col\"><h3>Czy kalendarz na 2026 rok jest darmowy?<\/h3><p>Tak, kalendarz na 2026 rok jest <b>ca\u0142kowicie darmowy<\/b>. Mo\u017cna go pobra\u0107 bez rejestracji w dowolnym z dost\u0119pnych format\u00f3w. Oferujemy go jako bezp\u0142atn\u0105 us\u0142ug\u0119 dla wszystkich u\u017cytkownik\u00f3w.<\/p><\/div>\n<div class=\"faq-item-col\"><h3>Kiedy jest Wielkanoc w 2026 roku?<\/h3><p>Wielkanoc w 2026 roku przypada <b>5 kwietnia (niedziela)<\/b>. Poniedzia\u0142ek Wielkanocny b\u0119dzie 6 kwietnia. To stosunkowo wczesna data Wielkanocy w por\u00f3wnaniu z innymi latami.<\/p><\/div>\n<\/div>\n\n<script type=\"application\/ld+json\">\n{\n  \"@context\": \"https:\/\/schema.org\",\n  \"@type\": \"FAQPage\",\n  \"mainEntity\": [\n    {\n      \"@type\": \"Question\",\n      \"name\": \"Ile \u015bwi\u0105t pa\u0144stwowych jest w Polsce w 2026 roku?\",\n      \"acceptedAnswer\": {\n        \"@type\": \"Answer\",\n        \"text\": \"W Polsce w 2026 roku obowi\u0105zuje 13 \u015bwi\u0105t pa\u0144stwowych. Wszystkie te dni wolne od pracy s\u0105 uwzgl\u0119dnione w naszym kalendarzu. Lista obejmuje zar\u00f3wno \u015bwi\u0119ta religijne jak i pa\u0144stwowe.\"\n      }\n    },\n    {\n      \"@type\": \"Question\",\n      \"name\": \"W kt\u00f3rym dniu tygodnia rozpoczyna si\u0119 rok 2026?\",\n      \"acceptedAnswer\": {\n        \"@type\": \"Answer\",\n        \"text\": \"Rok 2026 rozpoczyna si\u0119 w czwartek, 1 stycznia. Oznacza to, \u017ce Nowy Rok przypada w \u015brodku tygodnia. To korzystne roz\u0142o\u017cenie dla planowania pierwszego tygodnia roku.\"\n      }\n    },\n    {\n      \"@type\": \"Question\",\n      \"name\": \"W jakich formatach dost\u0119pny jest kalendarz 2026?\",\n      \"acceptedAnswer\": {\n        \"@type\": \"Answer\",\n        \"text\": \"Kalendarz 2026 dost\u0119pny jest w trzech formatach: PDF, Excel (XLS) i PNG. Ka\u017cdy format oferowany jest w orientacji poziomej i pionowej. Wszystkie wersje zawieraj\u0105 polskie \u015bwi\u0119ta pa\u0144stwowe.\"\n      }\n    },\n    {\n      \"@type\": \"Question\",\n      \"name\": \"Czy kalendarz na 2026 rok jest darmowy?\",\n      \"acceptedAnswer\": {\n        \"@type\": \"Answer\",\n        \"text\": \"Tak, kalendarz na 2026 rok jest ca\u0142kowicie darmowy. Mo\u017cna go pobra\u0107 bez rejestracji w dowolnym z dost\u0119pnych format\u00f3w. Oferujemy go jako bezp\u0142atn\u0105 us\u0142ug\u0119 dla wszystkich u\u017cytkownik\u00f3w.\"\n      }\n    },\n    {\n      \"@type\": \"Question\",\n      \"name\": \"Kiedy jest Wielkanoc w 2026 roku?\",\n      \"acceptedAnswer\": {\n        \"@type\": \"Answer\",\n        \"text\": \"Wielkanoc w 2026 roku przypada 5 kwietnia (niedziela). Poniedzia\u0142ek Wielkanocny b\u0119dzie 6 kwietnia. To stosunkowo wczesna data Wielkanocy w por\u00f3wnaniu z innymi latami.\"\n      }\n    }\n  ]\n}\n<\/script>\n\n <!-- Feiertage start --> <h3>Kalendarz roczny z dniami \u015bwi\u0105tecznymi\u202f2026 \u2013 szybki przegl\u0105d<\/h3> <!-- Feiertage ende --> <!-- *** --><br><br> <div class=\"row justify-content-center\"><div class=\"col-md-6\"><div style=\"text-align: left;\"> <figure><a class=\"kalender\" href=\"https:\/\/media.colomio.com\/calendar\/2026\/pl\/kalendarz-scienny-2026-kolorowy-tygodnie-kalendarzowe-a4-poziomy.pdf\" rel=\"nofollow\" title=\"Kalendarz\u00a02026, uk\u0142ad poziomy PDF do bezp\u0142atnego druku\"><img decoding=\"async\" class=\"schatten\" loading=\"lazy\" src=\"https:\/\/media.colomio.com\/calendar\/2026\/pl\/kalendarz-scienny-2026-kolorowy-tygodnie-kalendarzowe-a4-poziomy.png\" alt=\"Kalendarz\u00a02026, uk\u0142ad poziomy PDF do bezp\u0142atnego druku\" title=\"Kalendarz\u00a02026, uk\u0142ad poziomy PDF do bezp\u0142atnego druku\"><figcaption class=\"title\" title=\"Kalendarz\u00a02026, uk\u0142ad poziomy PDF do bezp\u0142atnego druku\">Kalendarz\u202f2026 poziomy<\/figcaption><\/a><\/figure> <\/div><\/div> <div class=\"col-md-6\"><div id=\"textdown\" style=\"text-align: left;\"> <div id=\"ib\"><ul class=\"paint-row-content\"><li>Kalendarz\u202f2026 jako szablon w uk\u0142adzie poziomym (DIN\u202fA4)<\/li><li>Miesi\u0105ce u\u0142o\u017cone obok siebie w siatce\u202f3\u00d74 z kolorowymi nag\u0142\u00f3wkami miesi\u0119cy<\/li><li>r\u00f3wnie\u017c do wykorzystania jako kalendarz \u015bcienny<\/li><li>z tygodniami kalendarzowymi i \u015bwi\u0119tami (og\u00f3lnokrajowymi)<\/li><br> <li style=\"list-style-type: none;\"><b>Bezp\u0142atne pobranie:<\/b><\/li><br>\n<div class=\"download-flex\">\n  <a href=\"https:\/\/media.colomio.com\/calendar\/2026\/pl\/kalendarz-scienny-2026-kolorowy-tygodnie-kalendarzowe-a4-poziomy.pdf\" rel=\"nofollow\"><img loading=\"lazy\" decoding=\"async\" alt=\"PDF\" src=\"https:\/\/www.colomio.com\/wp-content\/uploads\/2025\/09\/doc1.gif\" width=\"24\" height=\"30\"> PDF<\/a>\n  <a href=\"https:\/\/media.colomio.com\/calendar\/2026\/pl\/kalendarz-scienny-2026-kolorowy-tygodnie-kalendarzowe-a4-poziomy.xlsx\" rel=\"nofollow\"><img loading=\"lazy\" decoding=\"async\" alt=\"Excel\" src=\"https:\/\/www.colomio.com\/wp-content\/uploads\/2025\/09\/doc2.gif\" width=\"24\" height=\"30\"> Excel<\/a>\n  <a href=\"https:\/\/media.colomio.com\/calendar\/2026\/pl\/kalendarz-scienny-2026-kolorowy-tygodnie-kalendarzowe-a4-poziomy.png\" rel=\"nofollow\"><img loading=\"lazy\" decoding=\"async\" alt=\"PNG\" src=\"https:\/\/www.colomio.com\/wp-content\/uploads\/2025\/09\/doc3.gif\" width=\"24\" height=\"30\"> PNG<\/a>\n<\/div> <\/ul><\/div> <\/div><\/div><\/div>\n <!-- *** --><br><br> <div class=\"row justify-content-center\"><div class=\"col-md-6\"><div style=\"text-align: left;\"> <figure><a class=\"kalender\" href=\"https:\/\/media.colomio.com\/calendar\/2026\/pl\/kolorowy-kalendarz-2026-przeglad-dniowy-kolumny-dni-tygodnia.pdf\" rel=\"nofollow\" title=\"Kalendarz\u00a02026 w uk\u0142adzie poziomym PDF do druku\"><img decoding=\"async\" class=\"schatten\" loading=\"lazy\" src=\"https:\/\/media.colomio.com\/calendar\/2026\/pl\/kolorowy-kalendarz-2026-przeglad-dniowy-kolumny-dni-tygodnia.png\" alt=\"Kalendarz\u00a02026 w uk\u0142adzie poziomym PDF do druku\" title=\"Kalendarz\u00a02026 w uk\u0142adzie poziomym PDF do druku\"><figcaption class=\"title\" title=\"Kalendarz\u00a02026 w uk\u0142adzie poziomym PDF do druku\">Kalendarz\u202f2026<\/figcaption><\/a><\/figure> <\/div><\/div> <div class=\"col-md-6\"><div id=\"textdown\" style=\"text-align: left;\"> <div id=\"ib\"><ul class=\"paint-row-content\"><li>Kalendarz\u202f2026 na jednej stronie DIN\u202fA4, uk\u0142ad poziomy<\/li><li>Miesi\u0105ce u\u0142o\u017cone w kolumny<\/li><li>z tygodniami kalendarzowymi i \u015bwi\u0119tami (og\u00f3lnokrajowymi)<\/li><br> <li style=\"list-style-type: none;\"><b>Bezp\u0142atne pobranie:<\/b><\/li><br>\n<div class=\"download-flex\">\n  <a href=\"https:\/\/media.colomio.com\/calendar\/2026\/pl\/kolorowy-kalendarz-2026-przeglad-dniowy-kolumny-dni-tygodnia.pdf\" rel=\"nofollow\"><img loading=\"lazy\" decoding=\"async\" alt=\"PDF\" src=\"https:\/\/www.colomio.com\/wp-content\/uploads\/2025\/09\/doc1.gif\" width=\"24\" height=\"30\"> PDF<\/a>\n  <a href=\"https:\/\/media.colomio.com\/calendar\/2026\/pl\/kolorowy-kalendarz-2026-przeglad-dniowy-kolumny-dni-tygodnia.xlsx\" rel=\"nofollow\"><img loading=\"lazy\" decoding=\"async\" alt=\"Excel\" src=\"https:\/\/www.colomio.com\/wp-content\/uploads\/2025\/09\/doc2.gif\" width=\"24\" height=\"30\"> Excel<\/a>\n  <a href=\"https:\/\/media.colomio.com\/calendar\/2026\/pl\/kolorowy-kalendarz-2026-przeglad-dniowy-kolumny-dni-tygodnia.png\" rel=\"nofollow\"><img loading=\"lazy\" decoding=\"async\" alt=\"PNG\" src=\"https:\/\/www.colomio.com\/wp-content\/uploads\/2025\/09\/doc3.gif\" width=\"24\" height=\"30\"> PNG<\/a>\n<\/div> <\/ul><\/div> <\/div><\/div><\/div>\n <h3>Jeden kalendarz roczny \u2013 wiele mo\u017cliwo\u015bci<\/h3> <p>Istnieje wiele powod\u00f3w, by wydrukowa\u0107 kalendarz na rok\u202f2026. Taki plan roczny zapewnia rodzinie szybki przegl\u0105d \u015bwi\u0105t i ferii, termin\u00f3w oraz urodzin. Wiele os\u00f3b u\u017cywa go jako planera urlopowego, zaznaczaj\u0105c kolorami dni wolne, aby od razu widzie\u0107, kiedy pracuj\u0105, a kiedy nie. Pe\u0142ni wi\u0119c r\u00f3wnie\u017c funkcj\u0119 kalendarza pracy, bo szybko udost\u0119pnia informacje o godzinach pracy i dy\u017curach. Dla dzieci rodzinny planer jest praktycznym kalendarzem szkolnym. W wi\u0119kszo\u015bci dom\u00f3w kalendarz roczny to uniwersalny pomocnik, kt\u00f3ry wisi w widocznym miejscu w salonie, jadalni lub korytarzu, informuj\u0105c niezawodnie zar\u00f3wno rodzic\u00f3w, jak i dzieci o bie\u017c\u0105cych terminach. Ponadto wiele os\u00f3b z powod\u00f3w zawodowych preferuje kalendarz\u202f2026 z numerami tygodni, bo zapewnia on szybki przegl\u0105d 52\u202ftygodni roku.<\/p> <!-- *** --><br><br> <div class=\"row justify-content-center\"><div class=\"col-md-6\"><div style=\"text-align: left;\"> <figure><a class=\"kalender\" href=\"https:\/\/media.colomio.com\/calendar\/2026\/pl\/kalendarz-2026-kolumny-dni-tygodnia-planer-terminow.pdf\" rel=\"nofollow\" title=\"Kalendarz\u00a02026 w uk\u0142adzie poziomym PDF do druku\"><img decoding=\"async\" class=\"schatten\" loading=\"lazy\" src=\"https:\/\/media.colomio.com\/calendar\/2026\/pl\/kalendarz-2026-kolumny-dni-tygodnia-planer-terminow.png\" alt=\"Kalendarz\u00a02026 w uk\u0142adzie poziomym PDF do druku\" title=\"Kalendarz\u00a02026 w uk\u0142adzie poziomym PDF do druku\"><figcaption class=\"title\" title=\"Kalendarz\u00a02026 w uk\u0142adzie poziomym PDF do druku\">Kalendarz\u202f2026<\/figcaption><\/a><\/figure> <\/div> <\/div> <div class=\"col-md-6\"><div id=\"textdown\" style=\"text-align: left;\"> <div id=\"ib\"><ul class=\"paint-row-content\"><li>Kalendarz\u202f2026 w uk\u0142adzie poziomym na jednej stronie (DIN\u202fA4)<\/li><li>dni u\u0142o\u017cone jeden pod drugim<\/li><li>z tygodniami kalendarzowymi i \u015bwi\u0119tami og\u00f3lnokrajowymi<\/li><br> <li style=\"list-style-type: none;\"><b>Bezp\u0142atne pobranie:<\/b><\/li><br>\n<div class=\"download-flex\">\n  <a href=\"https:\/\/media.colomio.com\/calendar\/2026\/pl\/kalendarz-2026-kolumny-dni-tygodnia-planer-terminow.pdf\" rel=\"nofollow\"><img loading=\"lazy\" decoding=\"async\" alt=\"PDF\" src=\"https:\/\/www.colomio.com\/wp-content\/uploads\/2025\/09\/doc1.gif\" width=\"24\" height=\"30\"> PDF<\/a>\n  <a href=\"https:\/\/media.colomio.com\/calendar\/2026\/pl\/kalendarz-2026-kolumny-dni-tygodnia-planer-terminow.xlsx\" rel=\"nofollow\"><img loading=\"lazy\" decoding=\"async\" alt=\"Excel\" src=\"https:\/\/www.colomio.com\/wp-content\/uploads\/2025\/09\/doc2.gif\" width=\"24\" height=\"30\"> Excel<\/a>\n  <a href=\"https:\/\/media.colomio.com\/calendar\/2026\/pl\/kalendarz-2026-kolumny-dni-tygodnia-planer-terminow.png\" rel=\"nofollow\"><img loading=\"lazy\" decoding=\"async\" alt=\"PNG\" src=\"https:\/\/www.colomio.com\/wp-content\/uploads\/2025\/09\/doc3.gif\" width=\"24\" height=\"30\"> PNG<\/a>\n<\/div> <\/ul> <\/div> <\/div> <\/div> <\/div>\n <!-- *** --><br><br> <h2 id=\"hochformat\">Kalendarz\u202f2026 w uk\u0142adzie pionowym<\/h2> <p>Nasze kalendarze roczne to niezwykle wszechstronne organizery i planery, kt\u00f3re oferuj\u0105 du\u017co miejsca na notatki. Szczeg\u00f3lnie popularny jest nasz dwustronicowy kalendarz\u202f2026 Excel do druku. Na pierwszej stronie znajduj\u0105 si\u0119 kolumny dla miesi\u0119cy od stycznia do czerwca, a na drugiej kolumny od lipca do grudnia. Mo\u017cesz wpisywa\u0107 terminy w odpowiednie kolumny. Soboty, niedziele i \u015bwi\u0119ta s\u0105 wyr\u00f3\u017cnione kolorem, aby by\u0142y lepiej widoczne. Ten kalendarz na rok\u202f2026 mo\u017cesz pobra\u0107 i wydrukowa\u0107 bezp\u0142atnie w formacie PDF, Excel lub PNG. Szablon idealnie nadaje si\u0119 na kalendarz \u015bcienny.<\/p> <div class=\"row justify-content-center\"><div class=\"col-md-6\"><div style=\"text-align: left;\"> <figure><a class=\"kalender\" href=\"https:\/\/media.colomio.com\/calendar\/2026\/pl\/kalendarz-2026-pionowy-czarny-bialy-tygodnie-kalendarzowe.pdf\" rel=\"nofollow\" title=\"Kalendarz\u00a02026 \u2013 Pionowy, bezp\u0142atny do druku\"><img decoding=\"async\" class=\"schatten\" loading=\"lazy\" src=\"https:\/\/media.colomio.com\/calendar\/2026\/pl\/kalendarz-2026-pionowy-czarny-bialy-tygodnie-kalendarzowe.png\" alt=\"Kalendarz\u00a02026 \u2013 Pionowy, bezp\u0142atny do druku\" title=\"Kalendarz\u00a02026 \u2013 Pionowy, bezp\u0142atny do druku\"><figcaption class=\"title\" title=\"Kalendarz\u00a02026 \u2013 Pionowy, bezp\u0142atny do druku\">Kalendarz\u202f2026 \u2013 Pionowy<\/figcaption><\/a><\/figure> <\/div> <\/div> <div class=\"col-md-6\"><div id=\"textdown\" style=\"text-align: left;\"> <div id=\"ib\"><ul class=\"paint-row-content\"><li>Kalendarz\u202f2026 na jednej stronie DIN\u202fA4, uk\u0142ad pionowy<\/li><li>pusty kalendarz czarno\u2011bia\u0142y<\/li><li>z tygodniami kalendarzowymi i \u015bwi\u0119tami (og\u00f3lnokrajowymi)<\/li><br> <li style=\"list-style-type: none;\"><b>Bezp\u0142atne pobranie:<\/b><\/li><br>\n<div class=\"download-flex\">\n  <a href=\"https:\/\/media.colomio.com\/calendar\/2026\/pl\/kalendarz-2026-pionowy-czarny-bialy-tygodnie-kalendarzowe.pdf\" rel=\"nofollow\"><img loading=\"lazy\" decoding=\"async\" alt=\"PDF\" src=\"https:\/\/www.colomio.com\/wp-content\/uploads\/2025\/09\/doc1.gif\" width=\"24\" height=\"30\"> PDF<\/a>\n  <a href=\"https:\/\/media.colomio.com\/calendar\/2026\/pl\/kalendarz-2026-pionowy-czarny-bialy-tygodnie-kalendarzowe.xlsx\" rel=\"nofollow\"><img loading=\"lazy\" decoding=\"async\" alt=\"Excel\" src=\"https:\/\/www.colomio.com\/wp-content\/uploads\/2025\/09\/doc2.gif\" width=\"24\" height=\"30\"> Excel<\/a>\n  <a href=\"https:\/\/media.colomio.com\/calendar\/2026\/pl\/kalendarz-2026-pionowy-czarny-bialy-tygodnie-kalendarzowe.png\" rel=\"nofollow\"><img loading=\"lazy\" decoding=\"async\" alt=\"PNG\" src=\"https:\/\/www.colomio.com\/wp-content\/uploads\/2025\/09\/doc3.gif\" width=\"24\" height=\"30\"> PNG<\/a>\n<\/div> <\/ul> <\/div> <\/div> <\/div> <\/div>\n <!-- *** --><br><br> <div class=\"row justify-content-center\"><div class=\"col-md-6\"><div style=\"text-align: left;\"> <figure><a class=\"kalender\" href=\"https:\/\/media.colomio.com\/calendar\/2026\/pl\/planer-roczny-2026-pionowy-klasyczny-kalendarz.pdf\" rel=\"nofollow\" title=\"Kalendarz\u00a02026 \u2013 Pionowy, bezp\u0142atny do druku\"><img decoding=\"async\" class=\"schatten\" loading=\"lazy\" src=\"https:\/\/media.colomio.com\/calendar\/2026\/pl\/planer-roczny-2026-pionowy-klasyczny-kalendarz.png\" alt=\"Kalendarz\u00a02026 \u2013 Pionowy, bezp\u0142atny do druku\" title=\"Kalendarz\u00a02026 \u2013 Pionowy, bezp\u0142atny do druku\"><figcaption class=\"title\" title=\"Kalendarz\u00a02026 \u2013 Pionowy, bezp\u0142atny do druku\">Kalendarz\u202f2026 \u2013 Pionowy<\/figcaption><\/a><\/figure> <\/div> <\/div> <div class=\"col-md-6\"><div id=\"textdown\" style=\"text-align: left;\"> <div id=\"ib\"><ul class=\"paint-row-content\"><li>Kalendarz\u202f2026 w uk\u0142adzie pionowym (szablon DIN\u202fA4)<\/li><li>soboty i niedziele wyr\u00f3\u017cnione kolorem<\/li><li>mo\u017cliwo\u015b\u0107 u\u017cycia jako kalendarz \u015bcienny<\/li><li>z tygodniami kalendarzowymi i \u015bwi\u0119tami (og\u00f3lnokrajowymi)<\/li><br> <li style=\"list-style-type: none;\"><b>Bezp\u0142atne pobranie:<\/b><\/li><br>\n<div class=\"download-flex\">\n  <a href=\"https:\/\/media.colomio.com\/calendar\/2026\/pl\/planer-roczny-2026-pionowy-klasyczny-kalendarz.pdf\" rel=\"nofollow\"><img loading=\"lazy\" decoding=\"async\" alt=\"PDF\" src=\"https:\/\/www.colomio.com\/wp-content\/uploads\/2025\/09\/doc1.gif\" width=\"24\" height=\"30\"> PDF<\/a>\n  <a href=\"https:\/\/media.colomio.com\/calendar\/2026\/pl\/planer-roczny-2026-pionowy-klasyczny-kalendarz.xlsx\" rel=\"nofollow\"><img loading=\"lazy\" decoding=\"async\" alt=\"Excel\" src=\"https:\/\/www.colomio.com\/wp-content\/uploads\/2025\/09\/doc2.gif\" width=\"24\" height=\"30\"> Excel<\/a>\n  <a href=\"https:\/\/media.colomio.com\/calendar\/2026\/pl\/planer-roczny-2026-pionowy-klasyczny-kalendarz.png\" rel=\"nofollow\"><img loading=\"lazy\" decoding=\"async\" alt=\"PNG\" src=\"https:\/\/www.colomio.com\/wp-content\/uploads\/2025\/09\/doc3.gif\" width=\"24\" height=\"30\"> PNG<\/a>\n<\/div> <\/ul> <\/div> <\/div> <\/div> <\/div>\n <!-- *** --><br><br>\n\n<div class=\"extra-country-box\" id=\"wigilia-fix-2026\">\n<div class=\"country-header\" style=\"background:linear-gradient(135deg, #DC143C 50%, #fff 50%)\">\ud83c\uddf5\ud83c\uddf1 Nowy dzie\u0144 wolny od 2025: Wigilia Bo\u017cego Narodzenia<\/div>\n<div class=\"country-body\">\n<p>Od 2025 roku <b>Wigilia Bo\u017cego Narodzenia (24 grudnia)<\/b> jest oficjalnym dniem ustawowo wolnym od pracy w Polsce. Ustawa zosta\u0142a uchwalona 6 grudnia 2024 r. Polska ma teraz <b>14 dni ustawowo wolnych od pracy<\/b> w roku.<\/p>\n<table>\n<thead><tr><th>Data<\/th><th>Dzie\u0144<\/th><th>\u015awi\u0119to<\/th><\/tr><\/thead>\n<tbody>\n<tr><td>24 grudnia<\/td><td>czwartek<\/td><td><b>Wigilia Bo\u017cego Narodzenia (nowy od 2025 r.)<\/b><\/td><\/tr>\n<\/tbody>\n<\/table>\n<div class=\"country-note\">W 2026 roku Wigilia wypada w czwartek, tworz\u0105c mo\u017cliwo\u015b\u0107 d\u0142ugiego weekendu w po\u0142\u0105czeniu z Bo\u017cym Narodzeniem (25\u201326 grudnia, pi\u0105tek\u2013sobota).<\/div>\n<\/div>\n<\/div>\n\n\n\n\n<p><\/p>\n","protected":false},"excerpt":{"rendered":"<p>Kalendarz 2026 dla Polski zawiera wszystkie 13 \u015bwi\u0105t pa\u0144stwowych obowi\u0105zuj\u0105cych w naszym kraju. Rok 2026 rozpocznie si\u0119 w czwartek, 1 stycznia, co oznacza korzystne roz\u0142o\u017cenie dni wolnych od pracy. Nasz darmowy kalendarz roczny 2026 dost\u0119pny jest do pobrania w trzech formatach: PDF, Excel (XLS) oraz PNG, zar\u00f3wno w orientacji poziomej jak i pionowej. Dzi\u0119ki temu &#8230; <a title=\"Kalendarz 2026 Polska &#8211; Darmowy PDF do Pobrania\" class=\"read-more\" href=\"https:\/\/www.colomio.com\/pl\/kalendarz-2026\" aria-label=\"Read more about Kalendarz 2026 Polska &#8211; Darmowy PDF do Pobrania\">Dowiedz si\u0119 wi\u0119cej<\/a><\/p>\n","protected":false},"author":4,"featured_media":0,"parent":0,"menu_order":0,"comment_status":"closed","ping_status":"closed","template":"","meta":{"_yoast_wpseo_title":"Kalendarz 2026 Polska \u2013 Darmowy PDF & Excel","_yoast_wpseo_metadesc":"Kalendarz 2026 Polska z wszystkimi 13 \u015bwi\u0119tami pa\u0144stwowymi. Darmowy PDF, Excel i PNG w formacie poziomym i pionowym. Pobierz za darmo!","_yoast_wpseo_bctitle":"Kalendarz 2026","_colomio_max_video_preview":"","_colomio_max_image_preview":"","_colomio_max_snippet":"","_custom_article_jsonld":"","_custom_howto_jsonld":"","_custom_schema_jsonld":"","category-page":true,"footnotes":""},"class_list":["post-11305","page","type-page","status-publish"],"yoast_head":"<!-- This site is optimized with the Yoast SEO plugin v27.2 - https:\/\/yoast.com\/product\/yoast-seo-wordpress\/ -->\n<title>Kalendarz 2026 Polska \u2013 Darmowy PDF &amp; Excel<\/title>\n<meta name=\"description\" content=\"Kalendarz 2026 Polska z wszystkimi 13 \u015bwi\u0119tami pa\u0144stwowymi. Darmowy PDF, Excel i PNG w formacie poziomym i pionowym. Pobierz za darmo!\" \/>\n<meta name=\"robots\" content=\"index, follow, max-snippet:-1, max-image-preview:large, max-video-preview:-1\" \/>\n<link rel=\"canonical\" href=\"https:\/\/www.colomio.com\/pl\/kalendarz-2026\" \/>\n<meta property=\"og:locale\" content=\"pl_PL\" \/>\n<meta property=\"og:type\" content=\"article\" \/>\n<meta property=\"og:title\" content=\"Kalendarz 2026 Polska \u2013 Darmowy PDF &amp; Excel\" \/>\n<meta property=\"og:description\" content=\"Kalendarz 2026 Polska z wszystkimi 13 \u015bwi\u0119tami pa\u0144stwowymi. Darmowy PDF, Excel i PNG w formacie poziomym i pionowym. Pobierz za darmo!\" \/>\n<meta property=\"og:url\" content=\"https:\/\/www.colomio.com\/pl\/kalendarz-2026\" \/>\n<meta property=\"og:site_name\" content=\"www.colomio.com\" \/>\n<meta property=\"article:modified_time\" content=\"2026-04-21T14:56:02+00:00\" \/>\n<meta property=\"og:image\" content=\"https:\/\/media.colomio.com\/calendar\/2026\/pl\/kalendarz-roczny-2026-tygodnie-kalendarzowe.png\" \/>\n<meta name=\"twitter:card\" content=\"summary_large_image\" \/>\n<script type=\"application\/ld+json\" class=\"yoast-schema-graph\">{\"@context\":\"https:\/\/schema.org\",\"@graph\":[{\"@type\":\"WebPage\",\"@id\":\"https:\/\/www.colomio.com\/pl\/kalendarz-2026\",\"url\":\"https:\/\/www.colomio.com\/pl\/kalendarz-2026\",\"name\":\"Kalendarz 2026 Polska \u2013 Darmowy PDF & Excel\",\"isPartOf\":{\"@id\":\"https:\/\/www.colomio.com\/pl#website\"},\"primaryImageOfPage\":{\"@id\":\"https:\/\/www.colomio.com\/pl\/kalendarz-2026#primaryimage\"},\"image\":{\"@id\":\"https:\/\/www.colomio.com\/pl\/kalendarz-2026#primaryimage\"},\"thumbnailUrl\":\"https:\/\/media.colomio.com\/calendar\/2026\/pl\/kalendarz-roczny-2026-tygodnie-kalendarzowe.png\",\"datePublished\":\"2025-08-05T10:04:51+00:00\",\"dateModified\":\"2026-04-21T14:56:02+00:00\",\"description\":\"Kalendarz 2026 Polska z wszystkimi 13 \u015bwi\u0119tami pa\u0144stwowymi. Darmowy PDF, Excel i PNG w formacie poziomym i pionowym. Pobierz za darmo!\",\"breadcrumb\":{\"@id\":\"https:\/\/www.colomio.com\/pl\/kalendarz-2026#breadcrumb\"},\"inLanguage\":\"pl-PL\",\"potentialAction\":[{\"@type\":\"ReadAction\",\"target\":[\"https:\/\/www.colomio.com\/pl\/kalendarz-2026\"]}]},{\"@type\":\"ImageObject\",\"inLanguage\":\"pl-PL\",\"@id\":\"https:\/\/www.colomio.com\/pl\/kalendarz-2026#primaryimage\",\"url\":\"https:\/\/media.colomio.com\/calendar\/2026\/pl\/kalendarz-roczny-2026-tygodnie-kalendarzowe.png\",\"contentUrl\":\"https:\/\/media.colomio.com\/calendar\/2026\/pl\/kalendarz-roczny-2026-tygodnie-kalendarzowe.png\"},{\"@type\":\"BreadcrumbList\",\"@id\":\"https:\/\/www.colomio.com\/pl\/kalendarz-2026#breadcrumb\",\"itemListElement\":[{\"@type\":\"ListItem\",\"position\":1,\"name\":\"Home\",\"item\":\"https:\/\/www.colomio.com\/pl\"},{\"@type\":\"ListItem\",\"position\":2,\"name\":\"Kalendarz 2026\"}]},{\"@type\":\"WebSite\",\"@id\":\"https:\/\/www.colomio.com\/pl#website\",\"url\":\"https:\/\/www.colomio.com\/pl\",\"name\":\"www.colomio.com\",\"description\":\"\",\"publisher\":{\"@id\":\"https:\/\/www.colomio.com\/pl#organization\"},\"potentialAction\":[{\"@type\":\"SearchAction\",\"target\":{\"@type\":\"EntryPoint\",\"urlTemplate\":\"https:\/\/www.colomio.com\/pl?s={search_term_string}\"},\"query-input\":{\"@type\":\"PropertyValueSpecification\",\"valueRequired\":true,\"valueName\":\"search_term_string\"}}],\"inLanguage\":\"pl-PL\"},{\"@type\":\"Organization\",\"@id\":\"https:\/\/www.colomio.com\/pl#organization\",\"name\":\"colomio\",\"url\":\"https:\/\/www.colomio.com\/pl\",\"logo\":{\"@type\":\"ImageObject\",\"inLanguage\":\"pl-PL\",\"@id\":\"https:\/\/www.colomio.com\/pl#\/schema\/logo\/image\/\",\"url\":\"https:\/\/www.colomio.com\/wp-content\/uploads\/2025\/02\/cropped-colomio-logo.png?wsr\",\"contentUrl\":\"https:\/\/www.colomio.com\/wp-content\/uploads\/2025\/02\/cropped-colomio-logo.png?wsr\",\"width\":373,\"height\":98,\"caption\":\"www.colomio.com\"},\"image\":{\"@id\":\"https:\/\/www.colomio.com\/pl#\/schema\/logo\/image\/\"},\"sameAs\":[\"https:\/\/www.instagram.com\/colomio.team\/\",\"https:\/\/de.pinterest.com\/happycolorz_colomio\/\",\"https:\/\/www.pinterest.com\/happycolorz_colomio\/\",\"https:\/\/www.muminthemadhouse.com\/custom-ai-colouring-pages-for-kids\/\",\"https:\/\/slummysinglemummy.com\/2026\/03\/05\/rainy-afternoons-just-got-a-lot-more-creative-discovering-colomio\/\",\"https:\/\/www.amazon.com\/Horses-Coloring-Book-pages-reprint\/dp\/1707878994\",\"https:\/\/www.prnewswire.com\/news-releases\/colomiocom-launches-a-free-customizable-coloring-book-for-home-printing-301162753.html\",\"https:\/\/www.linkedin.com\/in\/mathias-ziegler-b6068568\/\"],\"alternateName\":\"colomio.com\",\"foundingDate\":\"2019\",\"description\":\"Free printable coloring pages, step-by-step drawing tutorials, and creative crafts for kids \u2013 created by parents, tested by children.\",\"address\":{\"@type\":\"PostalAddress\",\"streetAddress\":\"Zeppelinstr. 73\",\"addressLocality\":\"Munich\",\"postalCode\":\"81669\",\"addressRegion\":\"Bavaria\",\"addressCountry\":\"DE\"},\"parentOrganization\":{\"@type\":\"Organization\",\"name\":\"happycolorz GmbH\",\"url\":\"https:\/\/www.happycolorz.de\"},\"founder\":[{\"@type\":\"Person\",\"@id\":\"https:\/\/www.colomio.com\/pl#mathias\/\",\"name\":\"Mathias Ziegler\",\"jobTitle\":\"Founder & Managing Director\",\"url\":\"https:\/\/www.colomio.com\/pl\/authors\/colomio-team\"}]}]}<\/script>\n<!-- \/ Yoast SEO plugin. -->","yoast_head_json":{"title":"Kalendarz 2026 Polska \u2013 Darmowy PDF & Excel","description":"Kalendarz 2026 Polska z wszystkimi 13 \u015bwi\u0119tami pa\u0144stwowymi. Darmowy PDF, Excel i PNG w formacie poziomym i pionowym. Pobierz za darmo!","robots":{"index":"index","follow":"follow","max-snippet":"max-snippet:-1","max-image-preview":"max-image-preview:large","max-video-preview":"max-video-preview:-1"},"canonical":"https:\/\/www.colomio.com\/pl\/kalendarz-2026","og_locale":"pl_PL","og_type":"article","og_title":"Kalendarz 2026 Polska \u2013 Darmowy PDF & Excel","og_description":"Kalendarz 2026 Polska z wszystkimi 13 \u015bwi\u0119tami pa\u0144stwowymi. Darmowy PDF, Excel i PNG w formacie poziomym i pionowym. Pobierz za darmo!","og_url":"https:\/\/www.colomio.com\/pl\/kalendarz-2026","og_site_name":"www.colomio.com","article_modified_time":"2026-04-21T14:56:02+00:00","og_image":[{"url":"https:\/\/media.colomio.com\/calendar\/2026\/pl\/kalendarz-roczny-2026-tygodnie-kalendarzowe.png","type":"","width":"","height":""}],"twitter_card":"summary_large_image","schema":{"@context":"https:\/\/schema.org","@graph":[{"@type":"WebPage","@id":"https:\/\/www.colomio.com\/pl\/kalendarz-2026","url":"https:\/\/www.colomio.com\/pl\/kalendarz-2026","name":"Kalendarz 2026 Polska \u2013 Darmowy PDF & Excel","isPartOf":{"@id":"https:\/\/www.colomio.com\/pl#website"},"primaryImageOfPage":{"@id":"https:\/\/www.colomio.com\/pl\/kalendarz-2026#primaryimage"},"image":{"@id":"https:\/\/www.colomio.com\/pl\/kalendarz-2026#primaryimage"},"thumbnailUrl":"https:\/\/media.colomio.com\/calendar\/2026\/pl\/kalendarz-roczny-2026-tygodnie-kalendarzowe.png","datePublished":"2025-08-05T10:04:51+00:00","dateModified":"2026-04-21T14:56:02+00:00","description":"Kalendarz 2026 Polska z wszystkimi 13 \u015bwi\u0119tami pa\u0144stwowymi. Darmowy PDF, Excel i PNG w formacie poziomym i pionowym. Pobierz za darmo!","breadcrumb":{"@id":"https:\/\/www.colomio.com\/pl\/kalendarz-2026#breadcrumb"},"inLanguage":"pl-PL","potentialAction":[{"@type":"ReadAction","target":["https:\/\/www.colomio.com\/pl\/kalendarz-2026"]}]},{"@type":"ImageObject","inLanguage":"pl-PL","@id":"https:\/\/www.colomio.com\/pl\/kalendarz-2026#primaryimage","url":"https:\/\/media.colomio.com\/calendar\/2026\/pl\/kalendarz-roczny-2026-tygodnie-kalendarzowe.png","contentUrl":"https:\/\/media.colomio.com\/calendar\/2026\/pl\/kalendarz-roczny-2026-tygodnie-kalendarzowe.png"},{"@type":"BreadcrumbList","@id":"https:\/\/www.colomio.com\/pl\/kalendarz-2026#breadcrumb","itemListElement":[{"@type":"ListItem","position":1,"name":"Home","item":"https:\/\/www.colomio.com\/pl"},{"@type":"ListItem","position":2,"name":"Kalendarz 2026"}]},{"@type":"WebSite","@id":"https:\/\/www.colomio.com\/pl#website","url":"https:\/\/www.colomio.com\/pl","name":"www.colomio.com","description":"","publisher":{"@id":"https:\/\/www.colomio.com\/pl#organization"},"potentialAction":[{"@type":"SearchAction","target":{"@type":"EntryPoint","urlTemplate":"https:\/\/www.colomio.com\/pl?s={search_term_string}"},"query-input":{"@type":"PropertyValueSpecification","valueRequired":true,"valueName":"search_term_string"}}],"inLanguage":"pl-PL"},{"@type":"Organization","@id":"https:\/\/www.colomio.com\/pl#organization","name":"colomio","url":"https:\/\/www.colomio.com\/pl","logo":{"@type":"ImageObject","inLanguage":"pl-PL","@id":"https:\/\/www.colomio.com\/pl#\/schema\/logo\/image\/","url":"https:\/\/www.colomio.com\/wp-content\/uploads\/2025\/02\/cropped-colomio-logo.png?wsr","contentUrl":"https:\/\/www.colomio.com\/wp-content\/uploads\/2025\/02\/cropped-colomio-logo.png?wsr","width":373,"height":98,"caption":"www.colomio.com"},"image":{"@id":"https:\/\/www.colomio.com\/pl#\/schema\/logo\/image\/"},"sameAs":["https:\/\/www.instagram.com\/colomio.team\/","https:\/\/de.pinterest.com\/happycolorz_colomio\/","https:\/\/www.pinterest.com\/happycolorz_colomio\/","https:\/\/www.muminthemadhouse.com\/custom-ai-colouring-pages-for-kids\/","https:\/\/slummysinglemummy.com\/2026\/03\/05\/rainy-afternoons-just-got-a-lot-more-creative-discovering-colomio\/","https:\/\/www.amazon.com\/Horses-Coloring-Book-pages-reprint\/dp\/1707878994","https:\/\/www.prnewswire.com\/news-releases\/colomiocom-launches-a-free-customizable-coloring-book-for-home-printing-301162753.html","https:\/\/www.linkedin.com\/in\/mathias-ziegler-b6068568\/"],"alternateName":"colomio.com","foundingDate":"2019","description":"Free printable coloring pages, step-by-step drawing tutorials, and creative crafts for kids \u2013 created by parents, tested by children.","address":{"@type":"PostalAddress","streetAddress":"Zeppelinstr. 73","addressLocality":"Munich","postalCode":"81669","addressRegion":"Bavaria","addressCountry":"DE"},"parentOrganization":{"@type":"Organization","name":"happycolorz GmbH","url":"https:\/\/www.happycolorz.de"},"founder":[{"@type":"Person","@id":"https:\/\/www.colomio.com\/pl#mathias\/","name":"Mathias Ziegler","jobTitle":"Founder & Managing Director","url":"https:\/\/www.colomio.com\/pl\/authors\/colomio-team"}]}]}},"_links":{"self":[{"href":"https:\/\/www.colomio.com\/pl\/wp-json\/wp\/v2\/pages\/11305","targetHints":{"allow":["GET"]}}],"collection":[{"href":"https:\/\/www.colomio.com\/pl\/wp-json\/wp\/v2\/pages"}],"about":[{"href":"https:\/\/www.colomio.com\/pl\/wp-json\/wp\/v2\/types\/page"}],"author":[{"embeddable":true,"href":"https:\/\/www.colomio.com\/pl\/wp-json\/wp\/v2\/users\/4"}],"replies":[{"embeddable":true,"href":"https:\/\/www.colomio.com\/pl\/wp-json\/wp\/v2\/comments?post=11305"}],"version-history":[{"count":11,"href":"https:\/\/www.colomio.com\/pl\/wp-json\/wp\/v2\/pages\/11305\/revisions"}],"predecessor-version":[{"id":141781,"href":"https:\/\/www.colomio.com\/pl\/wp-json\/wp\/v2\/pages\/11305\/revisions\/141781"}],"wp:attachment":[{"href":"https:\/\/www.colomio.com\/pl\/wp-json\/wp\/v2\/media?parent=11305"}],"curies":[{"name":"wp","href":"https:\/\/api.w.org\/{rel}","templated":true}]}}