{"id":109755,"date":"2026-03-16T11:39:26","date_gmt":"2026-03-16T11:39:26","guid":{"rendered":"https:\/\/www.colomio.com\/?page_id=109755"},"modified":"2026-04-21 14:58:58","modified_gmt":"2026-04-21T14:58:58","slug":"calendario-2027","status":"publish","type":"page","link":"https:\/\/www.colomio.com\/pt-pt\/calendario-2027","title":{"rendered":"Calend\u00e1rio 2027 Portugal \u2013 Download Gratuito PDF com Feriados"},"content":{"rendered":"<style class=\"wpcode-css-snippet\">table, td, th {\n    border: none;\n    padding: 0px; \n}<\/p>\n<p>@media (min-width: 768px) {\n    #textdown {\n        margin-top: 100px;\n    }\n}\n@media (min-width: 768px) {\n    .col-md-6 {\n        -webkit-box-flex: 0;\n        flex: 0 0 50%;\n        max-width: 50%;\n    }\n}\n.row {\n    margin-left: -10px;\n    margin-right: -10px;\n}\n.row {\n    display: -webkit-box;\n    display: flex\n;\n    flex-wrap: wrap;\n    margin-right: -15px;\n    margin-left: -15px;\n}\n@media (min-width: 767px) {\n    .row {\n        display: flex\n;\n        flex-wrap: wrap;\n    }\n}\n*, :after, :before {\n    box-sizing: border-box;\n}\nimg {\n    max-width: 100%;\n}\nimg, svg {\n    vertical-align: middle;\n}\nimg {\n    border-style: none;\n}\n*, :after, :before {\n    box-sizing: border-box;\n}\n.schatten {\nborder: 1px solid #c1c1c1;\n    box-shadow: 4px 4px 9px #999;\n    padding: 8px;\n    margin-bottom: 9px;\n}<\/p>\n<p>@media (min-width: 768px){\n.col-md-6 {\n    -webkit-box-flex: 0;\n    flex: 0 0 50%;\n    max-width: 50%;\n\tpadding-left: 15px;\n}\n#textdown {\nmargin-top: 100px !important;}\n}<\/p>\n<p>  @media only screen and (max-width: 500px) {  .buttonmz     { padding: 4px 10px; margin: 3px; }  }   @media only screen and (min-width: 501px) {  .buttonmz     { padding: 8px 15px; margin: 5px; }   }    .buttonmz {  letter-spacing: -.16px; display: block; width: 100%; line-height: 1.4;  white-space: normal;  min-height: 24px; background-color: white; color: blue; border-color: black !important; -moz-user-select: none; -ms-user-select: none; -webkit-user-select: none; user-select: none; -webkit-appearance: none; -moz-appearance: none; appearance: none; display: inline-block; width: auto; text-decoration: none; text-align: center; vertical-align: middle; cursor: pointer; border: 2px solid black !important; border-radius: 2px;  background-color: white; color: black;  white-space: normal; }  .buttonmz:hover { background-color: grey !important; color: white !important; }  <\/style>\n<style id=\"extra-country-holidays-css\">\n.extra-country-box{margin:30px 0;border:1px solid #e0e0e0;border-radius:10px;overflow:hidden;box-shadow:0 2px 8px rgba(0,0,0,.05)}\n.extra-country-box .country-header{padding:12px 18px;color:#fff;font-size:1.1em;font-weight:700;text-shadow:0 1px 2px rgba(0,0,0,.3)}\n.extra-country-box .country-body{padding:16px 18px;background:#fafbfc}\n.extra-country-box .country-body p{margin:0 0 12px;color:#555;font-size:.93em;line-height:1.6}\n.extra-country-box table{width:100%;border-collapse:collapse;font-size:.88em;margin:10px 0}\n.extra-country-box th{background:#f0f0f0;padding:8px 12px;text-align:left;font-size:.9em;color:#444}\n.extra-country-box td{padding:8px 12px;border-bottom:1px solid #eee}\n.extra-country-box tbody tr:last-child td{border-bottom:none}\n.extra-country-box tbody tr:nth-child(even){background:#f5f7fa}\n.extra-country-box .country-footnote{font-size:.82em;color:#888;font-style:italic;margin:8px 0 0;padding-top:8px;border-top:1px solid #eee}\n.extra-country-box .country-note{background:#fff8e1;border-left:3px solid #ffc107;padding:10px 14px;border-radius:4px;margin:12px 0;font-size:.88em;color:#6d5e00}\n@media(max-width:580px){\n  .extra-country-box .country-header{padding:10px 14px;font-size:1em}\n  .extra-country-box .country-body{padding:12px 14px}\n  .extra-country-box table{font-size:.82em}\n  .extra-country-box th,.extra-country-box td{padding:6px 8px}\n}\n<\/style>\n<style id=\"colomio-mobile-responsive\">\n.table-responsive-wrap { width:100%; overflow-x:auto; -webkit-overflow-scrolling:touch; margin:20px 0 }\n.download-flex { display:flex; flex-wrap:wrap; gap:12px; margin:10px 0 20px }\n.download-flex a { display:flex; align-items:center; gap:8px; background:#f5f5f5; border:1px solid #ddd; border-radius:8px; padding:10px 16px; text-decoration:none; color:#333; font-weight:bold; transition:background .2s,box-shadow .2s; flex:1; min-width:100px; justify-content:center }\n.download-flex a:hover { background:#e8e8e8; box-shadow:0 2px 6px rgba(0,0,0,.1) }\n.download-flex a img { width:24px; height:30px }\n@media(max-width:580px){\n  .table-responsive-wrap table { font-size:.82em }\n  .table-responsive-wrap th,.table-responsive-wrap td { padding:8px 10px }\n}\n@media(max-width:480px){\n  .download-flex { flex-direction:column; gap:8px }\n  .download-flex a { justify-content:flex-start; min-width:unset }\n}\n@media(max-width:600px){\n  .faq-section-col { margin:24px 0!important }\n  .faq-item-col { padding:12px 14px!important; margin-bottom:10px!important }\n  .faq-item-col h3 { font-size:1em!important }\n  .faq-item-col p { font-size:.92em!important }\n  figure img.schatten { max-width:100%!important; height:auto!important }\n  .buttonmz { display:inline-block; margin:3px 2px!important; font-size:.85em }\n  h2 { font-size:1.3em } p,li { font-size:.95em; line-height:1.6 }\n}\n<\/style>\n<p>O nosso <b>calend\u00e1rio 2027<\/b> inclui todos os <b>14 feriados nacionais e tradicionais<\/b> de Portugal. O ano 2027 come\u00e7a numa sexta-feira, 1\u00a0de janeiro, e a P\u00e1scoa cai a 28\u00a0de mar\u00e7o. <b>Descarregue gratuitamente<\/b> em PDF, Excel\u00a0(XLS) e PNG \u2013 dispon\u00edvel em <b>formato paisagem e retrato<\/b>.<\/p>\n<h2>Calend\u00e1rio 2027 em diferentes formatos<\/h2>\n<ul>\n<li>Calend\u00e1rio anual 2027 em PDF para imprimir<\/li>\n<li>Modelos de calend\u00e1rio em formato PNG<\/li>\n<li>Calend\u00e1rio 2027 Excel para adapta\u00e7\u00f5es<\/li>\n<\/ul>\n<p>Escolha o <strong>calend\u00e1rio anual 2027<\/strong> que melhor se adapta \u00e0s suas necessidades \u2013 de modelos minimalistas a preto e branco at\u00e9 calend\u00e1rios coloridos.<\/p>\n<p> <\/p>\n<p id=\"escolha\"><big>Oferecemos v\u00e1rias vers\u00f5es gratuitas de calend\u00e1rios. Escolha o formato:<\/big><\/p>\n<p> <a class=\"buttonmz\" href=\"#paisagem\" title=\"Calend\u00e1rio 2027 Paisagem\"><b><big>Paisagem<\/big><\/b><\/a> <a class=\"buttonmz\" href=\"#vertical\" title=\"Calend\u00e1rio 2027 Retrato\"><b><big>Retrato<\/big><\/b><\/a> <\/p>\n<style>\n  #national-holidays-ptpt-2027 { width:100%; border-collapse:collapse; padding: 15px; margin:20px 0; font-family:sans-serif; box-shadow:0 0 20px rgba(0,0,0,.12); border-radius:8px; overflow:hidden }\n  #national-holidays-ptpt-2027 thead tr { background:#006600; color:#fff; text-align:left }\n  #national-holidays-ptpt-2027 th { padding:12px 16px; font-weight:600 }\n  #national-holidays-ptpt-2027 td { padding:11px 16px }\n  #national-holidays-ptpt-2027 tbody tr { border-bottom:1px solid #e8e8e8 }\n  #national-holidays-ptpt-2027 tbody tr:nth-of-type(even) { background:#f0f8f0 }\n  #national-holidays-ptpt-2027 tbody tr:last-of-type { border-bottom:3px solid #006600 }\n  #national-holidays-ptpt-2027 b { color:#006600 }\n  @media(max-width:580px) {\n    #national-holidays-ptpt-2027 { font-size: inherit }\n    #national-holidays-ptpt-2027 th, #national-holidays-ptpt-2027 td { padding:8px 10px }\n  }\n<\/style>\n<h2 id=\"national-holidays-ptpt-2027\">\ud83c\uddf5\ud83c\uddf9 Feriados 2027 em Portugal<\/h2>\n<p style=\"color:#444;line-height:1.7;margin-bottom:18px;\">Portugal tem <b>14 feriados nacionais e tradicionais<\/b> em 2027, incluindo o Carnaval. A P\u00e1scoa cai a 28\u00a0de mar\u00e7o. O Dia de Portugal \u00e9 numa quinta-feira (10\u00a0de junho), ideal para uma ponte.<\/p>\n<div class=\"table-responsive-wrap\">\n<table id=\"national-holidays-ptpt-2027\">\n<thead>\n<tr>\n<th>Data<\/th>\n<th>Dia<\/th>\n<th>Feriado<\/th>\n<\/tr>\n<\/thead>\n<tbody>\n<tr>\n<td>1 de janeiro<\/td>\n<td>sexta-feira<\/td>\n<td><b>Ano Novo<\/b><\/td>\n<\/tr>\n<tr>\n<td>9 de fevereiro<\/td>\n<td>ter\u00e7a-feira<\/td>\n<td><b>Carnaval<\/b><\/td>\n<\/tr>\n<tr>\n<td>26 de mar\u00e7o<\/td>\n<td>sexta-feira<\/td>\n<td><b>Sexta-feira Santa<\/b><\/td>\n<\/tr>\n<tr>\n<td>28 de mar\u00e7o<\/td>\n<td style=\"color:#c0392b\">domingo<\/td>\n<td><b>P\u00e1scoa<\/b><\/td>\n<\/tr>\n<tr>\n<td>25 de abril<\/td>\n<td style=\"color:#c0392b\">domingo<\/td>\n<td><b>Dia da Liberdade<\/b><\/td>\n<\/tr>\n<tr>\n<td>1 de maio<\/td>\n<td style=\"color:#c0392b\">s\u00e1bado<\/td>\n<td><b>Dia do Trabalhador<\/b><\/td>\n<\/tr>\n<tr>\n<td>27 de maio<\/td>\n<td>quinta-feira<\/td>\n<td><b>Corpo de Deus<\/b><\/td>\n<\/tr>\n<tr>\n<td>10 de junho<\/td>\n<td>quinta-feira<\/td>\n<td><b>Dia de Portugal<\/b><\/td>\n<\/tr>\n<tr>\n<td>15 de agosto<\/td>\n<td style=\"color:#c0392b\">domingo<\/td>\n<td><b>Assun\u00e7\u00e3o de Nossa Senhora<\/b><\/td>\n<\/tr>\n<tr>\n<td>5 de outubro<\/td>\n<td>ter\u00e7a-feira<\/td>\n<td><b>Implanta\u00e7\u00e3o da Rep\u00fablica<\/b><\/td>\n<\/tr>\n<tr>\n<td>1 de novembro<\/td>\n<td>segunda-feira<\/td>\n<td><b>Dia de Todos os Santos<\/b><\/td>\n<\/tr>\n<tr>\n<td>1 de dezembro<\/td>\n<td>quarta-feira<\/td>\n<td><b>Restaura\u00e7\u00e3o da Independ\u00eancia<\/b><\/td>\n<\/tr>\n<tr>\n<td>8 de dezembro<\/td>\n<td>quarta-feira<\/td>\n<td><b>Imaculada Concei\u00e7\u00e3o<\/b><\/td>\n<\/tr>\n<tr>\n<td>25 de dezembro<\/td>\n<td style=\"color:#c0392b\">s\u00e1bado<\/td>\n<td><b>Natal<\/b><\/td>\n<\/tr>\n<\/tbody>\n<\/table>\n<\/div>\n<p style=\"font-size:.85em;color:#777;font-style:italic;margin-top:8px;\">O Carnaval (9\u00a0de fevereiro) n\u00e3o \u00e9 feriado obrigat\u00f3rio, mas \u00e9 tradicionalmente concedido como toler\u00e2ncia de ponto.<\/p>\n<h2 id=\"paisagem\">Calend\u00e1rio 2027 formato paisagem<\/h2>\n<div class=\"row justify-content-center\">\n<div class=\"col-md-6\">\n<div style=\"text-align: left;\">\n<figure><a class=\"kalender\" href=\"https:\/\/media.colomio.com\/calendar\/2027\/pt\/calendario-anual-2027-formato-paisagem.pdf\" rel=\"nofollow\" title=\"Calend\u00e1rio 2027 cl\u00e1ssico\"><img decoding=\"async\" class=\"schatten\" loading=\"lazy\" src=\"https:\/\/media.colomio.com\/calendar\/2027\/pt\/calendario-anual-2027-formato-paisagem.png\" alt=\"Calend\u00e1rio 2027 cl\u00e1ssico PDF\" title=\"Calend\u00e1rio 2027 cl\u00e1ssico\"><figcaption class=\"title\" title=\"Calend\u00e1rio 2027 cl\u00e1ssico\">Calend\u00e1rio 2027 cl\u00e1ssico<\/figcaption><\/a><\/figure>\n<\/div>\n<\/div>\n<div class=\"col-md-6\">\n<div id=\"textdown\" style=\"text-align: left;\">\n<div id=\"ib\">\n<ul class=\"paint-row-content\">\n<li>Calend\u00e1rio anual 2027 em formato paisagem (DIN\u00a0A4)<\/li>\n<li>Ideal como calend\u00e1rio de parede<\/li>\n<li>Design limpo a preto e branco<\/li>\n<li>com n\u00fameros de semana e feriados nacionais<\/li>\n<p><\/p>\n<li style=\"list-style-type: none;\"><b>Download gratuito:<\/b><\/li>\n<p><\/p>\n<div class=\"download-flex\">\n  <a href=\"https:\/\/media.colomio.com\/calendar\/2027\/pt\/calendario-anual-2027-formato-paisagem.pdf\" rel=\"nofollow\"><img loading=\"lazy\" decoding=\"async\" alt=\"PDF\" src=\"https:\/\/www.colomio.com\/wp-content\/uploads\/2025\/09\/doc1.gif\" width=\"24\" height=\"30\"> PDF<\/a><br \/>\n  <a href=\"https:\/\/media.colomio.com\/calendar\/2027\/pt\/calendario-anual-2027-formato-paisagem.xlsx\" rel=\"nofollow\"><img loading=\"lazy\" decoding=\"async\" alt=\"Excel\" src=\"https:\/\/www.colomio.com\/wp-content\/uploads\/2025\/09\/doc2.gif\" width=\"24\" height=\"30\"> Excel<\/a><br \/>\n  <a href=\"https:\/\/media.colomio.com\/calendar\/2027\/pt\/calendario-anual-2027-formato-paisagem.png\" rel=\"nofollow\"><img loading=\"lazy\" decoding=\"async\" alt=\"PNG\" src=\"https:\/\/www.colomio.com\/wp-content\/uploads\/2025\/09\/doc3.gif\" width=\"24\" height=\"30\"> PNG<\/a>\n<\/div>\n<\/ul>\n<\/div>\n<\/div>\n<\/div>\n<\/div>\n<script async src=\"https:\/\/pagead2.googlesyndication.com\/pagead\/js\/adsbygoogle.js?client=ca-pub-6550436067840591\"\r\n     crossorigin=\"anonymous\"><\/script>\r\n<!-- flagge -->\r\n<ins class=\"adsbygoogle\"\r\n     style=\"display:block\"\r\n     data-ad-client=\"ca-pub-6550436067840591\"\r\n     data-ad-slot=\"3909965393\"\r\n     data-ad-format=\"auto\"\r\n     data-full-width-responsive=\"true\"><\/ins>\r\n<script>\r\n     (adsbygoogle = window.adsbygoogle || []).push({});\r\n<\/script>\n<p>Consulte tamb\u00e9m os nossos <b>calend\u00e1rios mensais 2027<\/b>. Todas as informa\u00e7\u00f5es sem garantia.<\/p>\n<p><\/p>\n<style>\n  .faq-section-col { margin:40px 0 }\n  .faq-item-col { background:#f9f9f9; border-left:4px solid #1a5276; border-radius:6px; padding:16px 20px; margin-bottom:14px; box-shadow:0 1px 3px rgba(0,0,0,.08) }\n  .faq-item-col:nth-child(even) { border-left-color:#2e86c1 }\n  .faq-item-col h3 { color:#333; margin:0 0 8px; font-size:1.1em }\n  .faq-item-col p { margin:0; color:#555; line-height:1.6 }\n<\/style>\n<h2 id=\"faq-ptpt-annual-2027\">Perguntas frequentes<\/h2>\n<div class=\"faq-section-col\">\n<div class=\"faq-item-col\">\n<h3>Quantos feriados tem Portugal em 2027?<\/h3>\n<p>Portugal tem <b>14 feriados nacionais e tradicionais em 2027<\/b>, incluindo o Carnaval.<\/p>\n<\/div>\n<div class=\"faq-item-col\">\n<h3>Em que dia come\u00e7a o ano 2027?<\/h3>\n<p>O ano 2027 come\u00e7a numa <b>sexta-feira, 1\u00a0de janeiro<\/b>.<\/p>\n<\/div>\n<div class=\"faq-item-col\">\n<h3>Em que formatos posso descarregar o calend\u00e1rio?<\/h3>\n<p>O calend\u00e1rio est\u00e1 dispon\u00edvel em <b>tr\u00eas formatos<\/b>: PDF, Excel\u00a0(XLS) e PNG, em paisagem e retrato.<\/p>\n<\/div>\n<div class=\"faq-item-col\">\n<h3>O calend\u00e1rio \u00e9 gratuito?<\/h3>\n<p>Sim, o <b>calend\u00e1rio 2027 \u00e9 totalmente gratuito<\/b>. Pode descarregar todos os formatos sem registo.<\/p>\n<\/div>\n<div class=\"faq-item-col\">\n<h3>Quando \u00e9 a P\u00e1scoa em 2027?<\/h3>\n<p>A <b>P\u00e1scoa cai a domingo, 28\u00a0de mar\u00e7o de 2027<\/b>. \u00c9 uma das P\u00e1scoas mais precoces poss\u00edveis.<\/p>\n<\/div>\n<\/div>\n<p><script type=\"application\/ld+json\">\n{\n  \"@context\": \"https:\/\/schema.org\",\n  \"@type\": \"FAQPage\",\n  \"mainEntity\": [\n    {\n      \"@type\": \"Question\",\n      \"name\": \"Quantos feriados tem Portugal em 2027?\",\n      \"acceptedAnswer\": {\n        \"@type\": \"Answer\",\n        \"text\": \"Portugal tem 14 feriados nacionais e tradicionais em 2027, incluindo o Carnaval.\"\n      }\n    },\n    {\n      \"@type\": \"Question\",\n      \"name\": \"Em que dia come\u00e7a o ano 2027?\",\n      \"acceptedAnswer\": {\n        \"@type\": \"Answer\",\n        \"text\": \"O ano 2027 come\u00e7a numa sexta-feira, 1\u00a0de janeiro.\"\n      }\n    },\n    {\n      \"@type\": \"Question\",\n      \"name\": \"Em que formatos posso descarregar o calend\u00e1rio?\",\n      \"acceptedAnswer\": {\n        \"@type\": \"Answer\",\n        \"text\": \"O calend\u00e1rio est\u00e1 dispon\u00edvel em tr\u00eas formatos: PDF, Excel\u00a0(XLS) e PNG, em paisagem e retrato.\"\n      }\n    },\n    {\n      \"@type\": \"Question\",\n      \"name\": \"O calend\u00e1rio \u00e9 gratuito?\",\n      \"acceptedAnswer\": {\n        \"@type\": \"Answer\",\n        \"text\": \"Sim, o calend\u00e1rio 2027 \u00e9 totalmente gratuito. Pode descarregar todos os formatos sem registo.\"\n      }\n    },\n    {\n      \"@type\": \"Question\",\n      \"name\": \"Quando \u00e9 a P\u00e1scoa em 2027?\",\n      \"acceptedAnswer\": {\n        \"@type\": \"Answer\",\n        \"text\": \"A P\u00e1scoa cai a domingo, 28\u00a0de mar\u00e7o de 2027. \u00c9 uma das P\u00e1scoas mais precoces poss\u00edveis.\"\n      }\n    }\n  ]\n}\n<\/script><\/p>\n<p><script async src=\"https:\/\/pagead2.googlesyndication.com\/pagead\/js\/adsbygoogle.js?client=ca-pub-6550436067840591\"\n     crossorigin=\"anonymous\"><\/script><br \/>\n<!-- flagge --><br \/>\n<ins class=\"adsbygoogle\"\n     style=\"display:block\"\n     data-ad-client=\"ca-pub-6550436067840591\"\n     data-ad-slot=\"3909965393\"\n     data-ad-format=\"auto\"\n     data-full-width-responsive=\"true\"><\/ins><br \/>\n<script>\n     (adsbygoogle = window.adsbygoogle || []).push({});\n<\/script> <!-- Feiertage start --> <\/p>\n<h3>Calend\u00e1rio anual com feriados 2027 \u2013 vis\u00e3o r\u00e1pida<\/h3>\n<p> <!-- Feiertage ende --> <!-- *** --><\/p>\n<div class=\"row justify-content-center\">\n<div class=\"col-md-6\">\n<div style=\"text-align: left;\">\n<figure><a class=\"kalender\" href=\"https:\/\/media.colomio.com\/calendar\/2027\/pt\/calendario-anual-2027-colorido.pdf\" rel=\"nofollow\" title=\"Calend\u00e1rio 2027 paisagem\"><img decoding=\"async\" class=\"schatten\" loading=\"lazy\" src=\"https:\/\/media.colomio.com\/calendar\/2027\/pt\/calendario-anual-2027-colorido.png\" alt=\"Calend\u00e1rio 2027 paisagem PDF\" title=\"Calend\u00e1rio 2027 paisagem\"><figcaption class=\"title\" title=\"Calend\u00e1rio 2027 paisagem\">Calend\u00e1rio 2027 paisagem<\/figcaption><\/a><\/figure>\n<\/div>\n<\/div>\n<div class=\"col-md-6\">\n<div id=\"textdown\" style=\"text-align: left;\">\n<div id=\"ib\">\n<ul class=\"paint-row-content\">\n<li>Calend\u00e1rio 2027 como modelo em formato paisagem (DIN\u00a0A4)<\/li>\n<li>Meses lado a lado em grelha 3\u00d74 com cabe\u00e7alhos coloridos<\/li>\n<li>Serve como calend\u00e1rio de parede<\/li>\n<li>com n\u00fameros de semana e feriados nacionais<\/li>\n<p><\/p>\n<li style=\"list-style-type: none;\"><b>Download gratuito:<\/b><\/li>\n<p><\/p>\n<div class=\"download-flex\">\n  <a href=\"https:\/\/media.colomio.com\/calendar\/2027\/pt\/calendario-anual-2027-colorido.pdf\" rel=\"nofollow\"><img loading=\"lazy\" decoding=\"async\" alt=\"PDF\" src=\"https:\/\/www.colomio.com\/wp-content\/uploads\/2025\/09\/doc1.gif\" width=\"24\" height=\"30\"> PDF<\/a><br \/>\n  <a href=\"https:\/\/media.colomio.com\/calendar\/2027\/pt\/calendario-anual-2027-colorido.xlsx\" rel=\"nofollow\"><img loading=\"lazy\" decoding=\"async\" alt=\"Excel\" src=\"https:\/\/www.colomio.com\/wp-content\/uploads\/2025\/09\/doc2.gif\" width=\"24\" height=\"30\"> Excel<\/a><br \/>\n  <a href=\"https:\/\/media.colomio.com\/calendar\/2027\/pt\/calendario-anual-2027-colorido.png\" rel=\"nofollow\"><img loading=\"lazy\" decoding=\"async\" alt=\"PNG\" src=\"https:\/\/www.colomio.com\/wp-content\/uploads\/2025\/09\/doc3.gif\" width=\"24\" height=\"30\"> PNG<\/a>\n<\/div>\n<\/ul>\n<\/div>\n<\/div>\n<\/div>\n<\/div>\n<p> <!-- *** --><\/p>\n<div class=\"row justify-content-center\">\n<div class=\"col-md-6\">\n<div style=\"text-align: left;\">\n<figure><a class=\"kalender\" href=\"https:\/\/media.colomio.com\/calendar\/2027\/pt\/calendario-anual-gratuito-2027-colorido-formato-paisagem.pdf\" rel=\"nofollow\" title=\"Calend\u00e1rio 2027\"><img decoding=\"async\" class=\"schatten\" loading=\"lazy\" src=\"https:\/\/media.colomio.com\/calendar\/2027\/pt\/calendario-anual-gratuito-2027-colorido-formato-paisagem.png\" alt=\"Calend\u00e1rio 2027 PDF\" title=\"Calend\u00e1rio 2027\"><figcaption class=\"title\" title=\"Calend\u00e1rio 2027\">Calend\u00e1rio 2027<\/figcaption><\/a><\/figure>\n<\/div>\n<\/div>\n<div class=\"col-md-6\">\n<div id=\"textdown\" style=\"text-align: left;\">\n<div id=\"ib\">\n<ul class=\"paint-row-content\">\n<li>Calend\u00e1rio anual 2027 numa p\u00e1gina DIN\u00a0A4, paisagem<\/li>\n<li>Meses dispostos em colunas<\/li>\n<li>com n\u00fameros de semana e feriados nacionais<\/li>\n<p><\/p>\n<li style=\"list-style-type: none;\"><b>Download gratuito:<\/b><\/li>\n<p><\/p>\n<div class=\"download-flex\">\n  <a href=\"https:\/\/media.colomio.com\/calendar\/2027\/pt\/calendario-anual-gratuito-2027-colorido-formato-paisagem.pdf\" rel=\"nofollow\"><img loading=\"lazy\" decoding=\"async\" alt=\"PDF\" src=\"https:\/\/www.colomio.com\/wp-content\/uploads\/2025\/09\/doc1.gif\" width=\"24\" height=\"30\"> PDF<\/a><br \/>\n  <a href=\"https:\/\/media.colomio.com\/calendar\/2027\/pt\/calendario-anual-gratuito-2027-colorido-formato-paisagem.xlsx\" rel=\"nofollow\"><img loading=\"lazy\" decoding=\"async\" alt=\"Excel\" src=\"https:\/\/www.colomio.com\/wp-content\/uploads\/2025\/09\/doc2.gif\" width=\"24\" height=\"30\"> Excel<\/a><br \/>\n  <a href=\"https:\/\/media.colomio.com\/calendar\/2027\/pt\/calendario-anual-gratuito-2027-colorido-formato-paisagem.png\" rel=\"nofollow\"><img loading=\"lazy\" decoding=\"async\" alt=\"PNG\" src=\"https:\/\/www.colomio.com\/wp-content\/uploads\/2025\/09\/doc3.gif\" width=\"24\" height=\"30\"> PNG<\/a>\n<\/div>\n<\/ul>\n<\/div>\n<\/div>\n<\/div>\n<\/div>\n<h3>Um calend\u00e1rio anual, muitas possibilidades<\/h3>\n<p>Um calend\u00e1rio anual para 2027 serve muitos prop\u00f3sitos. Oferece \u00e0 fam\u00edlia uma vis\u00e3o r\u00e1pida dos feriados, f\u00e9rias e anivers\u00e1rios. Muitos usam-no como planeador de f\u00e9rias, marcando os dias livres a cores. Funciona tamb\u00e9m como calend\u00e1rio de trabalho. Para as crian\u00e7as, \u00e9 um pr\u00e1tico calend\u00e1rio escolar. Afixado na sala ou corredor, informa toda a fam\u00edlia de forma fi\u00e1vel. Muitas pessoas preferem um calend\u00e1rio 2027 com n\u00fameros de semana para uma vis\u00e3o r\u00e1pida das 52\u00a0semanas.<\/p>\n<p> <!-- *** --><\/p>\n<div class=\"row justify-content-center\">\n<div class=\"col-md-6\">\n<div style=\"text-align: left;\">\n<figure><a class=\"kalender\" href=\"https:\/\/media.colomio.com\/calendar\/2027\/pt\/calendario-gratuito-2027-com-numeros-da-semana.pdf\" rel=\"nofollow\" title=\"Calend\u00e1rio 2027\"><img decoding=\"async\" class=\"schatten\" loading=\"lazy\" src=\"https:\/\/media.colomio.com\/calendar\/2027\/pt\/calendario-gratuito-2027-com-numeros-da-semana.png\" alt=\"Calend\u00e1rio 2027 PDF\" title=\"Calend\u00e1rio 2027\"><figcaption class=\"title\" title=\"Calend\u00e1rio 2027\">Calend\u00e1rio 2027<\/figcaption><\/a><\/figure>\n<\/div>\n<\/div>\n<div class=\"col-md-6\">\n<div id=\"textdown\" style=\"text-align: left;\">\n<div id=\"ib\">\n<ul class=\"paint-row-content\">\n<li>Calend\u00e1rio 2027 em formato paisagem numa p\u00e1gina (DIN\u00a0A4)<\/li>\n<li>Dias dispostos verticalmente<\/li>\n<li>com n\u00fameros de semana e feriados nacionais<\/li>\n<p><\/p>\n<li style=\"list-style-type: none;\"><b>Download gratuito:<\/b><\/li>\n<p><\/p>\n<div class=\"download-flex\">\n  <a href=\"https:\/\/media.colomio.com\/calendar\/2027\/pt\/calendario-gratuito-2027-com-numeros-da-semana.pdf\" rel=\"nofollow\"><img loading=\"lazy\" decoding=\"async\" alt=\"PDF\" src=\"https:\/\/www.colomio.com\/wp-content\/uploads\/2025\/09\/doc1.gif\" width=\"24\" height=\"30\"> PDF<\/a><br \/>\n  <a href=\"https:\/\/media.colomio.com\/calendar\/2027\/pt\/calendario-gratuito-2027-com-numeros-da-semana.xlsx\" rel=\"nofollow\"><img loading=\"lazy\" decoding=\"async\" alt=\"Excel\" src=\"https:\/\/www.colomio.com\/wp-content\/uploads\/2025\/09\/doc2.gif\" width=\"24\" height=\"30\"> Excel<\/a><br \/>\n  <a href=\"https:\/\/media.colomio.com\/calendar\/2027\/pt\/calendario-gratuito-2027-com-numeros-da-semana.png\" rel=\"nofollow\"><img loading=\"lazy\" decoding=\"async\" alt=\"PNG\" src=\"https:\/\/www.colomio.com\/wp-content\/uploads\/2025\/09\/doc3.gif\" width=\"24\" height=\"30\"> PNG<\/a>\n<\/div>\n<\/ul>\n<\/div>\n<\/div>\n<\/div>\n<\/div>\n<p> <!-- *** --><\/p>\n<h2 id=\"vertical\">Calend\u00e1rio 2027 em formato retrato<\/h2>\n<p>Os nossos calend\u00e1rios em formato retrato oferecem bastante espa\u00e7o para anota\u00e7\u00f5es. O modelo Excel de duas p\u00e1ginas com colunas de janeiro a junho e de julho a dezembro \u00e9 particularmente pr\u00e1tico. S\u00e1bados, domingos e feriados est\u00e3o destacados a cores. Descarregue gratuitamente em PDF, Excel ou PNG.<\/p>\n<div class=\"row justify-content-center\">\n<div class=\"col-md-6\">\n<div style=\"text-align: left;\">\n<figure><a class=\"kalender\" href=\"https:\/\/media.colomio.com\/calendar\/2027\/pt\/calendario-2027-em-formato-vertical-preto-e-branco.pdf\" rel=\"nofollow\" title=\"Calend\u00e1rio 2027 \u2013 Retrato\"><img decoding=\"async\" class=\"schatten\" loading=\"lazy\" src=\"https:\/\/media.colomio.com\/calendar\/2027\/pt\/calendario-2027-em-formato-vertical-preto-e-branco.png\" alt=\"Calend\u00e1rio 2027 \u2013 Retrato PDF\" title=\"Calend\u00e1rio 2027 \u2013 Retrato\"><figcaption class=\"title\" title=\"Calend\u00e1rio 2027 \u2013 Retrato\">Calend\u00e1rio 2027 \u2013 Retrato<\/figcaption><\/a><\/figure>\n<\/div>\n<\/div>\n<div class=\"col-md-6\">\n<div id=\"textdown\" style=\"text-align: left;\">\n<div id=\"ib\">\n<ul class=\"paint-row-content\">\n<li>Calend\u00e1rio 2027 numa p\u00e1gina DIN\u00a0A4, retrato<\/li>\n<li>Design limpo a preto e branco<\/li>\n<li>com n\u00fameros de semana e feriados nacionais<\/li>\n<p><\/p>\n<li style=\"list-style-type: none;\"><b>Download gratuito:<\/b><\/li>\n<p><\/p>\n<div class=\"download-flex\">\n  <a href=\"https:\/\/media.colomio.com\/calendar\/2027\/pt\/calendario-2027-em-formato-vertical-preto-e-branco.pdf\" rel=\"nofollow\"><img loading=\"lazy\" decoding=\"async\" alt=\"PDF\" src=\"https:\/\/www.colomio.com\/wp-content\/uploads\/2025\/09\/doc1.gif\" width=\"24\" height=\"30\"> PDF<\/a><br \/>\n  <a href=\"https:\/\/media.colomio.com\/calendar\/2027\/pt\/calendario-2027-em-formato-vertical-preto-e-branco.xlsx\" rel=\"nofollow\"><img loading=\"lazy\" decoding=\"async\" alt=\"Excel\" src=\"https:\/\/www.colomio.com\/wp-content\/uploads\/2025\/09\/doc2.gif\" width=\"24\" height=\"30\"> Excel<\/a><br \/>\n  <a href=\"https:\/\/media.colomio.com\/calendar\/2027\/pt\/calendario-2027-em-formato-vertical-preto-e-branco.png\" rel=\"nofollow\"><img loading=\"lazy\" decoding=\"async\" alt=\"PNG\" src=\"https:\/\/www.colomio.com\/wp-content\/uploads\/2025\/09\/doc3.gif\" width=\"24\" height=\"30\"> PNG<\/a>\n<\/div>\n<\/ul>\n<\/div>\n<\/div>\n<\/div>\n<\/div>\n<p> <!-- *** --><\/p>\n<div class=\"row justify-content-center\">\n<div class=\"col-md-6\">\n<div style=\"text-align: left;\">\n<figure><a class=\"kalender\" href=\"https:\/\/media.colomio.com\/calendar\/2027\/pt\/calendario-2027-com-numeros-da-semana-em-formato-vertical.pdf\" rel=\"nofollow\" title=\"Calend\u00e1rio 2027 \u2013 Retrato\"><img decoding=\"async\" class=\"schatten\" loading=\"lazy\" src=\"https:\/\/media.colomio.com\/calendar\/2027\/pt\/calendario-2027-com-numeros-da-semana-em-formato-vertical.png\" alt=\"Calend\u00e1rio 2027 \u2013 Retrato PDF\" title=\"Calend\u00e1rio 2027 \u2013 Retrato\"><figcaption class=\"title\" title=\"Calend\u00e1rio 2027 \u2013 Retrato\">Calend\u00e1rio 2027 \u2013 Retrato<\/figcaption><\/a><\/figure>\n<\/div>\n<\/div>\n<div class=\"col-md-6\">\n<div id=\"textdown\" style=\"text-align: left;\">\n<div id=\"ib\">\n<ul class=\"paint-row-content\">\n<li>Calend\u00e1rio 2027 em formato retrato (modelo DIN\u00a0A4)<\/li>\n<li>S\u00e1bado e domingo destacados a cores<\/li>\n<li>Serve como calend\u00e1rio de parede<\/li>\n<li>com n\u00fameros de semana e feriados nacionais<\/li>\n<p><\/p>\n<li style=\"list-style-type: none;\"><b>Download gratuito:<\/b><\/li>\n<p><\/p>\n<div class=\"download-flex\">\n  <a href=\"https:\/\/media.colomio.com\/calendar\/2027\/pt\/calendario-2027-com-numeros-da-semana-em-formato-vertical.pdf\" rel=\"nofollow\"><img loading=\"lazy\" decoding=\"async\" alt=\"PDF\" src=\"https:\/\/www.colomio.com\/wp-content\/uploads\/2025\/09\/doc1.gif\" width=\"24\" height=\"30\"> PDF<\/a><br \/>\n  <a href=\"https:\/\/media.colomio.com\/calendar\/2027\/pt\/calendario-2027-com-numeros-da-semana-em-formato-vertical.xlsx\" rel=\"nofollow\"><img loading=\"lazy\" decoding=\"async\" alt=\"Excel\" src=\"https:\/\/www.colomio.com\/wp-content\/uploads\/2025\/09\/doc2.gif\" width=\"24\" height=\"30\"> Excel<\/a><br \/>\n  <a href=\"https:\/\/media.colomio.com\/calendar\/2027\/pt\/calendario-2027-com-numeros-da-semana-em-formato-vertical.png\" rel=\"nofollow\"><img loading=\"lazy\" decoding=\"async\" alt=\"PNG\" src=\"https:\/\/www.colomio.com\/wp-content\/uploads\/2025\/09\/doc3.gif\" width=\"24\" height=\"30\"> PNG<\/a>\n<\/div>\n<\/ul>\n<\/div>\n<\/div>\n<\/div>\n<\/div>\n<p> <!-- *** --><\/p>\n<h2 id=\"extra-holidays-ptpt-0\">Feriados nos pa\u00edses vizinhos 2027<\/h2>\n<p style=\"color:#555;margin-bottom:20px;\">Os nossos calend\u00e1rios s\u00e3o utilizados em toda a lusofonia. Aqui encontra os feriados dos pa\u00edses vizinhos.<\/p>\n<div class=\"extra-country-box\" id=\"extra-br-0\">\n<div class=\"country-header\" style=\"background:linear-gradient(135deg, #009739 50%, #FFDF00 50%)\">\ud83c\udde7\ud83c\uddf7 Brasil \u2013 Feriados 2027<\/div>\n<div class=\"country-body\">\n<p>Muitos dos nossos visitantes v\u00eam do Brasil. Aqui est\u00e3o os <b>13 feriados nacionais brasileiros<\/b> para em de 2027.<\/p>\n<table>\n<thead>\n<tr>\n<th>Data<\/th>\n<th>Dia<\/th>\n<th>Feriado<\/th>\n<\/tr>\n<\/thead>\n<tbody>\n<tr>\n<td>1 de janeiro<\/td>\n<td>sexta-feira<\/td>\n<td><b>Confraterniza\u00e7\u00e3o Universal (Ano Novo)<\/b><\/td>\n<\/tr>\n<tr>\n<td>16 de fevereiro<\/td>\n<td>ter\u00e7a-feira<\/td>\n<td><b>Carnaval (segunda-feira) *<\/b><\/td>\n<\/tr>\n<tr>\n<td>9 de fevereiro<\/td>\n<td>ter\u00e7a-feira<\/td>\n<td><b>Carnaval (ter\u00e7a-feira) *<\/b><\/td>\n<\/tr>\n<tr>\n<td>26 de mar\u00e7o<\/td>\n<td>sexta-feira<\/td>\n<td><b>Sexta-feira Santa (Paix\u00e3o de Cristo)<\/b><\/td>\n<\/tr>\n<tr>\n<td>21 de abril<\/td>\n<td>quarta-feira<\/td>\n<td><b>Tiradentes<\/b><\/td>\n<\/tr>\n<tr>\n<td>1 de maio<\/td>\n<td style=\"color:#c0392b\">s\u00e1bado<\/td>\n<td><b>Dia do Trabalhador<\/b><\/td>\n<\/tr>\n<tr>\n<td>27 de maio<\/td>\n<td>quinta-feira<\/td>\n<td><b>Corpus Christi *<\/b><\/td>\n<\/tr>\n<tr>\n<td>7 de setembro<\/td>\n<td>ter\u00e7a-feira<\/td>\n<td><b>Independ\u00eancia do Brasil<\/b><\/td>\n<\/tr>\n<tr>\n<td>12 de outubro<\/td>\n<td>ter\u00e7a-feira<\/td>\n<td><b>Nossa Senhora Aparecida<\/b><\/td>\n<\/tr>\n<tr>\n<td>2 de novembro<\/td>\n<td>ter\u00e7a-feira<\/td>\n<td><b>Finados<\/b><\/td>\n<\/tr>\n<tr>\n<td>15 de novembro<\/td>\n<td>segunda-feira<\/td>\n<td><b>Proclama\u00e7\u00e3o da Rep\u00fablica<\/b><\/td>\n<\/tr>\n<tr>\n<td>20 de novembro<\/td>\n<td style=\"color:#c0392b\">s\u00e1bado<\/td>\n<td><b>Dia da Consci\u00eancia Negra (novo desde 2024)<\/b><\/td>\n<\/tr>\n<tr>\n<td>25 de dezembro<\/td>\n<td style=\"color:#c0392b\">s\u00e1bado<\/td>\n<td><b>Natal<\/b><\/td>\n<\/tr>\n<\/tbody>\n<\/table>\n<p class=\"country-footnote\">* O Carnaval e o Corpus Christi s\u00e3o pontos facultativos para o servi\u00e7o p\u00fablico federal, mas s\u00e3o amplamente observados. Alguns estados como o Rio de Janeiro declararam o Carnaval como feriado estadual.<\/p>\n<\/div>\n<\/div>\n<div class=\"extra-country-box\" id=\"extra-pt-reg-0\">\n<div class=\"country-header\" style=\"background:linear-gradient(135deg, #006600 50%, #FF0000 50%)\">\ud83d\udccd Portugal \u2013 Feriados Regionais e Municipais \u2013 Feriados 2027<\/div>\n<div class=\"country-body\">\n<p>Al\u00e9m dos feriados nacionais, Portugal tem <b>feriados regionais e municipais importantes<\/b> em de 2027.<\/p>\n<table>\n<thead>\n<tr>\n<th>Data<\/th>\n<th>Dia<\/th>\n<th>Feriado<\/th>\n<\/tr>\n<\/thead>\n<tbody>\n<tr>\n<td>9 de fevereiro<\/td>\n<td>ter\u00e7a-feira<\/td>\n<td><b>Carnaval (toler\u00e2ncia de ponto \u2013 amplamente observado)<\/b><\/td>\n<\/tr>\n<tr>\n<td>17 de maio<\/td>\n<td>segunda-feira<\/td>\n<td><b>Dia dos A\u00e7ores (regional \u2013 A\u00e7ores)<\/b><\/td>\n<\/tr>\n<tr>\n<td>13 de junho<\/td>\n<td style=\"color:#c0392b\">domingo<\/td>\n<td><b>Dia de Santo Ant\u00f3nio (municipal \u2013 Lisboa)<\/b><\/td>\n<\/tr>\n<tr>\n<td>227 de maio<\/td>\n<td>quinta-feira<\/td>\n<td><b>Dia de S\u00e3o Jo\u00e3o (municipal \u2013 Porto, Braga)<\/b><\/td>\n<\/tr>\n<tr>\n<td>29 de junho<\/td>\n<td>ter\u00e7a-feira<\/td>\n<td><b>Dia de S\u00e3o Pedro (municipal \u2013 \u00c9vora)<\/b><\/td>\n<\/tr>\n<tr>\n<td>1 de julho<\/td>\n<td>quinta-feira<\/td>\n<td><b>Dia da Regi\u00e3o da Madeira (regional \u2013 Madeira)<\/b><\/td>\n<\/tr>\n<tr>\n<td>4 de julho<\/td>\n<td style=\"color:#c0392b\">domingo<\/td>\n<td><b>Dia de Santa Isabel (municipal \u2013 Coimbra)<\/b><\/td>\n<\/tr>\n<\/tbody>\n<\/table>\n<p class=\"country-footnote\">O Carnaval (ter\u00e7a-feira de Carnaval) \u00e9 concedido por despacho governamental anual como toler\u00e2ncia de ponto para o servi\u00e7o p\u00fablico.<\/p>\n<\/div>\n<\/div>\n","protected":false},"excerpt":{"rendered":"<p>O nosso calend\u00e1rio 2027 inclui todos os 14 feriados nacionais e tradicionais de Portugal. O ano 2027 come\u00e7a numa sexta-feira, 1\u00a0de janeiro, e a P\u00e1scoa cai a 28\u00a0de mar\u00e7o. Descarregue gratuitamente em PDF, Excel\u00a0(XLS) e PNG \u2013 dispon\u00edvel em formato paisagem e retrato. Calend\u00e1rio 2027 em diferentes formatos Calend\u00e1rio anual 2027 em PDF para imprimir &#8230; <a title=\"Calend\u00e1rio 2027 Portugal \u2013 Download Gratuito PDF com Feriados\" class=\"read-more\" href=\"https:\/\/www.colomio.com\/pt-pt\/calendario-2027\" aria-label=\"Leia mais sobre Calend\u00e1rio 2027 Portugal \u2013 Download Gratuito PDF com Feriados\">Ler mais<\/a><\/p>\n","protected":false},"author":1,"featured_media":0,"parent":0,"menu_order":0,"comment_status":"closed","ping_status":"closed","template":"","meta":{"_yoast_wpseo_title":"Calend\u00e1rio 2027 Portugal \u2013 PDF Gr\u00e1tis com Feriados","_yoast_wpseo_metadesc":"Organize 2027 com o nosso calend\u00e1rio gratuito \u2013 todos os feriados nacionais inclu\u00eddos. PDF, Excel e PNG em formato paisagem e retrato para imprimir.","_yoast_wpseo_bctitle":"Calend\u00e1rio 2027","_colomio_max_video_preview":"","_colomio_max_image_preview":"","_colomio_max_snippet":"","_custom_article_jsonld":"","_custom_howto_jsonld":"","_custom_schema_jsonld":"","category-page":true,"footnotes":""},"class_list":["post-109755","page","type-page","status-publish"],"yoast_head":"<!-- This site is optimized with the Yoast SEO plugin v27.2 - https:\/\/yoast.com\/product\/yoast-seo-wordpress\/ -->\n<title>Calend\u00e1rio 2027 Portugal \u2013 PDF Gr\u00e1tis com Feriados<\/title>\n<meta name=\"description\" content=\"Organize 2027 com o nosso calend\u00e1rio gratuito \u2013 todos os feriados nacionais inclu\u00eddos. PDF, Excel e PNG em formato paisagem e retrato para imprimir.\" \/>\n<meta name=\"robots\" content=\"index, follow, max-snippet:-1, max-image-preview:large, max-video-preview:-1\" \/>\n<link rel=\"canonical\" href=\"https:\/\/www.colomio.com\/pt-pt\/calendario-2027\" \/>\n<meta property=\"og:locale\" content=\"pt_PT\" \/>\n<meta property=\"og:type\" content=\"article\" \/>\n<meta property=\"og:title\" content=\"Calend\u00e1rio 2027 Portugal \u2013 PDF Gr\u00e1tis com Feriados\" \/>\n<meta property=\"og:description\" content=\"Organize 2027 com o nosso calend\u00e1rio gratuito \u2013 todos os feriados nacionais inclu\u00eddos. PDF, Excel e PNG em formato paisagem e retrato para imprimir.\" \/>\n<meta property=\"og:url\" content=\"https:\/\/www.colomio.com\/pt-pt\/calendario-2027\" \/>\n<meta property=\"og:site_name\" content=\"www.colomio.com\" \/>\n<meta property=\"article:modified_time\" content=\"2026-04-21T14:58:58+00:00\" \/>\n<meta property=\"og:image\" content=\"https:\/\/media.colomio.com\/calendar\/2027\/pt\/calendario-anual-2027-formato-paisagem.png\" \/>\n<meta name=\"twitter:card\" content=\"summary_large_image\" \/>\n<meta name=\"twitter:label1\" content=\"Tempo estimado de leitura\" \/>\n\t<meta name=\"twitter:data1\" content=\"11 minutos\" \/>\n<script type=\"application\/ld+json\" class=\"yoast-schema-graph\">{\"@context\":\"https:\/\/schema.org\",\"@graph\":[{\"@type\":\"WebPage\",\"@id\":\"https:\/\/www.colomio.com\/pt-pt\/calendario-2027\",\"url\":\"https:\/\/www.colomio.com\/pt-pt\/calendario-2027\",\"name\":\"Calend\u00e1rio 2027 Portugal \u2013 PDF Gr\u00e1tis com Feriados\",\"isPartOf\":{\"@id\":\"https:\/\/www.colomio.com\/pt-pt#website\"},\"primaryImageOfPage\":{\"@id\":\"https:\/\/www.colomio.com\/pt-pt\/calendario-2027#primaryimage\"},\"image\":{\"@id\":\"https:\/\/www.colomio.com\/pt-pt\/calendario-2027#primaryimage\"},\"thumbnailUrl\":\"https:\/\/media.colomio.com\/calendar\/2027\/pt\/calendario-anual-2027-formato-paisagem.png\",\"datePublished\":\"2026-03-16T11:39:26+00:00\",\"dateModified\":\"2026-04-21T14:58:58+00:00\",\"description\":\"Organize 2027 com o nosso calend\u00e1rio gratuito \u2013 todos os feriados nacionais inclu\u00eddos. PDF, Excel e PNG em formato paisagem e retrato para imprimir.\",\"breadcrumb\":{\"@id\":\"https:\/\/www.colomio.com\/pt-pt\/calendario-2027#breadcrumb\"},\"inLanguage\":\"pt-PT\",\"potentialAction\":[{\"@type\":\"ReadAction\",\"target\":[\"https:\/\/www.colomio.com\/pt-pt\/calendario-2027\"]}]},{\"@type\":\"ImageObject\",\"inLanguage\":\"pt-PT\",\"@id\":\"https:\/\/www.colomio.com\/pt-pt\/calendario-2027#primaryimage\",\"url\":\"https:\/\/media.colomio.com\/calendar\/2027\/pt\/calendario-anual-2027-formato-paisagem.png\",\"contentUrl\":\"https:\/\/media.colomio.com\/calendar\/2027\/pt\/calendario-anual-2027-formato-paisagem.png\"},{\"@type\":\"BreadcrumbList\",\"@id\":\"https:\/\/www.colomio.com\/pt-pt\/calendario-2027#breadcrumb\",\"itemListElement\":[{\"@type\":\"ListItem\",\"position\":1,\"name\":\"Home\",\"item\":\"https:\/\/www.colomio.com\/pt-pt\"},{\"@type\":\"ListItem\",\"position\":2,\"name\":\"Calend\u00e1rio 2027\"}]},{\"@type\":\"WebSite\",\"@id\":\"https:\/\/www.colomio.com\/pt-pt#website\",\"url\":\"https:\/\/www.colomio.com\/pt-pt\",\"name\":\"www.colomio.com\",\"description\":\"\",\"publisher\":{\"@id\":\"https:\/\/www.colomio.com\/pt-pt#organization\"},\"potentialAction\":[{\"@type\":\"SearchAction\",\"target\":{\"@type\":\"EntryPoint\",\"urlTemplate\":\"https:\/\/www.colomio.com\/pt-pt?s={search_term_string}\"},\"query-input\":{\"@type\":\"PropertyValueSpecification\",\"valueRequired\":true,\"valueName\":\"search_term_string\"}}],\"inLanguage\":\"pt-PT\"},{\"@type\":\"Organization\",\"@id\":\"https:\/\/www.colomio.com\/pt-pt#organization\",\"name\":\"colomio\",\"url\":\"https:\/\/www.colomio.com\/pt-pt\",\"logo\":{\"@type\":\"ImageObject\",\"inLanguage\":\"pt-PT\",\"@id\":\"https:\/\/www.colomio.com\/pt-pt#\/schema\/logo\/image\/\",\"url\":\"https:\/\/www.colomio.com\/wp-content\/uploads\/2025\/02\/cropped-colomio-logo.png?wsr\",\"contentUrl\":\"https:\/\/www.colomio.com\/wp-content\/uploads\/2025\/02\/cropped-colomio-logo.png?wsr\",\"width\":373,\"height\":98,\"caption\":\"www.colomio.com\"},\"image\":{\"@id\":\"https:\/\/www.colomio.com\/pt-pt#\/schema\/logo\/image\/\"},\"sameAs\":[\"https:\/\/www.instagram.com\/colomio.team\/\",\"https:\/\/de.pinterest.com\/happycolorz_colomio\/\",\"https:\/\/www.pinterest.com\/happycolorz_colomio\/\",\"https:\/\/www.muminthemadhouse.com\/custom-ai-colouring-pages-for-kids\/\",\"https:\/\/slummysinglemummy.com\/2026\/03\/05\/rainy-afternoons-just-got-a-lot-more-creative-discovering-colomio\/\",\"https:\/\/www.amazon.com\/Horses-Coloring-Book-pages-reprint\/dp\/1707878994\",\"https:\/\/www.prnewswire.com\/news-releases\/colomiocom-launches-a-free-customizable-coloring-book-for-home-printing-301162753.html\",\"https:\/\/www.linkedin.com\/in\/mathias-ziegler-b6068568\/\"],\"alternateName\":\"colomio.com\",\"foundingDate\":\"2019\",\"description\":\"Free printable coloring pages, step-by-step drawing tutorials, and creative crafts for kids \u2013 created by parents, tested by children.\",\"address\":{\"@type\":\"PostalAddress\",\"streetAddress\":\"Zeppelinstr. 73\",\"addressLocality\":\"Munich\",\"postalCode\":\"81669\",\"addressRegion\":\"Bavaria\",\"addressCountry\":\"DE\"},\"parentOrganization\":{\"@type\":\"Organization\",\"name\":\"happycolorz GmbH\",\"url\":\"https:\/\/www.happycolorz.de\"},\"founder\":[{\"@type\":\"Person\",\"@id\":\"https:\/\/www.colomio.com\/pt-pt#mathias\/\",\"name\":\"Mathias Ziegler\",\"jobTitle\":\"Founder & Managing Director\",\"url\":\"https:\/\/www.colomio.com\/pt-pt\/authors\/colomio-team\"}]}]}<\/script>\n<!-- \/ Yoast SEO plugin. -->","yoast_head_json":{"title":"Calend\u00e1rio 2027 Portugal \u2013 PDF Gr\u00e1tis com Feriados","description":"Organize 2027 com o nosso calend\u00e1rio gratuito \u2013 todos os feriados nacionais inclu\u00eddos. PDF, Excel e PNG em formato paisagem e retrato para imprimir.","robots":{"index":"index","follow":"follow","max-snippet":"max-snippet:-1","max-image-preview":"max-image-preview:large","max-video-preview":"max-video-preview:-1"},"canonical":"https:\/\/www.colomio.com\/pt-pt\/calendario-2027","og_locale":"pt_PT","og_type":"article","og_title":"Calend\u00e1rio 2027 Portugal \u2013 PDF Gr\u00e1tis com Feriados","og_description":"Organize 2027 com o nosso calend\u00e1rio gratuito \u2013 todos os feriados nacionais inclu\u00eddos. PDF, Excel e PNG em formato paisagem e retrato para imprimir.","og_url":"https:\/\/www.colomio.com\/pt-pt\/calendario-2027","og_site_name":"www.colomio.com","article_modified_time":"2026-04-21T14:58:58+00:00","og_image":[{"url":"https:\/\/media.colomio.com\/calendar\/2027\/pt\/calendario-anual-2027-formato-paisagem.png","type":"","width":"","height":""}],"twitter_card":"summary_large_image","twitter_misc":{"Tempo estimado de leitura":"11 minutos"},"schema":{"@context":"https:\/\/schema.org","@graph":[{"@type":"WebPage","@id":"https:\/\/www.colomio.com\/pt-pt\/calendario-2027","url":"https:\/\/www.colomio.com\/pt-pt\/calendario-2027","name":"Calend\u00e1rio 2027 Portugal \u2013 PDF Gr\u00e1tis com Feriados","isPartOf":{"@id":"https:\/\/www.colomio.com\/pt-pt#website"},"primaryImageOfPage":{"@id":"https:\/\/www.colomio.com\/pt-pt\/calendario-2027#primaryimage"},"image":{"@id":"https:\/\/www.colomio.com\/pt-pt\/calendario-2027#primaryimage"},"thumbnailUrl":"https:\/\/media.colomio.com\/calendar\/2027\/pt\/calendario-anual-2027-formato-paisagem.png","datePublished":"2026-03-16T11:39:26+00:00","dateModified":"2026-04-21T14:58:58+00:00","description":"Organize 2027 com o nosso calend\u00e1rio gratuito \u2013 todos os feriados nacionais inclu\u00eddos. PDF, Excel e PNG em formato paisagem e retrato para imprimir.","breadcrumb":{"@id":"https:\/\/www.colomio.com\/pt-pt\/calendario-2027#breadcrumb"},"inLanguage":"pt-PT","potentialAction":[{"@type":"ReadAction","target":["https:\/\/www.colomio.com\/pt-pt\/calendario-2027"]}]},{"@type":"ImageObject","inLanguage":"pt-PT","@id":"https:\/\/www.colomio.com\/pt-pt\/calendario-2027#primaryimage","url":"https:\/\/media.colomio.com\/calendar\/2027\/pt\/calendario-anual-2027-formato-paisagem.png","contentUrl":"https:\/\/media.colomio.com\/calendar\/2027\/pt\/calendario-anual-2027-formato-paisagem.png"},{"@type":"BreadcrumbList","@id":"https:\/\/www.colomio.com\/pt-pt\/calendario-2027#breadcrumb","itemListElement":[{"@type":"ListItem","position":1,"name":"Home","item":"https:\/\/www.colomio.com\/pt-pt"},{"@type":"ListItem","position":2,"name":"Calend\u00e1rio 2027"}]},{"@type":"WebSite","@id":"https:\/\/www.colomio.com\/pt-pt#website","url":"https:\/\/www.colomio.com\/pt-pt","name":"www.colomio.com","description":"","publisher":{"@id":"https:\/\/www.colomio.com\/pt-pt#organization"},"potentialAction":[{"@type":"SearchAction","target":{"@type":"EntryPoint","urlTemplate":"https:\/\/www.colomio.com\/pt-pt?s={search_term_string}"},"query-input":{"@type":"PropertyValueSpecification","valueRequired":true,"valueName":"search_term_string"}}],"inLanguage":"pt-PT"},{"@type":"Organization","@id":"https:\/\/www.colomio.com\/pt-pt#organization","name":"colomio","url":"https:\/\/www.colomio.com\/pt-pt","logo":{"@type":"ImageObject","inLanguage":"pt-PT","@id":"https:\/\/www.colomio.com\/pt-pt#\/schema\/logo\/image\/","url":"https:\/\/www.colomio.com\/wp-content\/uploads\/2025\/02\/cropped-colomio-logo.png?wsr","contentUrl":"https:\/\/www.colomio.com\/wp-content\/uploads\/2025\/02\/cropped-colomio-logo.png?wsr","width":373,"height":98,"caption":"www.colomio.com"},"image":{"@id":"https:\/\/www.colomio.com\/pt-pt#\/schema\/logo\/image\/"},"sameAs":["https:\/\/www.instagram.com\/colomio.team\/","https:\/\/de.pinterest.com\/happycolorz_colomio\/","https:\/\/www.pinterest.com\/happycolorz_colomio\/","https:\/\/www.muminthemadhouse.com\/custom-ai-colouring-pages-for-kids\/","https:\/\/slummysinglemummy.com\/2026\/03\/05\/rainy-afternoons-just-got-a-lot-more-creative-discovering-colomio\/","https:\/\/www.amazon.com\/Horses-Coloring-Book-pages-reprint\/dp\/1707878994","https:\/\/www.prnewswire.com\/news-releases\/colomiocom-launches-a-free-customizable-coloring-book-for-home-printing-301162753.html","https:\/\/www.linkedin.com\/in\/mathias-ziegler-b6068568\/"],"alternateName":"colomio.com","foundingDate":"2019","description":"Free printable coloring pages, step-by-step drawing tutorials, and creative crafts for kids \u2013 created by parents, tested by children.","address":{"@type":"PostalAddress","streetAddress":"Zeppelinstr. 73","addressLocality":"Munich","postalCode":"81669","addressRegion":"Bavaria","addressCountry":"DE"},"parentOrganization":{"@type":"Organization","name":"happycolorz GmbH","url":"https:\/\/www.happycolorz.de"},"founder":[{"@type":"Person","@id":"https:\/\/www.colomio.com\/pt-pt#mathias\/","name":"Mathias Ziegler","jobTitle":"Founder & Managing Director","url":"https:\/\/www.colomio.com\/pt-pt\/authors\/colomio-team"}]}]}},"_links":{"self":[{"href":"https:\/\/www.colomio.com\/pt-pt\/wp-json\/wp\/v2\/pages\/109755","targetHints":{"allow":["GET"]}}],"collection":[{"href":"https:\/\/www.colomio.com\/pt-pt\/wp-json\/wp\/v2\/pages"}],"about":[{"href":"https:\/\/www.colomio.com\/pt-pt\/wp-json\/wp\/v2\/types\/page"}],"author":[{"embeddable":true,"href":"https:\/\/www.colomio.com\/pt-pt\/wp-json\/wp\/v2\/users\/1"}],"replies":[{"embeddable":true,"href":"https:\/\/www.colomio.com\/pt-pt\/wp-json\/wp\/v2\/comments?post=109755"}],"version-history":[{"count":6,"href":"https:\/\/www.colomio.com\/pt-pt\/wp-json\/wp\/v2\/pages\/109755\/revisions"}],"predecessor-version":[{"id":141790,"href":"https:\/\/www.colomio.com\/pt-pt\/wp-json\/wp\/v2\/pages\/109755\/revisions\/141790"}],"wp:attachment":[{"href":"https:\/\/www.colomio.com\/pt-pt\/wp-json\/wp\/v2\/media?parent=109755"}],"curies":[{"name":"wp","href":"https:\/\/api.w.org\/{rel}","templated":true}]}}