{"id":11516,"date":"2025-08-12T14:00:18","date_gmt":"2025-08-12T14:00:18","guid":{"rendered":"https:\/\/www.colomio.com\/seite-037"},"modified":"2026-04-21 14:59:12","modified_gmt":"2026-04-21T14:59:12","slug":"janeiro-2026-calendario","status":"publish","type":"page","link":"https:\/\/www.colomio.com\/pt-pt\/janeiro-2026-calendario","title":{"rendered":"Calend\u00e1rio Janeiro 2026 Portugal &#8211; Download Gratuito"},"content":{"rendered":"\n<style class=\"wpcode-css-snippet\">table, td, th {\r\n    border: none;\r\n    padding: 0px; \r\n}\r\n\r\n@media (min-width: 768px) {\r\n    #textdown {\r\n        margin-top: 100px;\r\n    }\r\n}\r\n@media (min-width: 768px) {\r\n    .col-md-6 {\r\n        -webkit-box-flex: 0;\r\n        flex: 0 0 50%;\r\n        max-width: 50%;\r\n    }\r\n}\r\n.row {\r\n    margin-left: -10px;\r\n    margin-right: -10px;\r\n}\r\n.row {\r\n    display: -webkit-box;\r\n    display: flex\r\n;\r\n    flex-wrap: wrap;\r\n    margin-right: -15px;\r\n    margin-left: -15px;\r\n}\r\n@media (min-width: 767px) {\r\n    .row {\r\n        display: flex\r\n;\r\n        flex-wrap: wrap;\r\n    }\r\n}\r\n*, :after, :before {\r\n    box-sizing: border-box;\r\n}\r\nimg {\r\n    max-width: 100%;\r\n}\r\nimg, svg {\r\n    vertical-align: middle;\r\n}\r\nimg {\r\n    border-style: none;\r\n}\r\n*, :after, :before {\r\n    box-sizing: border-box;\r\n}\r\n.schatten {\r\nborder: 1px solid #c1c1c1;\r\n    box-shadow: 4px 4px 9px #999;\r\n    padding: 8px;\r\n    margin-bottom: 9px;\r\n}\r\n\r\n@media (min-width: 768px){\r\n.col-md-6 {\r\n    -webkit-box-flex: 0;\r\n    flex: 0 0 50%;\r\n    max-width: 50%;\r\n\tpadding-left: 15px;\r\n}\r\n#textdown {\r\nmargin-top: 100px !important;}\r\n}\r\n\r\n  @media only screen and (max-width: 500px) {  .buttonmz     { padding: 4px 10px; margin: 3px; }  }   @media only screen and (min-width: 501px) {  .buttonmz     { padding: 8px 15px; margin: 5px; }   }    .buttonmz {  letter-spacing: -.16px; display: block; width: 100%; line-height: 1.4;  white-space: normal;  min-height: 24px; background-color: white; color: blue; border-color: black !important; -moz-user-select: none; -ms-user-select: none; -webkit-user-select: none; user-select: none; -webkit-appearance: none; -moz-appearance: none; appearance: none; display: inline-block; width: auto; text-decoration: none; text-align: center; vertical-align: middle; cursor: pointer; border: 2px solid black !important; border-radius: 2px;  background-color: white; color: black;  white-space: normal; }  .buttonmz:hover { background-color: grey !important; color: white !important; }  <\/style>\n<style id=\"extra-country-holidays-css\">\n.extra-country-box{margin:30px 0;border:1px solid #e0e0e0;border-radius:10px;overflow:hidden;box-shadow:0 2px 8px rgba(0,0,0,.05)}\n.extra-country-box .country-header{padding:12px 18px;color:#fff;font-size:1.1em;font-weight:700;text-shadow:0 1px 2px rgba(0,0,0,.3)}\n.extra-country-box .country-body{padding:16px 18px;background:#fafbfc}\n.extra-country-box .country-body p{margin:0 0 12px;color:#555;font-size:.93em;line-height:1.6}\n.extra-country-box table{width:100%;border-collapse:collapse;font-size:.88em;margin:10px 0}\n.extra-country-box th{background:#f0f0f0;padding:8px 12px;text-align:left;font-size:.9em;color:#444}\n.extra-country-box td{padding:8px 12px;border-bottom:1px solid #eee}\n.extra-country-box tbody tr:last-child td{border-bottom:none}\n.extra-country-box tbody tr:nth-child(even){background:#f5f7fa}\n.extra-country-box .country-footnote{font-size:.82em;color:#888;font-style:italic;margin:8px 0 0;padding-top:8px;border-top:1px solid #eee}\n.extra-country-box .country-note{background:#fff8e1;border-left:3px solid #ffc107;padding:10px 14px;border-radius:4px;margin:12px 0;font-size:.88em;color:#6d5e00}\n@media(max-width:580px){\n  .extra-country-box .country-header{padding:10px 14px;font-size:1em}\n  .extra-country-box .country-body{padding:12px 14px}\n  .extra-country-box table{font-size:.82em}\n  .extra-country-box th,.extra-country-box td{padding:6px 8px}\n}\n<\/style>\n\n<style id=\"colomio-mobile-responsive\">\n.table-responsive-wrap { width:100%; overflow-x:auto; -webkit-overflow-scrolling:touch; margin:20px 0 }\n.download-flex { display:flex; flex-wrap:wrap; gap:12px; margin:10px 0 20px }\n.download-flex a { display:flex; align-items:center; gap:8px; background:#f5f5f5; border:1px solid #ddd; border-radius:8px; padding:10px 16px; text-decoration:none; color:#333; font-weight:bold; transition:background .2s,box-shadow .2s; flex:1; min-width:100px; justify-content:center }\n.download-flex a:hover { background:#e8e8e8; box-shadow:0 2px 6px rgba(0,0,0,.1) }\n.download-flex a img { width:24px; height:30px }\n@media(max-width:580px){\n  .table-responsive-wrap table { font-size:.82em }\n  .table-responsive-wrap th,.table-responsive-wrap td { padding:8px 10px }\n}\n@media(max-width:480px){\n  .download-flex { flex-direction:column; gap:8px }\n  .download-flex a { justify-content:flex-start; min-width:unset }\n}\n@media(max-width:600px){\n  .faq-section-col { margin:24px 0!important }\n  .faq-item-col { padding:12px 14px!important; margin-bottom:10px!important }\n  .faq-item-col h3 { font-size:1em!important }\n  .faq-item-col p { font-size:.92em!important }\n  figure img.schatten { max-width:100%!important; height:auto!important }\n  .buttonmz { display:inline-block; margin:3px 2px!important; font-size:.85em }\n  h2 { font-size:1.3em } p,li { font-size:.95em; line-height:1.6 }\n}\n<\/style>\n\n<!-- 2026 -->\n<p>O <b>calend\u00e1rio de janeiro 2026<\/b> apresenta 31 dias, iniciando numa quinta-feira. Este m\u00eas marca o come\u00e7o do novo ano em Portugal com o feriado nacional do <b>Ano Novo a 1 de janeiro<\/b>. O nosso calend\u00e1rio gratuito est\u00e1 dispon\u00edvel para download em m\u00faltiplos formatos: <b>PDF para impress\u00e3o<\/b>, Excel (XLS) para personaliza\u00e7\u00e3o e PNG para uso digital. Todos os feriados portugueses est\u00e3o claramente identificados, tornando este calend\u00e1rio uma ferramenta essencial para planear o seu m\u00eas de janeiro.<\/p>\n<p>Este calend\u00e1rio de janeiro 2026 apresenta um <b>layout limpo e profissional<\/b> com todos os feriados de Portugal devidamente assinalados. Dispon\u00edvel em formato <b>PDF ideal para impress\u00e3o<\/b>, Excel para edi\u00e7\u00e3o personalizada e PNG para partilha digital. \n<h2 id=\"holidays-pt-pt-2026\">Feriados Janeiro 2026 \u2013 Portugal<\/h2>\n<p>Janeiro 2026 em Portugal conta com <b>um feriado nacional<\/b>: o Ano Novo celebrado a 1 de janeiro, que calha numa quinta-feira, proporcionando um excelente in\u00edcio para o novo ano.<\/p>\n\n<style>\n  #holidays-table-pt-pt { width:100%; border-collapse:collapse; margin:25px 0; font-size:0.9em; font-family:sans-serif; box-shadow:0 0 20px rgba(0,0,0,.15) }\n  #holidays-table-pt-pt thead tr { background:#1a5276; color:#fff; text-align:left }\n  #holidays-table-pt-pt th, #holidays-table-pt-pt td { padding:12px 15px }\n  #holidays-table-pt-pt tbody tr { border-bottom:1px solid #ddd }\n  #holidays-table-pt-pt tbody tr:nth-of-type(even) { background:#eaf2f8 }\n  #holidays-table-pt-pt tbody tr:last-of-type { border-bottom:2px solid #1a5276 }\n  #holidays-table-pt-pt .federal { color:#1a5276; font-weight:bold }\n<\/style>\n<div class=\"table-responsive-wrap\">\n<table id=\"holidays-table-pt-pt\">\n  <thead><tr><th>Data<\/th><th>Dia<\/th><th>Feriado<\/th><\/tr><\/thead>\n  <tbody>\n    <tr><td>1 de janeiro<\/td><td>quinta-feira<\/td><td class=\"federal\">Ano Novo<\/td><\/tr>\n  <\/tbody>\n<\/table>\n<\/div>\n\n\nOferecemos vers\u00f5es em orienta\u00e7\u00e3o vertical e horizontal para melhor adequa\u00e7\u00e3o \u00e0s suas necessidades.<\/p>\n\n<h2 id=\"kalender-januar-2026\">Calend\u00e1rio Janeiro 2026<\/h2>\n<p>Especialmente pr\u00e1tico: nossos modelos de calend\u00e1rio oferecem espa\u00e7o suficiente para anota\u00e7\u00f5es pessoais e s\u00e3o ideais para a organiza\u00e7\u00e3o do cotidiano familiar. Assim, voc\u00ea pode registrar facilmente anivers\u00e1rios, compromissos importantes ou tarefas em janeiro de 2026. Os diferentes formatos (PDF, PNG e Excel) permitem um uso individual, seja digital ou impresso.<br><br>\n\nAcesse agora gratuitamente o calend\u00e1rio de janeiro de 2026 \u2013 de forma simples e vers\u00e1til!<\/p>\n<br><div class=\"row justify-content-center\"><div class=\"col-md-6\"><div style=\"text-align: left;\">\n\n\n<p><b>FORMATO PAISAGEM<\/b><\/p> <figure><a class=\"kalender\" href=\"https:\/\/media.colomio.com\/calendar-int\/2026\/pt\/calendario-janeiro-2026-classico.pdf\" rel=\"nofollow\" title=\"Calend\u00e1rio Janeiro 2026 cl\u00e1ssico, PDF em formato paisagem para imprimir\"><img decoding=\"async\" class=\"schatten\" loading=\"lazy\" src=\"https:\/\/media.colomio.com\/calendar-int\/2026\/pt\/calendario-janeiro-2026-classico.png\" alt=\"Calend\u00e1rio Janeiro 2026 cl\u00e1ssico, PDF em formato paisagem para imprimir\" title=\"Calend\u00e1rio Janeiro 2026 cl\u00e1ssico, PDF em formato paisagem para imprimir\"><figcaption class=\"title\" title=\"Calend\u00e1rio Janeiro 2026 cl\u00e1ssico, PDF em formato paisagem para imprimir\">Calend\u00e1rio Janeiro 2026 cl\u00e1ssico<\/figcaption><\/a><\/figure>\n\n\n\n<\/div>\n<\/div> \n\n<div class=\"col-md-6\"><div id=\"textdown\" style=\"text-align: left;\">\n<div id=\"ib\"><ul class=\"paint-row-content\"><li>Calend\u00e1rio janeiro 2026 em uma p\u00e1gina DIN A4, formato paisagem<\/li><li>N\u00fameros grandes para boa legibilidade<\/li><li>cada dia tem espa\u00e7o para compromissos e anota\u00e7\u00f5es importantes<\/li><li>com semanas do calend\u00e1rio e feriados (nacional)<\/li><br>\n<li style=\"list-style-type: none;\"><b>Download gratuito:<\/b><\/li>\n<div class=\"download-flex\">\n  <a href=\"https:\/\/media.colomio.com\/calendar-int\/2026\/pt\/calendario-janeiro-2026-classico.pdf\" rel=\"nofollow\" title=\"Calend\u00e1rio Janeiro 2026 cl\u00e1ssico, PDF em formato paisagem para imprimir\"><img loading=\"lazy\" decoding=\"async\" alt=\"PDF\" src=\"https:\/\/www.colomio.com\/wp-content\/uploads\/2025\/09\/doc1.gif\" width=\"24\" height=\"30\"> PDF<\/a>\n  <a href=\"https:\/\/media.colomio.com\/calendar-int\/2026\/pt\/calendario-janeiro-2026-classico.xlsx\" rel=\"nofollow\" title=\"Calend\u00e1rio Janeiro 2026 cl\u00e1ssico, Excel em formato paisagem para imprimir\"><img loading=\"lazy\" decoding=\"async\" alt=\"Excel\" src=\"https:\/\/www.colomio.com\/wp-content\/uploads\/2025\/09\/doc2.gif\" width=\"24\" height=\"30\"> Excel<\/a>\n  <a href=\"https:\/\/media.colomio.com\/calendar-int\/2026\/pt\/calendario-janeiro-2026-classico.png\" rel=\"nofollow\" title=\"Calend\u00e1rio Janeiro 2026 cl\u00e1ssico, PNG em formato paisagem para imprimir\"><img loading=\"lazy\" decoding=\"async\" alt=\"PNG\" src=\"https:\/\/www.colomio.com\/wp-content\/uploads\/2025\/09\/doc3.gif\" width=\"24\" height=\"30\"> PNG<\/a>\n<\/div>\n<\/ul>\n<\/div>\t\n\n\n<\/div>\n<\/div> <\/div>\n\n\n<br><br>\n\n<p>Consulte tamb\u00e9m os nossos <b>calend\u00e1rios de outros meses<\/b> para um planeamento anual completo. Todas as informa\u00e7\u00f5es s\u00e3o fornecidas sem garantia e devem ser verificadas para uso oficial.<\/p>\n<br>\n\n<style>\n  .faq-section-col { margin:40px 0 }\n  .faq-item-col { background:#f9f9f9; border-left:4px solid #1a5276; border-radius:6px; padding:16px 20px; margin-bottom:14px; box-shadow:0 1px 3px rgba(0,0,0,.08) }\n  .faq-item-col:nth-child(even) { border-left-color:#2e86c1 }\n  .faq-item-col h3 { color:#333; margin:0 0 8px; font-size:1.1em }\n  .faq-item-col p { margin:0; color:#555; line-height:1.6 }\n<\/style>\n\n<h2 id=\"faq-pt-pt-1-2026\">Perguntas frequentes<\/h2>\n<div class=\"faq-section-col\">\n<div class=\"faq-item-col\"><h3>Que feriados existem em janeiro 2026 em Portugal?<\/h3><p>Em janeiro 2026, Portugal celebra o <b>Ano Novo a 1 de janeiro<\/b>, que \u00e9 feriado nacional. Esta data calha numa quinta-feira em 2026.<\/p><\/div>\n<div class=\"faq-item-col\"><h3>Em que dia da semana come\u00e7a janeiro 2026?<\/h3><p>Janeiro 2026 <b>come\u00e7a numa quinta-feira<\/b>, dia 1 de janeiro. Esta quinta-feira coincide com o feriado nacional do Ano Novo.<\/p><\/div>\n<div class=\"faq-item-col\"><h3>Quantos dias tem janeiro 2026?<\/h3><p>Janeiro 2026 tem <b>31 dias no total<\/b>. O m\u00eas inicia a 1 de janeiro (quinta-feira) e termina a 31 de janeiro (s\u00e1bado).<\/p><\/div>\n<div class=\"faq-item-col\"><h3>Em que formatos posso descarregar o calend\u00e1rio?<\/h3><p>O calend\u00e1rio est\u00e1 dispon\u00edvel em <b>tr\u00eas formatos gratuitos<\/b>: PDF para impress\u00e3o, Excel (XLS) para edi\u00e7\u00e3o e PNG para uso digital. Todos os formatos incluem orienta\u00e7\u00e3o vertical e horizontal.<\/p><\/div>\n<div class=\"faq-item-col\"><h3>Posso usar este calend\u00e1rio para planeamento empresarial?<\/h3><p>Sim, o calend\u00e1rio \u00e9 <b>ideal para planeamento profissional<\/b> com todos os feriados portugueses identificados. O formato Excel permite personaliza\u00e7\u00e3o adicional para necessidades empresariais espec\u00edficas.<\/p><\/div>\n<\/div>\n\n<script type=\"application\/ld+json\">\n{\n  \"@context\": \"https:\/\/schema.org\",\n  \"@type\": \"FAQPage\",\n  \"mainEntity\": [\n    {\n      \"@type\": \"Question\",\n      \"name\": \"Que feriados existem em janeiro 2026 em Portugal?\",\n      \"acceptedAnswer\": {\n        \"@type\": \"Answer\",\n        \"text\": \"Em janeiro 2026, Portugal celebra o Ano Novo a 1 de janeiro, que \u00e9 feriado nacional. Esta data calha numa quinta-feira em 2026.\"\n      }\n    },\n    {\n      \"@type\": \"Question\",\n      \"name\": \"Em que dia da semana come\u00e7a janeiro 2026?\",\n      \"acceptedAnswer\": {\n        \"@type\": \"Answer\",\n        \"text\": \"Janeiro 2026 come\u00e7a numa quinta-feira, dia 1 de janeiro. Esta quinta-feira coincide com o feriado nacional do Ano Novo.\"\n      }\n    },\n    {\n      \"@type\": \"Question\",\n      \"name\": \"Quantos dias tem janeiro 2026?\",\n      \"acceptedAnswer\": {\n        \"@type\": \"Answer\",\n        \"text\": \"Janeiro 2026 tem 31 dias no total. O m\u00eas inicia a 1 de janeiro (quinta-feira) e termina a 31 de janeiro (s\u00e1bado).\"\n      }\n    },\n    {\n      \"@type\": \"Question\",\n      \"name\": \"Em que formatos posso descarregar o calend\u00e1rio?\",\n      \"acceptedAnswer\": {\n        \"@type\": \"Answer\",\n        \"text\": \"O calend\u00e1rio est\u00e1 dispon\u00edvel em tr\u00eas formatos gratuitos: PDF para impress\u00e3o, Excel (XLS) para edi\u00e7\u00e3o e PNG para uso digital. Todos os formatos incluem orienta\u00e7\u00e3o vertical e horizontal.\"\n      }\n    },\n    {\n      \"@type\": \"Question\",\n      \"name\": \"Posso usar este calend\u00e1rio para planeamento empresarial?\",\n      \"acceptedAnswer\": {\n        \"@type\": \"Answer\",\n        \"text\": \"Sim, o calend\u00e1rio \u00e9 ideal para planeamento profissional com todos os feriados portugueses identificados. O formato Excel permite personaliza\u00e7\u00e3o adicional para necessidades empresariais espec\u00edficas.\"\n      }\n    }\n  ]\n}\n<\/script>\n\n<script async src=\"https:\/\/pagead2.googlesyndication.com\/pagead\/js\/adsbygoogle.js?client=ca-pub-6550436067840591\"\r\n     crossorigin=\"anonymous\"><\/script>\r\n<!-- flagge -->\r\n<ins class=\"adsbygoogle\"\r\n     style=\"display:block\"\r\n     data-ad-client=\"ca-pub-6550436067840591\"\r\n     data-ad-slot=\"3909965393\"\r\n     data-ad-format=\"auto\"\r\n     data-full-width-responsive=\"true\"><\/ins>\r\n<script>\r\n     (adsbygoogle = window.adsbygoogle || []).push({});\r\n<\/script><br>\n<div class=\"row justify-content-center\"><div class=\"col-md-6\"><div style=\"text-align: left;\">\n<figure><a class=\"kalender\" href=\"https:\/\/media.colomio.com\/calendar-int\/2026\/pt\/calendario-janeiro-2026-classico.pdf\" rel=\"nofollow\" title=\"Modelo de calend\u00e1rio mensal janeiro 2026 para impress\u00e3o gratuita\"><img decoding=\"async\" class=\"schatten\" loading=\"lazy\" src=\"https:\/\/media.colomio.com\/calendar-int\/2026\/pt\/calendario-janeiro-2026-classico.png\" alt=\"Modelo de calend\u00e1rio mensal janeiro 2026 para impress\u00e3o gratuita\" title=\"Modelo de calend\u00e1rio mensal janeiro 2026 para impress\u00e3o gratuita\"><figcaption class=\"title\" title=\"Modelo de calend\u00e1rio mensal janeiro 2026 para impress\u00e3o gratuita\">Calend\u00e1rio mensal janeiro 2026<\/figcaption><\/a><\/figure>\n\n\n\n<\/div>\n<\/div> \n\n<div class=\"col-md-6\"><div id=\"textdown\" style=\"text-align: left;\">\n<div id=\"ib\"><ul class=\"paint-row-content\"><li>Calend\u00e1rio mensal janeiro 2026 em uma p\u00e1gina inteira (DIN A4), paisagem<\/li><li>com semanas do calend\u00e1rio e feriados (nacional)<\/li><li>inclui espa\u00e7o livre para anota\u00e7\u00f5es pessoais<\/li><br>\n<li style=\"list-style-type: none;\"><b>Download gratuito:<\/b><\/li>\n<div class=\"download-flex\">\n  <a href=\"https:\/\/media.colomio.com\/calendar-int\/2026\/pt\/calendario-janeiro-2026-classico.pdf\" rel=\"nofollow\" title=\"Modelo de calend\u00e1rio mensal janeiro 2026 para impress\u00e3o gratuita pdf\"><img loading=\"lazy\" decoding=\"async\" alt=\"PDF\" src=\"https:\/\/www.colomio.com\/wp-content\/uploads\/2025\/09\/doc1.gif\" width=\"24\" height=\"30\"> PDF<\/a>\n  <a href=\"https:\/\/media.colomio.com\/calendar-int\/2026\/pt\/calendario-janeiro-2026-classico.xlsx\" rel=\"nofollow\" title=\"Modelo de calend\u00e1rio mensal janeiro 2026 para impress\u00e3o gratuita Excel\"><img loading=\"lazy\" decoding=\"async\" alt=\"Excel\" src=\"https:\/\/www.colomio.com\/wp-content\/uploads\/2025\/09\/doc2.gif\" width=\"24\" height=\"30\"> Excel<\/a>\n  <a href=\"https:\/\/media.colomio.com\/calendar-int\/2026\/pt\/calendario-janeiro-2026-classico.png\" rel=\"nofollow\" title=\"Modelo de calend\u00e1rio mensal janeiro 2026 para impress\u00e3o gratuita png\"><img loading=\"lazy\" decoding=\"async\" alt=\"PNG\" src=\"https:\/\/www.colomio.com\/wp-content\/uploads\/2025\/09\/doc3.gif\" width=\"24\" height=\"30\"> PNG<\/a>\n<\/div>\n<\/ul>\n<\/div>\t\n\n\n<\/div>\n<\/div> <\/div>\n<br><br>\n\n<br><br>\n\n<div class=\"row justify-content-center\"><div class=\"col-md-6\"><div style=\"text-align: left;\">\n<figure><a class=\"kalender\" href=\"https:\/\/media.colomio.com\/calendar-int\/2026\/pt\/calendario-janeiro-2026-formato-horizontal.pdf\" rel=\"nofollow\" title=\"Calend\u00e1rio janeiro 2026 com feriados\"><img decoding=\"async\" class=\"schatten\" loading=\"lazy\" src=\"https:\/\/media.colomio.com\/calendar-int\/2026\/pt\/calendario-janeiro-2026-formato-horizontal.png\" alt=\"Calend\u00e1rio janeiro 2026 com feriados\" title=\"Calend\u00e1rio janeiro 2026 com feriados\"><figcaption class=\"title\" title=\"Calend\u00e1rio janeiro 2026 com feriados\">Calend\u00e1rio janeiro 2026 &#8211; paisagem<\/figcaption><\/a><\/figure>\n\n\n\n<\/div>\n<\/div> \n\n<div class=\"col-md-6\"><div id=\"textdown\" style=\"text-align: left;\">\n<div id=\"ib\"><ul class=\"paint-row-content\"><li>Calend\u00e1rio mensal janeiro 2026 em uma p\u00e1gina inteira (DIN A4), paisagem<\/li><li>com semanas do calend\u00e1rio e feriados (nacional)<\/li><li>inclui espa\u00e7o livre para anota\u00e7\u00f5es pessoais<\/li><li>modelo com feriados nacionais<\/li><br>\n<li style=\"list-style-type: none;\"><b>Download gratuito:<\/b><\/li>\n<div class=\"download-flex\">\n  <a href=\"https:\/\/media.colomio.com\/calendar-int\/2026\/pt\/calendario-janeiro-2026-formato-horizontal.pdf\" rel=\"nofollow\" title=\"Calend\u00e1rio janeiro 2026 com feriados\"><img loading=\"lazy\" decoding=\"async\" alt=\"PDF\" src=\"https:\/\/www.colomio.com\/wp-content\/uploads\/2025\/09\/doc1.gif\" width=\"24\" height=\"30\"> PDF<\/a>\n  <a href=\"https:\/\/media.colomio.com\/calendar-int\/2026\/pt\/calendario-janeiro-2026-formato-horizontal.xlsx\" rel=\"nofollow\" title=\"Calend\u00e1rio janeiro 2026 com feriados em arquivo Excel\"><img loading=\"lazy\" decoding=\"async\" alt=\"Excel\" src=\"https:\/\/www.colomio.com\/wp-content\/uploads\/2025\/09\/doc2.gif\" width=\"24\" height=\"30\"> Excel<\/a>\n  <a href=\"https:\/\/media.colomio.com\/calendar-int\/2026\/pt\/calendario-janeiro-2026-formato-horizontal.png\" rel=\"nofollow\" title=\"Calend\u00e1rio janeiro 2026 com feriados em arquivo de imagem PNG\"><img loading=\"lazy\" decoding=\"async\" alt=\"PNG\" src=\"https:\/\/www.colomio.com\/wp-content\/uploads\/2025\/09\/doc3.gif\" width=\"24\" height=\"30\"> PNG<\/a>\n<\/div>\n<\/ul>\n<\/div>\t\n\n\n<\/div>\n<\/div> <\/div>\n\n<p>Especialmente para fam\u00edlias, \u00e9 recomend\u00e1vel registrar todos os anivers\u00e1rios e compromissos importantes em um calend\u00e1rio central, bem vis\u00edvel. Planejadores com espa\u00e7o suficiente s\u00e3o uma boa escolha aqui! Uma vers\u00e3o muito popular \u00e9 o calend\u00e1rio de janeiro de 2026, onde todos os dias est\u00e3o listados um abaixo do outro, cada data em uma linha separada. Al\u00e9m disso, oferecemos tamb\u00e9m calend\u00e1rios mensais que usam n\u00fameros pequenos, deixando espa\u00e7o suficiente para anota\u00e7\u00f5es importantes. Muito populares tamb\u00e9m s\u00e3o nossos calend\u00e1rios cl\u00e1ssicos para janeiro de 2026 para imprimir. N\u00fameros grandes indicam rapidamente o dia da semana e garantem uma boa vis\u00e3o geral.<\/p>\n\n<br><br><br>\n<div class=\"row justify-content-center\"><div class=\"col-md-6\"><div style=\"text-align: left;\">\n<p><b>FORMATO RETRATO<\/b><\/p><figure><a class=\"kalender\" href=\"https:\/\/media.colomio.com\/calendar-int\/2026\/pt\/janeiro-2026-calendario-vertical.pdf\" rel=\"nofollow\" title=\"Calend\u00e1rio janeiro 2026 - formato retrato, gratuito para imprimir\"><img decoding=\"async\" class=\"schatten\" loading=\"lazy\" src=\"https:\/\/media.colomio.com\/calendar-int\/2026\/pt\/janeiro-2026-calendario-vertical.png\" alt=\"Calend\u00e1rio janeiro 2026 - formato retrato, gratuito para imprimir\" title=\"Calend\u00e1rio janeiro 2026 - formato retrato, gratuito para imprimir\"><figcaption class=\"title\" title=\"Calend\u00e1rio janeiro 2026 - formato retrato, gratuito para imprimir\">Calend\u00e1rio janeiro 2026 &#8211; formato retrato<\/figcaption><\/a><\/figure>\n\n\n\n<\/div>\n<\/div> \n\n<div class=\"col-md-6\"><div id=\"textdown\" style=\"text-align: left;\">\n<div id=\"ib\"><ul class=\"paint-row-content\"><li>M\u00eas de janeiro de 2026 em uma p\u00e1gina inteira (DIN A4), formato retrato<\/li><li>N\u00fameros grandes para boa legibilidade<\/li><li>com semanas do calend\u00e1rio e feriados (nacional)<\/li><li>pode ser usado como calend\u00e1rio de parede<\/li><br>\n<li style=\"list-style-type: none;\"><b>Download gratuito:<\/b><\/li>\n<div class=\"download-flex\">\n  <a href=\"https:\/\/media.colomio.com\/calendar-int\/2026\/pt\/janeiro-2026-calendario-vertical.pdf\" rel=\"nofollow\" title=\"Calend\u00e1rio janeiro 2026 - formato retrato, gratuito para imprimir em pdf\"><img loading=\"lazy\" decoding=\"async\" alt=\"PDF\" src=\"https:\/\/www.colomio.com\/wp-content\/uploads\/2025\/09\/doc1.gif\" width=\"24\" height=\"30\"> PDF<\/a>\n  <a href=\"https:\/\/media.colomio.com\/calendar-int\/2026\/pt\/janeiro-2026-calendario-vertical.xlsx\" rel=\"nofollow\" title=\"Calend\u00e1rio janeiro 2026 - formato retrato, gratuito para imprimir em Excel\"><img loading=\"lazy\" decoding=\"async\" alt=\"Excel\" src=\"https:\/\/www.colomio.com\/wp-content\/uploads\/2025\/09\/doc2.gif\" width=\"24\" height=\"30\"> Excel<\/a>\n  <a href=\"https:\/\/media.colomio.com\/calendar-int\/2026\/pt\/janeiro-2026-calendario-vertical.png\" rel=\"nofollow\" title=\"Calend\u00e1rio janeiro 2026 - formato retrato, gratuito para imprimir em png\"><img loading=\"lazy\" decoding=\"async\" alt=\"PNG\" src=\"https:\/\/www.colomio.com\/wp-content\/uploads\/2025\/09\/doc3.gif\" width=\"24\" height=\"30\"> PNG<\/a>\n<\/div>\n<\/ul>\n<\/div>\t\n\n\n<\/div>\n<\/div> <\/div>\n<br><br><br>\n<div class=\"row justify-content-center\"><div class=\"col-md-6\"><div style=\"text-align: left;\">\n<figure><a class=\"kalender\" href=\"https:\/\/media.colomio.com\/calendar-int\/2026\/pt\/calendario-janeiro-2026-classico.pdf\" rel=\"nofollow\" title=\"Calend\u00e1rio janeiro 2026 - formato retrato, gratuito para imprimir em pdf\"><img decoding=\"async\" class=\"schatten\" loading=\"lazy\" src=\"https:\/\/media.colomio.com\/calendar-int\/2026\/pt\/calendario-janeiro-2026-classico.png\" alt=\"Calend\u00e1rio janeiro 2026 - formato retrato, gratuito para imprimir\" title=\"Calend\u00e1rio janeiro 2026 - formato retrato, gratuito para imprimir\"><figcaption class=\"title\" title=\"Calend\u00e1rio janeiro 2026 - formato retrato, gratuito para imprimir\">Calend\u00e1rio janeiro 2026 &#8211; formato retrato<\/figcaption><\/a><\/figure>\n\n\n\n<\/div>\n<\/div> \n\n<div class=\"col-md-6\"><div id=\"textdown\" style=\"text-align: left;\">\n<div id=\"ib\"><ul class=\"paint-row-content\"><li>Calend\u00e1rio janeiro 2026 em uma p\u00e1gina inteira (DIN A4)<\/li><li>Formato retrato<\/li><li>N\u00fameros grandes (f\u00e1ceis de ler)<\/li><li>com semanas do calend\u00e1rio e feriados (nacional)<\/li><li>adequado como calend\u00e1rio de parede<\/li><br>\n<li style=\"list-style-type: none;\"><b>Download gratuito:<\/b><\/li>\n<div class=\"download-flex\">\n  <a href=\"https:\/\/media.colomio.com\/calendar-int\/2026\/pt\/calendario-janeiro-2026-classico.pdf\" rel=\"nofollow\" title=\"Calend\u00e1rio janeiro 2026 - formato retrato, gratuito para imprimir em pdf\"><img loading=\"lazy\" decoding=\"async\" alt=\"PDF\" src=\"https:\/\/www.colomio.com\/wp-content\/uploads\/2025\/09\/doc1.gif\" width=\"24\" height=\"30\"> PDF<\/a>\n  <a href=\"https:\/\/media.colomio.com\/calendar-int\/2026\/pt\/calendario-janeiro-2026-classico.xlsx\" rel=\"nofollow\" title=\"Calend\u00e1rio janeiro 2026 - formato retrato, gratuito para imprimir em Excel\"><img loading=\"lazy\" decoding=\"async\" alt=\"Excel\" src=\"https:\/\/www.colomio.com\/wp-content\/uploads\/2025\/09\/doc2.gif\" width=\"24\" height=\"30\"> Excel<\/a>\n  <a href=\"https:\/\/media.colomio.com\/calendar-int\/2026\/pt\/calendario-janeiro-2026-classico.png\" rel=\"nofollow\" title=\"Calend\u00e1rio janeiro 2026 - formato retrato, gratuito para imprimir em formato png\"><img loading=\"lazy\" decoding=\"async\" alt=\"PNG\" src=\"https:\/\/www.colomio.com\/wp-content\/uploads\/2025\/09\/doc3.gif\" width=\"24\" height=\"30\"> PNG<\/a>\n<\/div>\n<\/ul>\n<\/div>\t\n\n\n<\/div>\n<\/div> <\/div>\n\n\n\n\n\n<h2 id=\"extra-holidays-pt-pt-1\">Feriados em outros pa\u00edses lus\u00f3fonos \u2013 Janeiro 2026<\/h2>\n<p style=\"color:#555;margin-bottom:20px;\">Os nossos calend\u00e1rios s\u00e3o utilizados em todo o mundo lus\u00f3fono. Aqui encontra os feriados do Brasil e os feriados regionais de Portugal.<\/p>\n<div class=\"extra-country-box\" id=\"extra-br-1\">\n<div class=\"country-header\" style=\"background:linear-gradient(135deg, #009739 50%, #FFDF00 50%)\">\ud83c\udde7\ud83c\uddf7 Brasil \u2013 Janeiro 2026<\/div>\n<div class=\"country-body\">\n<p>Muitos dos nossos visitantes v\u00eam do Brasil. Aqui est\u00e3o os <b>1 feriados nacionais brasileiros<\/b> para em janeiro de 2026.<\/p>\n<table>\n<thead><tr><th>Data<\/th><th>Dia<\/th><th>Feriado<\/th><\/tr><\/thead>\n<tbody>\n<tr><td>1 de janeiro<\/td><td>quinta-feira<\/td><td><b>Confraterniza\u00e7\u00e3o Universal (Ano Novo)<\/b><\/td><\/tr>\n<\/tbody>\n<\/table>\n<div class=\"country-note\">Desde 2024, o Dia da Consci\u00eancia Negra (20 de novembro) \u00e9 feriado nacional. O Carnaval n\u00e3o \u00e9 feriado nacional oficial, mas \u00e9 ponto facultativo e amplamente celebrado em todo o pa\u00eds.<\/div>\n<p class=\"country-footnote\">* O Carnaval e o Corpus Christi s\u00e3o pontos facultativos para o servi\u00e7o p\u00fablico federal, mas s\u00e3o amplamente observados. Alguns estados como o Rio de Janeiro declararam o Carnaval como feriado estadual.<\/p>\n<\/div>\n<\/div>\n\n<!-- 2026 end -->\n\n\n","protected":false},"excerpt":{"rendered":"<p>O calend\u00e1rio de janeiro 2026 apresenta 31 dias, iniciando numa quinta-feira. Este m\u00eas marca o come\u00e7o do novo ano em Portugal com o feriado nacional do Ano Novo a 1 de janeiro. O nosso calend\u00e1rio gratuito est\u00e1 dispon\u00edvel para download em m\u00faltiplos formatos: PDF para impress\u00e3o, Excel (XLS) para personaliza\u00e7\u00e3o e PNG para uso digital. &#8230; <a title=\"Calend\u00e1rio Janeiro 2026 Portugal &#8211; Download Gratuito\" class=\"read-more\" href=\"https:\/\/www.colomio.com\/pt-pt\/janeiro-2026-calendario\" aria-label=\"Leia mais sobre Calend\u00e1rio Janeiro 2026 Portugal &#8211; Download Gratuito\">Ler mais<\/a><\/p>\n","protected":false},"author":4,"featured_media":0,"parent":0,"menu_order":37,"comment_status":"closed","ping_status":"closed","template":"","meta":{"_yoast_wpseo_title":"Janeiro 2026 Calend\u00e1rio Portugal \u2013 PDF & Excel Gr\u00e1tis","_yoast_wpseo_metadesc":"Calend\u00e1rio Janeiro 2026 Portugal gr\u00e1tis em PDF e Excel. 31 dias, inicia quinta-feira. Inclui Ano Novo (1 jan). Download gratuito dispon\u00edvel.","_yoast_wpseo_bctitle":"Janeiro 2026","_colomio_max_video_preview":"","_colomio_max_image_preview":"","_colomio_max_snippet":"","_custom_article_jsonld":"","_custom_howto_jsonld":"","_custom_schema_jsonld":"","category-page":true,"footnotes":""},"class_list":["post-11516","page","type-page","status-publish"],"yoast_head":"<!-- This site is optimized with the Yoast SEO plugin v27.2 - https:\/\/yoast.com\/product\/yoast-seo-wordpress\/ -->\n<title>Janeiro 2026 Calend\u00e1rio Portugal \u2013 PDF &amp; Excel Gr\u00e1tis<\/title>\n<meta name=\"description\" content=\"Calend\u00e1rio Janeiro 2026 Portugal gr\u00e1tis em PDF e Excel. 31 dias, inicia quinta-feira. Inclui Ano Novo (1 jan). Download gratuito dispon\u00edvel.\" \/>\n<meta name=\"robots\" content=\"index, follow, max-snippet:-1, max-image-preview:large, max-video-preview:-1\" \/>\n<link rel=\"canonical\" href=\"https:\/\/www.colomio.com\/pt-pt\/janeiro-2026-calendario\" \/>\n<meta property=\"og:locale\" content=\"pt_PT\" \/>\n<meta property=\"og:type\" content=\"article\" \/>\n<meta property=\"og:title\" content=\"Janeiro 2026 Calend\u00e1rio Portugal \u2013 PDF &amp; Excel Gr\u00e1tis\" \/>\n<meta property=\"og:description\" content=\"Calend\u00e1rio Janeiro 2026 Portugal gr\u00e1tis em PDF e Excel. 31 dias, inicia quinta-feira. Inclui Ano Novo (1 jan). Download gratuito dispon\u00edvel.\" \/>\n<meta property=\"og:url\" content=\"https:\/\/www.colomio.com\/pt-pt\/janeiro-2026-calendario\" \/>\n<meta property=\"og:site_name\" content=\"www.colomio.com\" \/>\n<meta property=\"article:modified_time\" content=\"2026-04-21T14:59:12+00:00\" \/>\n<meta property=\"og:image\" content=\"https:\/\/media.colomio.com\/calendar-int\/2026\/pt\/calendario-janeiro-2026-classico.png\" \/>\n<meta name=\"twitter:card\" content=\"summary_large_image\" \/>\n<meta name=\"twitter:label1\" content=\"Tempo estimado de leitura\" \/>\n\t<meta name=\"twitter:data1\" content=\"7 minutos\" \/>\n<script type=\"application\/ld+json\" class=\"yoast-schema-graph\">{\"@context\":\"https:\/\/schema.org\",\"@graph\":[{\"@type\":\"WebPage\",\"@id\":\"https:\/\/www.colomio.com\/pt-pt\/janeiro-2026-calendario\",\"url\":\"https:\/\/www.colomio.com\/pt-pt\/janeiro-2026-calendario\",\"name\":\"Janeiro 2026 Calend\u00e1rio Portugal \u2013 PDF & Excel Gr\u00e1tis\",\"isPartOf\":{\"@id\":\"https:\/\/www.colomio.com\/pt-pt#website\"},\"primaryImageOfPage\":{\"@id\":\"https:\/\/www.colomio.com\/pt-pt\/janeiro-2026-calendario#primaryimage\"},\"image\":{\"@id\":\"https:\/\/www.colomio.com\/pt-pt\/janeiro-2026-calendario#primaryimage\"},\"thumbnailUrl\":\"https:\/\/media.colomio.com\/calendar-int\/2026\/pt\/calendario-janeiro-2026-classico.png\",\"datePublished\":\"2025-08-12T14:00:18+00:00\",\"dateModified\":\"2026-04-21T14:59:12+00:00\",\"description\":\"Calend\u00e1rio Janeiro 2026 Portugal gr\u00e1tis em PDF e Excel. 31 dias, inicia quinta-feira. Inclui Ano Novo (1 jan). Download gratuito dispon\u00edvel.\",\"breadcrumb\":{\"@id\":\"https:\/\/www.colomio.com\/pt-pt\/janeiro-2026-calendario#breadcrumb\"},\"inLanguage\":\"pt-PT\",\"potentialAction\":[{\"@type\":\"ReadAction\",\"target\":[\"https:\/\/www.colomio.com\/pt-pt\/janeiro-2026-calendario\"]}]},{\"@type\":\"ImageObject\",\"inLanguage\":\"pt-PT\",\"@id\":\"https:\/\/www.colomio.com\/pt-pt\/janeiro-2026-calendario#primaryimage\",\"url\":\"https:\/\/media.colomio.com\/calendar-int\/2026\/pt\/calendario-janeiro-2026-classico.png\",\"contentUrl\":\"https:\/\/media.colomio.com\/calendar-int\/2026\/pt\/calendario-janeiro-2026-classico.png\"},{\"@type\":\"BreadcrumbList\",\"@id\":\"https:\/\/www.colomio.com\/pt-pt\/janeiro-2026-calendario#breadcrumb\",\"itemListElement\":[{\"@type\":\"ListItem\",\"position\":1,\"name\":\"Home\",\"item\":\"https:\/\/www.colomio.com\/pt-pt\"},{\"@type\":\"ListItem\",\"position\":2,\"name\":\"Janeiro 2026\"}]},{\"@type\":\"WebSite\",\"@id\":\"https:\/\/www.colomio.com\/pt-pt#website\",\"url\":\"https:\/\/www.colomio.com\/pt-pt\",\"name\":\"www.colomio.com\",\"description\":\"\",\"publisher\":{\"@id\":\"https:\/\/www.colomio.com\/pt-pt#organization\"},\"potentialAction\":[{\"@type\":\"SearchAction\",\"target\":{\"@type\":\"EntryPoint\",\"urlTemplate\":\"https:\/\/www.colomio.com\/pt-pt?s={search_term_string}\"},\"query-input\":{\"@type\":\"PropertyValueSpecification\",\"valueRequired\":true,\"valueName\":\"search_term_string\"}}],\"inLanguage\":\"pt-PT\"},{\"@type\":\"Organization\",\"@id\":\"https:\/\/www.colomio.com\/pt-pt#organization\",\"name\":\"colomio\",\"url\":\"https:\/\/www.colomio.com\/pt-pt\",\"logo\":{\"@type\":\"ImageObject\",\"inLanguage\":\"pt-PT\",\"@id\":\"https:\/\/www.colomio.com\/pt-pt#\/schema\/logo\/image\/\",\"url\":\"https:\/\/www.colomio.com\/wp-content\/uploads\/2025\/02\/cropped-colomio-logo.png?wsr\",\"contentUrl\":\"https:\/\/www.colomio.com\/wp-content\/uploads\/2025\/02\/cropped-colomio-logo.png?wsr\",\"width\":373,\"height\":98,\"caption\":\"www.colomio.com\"},\"image\":{\"@id\":\"https:\/\/www.colomio.com\/pt-pt#\/schema\/logo\/image\/\"},\"sameAs\":[\"https:\/\/www.instagram.com\/colomio.team\/\",\"https:\/\/de.pinterest.com\/happycolorz_colomio\/\",\"https:\/\/www.pinterest.com\/happycolorz_colomio\/\",\"https:\/\/www.muminthemadhouse.com\/custom-ai-colouring-pages-for-kids\/\",\"https:\/\/slummysinglemummy.com\/2026\/03\/05\/rainy-afternoons-just-got-a-lot-more-creative-discovering-colomio\/\",\"https:\/\/www.amazon.com\/Horses-Coloring-Book-pages-reprint\/dp\/1707878994\",\"https:\/\/www.prnewswire.com\/news-releases\/colomiocom-launches-a-free-customizable-coloring-book-for-home-printing-301162753.html\",\"https:\/\/www.linkedin.com\/in\/mathias-ziegler-b6068568\/\"],\"alternateName\":\"colomio.com\",\"foundingDate\":\"2019\",\"description\":\"Free printable coloring pages, step-by-step drawing tutorials, and creative crafts for kids \u2013 created by parents, tested by children.\",\"address\":{\"@type\":\"PostalAddress\",\"streetAddress\":\"Zeppelinstr. 73\",\"addressLocality\":\"Munich\",\"postalCode\":\"81669\",\"addressRegion\":\"Bavaria\",\"addressCountry\":\"DE\"},\"parentOrganization\":{\"@type\":\"Organization\",\"name\":\"happycolorz GmbH\",\"url\":\"https:\/\/www.happycolorz.de\"},\"founder\":[{\"@type\":\"Person\",\"@id\":\"https:\/\/www.colomio.com\/pt-pt#mathias\/\",\"name\":\"Mathias Ziegler\",\"jobTitle\":\"Founder & Managing Director\",\"url\":\"https:\/\/www.colomio.com\/pt-pt\/authors\/colomio-team\"}]}]}<\/script>\n<!-- \/ Yoast SEO plugin. -->","yoast_head_json":{"title":"Janeiro 2026 Calend\u00e1rio Portugal \u2013 PDF & Excel Gr\u00e1tis","description":"Calend\u00e1rio Janeiro 2026 Portugal gr\u00e1tis em PDF e Excel. 31 dias, inicia quinta-feira. Inclui Ano Novo (1 jan). Download gratuito dispon\u00edvel.","robots":{"index":"index","follow":"follow","max-snippet":"max-snippet:-1","max-image-preview":"max-image-preview:large","max-video-preview":"max-video-preview:-1"},"canonical":"https:\/\/www.colomio.com\/pt-pt\/janeiro-2026-calendario","og_locale":"pt_PT","og_type":"article","og_title":"Janeiro 2026 Calend\u00e1rio Portugal \u2013 PDF & Excel Gr\u00e1tis","og_description":"Calend\u00e1rio Janeiro 2026 Portugal gr\u00e1tis em PDF e Excel. 31 dias, inicia quinta-feira. Inclui Ano Novo (1 jan). Download gratuito dispon\u00edvel.","og_url":"https:\/\/www.colomio.com\/pt-pt\/janeiro-2026-calendario","og_site_name":"www.colomio.com","article_modified_time":"2026-04-21T14:59:12+00:00","og_image":[{"url":"https:\/\/media.colomio.com\/calendar-int\/2026\/pt\/calendario-janeiro-2026-classico.png","type":"","width":"","height":""}],"twitter_card":"summary_large_image","twitter_misc":{"Tempo estimado de leitura":"7 minutos"},"schema":{"@context":"https:\/\/schema.org","@graph":[{"@type":"WebPage","@id":"https:\/\/www.colomio.com\/pt-pt\/janeiro-2026-calendario","url":"https:\/\/www.colomio.com\/pt-pt\/janeiro-2026-calendario","name":"Janeiro 2026 Calend\u00e1rio Portugal \u2013 PDF & Excel Gr\u00e1tis","isPartOf":{"@id":"https:\/\/www.colomio.com\/pt-pt#website"},"primaryImageOfPage":{"@id":"https:\/\/www.colomio.com\/pt-pt\/janeiro-2026-calendario#primaryimage"},"image":{"@id":"https:\/\/www.colomio.com\/pt-pt\/janeiro-2026-calendario#primaryimage"},"thumbnailUrl":"https:\/\/media.colomio.com\/calendar-int\/2026\/pt\/calendario-janeiro-2026-classico.png","datePublished":"2025-08-12T14:00:18+00:00","dateModified":"2026-04-21T14:59:12+00:00","description":"Calend\u00e1rio Janeiro 2026 Portugal gr\u00e1tis em PDF e Excel. 31 dias, inicia quinta-feira. Inclui Ano Novo (1 jan). Download gratuito dispon\u00edvel.","breadcrumb":{"@id":"https:\/\/www.colomio.com\/pt-pt\/janeiro-2026-calendario#breadcrumb"},"inLanguage":"pt-PT","potentialAction":[{"@type":"ReadAction","target":["https:\/\/www.colomio.com\/pt-pt\/janeiro-2026-calendario"]}]},{"@type":"ImageObject","inLanguage":"pt-PT","@id":"https:\/\/www.colomio.com\/pt-pt\/janeiro-2026-calendario#primaryimage","url":"https:\/\/media.colomio.com\/calendar-int\/2026\/pt\/calendario-janeiro-2026-classico.png","contentUrl":"https:\/\/media.colomio.com\/calendar-int\/2026\/pt\/calendario-janeiro-2026-classico.png"},{"@type":"BreadcrumbList","@id":"https:\/\/www.colomio.com\/pt-pt\/janeiro-2026-calendario#breadcrumb","itemListElement":[{"@type":"ListItem","position":1,"name":"Home","item":"https:\/\/www.colomio.com\/pt-pt"},{"@type":"ListItem","position":2,"name":"Janeiro 2026"}]},{"@type":"WebSite","@id":"https:\/\/www.colomio.com\/pt-pt#website","url":"https:\/\/www.colomio.com\/pt-pt","name":"www.colomio.com","description":"","publisher":{"@id":"https:\/\/www.colomio.com\/pt-pt#organization"},"potentialAction":[{"@type":"SearchAction","target":{"@type":"EntryPoint","urlTemplate":"https:\/\/www.colomio.com\/pt-pt?s={search_term_string}"},"query-input":{"@type":"PropertyValueSpecification","valueRequired":true,"valueName":"search_term_string"}}],"inLanguage":"pt-PT"},{"@type":"Organization","@id":"https:\/\/www.colomio.com\/pt-pt#organization","name":"colomio","url":"https:\/\/www.colomio.com\/pt-pt","logo":{"@type":"ImageObject","inLanguage":"pt-PT","@id":"https:\/\/www.colomio.com\/pt-pt#\/schema\/logo\/image\/","url":"https:\/\/www.colomio.com\/wp-content\/uploads\/2025\/02\/cropped-colomio-logo.png?wsr","contentUrl":"https:\/\/www.colomio.com\/wp-content\/uploads\/2025\/02\/cropped-colomio-logo.png?wsr","width":373,"height":98,"caption":"www.colomio.com"},"image":{"@id":"https:\/\/www.colomio.com\/pt-pt#\/schema\/logo\/image\/"},"sameAs":["https:\/\/www.instagram.com\/colomio.team\/","https:\/\/de.pinterest.com\/happycolorz_colomio\/","https:\/\/www.pinterest.com\/happycolorz_colomio\/","https:\/\/www.muminthemadhouse.com\/custom-ai-colouring-pages-for-kids\/","https:\/\/slummysinglemummy.com\/2026\/03\/05\/rainy-afternoons-just-got-a-lot-more-creative-discovering-colomio\/","https:\/\/www.amazon.com\/Horses-Coloring-Book-pages-reprint\/dp\/1707878994","https:\/\/www.prnewswire.com\/news-releases\/colomiocom-launches-a-free-customizable-coloring-book-for-home-printing-301162753.html","https:\/\/www.linkedin.com\/in\/mathias-ziegler-b6068568\/"],"alternateName":"colomio.com","foundingDate":"2019","description":"Free printable coloring pages, step-by-step drawing tutorials, and creative crafts for kids \u2013 created by parents, tested by children.","address":{"@type":"PostalAddress","streetAddress":"Zeppelinstr. 73","addressLocality":"Munich","postalCode":"81669","addressRegion":"Bavaria","addressCountry":"DE"},"parentOrganization":{"@type":"Organization","name":"happycolorz GmbH","url":"https:\/\/www.happycolorz.de"},"founder":[{"@type":"Person","@id":"https:\/\/www.colomio.com\/pt-pt#mathias\/","name":"Mathias Ziegler","jobTitle":"Founder & Managing Director","url":"https:\/\/www.colomio.com\/pt-pt\/authors\/colomio-team"}]}]}},"_links":{"self":[{"href":"https:\/\/www.colomio.com\/pt-pt\/wp-json\/wp\/v2\/pages\/11516","targetHints":{"allow":["GET"]}}],"collection":[{"href":"https:\/\/www.colomio.com\/pt-pt\/wp-json\/wp\/v2\/pages"}],"about":[{"href":"https:\/\/www.colomio.com\/pt-pt\/wp-json\/wp\/v2\/types\/page"}],"author":[{"embeddable":true,"href":"https:\/\/www.colomio.com\/pt-pt\/wp-json\/wp\/v2\/users\/4"}],"replies":[{"embeddable":true,"href":"https:\/\/www.colomio.com\/pt-pt\/wp-json\/wp\/v2\/comments?post=11516"}],"version-history":[{"count":6,"href":"https:\/\/www.colomio.com\/pt-pt\/wp-json\/wp\/v2\/pages\/11516\/revisions"}],"predecessor-version":[{"id":96620,"href":"https:\/\/www.colomio.com\/pt-pt\/wp-json\/wp\/v2\/pages\/11516\/revisions\/96620"}],"wp:attachment":[{"href":"https:\/\/www.colomio.com\/pt-pt\/wp-json\/wp\/v2\/media?parent=11516"}],"curies":[{"name":"wp","href":"https:\/\/api.w.org\/{rel}","templated":true}]}}