{"id":11522,"date":"2025-08-12T14:04:44","date_gmt":"2025-08-12T14:04:44","guid":{"rendered":"https:\/\/www.colomio.com\/seite-043"},"modified":"2026-04-21 14:59:06","modified_gmt":"2026-04-21T14:59:06","slug":"julho-2026-calendario","status":"publish","type":"page","link":"https:\/\/www.colomio.com\/pt-pt\/julho-2026-calendario","title":{"rendered":"Calend\u00e1rio Julho 2026 Portugal &#8211; Download Gratuito"},"content":{"rendered":"\n<style class=\"wpcode-css-snippet\">table, td, th {\r\n    border: none;\r\n    padding: 0px; \r\n}\r\n\r\n@media (min-width: 768px) {\r\n    #textdown {\r\n        margin-top: 100px;\r\n    }\r\n}\r\n@media (min-width: 768px) {\r\n    .col-md-6 {\r\n        -webkit-box-flex: 0;\r\n        flex: 0 0 50%;\r\n        max-width: 50%;\r\n    }\r\n}\r\n.row {\r\n    margin-left: -10px;\r\n    margin-right: -10px;\r\n}\r\n.row {\r\n    display: -webkit-box;\r\n    display: flex\r\n;\r\n    flex-wrap: wrap;\r\n    margin-right: -15px;\r\n    margin-left: -15px;\r\n}\r\n@media (min-width: 767px) {\r\n    .row {\r\n        display: flex\r\n;\r\n        flex-wrap: wrap;\r\n    }\r\n}\r\n*, :after, :before {\r\n    box-sizing: border-box;\r\n}\r\nimg {\r\n    max-width: 100%;\r\n}\r\nimg, svg {\r\n    vertical-align: middle;\r\n}\r\nimg {\r\n    border-style: none;\r\n}\r\n*, :after, :before {\r\n    box-sizing: border-box;\r\n}\r\n.schatten {\r\nborder: 1px solid #c1c1c1;\r\n    box-shadow: 4px 4px 9px #999;\r\n    padding: 8px;\r\n    margin-bottom: 9px;\r\n}\r\n\r\n@media (min-width: 768px){\r\n.col-md-6 {\r\n    -webkit-box-flex: 0;\r\n    flex: 0 0 50%;\r\n    max-width: 50%;\r\n\tpadding-left: 15px;\r\n}\r\n#textdown {\r\nmargin-top: 100px !important;}\r\n}\r\n\r\n  @media only screen and (max-width: 500px) {  .buttonmz     { padding: 4px 10px; margin: 3px; }  }   @media only screen and (min-width: 501px) {  .buttonmz     { padding: 8px 15px; margin: 5px; }   }    .buttonmz {  letter-spacing: -.16px; display: block; width: 100%; line-height: 1.4;  white-space: normal;  min-height: 24px; background-color: white; color: blue; border-color: black !important; -moz-user-select: none; -ms-user-select: none; -webkit-user-select: none; user-select: none; -webkit-appearance: none; -moz-appearance: none; appearance: none; display: inline-block; width: auto; text-decoration: none; text-align: center; vertical-align: middle; cursor: pointer; border: 2px solid black !important; border-radius: 2px;  background-color: white; color: black;  white-space: normal; }  .buttonmz:hover { background-color: grey !important; color: white !important; }  <\/style>\n<style id=\"extra-country-holidays-css\">\n.extra-country-box{margin:30px 0;border:1px solid #e0e0e0;border-radius:10px;overflow:hidden;box-shadow:0 2px 8px rgba(0,0,0,.05)}\n.extra-country-box .country-header{padding:12px 18px;color:#fff;font-size:1.1em;font-weight:700;text-shadow:0 1px 2px rgba(0,0,0,.3)}\n.extra-country-box .country-body{padding:16px 18px;background:#fafbfc}\n.extra-country-box .country-body p{margin:0 0 12px;color:#555;font-size:.93em;line-height:1.6}\n.extra-country-box table{width:100%;border-collapse:collapse;font-size:.88em;margin:10px 0}\n.extra-country-box th{background:#f0f0f0;padding:8px 12px;text-align:left;font-size:.9em;color:#444}\n.extra-country-box td{padding:8px 12px;border-bottom:1px solid #eee}\n.extra-country-box tbody tr:last-child td{border-bottom:none}\n.extra-country-box tbody tr:nth-child(even){background:#f5f7fa}\n.extra-country-box .country-footnote{font-size:.82em;color:#888;font-style:italic;margin:8px 0 0;padding-top:8px;border-top:1px solid #eee}\n.extra-country-box .country-note{background:#fff8e1;border-left:3px solid #ffc107;padding:10px 14px;border-radius:4px;margin:12px 0;font-size:.88em;color:#6d5e00}\n@media(max-width:580px){\n  .extra-country-box .country-header{padding:10px 14px;font-size:1em}\n  .extra-country-box .country-body{padding:12px 14px}\n  .extra-country-box table{font-size:.82em}\n  .extra-country-box th,.extra-country-box td{padding:6px 8px}\n}\n<\/style>\n\n<style id=\"colomio-mobile-responsive\">\n.table-responsive-wrap { width:100%; overflow-x:auto; -webkit-overflow-scrolling:touch; margin:20px 0 }\n.download-flex { display:flex; flex-wrap:wrap; gap:12px; margin:10px 0 20px }\n.download-flex a { display:flex; align-items:center; gap:8px; background:#f5f5f5; border:1px solid #ddd; border-radius:8px; padding:10px 16px; text-decoration:none; color:#333; font-weight:bold; transition:background .2s,box-shadow .2s; flex:1; min-width:100px; justify-content:center }\n.download-flex a:hover { background:#e8e8e8; box-shadow:0 2px 6px rgba(0,0,0,.1) }\n.download-flex a img { width:24px; height:30px }\n@media(max-width:580px){\n  .table-responsive-wrap table { font-size:.82em }\n  .table-responsive-wrap th,.table-responsive-wrap td { padding:8px 10px }\n}\n@media(max-width:480px){\n  .download-flex { flex-direction:column; gap:8px }\n  .download-flex a { justify-content:flex-start; min-width:unset }\n}\n@media(max-width:600px){\n  .faq-section-col { margin:24px 0!important }\n  .faq-item-col { padding:12px 14px!important; margin-bottom:10px!important }\n  .faq-item-col h3 { font-size:1em!important }\n  .faq-item-col p { font-size:.92em!important }\n  figure img.schatten { max-width:100%!important; height:auto!important }\n  .buttonmz { display:inline-block; margin:3px 2px!important; font-size:.85em }\n  h2 { font-size:1.3em } p,li { font-size:.95em; line-height:1.6 }\n}\n<\/style>\n\n<!-- 2026 -->\n<p>O <b>calend\u00e1rio de julho 2026<\/b> apresenta um m\u00eas com 31 dias que inicia numa quarta-feira. Em Portugal, julho de 2026 n\u00e3o conta com feriados nacionais, oferecendo um per\u00edodo ideal para planear f\u00e9rias de ver\u00e3o e atividades ao ar livre. O nosso calend\u00e1rio est\u00e1 dispon\u00edvel para <b>download gratuito<\/b> em m\u00faltiplos formatos: PDF para impress\u00e3o, Excel (XLS) para personaliza\u00e7\u00e3o e PNG para uso digital, todos nos formatos horizontal e vertical.<\/p>\n<p>O calend\u00e1rio de julho 2026 para Portugal apresenta um <b>design limpo e funcional<\/b>, com todos os feriados portugueses claramente identificados. Dispon\u00edvel em formato PDF ideal para impress\u00e3o, Excel para edi\u00e7\u00e3o e personaliza\u00e7\u00e3o das suas notas, e PNG para partilha digital e uso em dispositivos eletr\u00f3nicos.<\/p>\n\n<br><br>\n\nEmbora o design desempenhe um papel importante, para muitos a funcionalidade de um calend\u00e1rio para julho de 2026 \u00e9 o que realmente importa. Nossos calend\u00e1rios s\u00e3o excelentes como organizadores para casa, escrit\u00f3rio ou clube esportivo. Tamb\u00e9m s\u00e3o ideais como planejadores de tempo, gra\u00e7as ao seu design claro para julho de 2026. As vis\u00f5es anuais s\u00e3o ferramentas pr\u00e1ticas para seus entes queridos, pois muitos modelos oferecem bastante espa\u00e7o para anota\u00e7\u00f5es e entradas pessoais. Layouts com datas bem leg\u00edveis, que permitem a todos os usu\u00e1rios uma vis\u00e3o r\u00e1pida dos dias da semana, tamb\u00e9m s\u00e3o populares.<\/p>\n\n<br>\n<div id=\"ez-toc-container\" class=\"ez-toc-v2_0_81 counter-hierarchy ez-toc-counter ez-toc-grey ez-toc-container-direction\">\n<div class=\"ez-toc-title-container\">\n<p class=\"ez-toc-title\" style=\"cursor:inherit\">\u00cdndice<\/p>\n<span class=\"ez-toc-title-toggle\"><a href=\"#\" class=\"ez-toc-pull-right ez-toc-btn ez-toc-btn-xs ez-toc-btn-default ez-toc-toggle\" aria-label=\"Toggle Table of Content\"><span class=\"ez-toc-js-icon-con\"><span class=\"\"><span class=\"eztoc-hide\" style=\"display:none;\">Toggle<\/span><span class=\"ez-toc-icon-toggle-span\"><svg style=\"fill: #999;color:#999\" xmlns=\"http:\/\/www.w3.org\/2000\/svg\" class=\"list-377408\" width=\"20px\" height=\"20px\" viewBox=\"0 0 24 24\" fill=\"none\"><path d=\"M6 6H4v2h2V6zm14 0H8v2h12V6zM4 11h2v2H4v-2zm16 0H8v2h12v-2zM4 16h2v2H4v-2zm16 0H8v2h12v-2z\" fill=\"currentColor\"><\/path><\/svg><svg style=\"fill: #999;color:#999\" class=\"arrow-unsorted-368013\" xmlns=\"http:\/\/www.w3.org\/2000\/svg\" width=\"10px\" height=\"10px\" viewBox=\"0 0 24 24\" version=\"1.2\" baseProfile=\"tiny\"><path d=\"M18.2 9.3l-6.2-6.3-6.2 6.3c-.2.2-.3.4-.3.7s.1.5.3.7c.2.2.4.3.7.3h11c.3 0 .5-.1.7-.3.2-.2.3-.5.3-.7s-.1-.5-.3-.7zM5.8 14.7l6.2 6.3 6.2-6.3c.2-.2.3-.5.3-.7s-.1-.5-.3-.7c-.2-.2-.4-.3-.7-.3h-11c-.3 0-.5.1-.7.3-.2.2-.3.5-.3.7s.1.5.3.7z\"\/><\/svg><\/span><\/span><\/span><\/a><\/span><\/div>\n<nav><ul class='ez-toc-list ez-toc-list-level-1 eztoc-toggle-hide-by-default' ><li class='ez-toc-page-1 ez-toc-heading-level-2'><a class=\"ez-toc-link ez-toc-heading-1\" href=\"https:\/\/www.colomio.com\/pt-pt\/julho-2026-calendario\/#Calendario_de_julho_de_2026\" >Calend\u00e1rio de julho de 2026<\/a><\/li><li class='ez-toc-page-1 ez-toc-heading-level-2'><a class=\"ez-toc-link ez-toc-heading-2\" href=\"https:\/\/www.colomio.com\/pt-pt\/julho-2026-calendario\/#Perguntas_frequentes\" >Perguntas frequentes<\/a><ul class='ez-toc-list-level-3' ><li class='ez-toc-heading-level-3'><a class=\"ez-toc-link ez-toc-heading-3\" href=\"https:\/\/www.colomio.com\/pt-pt\/julho-2026-calendario\/#Que_feriados_existem_em_julho_2026_em_Portugal\" >Que feriados existem em julho 2026 em Portugal?<\/a><\/li><li class='ez-toc-page-1 ez-toc-heading-level-3'><a class=\"ez-toc-link ez-toc-heading-4\" href=\"https:\/\/www.colomio.com\/pt-pt\/julho-2026-calendario\/#Em_que_dia_da_semana_comeca_julho_2026\" >Em que dia da semana come\u00e7a julho 2026?<\/a><\/li><li class='ez-toc-page-1 ez-toc-heading-level-3'><a class=\"ez-toc-link ez-toc-heading-5\" href=\"https:\/\/www.colomio.com\/pt-pt\/julho-2026-calendario\/#Quantos_dias_tem_julho_2026\" >Quantos dias tem julho 2026?<\/a><\/li><li class='ez-toc-page-1 ez-toc-heading-level-3'><a class=\"ez-toc-link ez-toc-heading-6\" href=\"https:\/\/www.colomio.com\/pt-pt\/julho-2026-calendario\/#Em_que_formatos_posso_descarregar_o_calendario_de_julho_2026\" >Em que formatos posso descarregar o calend\u00e1rio de julho 2026?<\/a><\/li><li class='ez-toc-page-1 ez-toc-heading-level-3'><a class=\"ez-toc-link ez-toc-heading-7\" href=\"https:\/\/www.colomio.com\/pt-pt\/julho-2026-calendario\/#Julho_e_um_bom_mes_para_ferias_em_Portugal\" >Julho \u00e9 um bom m\u00eas para f\u00e9rias em Portugal?<\/a><\/li><\/ul><\/li><li class='ez-toc-page-1 ez-toc-heading-level-2'><a class=\"ez-toc-link ez-toc-heading-8\" href=\"https:\/\/www.colomio.com\/pt-pt\/julho-2026-calendario\/#Feriados_em_outros_paises_lusofonos_%E2%80%93_Julho_2026\" >Feriados em outros pa\u00edses lus\u00f3fonos \u2013 Julho 2026<\/a><\/li><\/ul><\/nav><\/div>\n<h2 id=\"kalender-juli-2026\"><span class=\"ez-toc-section\" id=\"Calendario_de_julho_de_2026\"><\/span>Calend\u00e1rio de julho de 2026<span class=\"ez-toc-section-end\"><\/span><\/h2>\n\n<p>Nossos modelos de calend\u00e1rio s\u00e3o frequentemente personaliz\u00e1veis. Voc\u00ea pode marc\u00e1-los com cores para diferenciar categorias como trabalho, fam\u00edlia ou lazer. Tamb\u00e9m \u00e9 poss\u00edvel adicionar s\u00edmbolos ou adesivos para destacar eventos espec\u00edficos.<br><br>\n\nAproveite as diversas possibilidades dos nossos calend\u00e1rios para julho de 2026 para tornar seu m\u00eas eficiente e sem estresse. Um bom planejamento ajuda voc\u00ea a manter todos os compromissos sob controle e a reservar tempo suficiente para descanso e divers\u00e3o. Seja usando o calend\u00e1rio digitalmente ou imprimindo e pendurando na parede \u2013 com nossos modelos voc\u00ea estar\u00e1 bem organizado.<\/p>\n<br><div class=\"row justify-content-center\"><div class=\"col-md-6\"><div style=\"text-align: left;\">\n\n\n<p><b>FORMATO PAISAGEM<\/b><\/p> <figure><a class=\"kalender\" href=\"https:\/\/media.colomio.com\/calendar-int\/2026\/pt\/calendario-julho-2026-classico.pdf\" rel=\"nofollow\" title=\"Calend\u00e1rio julho 2026 cl\u00e1ssico, formato paisagem PDF para imprimir\"><img decoding=\"async\" class=\"schatten\" loading=\"lazy\" src=\"https:\/\/media.colomio.com\/calendar-int\/2026\/pt\/calendario-julho-2026-classico.png\" alt=\"Calend\u00e1rio julho 2026 cl\u00e1ssico, formato paisagem PDF para imprimir\" title=\"Calend\u00e1rio julho 2026 cl\u00e1ssico, formato paisagem PDF para imprimir\"><figcaption class=\"title\" title=\"Calend\u00e1rio julho 2026 cl\u00e1ssico, formato paisagem PDF para imprimir\">Calend\u00e1rio julho 2026 cl\u00e1ssico<\/figcaption><\/a><\/figure>\n\n\n\n<\/div>\n<\/div> \n\n<div class=\"col-md-6\"><div id=\"textdown\" style=\"text-align: left;\">\n<div id=\"ib\"><ul class=\"paint-row-content\"><li>Calend\u00e1rio de julho de 2026 em uma p\u00e1gina DIN A4, formato paisagem<\/li><li>N\u00fameros grandes para boa legibilidade<\/li><li>cada dia tem espa\u00e7o para compromissos e anota\u00e7\u00f5es importantes<\/li><li>com semanas do calend\u00e1rio e feriados (nacional)<\/li><br>\n<li style=\"list-style-type: none;\"><b>Download gratuito:<\/b><\/li>\n<div class=\"download-flex\">\n  <a href=\"https:\/\/media.colomio.com\/calendar-int\/2026\/pt\/calendario-julho-2026-classico.pdf\" rel=\"nofollow\" title=\"Calend\u00e1rio julho 2026 cl\u00e1ssico, formato paisagem PDF para imprimir\"><img loading=\"lazy\" decoding=\"async\" alt=\"PDF\" src=\"https:\/\/www.colomio.com\/wp-content\/uploads\/2025\/09\/doc1.gif\" width=\"24\" height=\"30\"> PDF<\/a>\n  <a href=\"https:\/\/media.colomio.com\/calendar-int\/2026\/pt\/calendario-julho-2026-classico.xlsx\" rel=\"nofollow\" title=\"Calend\u00e1rio julho 2026 cl\u00e1ssico, formato paisagem Excel para imprimir\"><img loading=\"lazy\" decoding=\"async\" alt=\"Excel\" src=\"https:\/\/www.colomio.com\/wp-content\/uploads\/2025\/09\/doc2.gif\" width=\"24\" height=\"30\"> Excel<\/a>\n  <a href=\"https:\/\/media.colomio.com\/calendar-int\/2026\/pt\/calendario-julho-2026-classico.png\" rel=\"nofollow\" title=\"Calend\u00e1rio julho 2026 cl\u00e1ssico, formato paisagem PNG para imprimir\"><img loading=\"lazy\" decoding=\"async\" alt=\"PNG\" src=\"https:\/\/www.colomio.com\/wp-content\/uploads\/2025\/09\/doc3.gif\" width=\"24\" height=\"30\"> PNG<\/a>\n<\/div>\n<\/ul>\n<\/div>\t\n\n\n<\/div>\n<\/div> <\/div>\n\n\n<br><br>\n\n<p>Consulte tamb\u00e9m os nossos calend\u00e1rios para outros meses de 2026 e anos diferentes. Todas as informa\u00e7\u00f5es s\u00e3o fornecidas sem garantia de exatid\u00e3o.<\/p>\n<br>\n\n<style>\n  .faq-section-col { margin:40px 0 }\n  .faq-item-col { background:#f9f9f9; border-left:4px solid #1a5276; border-radius:6px; padding:16px 20px; margin-bottom:14px; box-shadow:0 1px 3px rgba(0,0,0,.08) }\n  .faq-item-col:nth-child(even) { border-left-color:#2e86c1 }\n  .faq-item-col h3 { color:#333; margin:0 0 8px; font-size:1.1em }\n  .faq-item-col p { margin:0; color:#555; line-height:1.6 }\n<\/style>\n\n<h2 id=\"faq-pt-pt-7-2026\"><span class=\"ez-toc-section\" id=\"Perguntas_frequentes\"><\/span>Perguntas frequentes<span class=\"ez-toc-section-end\"><\/span><\/h2>\n<div class=\"faq-section-col\">\n<div class=\"faq-item-col\"><h3><span class=\"ez-toc-section\" id=\"Que_feriados_existem_em_julho_2026_em_Portugal\"><\/span>Que feriados existem em julho 2026 em Portugal?<span class=\"ez-toc-section-end\"><\/span><\/h3><p>Julho de 2026 n\u00e3o tem feriados nacionais em Portugal. Este m\u00eas oferece 31 dias sem interrup\u00e7\u00f5es de feriados oficiais, sendo ideal para o per\u00edodo de f\u00e9rias de ver\u00e3o.<\/p><\/div>\n<div class=\"faq-item-col\"><h3><span class=\"ez-toc-section\" id=\"Em_que_dia_da_semana_comeca_julho_2026\"><\/span>Em que dia da semana come\u00e7a julho 2026?<span class=\"ez-toc-section-end\"><\/span><\/h3><p>Julho de 2026 inicia numa quarta-feira, dia 1. Esta configura\u00e7\u00e3o proporciona uma distribui\u00e7\u00e3o equilibrada dos dias da semana ao longo do m\u00eas.<\/p><\/div>\n<div class=\"faq-item-col\"><h3><span class=\"ez-toc-section\" id=\"Quantos_dias_tem_julho_2026\"><\/span>Quantos dias tem julho 2026?<span class=\"ez-toc-section-end\"><\/span><\/h3><p>Julho de 2026 tem 31 dias, come\u00e7ando na quarta-feira, dia 1, e terminando na sexta-feira, dia 31. \u00c9 um dos sete meses do ano com 31 dias.<\/p><\/div>\n<div class=\"faq-item-col\"><h3><span class=\"ez-toc-section\" id=\"Em_que_formatos_posso_descarregar_o_calendario_de_julho_2026\"><\/span>Em que formatos posso descarregar o calend\u00e1rio de julho 2026?<span class=\"ez-toc-section-end\"><\/span><\/h3><p>O calend\u00e1rio est\u00e1 dispon\u00edvel em PDF, Excel (XLS) e PNG, todos gratuitos. Cada formato est\u00e1 dispon\u00edvel em orienta\u00e7\u00e3o horizontal e vertical para diferentes necessidades de uso.<\/p><\/div>\n<div class=\"faq-item-col\"><h3><span class=\"ez-toc-section\" id=\"Julho_e_um_bom_mes_para_ferias_em_Portugal\"><\/span>Julho \u00e9 um bom m\u00eas para f\u00e9rias em Portugal?<span class=\"ez-toc-section-end\"><\/span><\/h3><p>Julho \u00e9 tradicionalmente o m\u00eas de f\u00e9rias de ver\u00e3o em Portugal, com clima quente e ideal para praia. Sem feriados nacionais em 2026, oferece flexibilidade total para planear as suas f\u00e9rias.<\/p><\/div>\n<\/div>\n\n<script type=\"application\/ld+json\">\n{\n  \"@context\": \"https:\/\/schema.org\",\n  \"@type\": \"FAQPage\",\n  \"mainEntity\": [\n    {\n      \"@type\": \"Question\",\n      \"name\": \"Que feriados existem em julho 2026 em Portugal?\",\n      \"acceptedAnswer\": {\n        \"@type\": \"Answer\",\n        \"text\": \"Julho de 2026 n\u00e3o tem feriados nacionais em Portugal. Este m\u00eas oferece 31 dias sem interrup\u00e7\u00f5es de feriados oficiais, sendo ideal para o per\u00edodo de f\u00e9rias de ver\u00e3o.\"\n      }\n    },\n    {\n      \"@type\": \"Question\",\n      \"name\": \"Em que dia da semana come\u00e7a julho 2026?\",\n      \"acceptedAnswer\": {\n        \"@type\": \"Answer\",\n        \"text\": \"Julho de 2026 inicia numa quarta-feira, dia 1. Esta configura\u00e7\u00e3o proporciona uma distribui\u00e7\u00e3o equilibrada dos dias da semana ao longo do m\u00eas.\"\n      }\n    },\n    {\n      \"@type\": \"Question\",\n      \"name\": \"Quantos dias tem julho 2026?\",\n      \"acceptedAnswer\": {\n        \"@type\": \"Answer\",\n        \"text\": \"Julho de 2026 tem 31 dias, come\u00e7ando na quarta-feira, dia 1, e terminando na sexta-feira, dia 31. \u00c9 um dos sete meses do ano com 31 dias.\"\n      }\n    },\n    {\n      \"@type\": \"Question\",\n      \"name\": \"Em que formatos posso descarregar o calend\u00e1rio de julho 2026?\",\n      \"acceptedAnswer\": {\n        \"@type\": \"Answer\",\n        \"text\": \"O calend\u00e1rio est\u00e1 dispon\u00edvel em PDF, Excel (XLS) e PNG, todos gratuitos. Cada formato est\u00e1 dispon\u00edvel em orienta\u00e7\u00e3o horizontal e vertical para diferentes necessidades de uso.\"\n      }\n    },\n    {\n      \"@type\": \"Question\",\n      \"name\": \"Julho \u00e9 um bom m\u00eas para f\u00e9rias em Portugal?\",\n      \"acceptedAnswer\": {\n        \"@type\": \"Answer\",\n        \"text\": \"Julho \u00e9 tradicionalmente o m\u00eas de f\u00e9rias de ver\u00e3o em Portugal, com clima quente e ideal para praia. Sem feriados nacionais em 2026, oferece flexibilidade total para planear as suas f\u00e9rias.\"\n      }\n    }\n  ]\n}\n<\/script>\n\n<script async src=\"https:\/\/pagead2.googlesyndication.com\/pagead\/js\/adsbygoogle.js?client=ca-pub-6550436067840591\"\r\n     crossorigin=\"anonymous\"><\/script>\r\n<!-- flagge -->\r\n<ins class=\"adsbygoogle\"\r\n     style=\"display:block\"\r\n     data-ad-client=\"ca-pub-6550436067840591\"\r\n     data-ad-slot=\"3909965393\"\r\n     data-ad-format=\"auto\"\r\n     data-full-width-responsive=\"true\"><\/ins>\r\n<script>\r\n     (adsbygoogle = window.adsbygoogle || []).push({});\r\n<\/script><br>\n<div class=\"row justify-content-center\"><div class=\"col-md-6\"><div style=\"text-align: left;\">\n<figure><a class=\"kalender\" href=\"https:\/\/media.colomio.com\/calendar-int\/2026\/pt\/calendario-julho-2026-classico.pdf\" rel=\"nofollow\" title=\"Modelo de calend\u00e1rio mensal julho 2026 para impress\u00e3o gratuita\"><img decoding=\"async\" class=\"schatten\" loading=\"lazy\" src=\"https:\/\/media.colomio.com\/calendar-int\/2026\/pt\/calendario-julho-2026-classico.png\" alt=\"Modelo de calend\u00e1rio mensal julho 2026 para impress\u00e3o gratuita\" title=\"Modelo de calend\u00e1rio mensal julho 2026 para impress\u00e3o gratuita\"><figcaption class=\"title\" title=\"Modelo de calend\u00e1rio mensal julho 2026 para impress\u00e3o gratuita\">Calend\u00e1rio mensal julho 2026<\/figcaption><\/a><\/figure>\n\n\n\n<\/div>\n<\/div> \n\n<div class=\"col-md-6\"><div id=\"textdown\" style=\"text-align: left;\">\n<div id=\"ib\"><ul class=\"paint-row-content\"><li>Calend\u00e1rio mensal julho 2026 em uma p\u00e1gina inteira (DIN A4), paisagem<\/li><li>com semanas do calend\u00e1rio e feriados (nacional)<\/li><li>inclui espa\u00e7o livre para anota\u00e7\u00f5es pessoais<\/li><br>\n<li style=\"list-style-type: none;\"><b>Download gratuito:<\/b><\/li>\n<div class=\"download-flex\">\n  <a href=\"https:\/\/media.colomio.com\/calendar-int\/2026\/pt\/calendario-julho-2026-classico.pdf\" rel=\"nofollow\" title=\"Modelo de calend\u00e1rio mensal julho 2026 para impress\u00e3o gratuita pdf\"><img loading=\"lazy\" decoding=\"async\" alt=\"PDF\" src=\"https:\/\/www.colomio.com\/wp-content\/uploads\/2025\/09\/doc1.gif\" width=\"24\" height=\"30\"> PDF<\/a>\n  <a href=\"https:\/\/media.colomio.com\/calendar-int\/2026\/pt\/calendario-julho-2026-classico.xlsx\" rel=\"nofollow\" title=\"Modelo de calend\u00e1rio mensal julho 2026 para impress\u00e3o gratuita Excel\"><img loading=\"lazy\" decoding=\"async\" alt=\"Excel\" src=\"https:\/\/www.colomio.com\/wp-content\/uploads\/2025\/09\/doc2.gif\" width=\"24\" height=\"30\"> Excel<\/a>\n  <a href=\"https:\/\/media.colomio.com\/calendar-int\/2026\/pt\/calendario-julho-2026-classico.png\" rel=\"nofollow\" title=\"Modelo de calend\u00e1rio mensal julho 2026 para impress\u00e3o gratuita png\"><img loading=\"lazy\" decoding=\"async\" alt=\"PNG\" src=\"https:\/\/www.colomio.com\/wp-content\/uploads\/2025\/09\/doc3.gif\" width=\"24\" height=\"30\"> PNG<\/a>\n<\/div>\n<\/ul>\n<\/div>\t\n\n\n<\/div>\n<\/div> <\/div>\n<br><br>\n\n\n\n<div class=\"row justify-content-center\"><div class=\"col-md-6\"><div style=\"text-align: left;\">\n<figure><a class=\"kalender\" href=\"https:\/\/media.colomio.com\/calendar-int\/2026\/pt\/calendario-julho-2026-formato-horizontal.pdf\" rel=\"nofollow\" title=\"Calend\u00e1rio julho 2026 com feriados\"><img decoding=\"async\" class=\"schatten\" loading=\"lazy\" src=\"https:\/\/media.colomio.com\/calendar-int\/2026\/pt\/calendario-julho-2026-formato-horizontal.png\" alt=\"Calend\u00e1rio julho 2026 com feriados\" title=\"Calend\u00e1rio julho 2026 com feriados\"><figcaption class=\"title\" title=\"Calend\u00e1rio julho 2026 com feriados\">Calend\u00e1rio julho 2026 &#8211; paisagem<\/figcaption><\/a><\/figure>\n\n\n\n<\/div>\n<\/div> \n\n<div class=\"col-md-6\"><div id=\"textdown\" style=\"text-align: left;\">\n<div id=\"ib\"><ul class=\"paint-row-content\"><li>Calend\u00e1rio mensal julho 2026 em uma p\u00e1gina inteira (DIN A4), paisagem<\/li><li>com semanas do calend\u00e1rio e feriados (nacional)<\/li><li>inclui espa\u00e7o livre para anota\u00e7\u00f5es pessoais<\/li><li>modelo com feriados nacionais<\/li><br>\n<li style=\"list-style-type: none;\"><b>Download gratuito:<\/b><\/li>\n<div class=\"download-flex\">\n  <a href=\"https:\/\/media.colomio.com\/calendar-int\/2026\/pt\/calendario-julho-2026-formato-horizontal.pdf\" rel=\"nofollow\" title=\"Calend\u00e1rio julho 2026 com feriados\"><img loading=\"lazy\" decoding=\"async\" alt=\"PDF\" src=\"https:\/\/www.colomio.com\/wp-content\/uploads\/2025\/09\/doc1.gif\" width=\"24\" height=\"30\"> PDF<\/a>\n  <a href=\"https:\/\/media.colomio.com\/calendar-int\/2026\/pt\/calendario-julho-2026-formato-horizontal.xlsx\" rel=\"nofollow\" title=\"Calend\u00e1rio julho 2026 com feriados como arquivo Excel\"><img loading=\"lazy\" decoding=\"async\" alt=\"Excel\" src=\"https:\/\/www.colomio.com\/wp-content\/uploads\/2025\/09\/doc2.gif\" width=\"24\" height=\"30\"> Excel<\/a>\n  <a href=\"https:\/\/media.colomio.com\/calendar-int\/2026\/pt\/calendario-julho-2026-formato-horizontal.png\" rel=\"nofollow\" title=\"Calend\u00e1rio julho 2026 com feriados como arquivo de imagem PNG\"><img loading=\"lazy\" decoding=\"async\" alt=\"PNG\" src=\"https:\/\/www.colomio.com\/wp-content\/uploads\/2025\/09\/doc3.gif\" width=\"24\" height=\"30\"> PNG<\/a>\n<\/div>\n<\/ul>\n<\/div>\t\n\n\n<\/div>\n<\/div> <\/div>\n\n<p>Especialmente para fam\u00edlias, \u00e9 recomend\u00e1vel registrar todos os anivers\u00e1rios e compromissos importantes em um calend\u00e1rio central vis\u00edvel. Planejadores com espa\u00e7o suficiente s\u00e3o uma boa escolha aqui! Uma vers\u00e3o muito popular \u00e9 o calend\u00e1rio de julho de 2026, onde todos os dias s\u00e3o listados um abaixo do outro, com cada data em uma linha separada. Al\u00e9m disso, oferecemos calend\u00e1rios mensais que usam n\u00fameros pequenos, deixando espa\u00e7o suficiente para anota\u00e7\u00f5es importantes. Muito populares tamb\u00e9m s\u00e3o nossos calend\u00e1rios cl\u00e1ssicos para julho de 2026 para imprimir. N\u00fameros grandes indicam rapidamente o dia da semana e proporcionam uma boa vis\u00e3o geral.<\/p>\n\n<br><br><br>\n<div class=\"row justify-content-center\"><div class=\"col-md-6\"><div style=\"text-align: left;\">\n<p><b>FORMATO RETRATO<\/b><\/p><figure><a class=\"kalender\" href=\"https:\/\/media.colomio.com\/calendar-int\/2026\/pt\/julho-2026-calendario-vertical.pdf\" rel=\"nofollow\" title=\"Calend\u00e1rio julho 2026 - formato retrato, gratuito para imprimir\"><img decoding=\"async\" class=\"schatten\" loading=\"lazy\" src=\"https:\/\/media.colomio.com\/calendar-int\/2026\/pt\/julho-2026-calendario-vertical.png\" alt=\"Calend\u00e1rio julho 2026 - formato retrato, gratuito para imprimir\" title=\"Calend\u00e1rio julho 2026 - formato retrato, gratuito para imprimir\"><figcaption class=\"title\" title=\"Calend\u00e1rio julho 2026 - formato retrato, gratuito para imprimir\">Calend\u00e1rio julho 2026 &#8211; formato retrato<\/figcaption><\/a><\/figure>\n\n\n\n<\/div>\n<\/div> \n\n<div class=\"col-md-6\"><div id=\"textdown\" style=\"text-align: left;\">\n<div id=\"ib\"><ul class=\"paint-row-content\"><li>M\u00eas de julho de 2026 em uma p\u00e1gina inteira (DIN A4), formato retrato<\/li><li>N\u00fameros grandes para boa legibilidade<\/li><li>com semanas do calend\u00e1rio e feriados (nacional)<\/li><li>pode ser usado como calend\u00e1rio de parede<\/li><br>\n<li style=\"list-style-type: none;\"><b>Download gratuito:<\/b><\/li>\n<div class=\"download-flex\">\n  <a href=\"https:\/\/media.colomio.com\/calendar-int\/2026\/pt\/julho-2026-calendario-vertical.pdf\" rel=\"nofollow\" title=\"Calend\u00e1rio julho 2026 - formato retrato, gratuito para imprimir como pdf\"><img loading=\"lazy\" decoding=\"async\" alt=\"PDF\" src=\"https:\/\/www.colomio.com\/wp-content\/uploads\/2025\/09\/doc1.gif\" width=\"24\" height=\"30\"> PDF<\/a>\n  <a href=\"https:\/\/media.colomio.com\/calendar-int\/2026\/pt\/julho-2026-calendario-vertical.xlsx\" rel=\"nofollow\" title=\"Calend\u00e1rio julho 2026 - formato retrato, gratuito para imprimir como Excel\"><img loading=\"lazy\" decoding=\"async\" alt=\"Excel\" src=\"https:\/\/www.colomio.com\/wp-content\/uploads\/2025\/09\/doc2.gif\" width=\"24\" height=\"30\"> Excel<\/a>\n  <a href=\"https:\/\/media.colomio.com\/calendar-int\/2026\/pt\/julho-2026-calendario-vertical.png\" rel=\"nofollow\" title=\"Calend\u00e1rio julho 2026 - formato retrato, gratuito para imprimir como png\"><img loading=\"lazy\" decoding=\"async\" alt=\"PNG\" src=\"https:\/\/www.colomio.com\/wp-content\/uploads\/2025\/09\/doc3.gif\" width=\"24\" height=\"30\"> PNG<\/a>\n<\/div>\n<\/ul>\n<\/div>\t\n\n\n<\/div>\n<\/div> <\/div>\n<br><br><br>\n<div class=\"row justify-content-center\"><div class=\"col-md-6\"><div style=\"text-align: left;\">\n<figure><a class=\"kalender\" href=\"https:\/\/media.colomio.com\/calendar-int\/2026\/pt\/calendario-julho-2026-classico.pdf\" rel=\"nofollow\" title=\"Calend\u00e1rio julho 2026 - formato retrato, gratuito para imprimir como pdf\"><img decoding=\"async\" class=\"schatten\" loading=\"lazy\" src=\"https:\/\/media.colomio.com\/calendar-int\/2026\/pt\/calendario-julho-2026-classico.png\" alt=\"Calend\u00e1rio julho 2026 - formato retrato, gratuito para imprimir\" title=\"Calend\u00e1rio julho 2026 - formato retrato, gratuito para imprimir\"><figcaption class=\"title\" title=\"Calend\u00e1rio julho 2026 - formato retrato, gratuito para imprimir\">Calend\u00e1rio julho 2026 &#8211; formato retrato<\/figcaption><\/a><\/figure>\n\n\n\n<\/div>\n<\/div> \n\n<div class=\"col-md-6\"><div id=\"textdown\" style=\"text-align: left;\">\n<div id=\"ib\"><ul class=\"paint-row-content\"><li>Calend\u00e1rio julho 2026 em uma p\u00e1gina inteira (DIN A4)<\/li><li>Formato retrato<\/li><li>N\u00fameros grandes (f\u00e1ceis de ler)<\/li><li>com semanas do calend\u00e1rio e feriados (nacional)<\/li><li>adequado como calend\u00e1rio de parede<\/li><br>\n<li style=\"list-style-type: none;\"><b>Download gratuito:<\/b><\/li>\n<div class=\"download-flex\">\n  <a href=\"https:\/\/media.colomio.com\/calendar-int\/2026\/pt\/calendario-julho-2026-classico.pdf\" rel=\"nofollow\" title=\"Calend\u00e1rio julho 2026 - formato retrato, gratuito para imprimir como pdf\"><img loading=\"lazy\" decoding=\"async\" alt=\"PDF\" src=\"https:\/\/www.colomio.com\/wp-content\/uploads\/2025\/09\/doc1.gif\" width=\"24\" height=\"30\"> PDF<\/a>\n  <a href=\"https:\/\/media.colomio.com\/calendar-int\/2026\/pt\/calendario-julho-2026-classico.xlsx\" rel=\"nofollow\" title=\"Calend\u00e1rio julho 2026 - formato retrato, gratuito para imprimir como Excel\"><img loading=\"lazy\" decoding=\"async\" alt=\"Excel\" src=\"https:\/\/www.colomio.com\/wp-content\/uploads\/2025\/09\/doc2.gif\" width=\"24\" height=\"30\"> Excel<\/a>\n  <a href=\"https:\/\/media.colomio.com\/calendar-int\/2026\/pt\/calendario-julho-2026-classico.png\" rel=\"nofollow\" title=\"Calend\u00e1rio julho 2026 - formato retrato, gratuito para imprimir como formato png\"><img loading=\"lazy\" decoding=\"async\" alt=\"PNG\" src=\"https:\/\/www.colomio.com\/wp-content\/uploads\/2025\/09\/doc3.gif\" width=\"24\" height=\"30\"> PNG<\/a>\n<\/div>\n<\/ul>\n<\/div>\t\n\n\n<\/div>\n<\/div> <\/div>\n\n\n\n\n<h2 id=\"extra-holidays-pt-pt-7\"><span class=\"ez-toc-section\" id=\"Feriados_em_outros_paises_lusofonos_%E2%80%93_Julho_2026\"><\/span>Feriados em outros pa\u00edses lus\u00f3fonos \u2013 Julho 2026<span class=\"ez-toc-section-end\"><\/span><\/h2>\n<p style=\"color:#555;margin-bottom:20px;\">Os nossos calend\u00e1rios s\u00e3o utilizados em todo o mundo lus\u00f3fono. Aqui encontra os feriados do Brasil e os feriados regionais de Portugal.<\/p>\n<div class=\"extra-country-box\" id=\"extra-pt-reg-7\">\n<div class=\"country-header\" style=\"background:linear-gradient(135deg, #006600 50%, #FF0000 50%)\">\ud83d\udccd Portugal \u2013 Feriados Regionais e Municipais \u2013 Julho 2026<\/div>\n<div class=\"country-body\">\n<p>Al\u00e9m dos feriados nacionais, Portugal tem <b>feriados regionais e municipais importantes<\/b> em julho de 2026.<\/p>\n<table>\n<thead><tr><th>Data<\/th><th>Dia<\/th><th>Feriado<\/th><\/tr><\/thead>\n<tbody>\n<tr><td>1 de julho<\/td><td>quarta-feira<\/td><td><b>Dia da Regi\u00e3o da Madeira (regional \u2013 Madeira)<\/b><\/td><\/tr>\n<tr><td>4 de julho<\/td><td>s\u00e1bado<\/td><td><b>Dia de Santa Isabel (municipal \u2013 Coimbra)<\/b><\/td><\/tr>\n<\/tbody>\n<\/table>\n<div class=\"country-note\">Cada um dos 308 munic\u00edpios portugueses tem o seu pr\u00f3prio feriado municipal. Em Portugal, n\u00e3o h\u00e1 substitui\u00e7\u00e3o de feriados que caiam ao fim de semana.<\/div>\n<p class=\"country-footnote\">O Carnaval (ter\u00e7a-feira de Carnaval) \u00e9 concedido por despacho governamental anual como toler\u00e2ncia de ponto para o servi\u00e7o p\u00fablico.<\/p>\n<\/div>\n<\/div>\n\n\n","protected":false},"excerpt":{"rendered":"<p>O calend\u00e1rio de julho 2026 apresenta um m\u00eas com 31 dias que inicia numa quarta-feira. Em Portugal, julho de 2026 n\u00e3o conta com feriados nacionais, oferecendo um per\u00edodo ideal para planear f\u00e9rias de ver\u00e3o e atividades ao ar livre. O nosso calend\u00e1rio est\u00e1 dispon\u00edvel para download gratuito em m\u00faltiplos formatos: PDF para impress\u00e3o, Excel (XLS) &#8230; <a title=\"Calend\u00e1rio Julho 2026 Portugal &#8211; Download Gratuito\" class=\"read-more\" href=\"https:\/\/www.colomio.com\/pt-pt\/julho-2026-calendario\" aria-label=\"Leia mais sobre Calend\u00e1rio Julho 2026 Portugal &#8211; Download Gratuito\">Ler mais<\/a><\/p>\n","protected":false},"author":4,"featured_media":0,"parent":0,"menu_order":43,"comment_status":"closed","ping_status":"closed","template":"","meta":{"_yoast_wpseo_title":"Julho 2026 Calend\u00e1rio Portugal \u2013 PDF & Excel Gr\u00e1tis","_yoast_wpseo_metadesc":"Calend\u00e1rio julho 2026 Portugal gratuito. Download PDF, Excel, PNG. 31 dias, inicia quarta-feira. Sem feriados nacionais. Formatos horizontal e vertical.","_yoast_wpseo_bctitle":"Julho 2026","_colomio_max_video_preview":"","_colomio_max_image_preview":"","_colomio_max_snippet":"","_custom_article_jsonld":"","_custom_howto_jsonld":"","_custom_schema_jsonld":"","category-page":true,"footnotes":""},"class_list":["post-11522","page","type-page","status-publish"],"yoast_head":"<!-- This site is optimized with the Yoast SEO plugin v27.2 - https:\/\/yoast.com\/product\/yoast-seo-wordpress\/ -->\n<title>Julho 2026 Calend\u00e1rio Portugal \u2013 PDF &amp; Excel Gr\u00e1tis<\/title>\n<meta name=\"description\" content=\"Calend\u00e1rio julho 2026 Portugal gratuito. Download PDF, Excel, PNG. 31 dias, inicia quarta-feira. Sem feriados nacionais. Formatos horizontal e vertical.\" \/>\n<meta name=\"robots\" content=\"index, follow, max-snippet:-1, max-image-preview:large, max-video-preview:-1\" \/>\n<link rel=\"canonical\" href=\"https:\/\/www.colomio.com\/pt-pt\/julho-2026-calendario\" \/>\n<meta property=\"og:locale\" content=\"pt_PT\" \/>\n<meta property=\"og:type\" content=\"article\" \/>\n<meta property=\"og:title\" content=\"Julho 2026 Calend\u00e1rio Portugal \u2013 PDF &amp; Excel Gr\u00e1tis\" \/>\n<meta property=\"og:description\" content=\"Calend\u00e1rio julho 2026 Portugal gratuito. Download PDF, Excel, PNG. 31 dias, inicia quarta-feira. Sem feriados nacionais. Formatos horizontal e vertical.\" \/>\n<meta property=\"og:url\" content=\"https:\/\/www.colomio.com\/pt-pt\/julho-2026-calendario\" \/>\n<meta property=\"og:site_name\" content=\"www.colomio.com\" \/>\n<meta property=\"article:modified_time\" content=\"2026-04-21T14:59:06+00:00\" \/>\n<meta property=\"og:image\" content=\"https:\/\/media.colomio.com\/calendar-int\/2026\/pt\/calendario-julho-2026-classico.png\" \/>\n<meta name=\"twitter:card\" content=\"summary_large_image\" \/>\n<meta name=\"twitter:label1\" content=\"Tempo estimado de leitura\" \/>\n\t<meta name=\"twitter:data1\" content=\"8 minutos\" \/>\n<script type=\"application\/ld+json\" class=\"yoast-schema-graph\">{\"@context\":\"https:\/\/schema.org\",\"@graph\":[{\"@type\":\"WebPage\",\"@id\":\"https:\/\/www.colomio.com\/pt-pt\/julho-2026-calendario\",\"url\":\"https:\/\/www.colomio.com\/pt-pt\/julho-2026-calendario\",\"name\":\"Julho 2026 Calend\u00e1rio Portugal \u2013 PDF & Excel Gr\u00e1tis\",\"isPartOf\":{\"@id\":\"https:\/\/www.colomio.com\/pt-pt#website\"},\"primaryImageOfPage\":{\"@id\":\"https:\/\/www.colomio.com\/pt-pt\/julho-2026-calendario#primaryimage\"},\"image\":{\"@id\":\"https:\/\/www.colomio.com\/pt-pt\/julho-2026-calendario#primaryimage\"},\"thumbnailUrl\":\"https:\/\/media.colomio.com\/calendar-int\/2026\/pt\/calendario-julho-2026-classico.png\",\"datePublished\":\"2025-08-12T14:04:44+00:00\",\"dateModified\":\"2026-04-21T14:59:06+00:00\",\"description\":\"Calend\u00e1rio julho 2026 Portugal gratuito. Download PDF, Excel, PNG. 31 dias, inicia quarta-feira. Sem feriados nacionais. Formatos horizontal e vertical.\",\"breadcrumb\":{\"@id\":\"https:\/\/www.colomio.com\/pt-pt\/julho-2026-calendario#breadcrumb\"},\"inLanguage\":\"pt-PT\",\"potentialAction\":[{\"@type\":\"ReadAction\",\"target\":[\"https:\/\/www.colomio.com\/pt-pt\/julho-2026-calendario\"]}]},{\"@type\":\"ImageObject\",\"inLanguage\":\"pt-PT\",\"@id\":\"https:\/\/www.colomio.com\/pt-pt\/julho-2026-calendario#primaryimage\",\"url\":\"https:\/\/media.colomio.com\/calendar-int\/2026\/pt\/calendario-julho-2026-classico.png\",\"contentUrl\":\"https:\/\/media.colomio.com\/calendar-int\/2026\/pt\/calendario-julho-2026-classico.png\"},{\"@type\":\"BreadcrumbList\",\"@id\":\"https:\/\/www.colomio.com\/pt-pt\/julho-2026-calendario#breadcrumb\",\"itemListElement\":[{\"@type\":\"ListItem\",\"position\":1,\"name\":\"Home\",\"item\":\"https:\/\/www.colomio.com\/pt-pt\"},{\"@type\":\"ListItem\",\"position\":2,\"name\":\"Julho 2026\"}]},{\"@type\":\"WebSite\",\"@id\":\"https:\/\/www.colomio.com\/pt-pt#website\",\"url\":\"https:\/\/www.colomio.com\/pt-pt\",\"name\":\"www.colomio.com\",\"description\":\"\",\"publisher\":{\"@id\":\"https:\/\/www.colomio.com\/pt-pt#organization\"},\"potentialAction\":[{\"@type\":\"SearchAction\",\"target\":{\"@type\":\"EntryPoint\",\"urlTemplate\":\"https:\/\/www.colomio.com\/pt-pt?s={search_term_string}\"},\"query-input\":{\"@type\":\"PropertyValueSpecification\",\"valueRequired\":true,\"valueName\":\"search_term_string\"}}],\"inLanguage\":\"pt-PT\"},{\"@type\":\"Organization\",\"@id\":\"https:\/\/www.colomio.com\/pt-pt#organization\",\"name\":\"colomio\",\"url\":\"https:\/\/www.colomio.com\/pt-pt\",\"logo\":{\"@type\":\"ImageObject\",\"inLanguage\":\"pt-PT\",\"@id\":\"https:\/\/www.colomio.com\/pt-pt#\/schema\/logo\/image\/\",\"url\":\"https:\/\/www.colomio.com\/wp-content\/uploads\/2025\/02\/cropped-colomio-logo.png?wsr\",\"contentUrl\":\"https:\/\/www.colomio.com\/wp-content\/uploads\/2025\/02\/cropped-colomio-logo.png?wsr\",\"width\":373,\"height\":98,\"caption\":\"www.colomio.com\"},\"image\":{\"@id\":\"https:\/\/www.colomio.com\/pt-pt#\/schema\/logo\/image\/\"},\"sameAs\":[\"https:\/\/www.instagram.com\/colomio.team\/\",\"https:\/\/de.pinterest.com\/happycolorz_colomio\/\",\"https:\/\/www.pinterest.com\/happycolorz_colomio\/\",\"https:\/\/www.muminthemadhouse.com\/custom-ai-colouring-pages-for-kids\/\",\"https:\/\/slummysinglemummy.com\/2026\/03\/05\/rainy-afternoons-just-got-a-lot-more-creative-discovering-colomio\/\",\"https:\/\/www.amazon.com\/Horses-Coloring-Book-pages-reprint\/dp\/1707878994\",\"https:\/\/www.prnewswire.com\/news-releases\/colomiocom-launches-a-free-customizable-coloring-book-for-home-printing-301162753.html\",\"https:\/\/www.linkedin.com\/in\/mathias-ziegler-b6068568\/\"],\"alternateName\":\"colomio.com\",\"foundingDate\":\"2019\",\"description\":\"Free printable coloring pages, step-by-step drawing tutorials, and creative crafts for kids \u2013 created by parents, tested by children.\",\"address\":{\"@type\":\"PostalAddress\",\"streetAddress\":\"Zeppelinstr. 73\",\"addressLocality\":\"Munich\",\"postalCode\":\"81669\",\"addressRegion\":\"Bavaria\",\"addressCountry\":\"DE\"},\"parentOrganization\":{\"@type\":\"Organization\",\"name\":\"happycolorz GmbH\",\"url\":\"https:\/\/www.happycolorz.de\"},\"founder\":[{\"@type\":\"Person\",\"@id\":\"https:\/\/www.colomio.com\/pt-pt#mathias\/\",\"name\":\"Mathias Ziegler\",\"jobTitle\":\"Founder & Managing Director\",\"url\":\"https:\/\/www.colomio.com\/pt-pt\/authors\/colomio-team\"}]}]}<\/script>\n<!-- \/ Yoast SEO plugin. -->","yoast_head_json":{"title":"Julho 2026 Calend\u00e1rio Portugal \u2013 PDF & Excel Gr\u00e1tis","description":"Calend\u00e1rio julho 2026 Portugal gratuito. Download PDF, Excel, PNG. 31 dias, inicia quarta-feira. Sem feriados nacionais. Formatos horizontal e vertical.","robots":{"index":"index","follow":"follow","max-snippet":"max-snippet:-1","max-image-preview":"max-image-preview:large","max-video-preview":"max-video-preview:-1"},"canonical":"https:\/\/www.colomio.com\/pt-pt\/julho-2026-calendario","og_locale":"pt_PT","og_type":"article","og_title":"Julho 2026 Calend\u00e1rio Portugal \u2013 PDF & Excel Gr\u00e1tis","og_description":"Calend\u00e1rio julho 2026 Portugal gratuito. Download PDF, Excel, PNG. 31 dias, inicia quarta-feira. Sem feriados nacionais. Formatos horizontal e vertical.","og_url":"https:\/\/www.colomio.com\/pt-pt\/julho-2026-calendario","og_site_name":"www.colomio.com","article_modified_time":"2026-04-21T14:59:06+00:00","og_image":[{"url":"https:\/\/media.colomio.com\/calendar-int\/2026\/pt\/calendario-julho-2026-classico.png","type":"","width":"","height":""}],"twitter_card":"summary_large_image","twitter_misc":{"Tempo estimado de leitura":"8 minutos"},"schema":{"@context":"https:\/\/schema.org","@graph":[{"@type":"WebPage","@id":"https:\/\/www.colomio.com\/pt-pt\/julho-2026-calendario","url":"https:\/\/www.colomio.com\/pt-pt\/julho-2026-calendario","name":"Julho 2026 Calend\u00e1rio Portugal \u2013 PDF & Excel Gr\u00e1tis","isPartOf":{"@id":"https:\/\/www.colomio.com\/pt-pt#website"},"primaryImageOfPage":{"@id":"https:\/\/www.colomio.com\/pt-pt\/julho-2026-calendario#primaryimage"},"image":{"@id":"https:\/\/www.colomio.com\/pt-pt\/julho-2026-calendario#primaryimage"},"thumbnailUrl":"https:\/\/media.colomio.com\/calendar-int\/2026\/pt\/calendario-julho-2026-classico.png","datePublished":"2025-08-12T14:04:44+00:00","dateModified":"2026-04-21T14:59:06+00:00","description":"Calend\u00e1rio julho 2026 Portugal gratuito. Download PDF, Excel, PNG. 31 dias, inicia quarta-feira. Sem feriados nacionais. Formatos horizontal e vertical.","breadcrumb":{"@id":"https:\/\/www.colomio.com\/pt-pt\/julho-2026-calendario#breadcrumb"},"inLanguage":"pt-PT","potentialAction":[{"@type":"ReadAction","target":["https:\/\/www.colomio.com\/pt-pt\/julho-2026-calendario"]}]},{"@type":"ImageObject","inLanguage":"pt-PT","@id":"https:\/\/www.colomio.com\/pt-pt\/julho-2026-calendario#primaryimage","url":"https:\/\/media.colomio.com\/calendar-int\/2026\/pt\/calendario-julho-2026-classico.png","contentUrl":"https:\/\/media.colomio.com\/calendar-int\/2026\/pt\/calendario-julho-2026-classico.png"},{"@type":"BreadcrumbList","@id":"https:\/\/www.colomio.com\/pt-pt\/julho-2026-calendario#breadcrumb","itemListElement":[{"@type":"ListItem","position":1,"name":"Home","item":"https:\/\/www.colomio.com\/pt-pt"},{"@type":"ListItem","position":2,"name":"Julho 2026"}]},{"@type":"WebSite","@id":"https:\/\/www.colomio.com\/pt-pt#website","url":"https:\/\/www.colomio.com\/pt-pt","name":"www.colomio.com","description":"","publisher":{"@id":"https:\/\/www.colomio.com\/pt-pt#organization"},"potentialAction":[{"@type":"SearchAction","target":{"@type":"EntryPoint","urlTemplate":"https:\/\/www.colomio.com\/pt-pt?s={search_term_string}"},"query-input":{"@type":"PropertyValueSpecification","valueRequired":true,"valueName":"search_term_string"}}],"inLanguage":"pt-PT"},{"@type":"Organization","@id":"https:\/\/www.colomio.com\/pt-pt#organization","name":"colomio","url":"https:\/\/www.colomio.com\/pt-pt","logo":{"@type":"ImageObject","inLanguage":"pt-PT","@id":"https:\/\/www.colomio.com\/pt-pt#\/schema\/logo\/image\/","url":"https:\/\/www.colomio.com\/wp-content\/uploads\/2025\/02\/cropped-colomio-logo.png?wsr","contentUrl":"https:\/\/www.colomio.com\/wp-content\/uploads\/2025\/02\/cropped-colomio-logo.png?wsr","width":373,"height":98,"caption":"www.colomio.com"},"image":{"@id":"https:\/\/www.colomio.com\/pt-pt#\/schema\/logo\/image\/"},"sameAs":["https:\/\/www.instagram.com\/colomio.team\/","https:\/\/de.pinterest.com\/happycolorz_colomio\/","https:\/\/www.pinterest.com\/happycolorz_colomio\/","https:\/\/www.muminthemadhouse.com\/custom-ai-colouring-pages-for-kids\/","https:\/\/slummysinglemummy.com\/2026\/03\/05\/rainy-afternoons-just-got-a-lot-more-creative-discovering-colomio\/","https:\/\/www.amazon.com\/Horses-Coloring-Book-pages-reprint\/dp\/1707878994","https:\/\/www.prnewswire.com\/news-releases\/colomiocom-launches-a-free-customizable-coloring-book-for-home-printing-301162753.html","https:\/\/www.linkedin.com\/in\/mathias-ziegler-b6068568\/"],"alternateName":"colomio.com","foundingDate":"2019","description":"Free printable coloring pages, step-by-step drawing tutorials, and creative crafts for kids \u2013 created by parents, tested by children.","address":{"@type":"PostalAddress","streetAddress":"Zeppelinstr. 73","addressLocality":"Munich","postalCode":"81669","addressRegion":"Bavaria","addressCountry":"DE"},"parentOrganization":{"@type":"Organization","name":"happycolorz GmbH","url":"https:\/\/www.happycolorz.de"},"founder":[{"@type":"Person","@id":"https:\/\/www.colomio.com\/pt-pt#mathias\/","name":"Mathias Ziegler","jobTitle":"Founder & Managing Director","url":"https:\/\/www.colomio.com\/pt-pt\/authors\/colomio-team"}]}]}},"_links":{"self":[{"href":"https:\/\/www.colomio.com\/pt-pt\/wp-json\/wp\/v2\/pages\/11522","targetHints":{"allow":["GET"]}}],"collection":[{"href":"https:\/\/www.colomio.com\/pt-pt\/wp-json\/wp\/v2\/pages"}],"about":[{"href":"https:\/\/www.colomio.com\/pt-pt\/wp-json\/wp\/v2\/types\/page"}],"author":[{"embeddable":true,"href":"https:\/\/www.colomio.com\/pt-pt\/wp-json\/wp\/v2\/users\/4"}],"replies":[{"embeddable":true,"href":"https:\/\/www.colomio.com\/pt-pt\/wp-json\/wp\/v2\/comments?post=11522"}],"version-history":[{"count":6,"href":"https:\/\/www.colomio.com\/pt-pt\/wp-json\/wp\/v2\/pages\/11522\/revisions"}],"predecessor-version":[{"id":96635,"href":"https:\/\/www.colomio.com\/pt-pt\/wp-json\/wp\/v2\/pages\/11522\/revisions\/96635"}],"wp:attachment":[{"href":"https:\/\/www.colomio.com\/pt-pt\/wp-json\/wp\/v2\/media?parent=11522"}],"curies":[{"name":"wp","href":"https:\/\/api.w.org\/{rel}","templated":true}]}}