{"id":11541,"date":"2025-08-12T13:55:00","date_gmt":"2025-08-12T13:55:00","guid":{"rendered":"https:\/\/www.colomio.com\/seite-062"},"modified":"2026-04-21 15:02:21","modified_gmt":"2026-04-21T15:02:21","slug":"februari-2026-kalender","status":"publish","type":"page","link":"https:\/\/www.colomio.com\/sv\/februari-2026-kalender","title":{"rendered":"Februari 2026 Kalender Sverige &#8211; Gratis Nedladdning"},"content":{"rendered":"\n<style class=\"wpcode-css-snippet\">table, td, th {\r\n    border: none;\r\n    padding: 0px; \r\n}\r\n\r\n@media (min-width: 768px) {\r\n    #textdown {\r\n        margin-top: 100px;\r\n    }\r\n}\r\n@media (min-width: 768px) {\r\n    .col-md-6 {\r\n        -webkit-box-flex: 0;\r\n        flex: 0 0 50%;\r\n        max-width: 50%;\r\n    }\r\n}\r\n.row {\r\n    margin-left: -10px;\r\n    margin-right: -10px;\r\n}\r\n.row {\r\n    display: -webkit-box;\r\n    display: flex\r\n;\r\n    flex-wrap: wrap;\r\n    margin-right: -15px;\r\n    margin-left: -15px;\r\n}\r\n@media (min-width: 767px) {\r\n    .row {\r\n        display: flex\r\n;\r\n        flex-wrap: wrap;\r\n    }\r\n}\r\n*, :after, :before {\r\n    box-sizing: border-box;\r\n}\r\nimg {\r\n    max-width: 100%;\r\n}\r\nimg, svg {\r\n    vertical-align: middle;\r\n}\r\nimg {\r\n    border-style: none;\r\n}\r\n*, :after, :before {\r\n    box-sizing: border-box;\r\n}\r\n.schatten {\r\nborder: 1px solid #c1c1c1;\r\n    box-shadow: 4px 4px 9px #999;\r\n    padding: 8px;\r\n    margin-bottom: 9px;\r\n}\r\n\r\n@media (min-width: 768px){\r\n.col-md-6 {\r\n    -webkit-box-flex: 0;\r\n    flex: 0 0 50%;\r\n    max-width: 50%;\r\n\tpadding-left: 15px;\r\n}\r\n#textdown {\r\nmargin-top: 100px !important;}\r\n}\r\n\r\n  @media only screen and (max-width: 500px) {  .buttonmz     { padding: 4px 10px; margin: 3px; }  }   @media only screen and (min-width: 501px) {  .buttonmz     { padding: 8px 15px; margin: 5px; }   }    .buttonmz {  letter-spacing: -.16px; display: block; width: 100%; line-height: 1.4;  white-space: normal;  min-height: 24px; background-color: white; color: blue; border-color: black !important; -moz-user-select: none; -ms-user-select: none; -webkit-user-select: none; user-select: none; -webkit-appearance: none; -moz-appearance: none; appearance: none; display: inline-block; width: auto; text-decoration: none; text-align: center; vertical-align: middle; cursor: pointer; border: 2px solid black !important; border-radius: 2px;  background-color: white; color: black;  white-space: normal; }  .buttonmz:hover { background-color: grey !important; color: white !important; }  <\/style>\n<style id=\"colomio-mobile-responsive\">\n.table-responsive-wrap { width:100%; overflow-x:auto; -webkit-overflow-scrolling:touch; margin:20px 0 }\n.download-flex { display:flex; flex-wrap:wrap; gap:12px; margin:10px 0 20px }\n.download-flex a { display:flex; align-items:center; gap:8px; background:#f5f5f5; border:1px solid #ddd; border-radius:8px; padding:10px 16px; text-decoration:none; color:#333; font-weight:bold; transition:background .2s,box-shadow .2s; flex:1; min-width:100px; justify-content:center }\n.download-flex a:hover { background:#e8e8e8; box-shadow:0 2px 6px rgba(0,0,0,.1) }\n.download-flex a img { width:24px; height:30px }\n@media(max-width:580px){\n  .table-responsive-wrap table { font-size:.82em }\n  .table-responsive-wrap th,.table-responsive-wrap td { padding:8px 10px }\n}\n@media(max-width:480px){\n  .download-flex { flex-direction:column; gap:8px }\n  .download-flex a { justify-content:flex-start; min-width:unset }\n}\n@media(max-width:600px){\n  .faq-section-col { margin:24px 0!important }\n  .faq-item-col { padding:12px 14px!important; margin-bottom:10px!important }\n  .faq-item-col h3 { font-size:1em!important }\n  .faq-item-col p { font-size:.92em!important }\n  figure img.schatten { max-width:100%!important; height:auto!important }\n  .buttonmz { display:inline-block; margin:3px 2px!important; font-size:.85em }\n  h2 { font-size:1.3em } p,li { font-size:.95em; line-height:1.6 }\n}\n<\/style>\n\n<!-- 2026 -->\n<p>Februari 2026 \u00e4r en kort m\u00e5nad med <b>28 dagar<\/b> som b\u00f6rjar p\u00e5 en <b>s\u00f6ndag<\/b>. Denna m\u00e5nad inneh\u00e5ller inga nationella helgdagar i Sverige, vilket g\u00f6r den perfekt f\u00f6r att fokusera p\u00e5 vardagsaktiviteter och planering. V\u00e5r februari 2026 kalender f\u00f6r Sverige finns tillg\u00e4nglig som <b>gratis nedladdning<\/b> i flera format &#8211; PDF f\u00f6r utskrift, Excel (XLS) f\u00f6r anpassning och PNG f\u00f6r digital anv\u00e4ndning. Kalendern \u00e4r utformad med svensk helgdagsmarkering och finns i b\u00e5de liggande och st\u00e5ende format f\u00f6r att passa dina behov.<\/p>\n<p>V\u00e5r februari 2026 kalender visar alla svenska helgdagar och viktiga datum med en <b>ren och tydlig layout<\/b>. PDF-formatet \u00e4r perfekt f\u00f6r utskrift hemma eller p\u00e5 kontoret, Excel-filen l\u00e5ter dig anpassa och l\u00e4gga till egna anteckningar, medan PNG-formatet \u00e4r idealiskt f\u00f6r digital anv\u00e4ndning p\u00e5 datorn eller mobilen.<\/p>\n\n<br><br>\n\nV\u00e5ra mallar erbjuder gott om plats f\u00f6r anteckningar och finns i olika designer, s\u00e5 att du kan hitta den perfekta kalendern f\u00f6r dina behov. Skriv ut kalendern och anv\u00e4nd den som en stilfull v\u00e4ggkalender eller som en praktisk bordsplanerare.<\/p>\n<br>\n<div id=\"ez-toc-container\" class=\"ez-toc-v2_0_81 counter-hierarchy ez-toc-counter ez-toc-grey ez-toc-container-direction\">\n<div class=\"ez-toc-title-container\">\n<p class=\"ez-toc-title\" style=\"cursor:inherit\">Inneh\u00e5llsf\u00f6rteckning<\/p>\n<span class=\"ez-toc-title-toggle\"><a href=\"#\" class=\"ez-toc-pull-right ez-toc-btn ez-toc-btn-xs ez-toc-btn-default ez-toc-toggle\" aria-label=\"Toggle Table of Content\"><span class=\"ez-toc-js-icon-con\"><span class=\"\"><span class=\"eztoc-hide\" style=\"display:none;\">Toggle<\/span><span class=\"ez-toc-icon-toggle-span\"><svg style=\"fill: #999;color:#999\" xmlns=\"http:\/\/www.w3.org\/2000\/svg\" class=\"list-377408\" width=\"20px\" height=\"20px\" viewBox=\"0 0 24 24\" fill=\"none\"><path d=\"M6 6H4v2h2V6zm14 0H8v2h12V6zM4 11h2v2H4v-2zm16 0H8v2h12v-2zM4 16h2v2H4v-2zm16 0H8v2h12v-2z\" fill=\"currentColor\"><\/path><\/svg><svg style=\"fill: #999;color:#999\" class=\"arrow-unsorted-368013\" xmlns=\"http:\/\/www.w3.org\/2000\/svg\" width=\"10px\" height=\"10px\" viewBox=\"0 0 24 24\" version=\"1.2\" baseProfile=\"tiny\"><path d=\"M18.2 9.3l-6.2-6.3-6.2 6.3c-.2.2-.3.4-.3.7s.1.5.3.7c.2.2.4.3.7.3h11c.3 0 .5-.1.7-.3.2-.2.3-.5.3-.7s-.1-.5-.3-.7zM5.8 14.7l6.2 6.3 6.2-6.3c.2-.2.3-.5.3-.7s-.1-.5-.3-.7c-.2-.2-.4-.3-.7-.3h-11c-.3 0-.5.1-.7.3-.2.2-.3.5-.3.7s.1.5.3.7z\"\/><\/svg><\/span><\/span><\/span><\/a><\/span><\/div>\n<nav><ul class='ez-toc-list ez-toc-list-level-1 eztoc-toggle-hide-by-default' ><li class='ez-toc-page-1 ez-toc-heading-level-2'><a class=\"ez-toc-link ez-toc-heading-1\" href=\"https:\/\/www.colomio.com\/sv\/februari-2026-kalender\/#Februari_2026_Kalender\" >Februari 2026 Kalender<\/a><\/li><li class='ez-toc-page-1 ez-toc-heading-level-2'><a class=\"ez-toc-link ez-toc-heading-2\" href=\"https:\/\/www.colomio.com\/sv\/februari-2026-kalender\/#Vanliga_fragor\" >Vanliga fr\u00e5gor<\/a><ul class='ez-toc-list-level-3' ><li class='ez-toc-heading-level-3'><a class=\"ez-toc-link ez-toc-heading-3\" href=\"https:\/\/www.colomio.com\/sv\/februari-2026-kalender\/#Vilka_helgdagar_finns_det_i_februari_2026_i_Sverige\" >Vilka helgdagar finns det i februari 2026 i Sverige?<\/a><\/li><li class='ez-toc-page-1 ez-toc-heading-level-3'><a class=\"ez-toc-link ez-toc-heading-4\" href=\"https:\/\/www.colomio.com\/sv\/februari-2026-kalender\/#Vilken_dag_borjar_februari_2026_pa\" >Vilken dag b\u00f6rjar februari 2026 p\u00e5?<\/a><\/li><li class='ez-toc-page-1 ez-toc-heading-level-3'><a class=\"ez-toc-link ez-toc-heading-5\" href=\"https:\/\/www.colomio.com\/sv\/februari-2026-kalender\/#Hur_manga_dagar_har_februari_2026\" >Hur m\u00e5nga dagar har februari 2026?<\/a><\/li><li class='ez-toc-page-1 ez-toc-heading-level-3'><a class=\"ez-toc-link ez-toc-heading-6\" href=\"https:\/\/www.colomio.com\/sv\/februari-2026-kalender\/#Vilka_nedladdningsformat_finns_tillgangliga_for_februari_2026_kalendern\" >Vilka nedladdningsformat finns tillg\u00e4ngliga f\u00f6r februari 2026 kalendern?<\/a><\/li><li class='ez-toc-page-1 ez-toc-heading-level-3'><a class=\"ez-toc-link ez-toc-heading-7\" href=\"https:\/\/www.colomio.com\/sv\/februari-2026-kalender\/#Ar_februari_2026_en_bra_manad_for_semester_i_Sverige\" >\u00c4r februari 2026 en bra m\u00e5nad f\u00f6r semester i Sverige?<\/a><\/li><\/ul><\/li><\/ul><\/nav><\/div>\n<h2 id=\"kalender-februar-2026\"><span class=\"ez-toc-section\" id=\"Februari_2026_Kalender\"><\/span>Februari 2026 Kalender<span class=\"ez-toc-section-end\"><\/span><\/h2>\n<p>Naturligtvis kan du ocks\u00e5 ladda ner kalendersidor f\u00f6r alla andra m\u00e5nader gratis och skapa en individuell \u00e5rsplanerare efter din smak. Med ett snyggt omslag blir din egen designade kalender en attraktiv present till goda v\u00e4nner och familj.<br><br>\n\nPassa p\u00e5 att organisera din planering f\u00f6r 2026 optimalt och dra nytta av v\u00e5ra kostnadsfria erbjudanden i PDF-, PNG- och XLS-format!<\/p>\n<br><div class=\"row justify-content-center\"><div class=\"col-md-6\"><div style=\"text-align: left;\">\n\n\n<p><b>LIGGANDE FORMAT<\/b><\/p> <figure><a class=\"kalender\" href=\"https:\/\/media.colomio.com\/calendar-int\/2026\/sv\/kalender-februari-2026-klassisk.pdf\" rel=\"nofollow\" title=\"Kalender Februari 2026 klassisk, liggande PDF f\u00f6r utskrift\"><img decoding=\"async\" class=\"schatten\" loading=\"lazy\" src=\"https:\/\/media.colomio.com\/calendar-int\/2026\/sv\/kalender-februari-2026-klassisk.png\" alt=\"Kalender Februari 2026 klassisk, liggande PDF f\u00f6r utskrift\" title=\"Kalender Februari 2026 klassisk, liggande PDF f\u00f6r utskrift\"><figcaption class=\"title\" title=\"Kalender Februari 2026 klassisk, liggande PDF f\u00f6r utskrift\">Kalender Februari 2026 klassisk<\/figcaption><\/a><\/figure>\n\n\n\n<\/div>\n<\/div> \n\n<div class=\"col-md-6\"><div id=\"textdown\" style=\"text-align: left;\">\n<div id=\"ib\"><ul class=\"paint-row-content\"><li>Februari 2026-kalender p\u00e5 en DIN A4-sida, liggande format<\/li><li>Stora siffror f\u00f6r god l\u00e4sbarhet<\/li><li>varje dag har plats f\u00f6r viktiga m\u00f6ten och anteckningar<\/li><li>med kalenderveckor och helgdagar (rikst\u00e4ckande)<\/li><br>\n<li style=\"list-style-type: none;\"><b>Ladda ner gratis:<\/b><\/li><br>\n<div class=\"download-flex\">\n  <a href=\"https:\/\/media.colomio.com\/calendar-int\/2026\/sv\/kalender-februari-2026-klassisk.pdf\" rel=\"nofollow\"><img loading=\"lazy\" decoding=\"async\" alt=\"PDF\" src=\"https:\/\/www.colomio.com\/wp-content\/uploads\/2025\/09\/doc1.gif\" width=\"24\" height=\"30\"> PDF<\/a>\n  <a href=\"https:\/\/media.colomio.com\/calendar-int\/2026\/sv\/kalender-februari-2026-klassisk.xlsx\" rel=\"nofollow\"><img loading=\"lazy\" decoding=\"async\" alt=\"Excel\" src=\"https:\/\/www.colomio.com\/wp-content\/uploads\/2025\/09\/doc2.gif\" width=\"24\" height=\"30\"> Excel<\/a>\n  <a href=\"https:\/\/media.colomio.com\/calendar-int\/2026\/sv\/kalender-februari-2026-klassisk.png\" rel=\"nofollow\"><img loading=\"lazy\" decoding=\"async\" alt=\"PNG\" src=\"https:\/\/www.colomio.com\/wp-content\/uploads\/2025\/09\/doc3.gif\" width=\"24\" height=\"30\"> PNG<\/a>\n<\/div>\n<\/ul>\n<\/div>\t\n\n\n<\/div>\n<\/div> <\/div>\n\n\n<br><br>\n\n<p>Utforska \u00e4ven v\u00e5ra andra m\u00e5nadskalendrar f\u00f6r 2026 f\u00f6r komplett \u00e5rsplanering. All information tillhandah\u00e5lls utan garanti f\u00f6r riktighet.<\/p>\n<br>\n\n<style>\n  .faq-section-col { margin:40px 0 }\n  .faq-item-col { background:#f9f9f9; border-left:4px solid #1a5276; border-radius:6px; padding:16px 20px; margin-bottom:14px; box-shadow:0 1px 3px rgba(0,0,0,.08) }\n  .faq-item-col:nth-child(even) { border-left-color:#2e86c1 }\n  .faq-item-col h3 { color:#333; margin:0 0 8px; font-size:1.1em }\n  .faq-item-col p { margin:0; color:#555; line-height:1.6 }\n<\/style>\n\n<h2 id=\"faq-sv-2-2026\"><span class=\"ez-toc-section\" id=\"Vanliga_fragor\"><\/span>Vanliga fr\u00e5gor<span class=\"ez-toc-section-end\"><\/span><\/h2>\n<div class=\"faq-section-col\">\n<div class=\"faq-item-col\"><h3><span class=\"ez-toc-section\" id=\"Vilka_helgdagar_finns_det_i_februari_2026_i_Sverige\"><\/span>Vilka helgdagar finns det i februari 2026 i Sverige?<span class=\"ez-toc-section-end\"><\/span><\/h3><p>Februari 2026 inneh\u00e5ller inga nationella helgdagar i Sverige. M\u00e5naden \u00e4r fri fr\u00e5n officiella lediga dagar, vilket g\u00f6r den till en typisk arbetsm\u00e5nad.<\/p><\/div>\n<div class=\"faq-item-col\"><h3><span class=\"ez-toc-section\" id=\"Vilken_dag_borjar_februari_2026_pa\"><\/span>Vilken dag b\u00f6rjar februari 2026 p\u00e5?<span class=\"ez-toc-section-end\"><\/span><\/h3><p>Februari 2026 b\u00f6rjar p\u00e5 en s\u00f6ndag den 1 februari. Detta inneb\u00e4r att m\u00e5naden startar med en helg, vilket kan vara praktiskt f\u00f6r planering.<\/p><\/div>\n<div class=\"faq-item-col\"><h3><span class=\"ez-toc-section\" id=\"Hur_manga_dagar_har_februari_2026\"><\/span>Hur m\u00e5nga dagar har februari 2026?<span class=\"ez-toc-section-end\"><\/span><\/h3><p>Februari 2026 har 28 dagar. \u00c5r 2026 \u00e4r inte ett skott\u00e5r, d\u00e4rf\u00f6r inneh\u00e5ller februari den vanliga m\u00e4ngden dagar.<\/p><\/div>\n<div class=\"faq-item-col\"><h3><span class=\"ez-toc-section\" id=\"Vilka_nedladdningsformat_finns_tillgangliga_for_februari_2026_kalendern\"><\/span>Vilka nedladdningsformat finns tillg\u00e4ngliga f\u00f6r februari 2026 kalendern?<span class=\"ez-toc-section-end\"><\/span><\/h3><p>Kalendern finns i tre format: PDF f\u00f6r utskrift, Excel (XLS) f\u00f6r redigering och PNG f\u00f6r digital anv\u00e4ndning. Alla format \u00e4r gratis att ladda ner och finns i b\u00e5de liggande och st\u00e5ende orientering.<\/p><\/div>\n<div class=\"faq-item-col\"><h3><span class=\"ez-toc-section\" id=\"Ar_februari_2026_en_bra_manad_for_semester_i_Sverige\"><\/span>\u00c4r februari 2026 en bra m\u00e5nad f\u00f6r semester i Sverige?<span class=\"ez-toc-section-end\"><\/span><\/h3><p>Februari \u00e4r vinterm\u00e5nad i Sverige med kallt v\u00e4der och korta dagar. Utan nationella helgdagar kan det vara en lugn period f\u00f6r vinteraktiviteter eller planering inf\u00f6r v\u00e5ren.<\/p><\/div>\n<\/div>\n\n<script type=\"application\/ld+json\">\n{\n  \"@context\": \"https:\/\/schema.org\",\n  \"@type\": \"FAQPage\",\n  \"mainEntity\": [\n    {\n      \"@type\": \"Question\",\n      \"name\": \"Vilka helgdagar finns det i februari 2026 i Sverige?\",\n      \"acceptedAnswer\": {\n        \"@type\": \"Answer\",\n        \"text\": \"Februari 2026 inneh\u00e5ller inga nationella helgdagar i Sverige. M\u00e5naden \u00e4r fri fr\u00e5n officiella lediga dagar, vilket g\u00f6r den till en typisk arbetsm\u00e5nad.\"\n      }\n    },\n    {\n      \"@type\": \"Question\",\n      \"name\": \"Vilken dag b\u00f6rjar februari 2026 p\u00e5?\",\n      \"acceptedAnswer\": {\n        \"@type\": \"Answer\",\n        \"text\": \"Februari 2026 b\u00f6rjar p\u00e5 en s\u00f6ndag den 1 februari. Detta inneb\u00e4r att m\u00e5naden startar med en helg, vilket kan vara praktiskt f\u00f6r planering.\"\n      }\n    },\n    {\n      \"@type\": \"Question\",\n      \"name\": \"Hur m\u00e5nga dagar har februari 2026?\",\n      \"acceptedAnswer\": {\n        \"@type\": \"Answer\",\n        \"text\": \"Februari 2026 har 28 dagar. \u00c5r 2026 \u00e4r inte ett skott\u00e5r, d\u00e4rf\u00f6r inneh\u00e5ller februari den vanliga m\u00e4ngden dagar.\"\n      }\n    },\n    {\n      \"@type\": \"Question\",\n      \"name\": \"Vilka nedladdningsformat finns tillg\u00e4ngliga f\u00f6r februari 2026 kalendern?\",\n      \"acceptedAnswer\": {\n        \"@type\": \"Answer\",\n        \"text\": \"Kalendern finns i tre format: PDF f\u00f6r utskrift, Excel (XLS) f\u00f6r redigering och PNG f\u00f6r digital anv\u00e4ndning. Alla format \u00e4r gratis att ladda ner och finns i b\u00e5de liggande och st\u00e5ende orientering.\"\n      }\n    },\n    {\n      \"@type\": \"Question\",\n      \"name\": \"\u00c4r februari 2026 en bra m\u00e5nad f\u00f6r semester i Sverige?\",\n      \"acceptedAnswer\": {\n        \"@type\": \"Answer\",\n        \"text\": \"Februari \u00e4r vinterm\u00e5nad i Sverige med kallt v\u00e4der och korta dagar. Utan nationella helgdagar kan det vara en lugn period f\u00f6r vinteraktiviteter eller planering inf\u00f6r v\u00e5ren.\"\n      }\n    }\n  ]\n}\n<\/script>\n\n<script async src=\"https:\/\/pagead2.googlesyndication.com\/pagead\/js\/adsbygoogle.js?client=ca-pub-6550436067840591\"\r\n     crossorigin=\"anonymous\"><\/script>\r\n<!-- flagge -->\r\n<ins class=\"adsbygoogle\"\r\n     style=\"display:block\"\r\n     data-ad-client=\"ca-pub-6550436067840591\"\r\n     data-ad-slot=\"3909965393\"\r\n     data-ad-format=\"auto\"\r\n     data-full-width-responsive=\"true\"><\/ins>\r\n<script>\r\n     (adsbygoogle = window.adsbygoogle || []).push({});\r\n<\/script><br>\n<div class=\"row justify-content-center\"><div class=\"col-md-6\"><div style=\"text-align: left;\">\n<figure><a class=\"kalender\" href=\"https:\/\/media.colomio.com\/calendar-int\/2026\/sv\/kalender-februari-2026-liggande-format.pdf\" rel=\"nofollow\" title=\"Mall m\u00e5nadskalender februari 2026 som gratis utskrift\"><img decoding=\"async\" class=\"schatten\" loading=\"lazy\" src=\"https:\/\/media.colomio.com\/calendar-int\/2026\/sv\/kalender-februari-2026-liggande-format.png\" alt=\"Mall m\u00e5nadskalender februari 2026 f\u00f6r gratis utskrift\" title=\"Mall m\u00e5nadskalender februari 2026 som gratis utskrift\"><figcaption class=\"title\" title=\"Mall m\u00e5nadskalender februari 2026 som gratis utskrift\">M\u00e5nadskalender februari 2026<\/figcaption><\/a><\/figure>\n\n\n\n<\/div>\n<\/div> \n\n<div class=\"col-md-6\"><div id=\"textdown\" style=\"text-align: left;\">\n<div id=\"ib\"><ul class=\"paint-row-content\"><li>M\u00e5nadskalender februari 2026 p\u00e5 en hel sida (Din A4), liggande<\/li><li>med kalenderveckor och helgdagar (rikst\u00e4ckande)<\/li><li>inkl. fri yta f\u00f6r personliga anteckningar<\/li><br>\n<li style=\"list-style-type: none;\"><b>Gratis nedladdning:<\/b><\/li>\n<div class=\"download-flex\">\n  <a href=\"https:\/\/media.colomio.com\/calendar-int\/2026\/sv\/kalender-februari-2026-liggande-format.pdf\" rel=\"nofollow\" title=\"Mall m\u00e5nadskalender februari 2026 f\u00f6r gratis utskrift pdf\"><img loading=\"lazy\" decoding=\"async\" alt=\"PDF\" src=\"https:\/\/www.colomio.com\/wp-content\/uploads\/2025\/09\/doc1.gif\" width=\"24\" height=\"30\"> PDF<\/a>\n  <a href=\"https:\/\/media.colomio.com\/calendar-int\/2026\/sv\/kalender-februari-2026-liggande-format.xlsx\" rel=\"nofollow\" title=\"Mall m\u00e5nadskalender februari 2026 f\u00f6r gratis utskrift Excel\"><img loading=\"lazy\" decoding=\"async\" alt=\"Excel\" src=\"https:\/\/www.colomio.com\/wp-content\/uploads\/2025\/09\/doc2.gif\" width=\"24\" height=\"30\"> Excel<\/a>\n  <a href=\"https:\/\/media.colomio.com\/calendar-int\/2026\/sv\/kalender-februari-2026-liggande-format.png\" rel=\"nofollow\" title=\"Mall m\u00e5nadskalender februari 2026 f\u00f6r gratis utskrift png\"><img loading=\"lazy\" decoding=\"async\" alt=\"PNG\" src=\"https:\/\/www.colomio.com\/wp-content\/uploads\/2025\/09\/doc3.gif\" width=\"24\" height=\"30\"> PNG<\/a>\n<\/div>\n<\/ul>\n<\/div>\t\n\n\n<\/div>\n<\/div> <\/div>\n<br><br>\n\n\n<div class=\"row justify-content-center\"><div class=\"col-md-6\"><div style=\"text-align: left;\">\n<figure><a class=\"kalender\" href=\"https:\/\/media.colomio.com\/calendar-int\/2026\/sv\/kalender-februari-2026.pdf\" rel=\"nofollow\" title=\"Kalender februari 2026 med helgdagar\"><img decoding=\"async\" class=\"schatten\" loading=\"lazy\" src=\"https:\/\/media.colomio.com\/calendar-int\/2026\/sv\/kalender-februari-2026.png\" alt=\"Kalender februari 2026 med helgdagar\" title=\"Kalender februari 2026 med helgdagar\"><figcaption class=\"title\" title=\"Kalender februari 2026 med helgdagar\">Kalender februari 2026 &#8211; liggande<\/figcaption><\/a><\/figure>\n\n\n\n<\/div>\n<\/div> \n\n<div class=\"col-md-6\"><div id=\"textdown\" style=\"text-align: left;\">\n<div id=\"ib\"><ul class=\"paint-row-content\"><li>M\u00e5nadskalender februari 2026 p\u00e5 en hel sida (Din A4), liggande<\/li><li>med kalenderveckor och helgdagar (rikst\u00e4ckande)<\/li><li>inkl. fri yta f\u00f6r personliga anteckningar<\/li><li>Mall med rikst\u00e4ckande helgdagar<\/li><br>\n<li style=\"list-style-type: none;\"><b>Gratis nedladdning:<\/b><\/li>\n<div class=\"download-flex\">\n  <a href=\"https:\/\/media.colomio.com\/calendar-int\/2026\/sv\/kalender-februari-2026.pdf\" rel=\"nofollow\" title=\"Kalender februari 2026 med helgdagar\"><img loading=\"lazy\" decoding=\"async\" alt=\"PDF\" src=\"https:\/\/www.colomio.com\/wp-content\/uploads\/2025\/09\/doc1.gif\" width=\"24\" height=\"30\"> PDF<\/a>\n  <a href=\"https:\/\/media.colomio.com\/calendar-int\/2026\/sv\/kalender-februari-2026.xlsx\" rel=\"nofollow\" title=\"Kalender februari 2026 med helgdagar som Excel-fil\"><img loading=\"lazy\" decoding=\"async\" alt=\"Excel\" src=\"https:\/\/www.colomio.com\/wp-content\/uploads\/2025\/09\/doc2.gif\" width=\"24\" height=\"30\"> Excel<\/a>\n  <a href=\"https:\/\/media.colomio.com\/calendar-int\/2026\/sv\/kalender-februari-2026.png\" rel=\"nofollow\" title=\"Kalender februari 2026 med helgdagar som PNG-bildfil\"><img loading=\"lazy\" decoding=\"async\" alt=\"PNG\" src=\"https:\/\/www.colomio.com\/wp-content\/uploads\/2025\/09\/doc3.gif\" width=\"24\" height=\"30\"> PNG<\/a>\n<\/div>\n<\/ul>\n<\/div>\t\n\n\n<\/div>\n<\/div> <\/div>\n\n<p>S\u00e4rskilt f\u00f6r familjer rekommenderas det att noggrant notera alla f\u00f6delsedagar och viktiga m\u00f6ten i en central kalender som \u00e4r l\u00e4tt att se. Planerare med tillr\u00e4ckligt med plats \u00e4r ett bra val h\u00e4r! En mycket popul\u00e4r version \u00e4r kalendern f\u00f6r februari 2026, d\u00e4r alla dagar \u00e4r listade under varandra och varje datum \u00e4r placerat p\u00e5 en egen rad. Dessutom erbjuder vi \u00e4ven m\u00e5nadskalendrar som anv\u00e4nder sm\u00e5 siffror och d\u00e4rmed ger tillr\u00e4ckligt med utrymme f\u00f6r viktiga anteckningar. V\u00e5ra klassiska kalendrar f\u00f6r februari 2026 f\u00f6r utskrift \u00e4r ocks\u00e5 mycket popul\u00e4ra. Stora siffror visar snabbt veckodagen och ger d\u00e4rmed en bra \u00f6versikt. <\/p>\n\n<br><br><br>\n<div class=\"row justify-content-center\"><div class=\"col-md-6\"><div style=\"text-align: left;\">\n<p><b>ST\u00c5ENDE FORMAT<\/b><\/p><figure><a class=\"kalender\" href=\"https:\/\/media.colomio.com\/calendar-int\/2026\/sv\/februari-2026-kalender-staende.pdf\" rel=\"nofollow\" title=\"Februari 2026 kalender - st\u00e5ende format, gratis f\u00f6r utskrift\"><img decoding=\"async\" class=\"schatten\" loading=\"lazy\" src=\"https:\/\/media.colomio.com\/calendar-int\/2026\/sv\/februari-2026-kalender-staende.png\" alt=\"Februari 2026 kalender - st\u00e5ende format, gratis f\u00f6r utskrift\" title=\"Februari 2026 kalender - st\u00e5ende format, gratis f\u00f6r utskrift\"><figcaption class=\"title\" title=\"Februari 2026 kalender - st\u00e5ende format, gratis f\u00f6r utskrift\">Februari 2026 kalender &#8211; st\u00e5ende format<\/figcaption><\/a><\/figure>\n\n\n\n<\/div>\n<\/div> \n\n<div class=\"col-md-6\"><div id=\"textdown\" style=\"text-align: left;\">\n<div id=\"ib\"><ul class=\"paint-row-content\"><li>M\u00e5nad februari 2026 p\u00e5 en hel sida (Din A4), st\u00e5ende format<\/li><li>Stora siffror f\u00f6r god l\u00e4sbarhet<\/li><li>med kalenderveckor och helgdagar (rikst\u00e4ckande)<\/li><li>kan anv\u00e4ndas som v\u00e4ggkalender<\/li><br>\n<li style=\"list-style-type: none;\"><b>Gratis nedladdning:<\/b><\/li>\n<div class=\"download-flex\">\n  <a href=\"https:\/\/media.colomio.com\/calendar-int\/2026\/sv\/februari-2026-kalender-staende.pdf\" rel=\"nofollow\" title=\"Februari 2026 kalender - st\u00e5ende format, gratis f\u00f6r utskrift som pdf\"><img loading=\"lazy\" decoding=\"async\" alt=\"PDF\" src=\"https:\/\/www.colomio.com\/wp-content\/uploads\/2025\/09\/doc1.gif\" width=\"24\" height=\"30\"> PDF<\/a>\n  <a href=\"https:\/\/media.colomio.com\/calendar-int\/2026\/sv\/februari-2026-kalender-staende.xlsx\" rel=\"nofollow\" title=\"Februari 2026 kalender - st\u00e5ende format, gratis f\u00f6r utskrift som Excel\"><img loading=\"lazy\" decoding=\"async\" alt=\"Excel\" src=\"https:\/\/www.colomio.com\/wp-content\/uploads\/2025\/09\/doc2.gif\" width=\"24\" height=\"30\"> Excel<\/a>\n  <a href=\"https:\/\/media.colomio.com\/calendar-int\/2026\/sv\/februari-2026-kalender-staende.png\" rel=\"nofollow\" title=\"Februari 2026 kalender - st\u00e5ende format, gratis f\u00f6r utskrift som png\"><img loading=\"lazy\" decoding=\"async\" alt=\"PNG\" src=\"https:\/\/www.colomio.com\/wp-content\/uploads\/2025\/09\/doc3.gif\" width=\"24\" height=\"30\"> PNG<\/a>\n<\/div>\n<\/ul>\n<\/div>\t\n\n\n<\/div>\n<\/div> <\/div>\n<br><br><br>\n<div class=\"row justify-content-center\"><div class=\"col-md-6\"><div style=\"text-align: left;\">\n<figure><a class=\"kalender\" href=\"https:\/\/media.colomio.com\/calendar-int\/2026\/sv\/kalender-februari-2026-staende-format.pdf\" rel=\"nofollow\" title=\"Kalender februari 2026 - st\u00e5ende format, gratis f\u00f6r utskrift som pdf\"><img decoding=\"async\" class=\"schatten\" loading=\"lazy\" src=\"https:\/\/media.colomio.com\/calendar-int\/2026\/sv\/kalender-februari-2026-staende-format.png\" alt=\"Kalender februari 2026 - st\u00e5ende format, gratis f\u00f6r utskrift\" title=\"Kalender februari 2026 - st\u00e5ende format, gratis f\u00f6r utskrift\"><figcaption class=\"title\" title=\"Kalender februari 2026 - st\u00e5ende format, gratis f\u00f6r utskrift\">Kalender februari 2026 &#8211; st\u00e5ende format<\/figcaption><\/a><\/figure>\n\n\n\n<\/div>\n<\/div> \n\n<div class=\"col-md-6\"><div id=\"textdown\" style=\"text-align: left;\">\n<div id=\"ib\"><ul class=\"paint-row-content\"><li>Februari 2026-kalender p\u00e5 en hel sida (Din A4)<\/li><li>St\u00e5ende format<\/li><li>Stora siffror (l\u00e4ttl\u00e4sta)<\/li><li>med kalenderveckor och helgdagar (rikst\u00e4ckande)<\/li><li>passar som v\u00e4ggkalender<\/li><br>\n<li style=\"list-style-type: none;\"><b>Gratis nedladdning:<\/b><\/li>\n<div class=\"download-flex\">\n  <a href=\"https:\/\/media.colomio.com\/calendar-int\/2026\/sv\/kalender-februari-2026-staende-format.pdf\" rel=\"nofollow\" title=\"Kalender februari 2026 - st\u00e5ende format, gratis f\u00f6r utskrift som pdf\"><img loading=\"lazy\" decoding=\"async\" alt=\"PDF\" src=\"https:\/\/www.colomio.com\/wp-content\/uploads\/2025\/09\/doc1.gif\" width=\"24\" height=\"30\"> PDF<\/a>\n  <a href=\"https:\/\/media.colomio.com\/calendar-int\/2026\/sv\/kalender-februari-2026-staende-format.xlsx\" rel=\"nofollow\" title=\"Kalender februari 2026 - st\u00e5ende format, gratis f\u00f6r utskrift som Excel\"><img loading=\"lazy\" decoding=\"async\" alt=\"Excel\" src=\"https:\/\/www.colomio.com\/wp-content\/uploads\/2025\/09\/doc2.gif\" width=\"24\" height=\"30\"> Excel<\/a>\n  <a href=\"https:\/\/media.colomio.com\/calendar-int\/2026\/sv\/kalender-februari-2026-staende-format.png\" rel=\"nofollow\" title=\"Kalender februari 2026 - st\u00e5ende format, gratis f\u00f6r utskrift som png format\"><img loading=\"lazy\" decoding=\"async\" alt=\"PNG\" src=\"https:\/\/www.colomio.com\/wp-content\/uploads\/2025\/09\/doc3.gif\" width=\"24\" height=\"30\"> PNG<\/a>\n<\/div>\n<\/ul>\n<\/div>\t\n\n\n<\/div>\n<\/div> <\/div>\n\n\n","protected":false},"excerpt":{"rendered":"<p>Februari 2026 \u00e4r en kort m\u00e5nad med 28 dagar som b\u00f6rjar p\u00e5 en s\u00f6ndag. Denna m\u00e5nad inneh\u00e5ller inga nationella helgdagar i Sverige, vilket g\u00f6r den perfekt f\u00f6r att fokusera p\u00e5 vardagsaktiviteter och planering. V\u00e5r februari 2026 kalender f\u00f6r Sverige finns tillg\u00e4nglig som gratis nedladdning i flera format &#8211; PDF f\u00f6r utskrift, Excel (XLS) f\u00f6r anpassning &#8230; <a title=\"Februari 2026 Kalender Sverige &#8211; Gratis Nedladdning\" class=\"read-more\" href=\"https:\/\/www.colomio.com\/sv\/februari-2026-kalender\" aria-label=\"L\u00e4s mer om Februari 2026 Kalender Sverige &#8211; Gratis Nedladdning\">L\u00e4s mer<\/a><\/p>\n","protected":false},"author":4,"featured_media":0,"parent":0,"menu_order":62,"comment_status":"closed","ping_status":"closed","template":"","meta":{"_yoast_wpseo_title":"Februari 2026 Kalender Sverige \u2013 PDF & Excel","_yoast_wpseo_metadesc":"Ladda ner gratis februari 2026 kalender f\u00f6r Sverige. 28 dagar, b\u00f6rjar s\u00f6ndag. Tillg\u00e4nglig som PDF, Excel och PNG. Inga helgdagar denna m\u00e5nad.","_yoast_wpseo_bctitle":"Februari 2026","_colomio_max_video_preview":"","_colomio_max_image_preview":"","_colomio_max_snippet":"","_custom_article_jsonld":"","_custom_howto_jsonld":"","_custom_schema_jsonld":"","category-page":true,"footnotes":""},"class_list":["post-11541","page","type-page","status-publish"],"yoast_head":"<!-- This site is optimized with the Yoast SEO plugin v27.2 - https:\/\/yoast.com\/product\/yoast-seo-wordpress\/ -->\n<title>Februari 2026 Kalender Sverige \u2013 PDF &amp; Excel<\/title>\n<meta name=\"description\" content=\"Ladda ner gratis februari 2026 kalender f\u00f6r Sverige. 28 dagar, b\u00f6rjar s\u00f6ndag. Tillg\u00e4nglig som PDF, Excel och PNG. Inga helgdagar denna m\u00e5nad.\" \/>\n<meta name=\"robots\" content=\"index, follow, max-snippet:-1, max-image-preview:large, max-video-preview:-1\" \/>\n<link rel=\"canonical\" href=\"https:\/\/www.colomio.com\/sv\/februari-2026-kalender\" \/>\n<meta property=\"og:locale\" content=\"sv_SE\" \/>\n<meta property=\"og:type\" content=\"article\" \/>\n<meta property=\"og:title\" content=\"Februari 2026 Kalender Sverige \u2013 PDF &amp; Excel\" \/>\n<meta property=\"og:description\" content=\"Ladda ner gratis februari 2026 kalender f\u00f6r Sverige. 28 dagar, b\u00f6rjar s\u00f6ndag. Tillg\u00e4nglig som PDF, Excel och PNG. Inga helgdagar denna m\u00e5nad.\" \/>\n<meta property=\"og:url\" content=\"https:\/\/www.colomio.com\/sv\/februari-2026-kalender\" \/>\n<meta property=\"og:site_name\" content=\"www.colomio.com\" \/>\n<meta property=\"article:modified_time\" content=\"2026-04-21T15:02:21+00:00\" \/>\n<meta property=\"og:image\" content=\"https:\/\/media.colomio.com\/calendar-int\/2026\/sv\/kalender-februari-2026-klassisk.png\" \/>\n<meta name=\"twitter:card\" content=\"summary_large_image\" \/>\n<meta name=\"twitter:label1\" content=\"Ber\u00e4knad l\u00e4stid\" \/>\n\t<meta name=\"twitter:data1\" content=\"7 minuter\" \/>\n<script type=\"application\/ld+json\" class=\"yoast-schema-graph\">{\"@context\":\"https:\/\/schema.org\",\"@graph\":[{\"@type\":\"WebPage\",\"@id\":\"https:\/\/www.colomio.com\/sv\/februari-2026-kalender\",\"url\":\"https:\/\/www.colomio.com\/sv\/februari-2026-kalender\",\"name\":\"Februari 2026 Kalender Sverige \u2013 PDF & Excel\",\"isPartOf\":{\"@id\":\"https:\/\/www.colomio.com\/sv#website\"},\"primaryImageOfPage\":{\"@id\":\"https:\/\/www.colomio.com\/sv\/februari-2026-kalender#primaryimage\"},\"image\":{\"@id\":\"https:\/\/www.colomio.com\/sv\/februari-2026-kalender#primaryimage\"},\"thumbnailUrl\":\"https:\/\/media.colomio.com\/calendar-int\/2026\/sv\/kalender-februari-2026-klassisk.png\",\"datePublished\":\"2025-08-12T13:55:00+00:00\",\"dateModified\":\"2026-04-21T15:02:21+00:00\",\"description\":\"Ladda ner gratis februari 2026 kalender f\u00f6r Sverige. 28 dagar, b\u00f6rjar s\u00f6ndag. Tillg\u00e4nglig som PDF, Excel och PNG. Inga helgdagar denna m\u00e5nad.\",\"breadcrumb\":{\"@id\":\"https:\/\/www.colomio.com\/sv\/februari-2026-kalender#breadcrumb\"},\"inLanguage\":\"sv-SE\",\"potentialAction\":[{\"@type\":\"ReadAction\",\"target\":[\"https:\/\/www.colomio.com\/sv\/februari-2026-kalender\"]}]},{\"@type\":\"ImageObject\",\"inLanguage\":\"sv-SE\",\"@id\":\"https:\/\/www.colomio.com\/sv\/februari-2026-kalender#primaryimage\",\"url\":\"https:\/\/media.colomio.com\/calendar-int\/2026\/sv\/kalender-februari-2026-klassisk.png\",\"contentUrl\":\"https:\/\/media.colomio.com\/calendar-int\/2026\/sv\/kalender-februari-2026-klassisk.png\"},{\"@type\":\"BreadcrumbList\",\"@id\":\"https:\/\/www.colomio.com\/sv\/februari-2026-kalender#breadcrumb\",\"itemListElement\":[{\"@type\":\"ListItem\",\"position\":1,\"name\":\"Home\",\"item\":\"https:\/\/www.colomio.com\/sv\"},{\"@type\":\"ListItem\",\"position\":2,\"name\":\"Februari 2026\"}]},{\"@type\":\"WebSite\",\"@id\":\"https:\/\/www.colomio.com\/sv#website\",\"url\":\"https:\/\/www.colomio.com\/sv\",\"name\":\"www.colomio.com\",\"description\":\"\",\"publisher\":{\"@id\":\"https:\/\/www.colomio.com\/sv#organization\"},\"potentialAction\":[{\"@type\":\"SearchAction\",\"target\":{\"@type\":\"EntryPoint\",\"urlTemplate\":\"https:\/\/www.colomio.com\/sv?s={search_term_string}\"},\"query-input\":{\"@type\":\"PropertyValueSpecification\",\"valueRequired\":true,\"valueName\":\"search_term_string\"}}],\"inLanguage\":\"sv-SE\"},{\"@type\":\"Organization\",\"@id\":\"https:\/\/www.colomio.com\/sv#organization\",\"name\":\"colomio\",\"url\":\"https:\/\/www.colomio.com\/sv\",\"logo\":{\"@type\":\"ImageObject\",\"inLanguage\":\"sv-SE\",\"@id\":\"https:\/\/www.colomio.com\/sv#\/schema\/logo\/image\/\",\"url\":\"https:\/\/www.colomio.com\/wp-content\/uploads\/2025\/02\/cropped-colomio-logo.png?wsr\",\"contentUrl\":\"https:\/\/www.colomio.com\/wp-content\/uploads\/2025\/02\/cropped-colomio-logo.png?wsr\",\"width\":373,\"height\":98,\"caption\":\"www.colomio.com\"},\"image\":{\"@id\":\"https:\/\/www.colomio.com\/sv#\/schema\/logo\/image\/\"},\"sameAs\":[\"https:\/\/www.instagram.com\/colomio.team\/\",\"https:\/\/de.pinterest.com\/happycolorz_colomio\/\",\"https:\/\/www.pinterest.com\/happycolorz_colomio\/\",\"https:\/\/www.muminthemadhouse.com\/custom-ai-colouring-pages-for-kids\/\",\"https:\/\/slummysinglemummy.com\/2026\/03\/05\/rainy-afternoons-just-got-a-lot-more-creative-discovering-colomio\/\",\"https:\/\/www.amazon.com\/Horses-Coloring-Book-pages-reprint\/dp\/1707878994\",\"https:\/\/www.prnewswire.com\/news-releases\/colomiocom-launches-a-free-customizable-coloring-book-for-home-printing-301162753.html\",\"https:\/\/www.linkedin.com\/in\/mathias-ziegler-b6068568\/\"],\"alternateName\":\"colomio.com\",\"foundingDate\":\"2019\",\"description\":\"Free printable coloring pages, step-by-step drawing tutorials, and creative crafts for kids \u2013 created by parents, tested by children.\",\"address\":{\"@type\":\"PostalAddress\",\"streetAddress\":\"Zeppelinstr. 73\",\"addressLocality\":\"Munich\",\"postalCode\":\"81669\",\"addressRegion\":\"Bavaria\",\"addressCountry\":\"DE\"},\"parentOrganization\":{\"@type\":\"Organization\",\"name\":\"happycolorz GmbH\",\"url\":\"https:\/\/www.happycolorz.de\"},\"founder\":[{\"@type\":\"Person\",\"@id\":\"https:\/\/www.colomio.com\/sv#mathias\/\",\"name\":\"Mathias Ziegler\",\"jobTitle\":\"Founder & Managing Director\",\"url\":\"https:\/\/www.colomio.com\/sv\/authors\/colomio-team\"}]}]}<\/script>\n<!-- \/ Yoast SEO plugin. -->","yoast_head_json":{"title":"Februari 2026 Kalender Sverige \u2013 PDF & Excel","description":"Ladda ner gratis februari 2026 kalender f\u00f6r Sverige. 28 dagar, b\u00f6rjar s\u00f6ndag. Tillg\u00e4nglig som PDF, Excel och PNG. Inga helgdagar denna m\u00e5nad.","robots":{"index":"index","follow":"follow","max-snippet":"max-snippet:-1","max-image-preview":"max-image-preview:large","max-video-preview":"max-video-preview:-1"},"canonical":"https:\/\/www.colomio.com\/sv\/februari-2026-kalender","og_locale":"sv_SE","og_type":"article","og_title":"Februari 2026 Kalender Sverige \u2013 PDF & Excel","og_description":"Ladda ner gratis februari 2026 kalender f\u00f6r Sverige. 28 dagar, b\u00f6rjar s\u00f6ndag. Tillg\u00e4nglig som PDF, Excel och PNG. Inga helgdagar denna m\u00e5nad.","og_url":"https:\/\/www.colomio.com\/sv\/februari-2026-kalender","og_site_name":"www.colomio.com","article_modified_time":"2026-04-21T15:02:21+00:00","og_image":[{"url":"https:\/\/media.colomio.com\/calendar-int\/2026\/sv\/kalender-februari-2026-klassisk.png","type":"","width":"","height":""}],"twitter_card":"summary_large_image","twitter_misc":{"Ber\u00e4knad l\u00e4stid":"7 minuter"},"schema":{"@context":"https:\/\/schema.org","@graph":[{"@type":"WebPage","@id":"https:\/\/www.colomio.com\/sv\/februari-2026-kalender","url":"https:\/\/www.colomio.com\/sv\/februari-2026-kalender","name":"Februari 2026 Kalender Sverige \u2013 PDF & Excel","isPartOf":{"@id":"https:\/\/www.colomio.com\/sv#website"},"primaryImageOfPage":{"@id":"https:\/\/www.colomio.com\/sv\/februari-2026-kalender#primaryimage"},"image":{"@id":"https:\/\/www.colomio.com\/sv\/februari-2026-kalender#primaryimage"},"thumbnailUrl":"https:\/\/media.colomio.com\/calendar-int\/2026\/sv\/kalender-februari-2026-klassisk.png","datePublished":"2025-08-12T13:55:00+00:00","dateModified":"2026-04-21T15:02:21+00:00","description":"Ladda ner gratis februari 2026 kalender f\u00f6r Sverige. 28 dagar, b\u00f6rjar s\u00f6ndag. Tillg\u00e4nglig som PDF, Excel och PNG. Inga helgdagar denna m\u00e5nad.","breadcrumb":{"@id":"https:\/\/www.colomio.com\/sv\/februari-2026-kalender#breadcrumb"},"inLanguage":"sv-SE","potentialAction":[{"@type":"ReadAction","target":["https:\/\/www.colomio.com\/sv\/februari-2026-kalender"]}]},{"@type":"ImageObject","inLanguage":"sv-SE","@id":"https:\/\/www.colomio.com\/sv\/februari-2026-kalender#primaryimage","url":"https:\/\/media.colomio.com\/calendar-int\/2026\/sv\/kalender-februari-2026-klassisk.png","contentUrl":"https:\/\/media.colomio.com\/calendar-int\/2026\/sv\/kalender-februari-2026-klassisk.png"},{"@type":"BreadcrumbList","@id":"https:\/\/www.colomio.com\/sv\/februari-2026-kalender#breadcrumb","itemListElement":[{"@type":"ListItem","position":1,"name":"Home","item":"https:\/\/www.colomio.com\/sv"},{"@type":"ListItem","position":2,"name":"Februari 2026"}]},{"@type":"WebSite","@id":"https:\/\/www.colomio.com\/sv#website","url":"https:\/\/www.colomio.com\/sv","name":"www.colomio.com","description":"","publisher":{"@id":"https:\/\/www.colomio.com\/sv#organization"},"potentialAction":[{"@type":"SearchAction","target":{"@type":"EntryPoint","urlTemplate":"https:\/\/www.colomio.com\/sv?s={search_term_string}"},"query-input":{"@type":"PropertyValueSpecification","valueRequired":true,"valueName":"search_term_string"}}],"inLanguage":"sv-SE"},{"@type":"Organization","@id":"https:\/\/www.colomio.com\/sv#organization","name":"colomio","url":"https:\/\/www.colomio.com\/sv","logo":{"@type":"ImageObject","inLanguage":"sv-SE","@id":"https:\/\/www.colomio.com\/sv#\/schema\/logo\/image\/","url":"https:\/\/www.colomio.com\/wp-content\/uploads\/2025\/02\/cropped-colomio-logo.png?wsr","contentUrl":"https:\/\/www.colomio.com\/wp-content\/uploads\/2025\/02\/cropped-colomio-logo.png?wsr","width":373,"height":98,"caption":"www.colomio.com"},"image":{"@id":"https:\/\/www.colomio.com\/sv#\/schema\/logo\/image\/"},"sameAs":["https:\/\/www.instagram.com\/colomio.team\/","https:\/\/de.pinterest.com\/happycolorz_colomio\/","https:\/\/www.pinterest.com\/happycolorz_colomio\/","https:\/\/www.muminthemadhouse.com\/custom-ai-colouring-pages-for-kids\/","https:\/\/slummysinglemummy.com\/2026\/03\/05\/rainy-afternoons-just-got-a-lot-more-creative-discovering-colomio\/","https:\/\/www.amazon.com\/Horses-Coloring-Book-pages-reprint\/dp\/1707878994","https:\/\/www.prnewswire.com\/news-releases\/colomiocom-launches-a-free-customizable-coloring-book-for-home-printing-301162753.html","https:\/\/www.linkedin.com\/in\/mathias-ziegler-b6068568\/"],"alternateName":"colomio.com","foundingDate":"2019","description":"Free printable coloring pages, step-by-step drawing tutorials, and creative crafts for kids \u2013 created by parents, tested by children.","address":{"@type":"PostalAddress","streetAddress":"Zeppelinstr. 73","addressLocality":"Munich","postalCode":"81669","addressRegion":"Bavaria","addressCountry":"DE"},"parentOrganization":{"@type":"Organization","name":"happycolorz GmbH","url":"https:\/\/www.happycolorz.de"},"founder":[{"@type":"Person","@id":"https:\/\/www.colomio.com\/sv#mathias\/","name":"Mathias Ziegler","jobTitle":"Founder & Managing Director","url":"https:\/\/www.colomio.com\/sv\/authors\/colomio-team"}]}]}},"_links":{"self":[{"href":"https:\/\/www.colomio.com\/sv\/wp-json\/wp\/v2\/pages\/11541","targetHints":{"allow":["GET"]}}],"collection":[{"href":"https:\/\/www.colomio.com\/sv\/wp-json\/wp\/v2\/pages"}],"about":[{"href":"https:\/\/www.colomio.com\/sv\/wp-json\/wp\/v2\/types\/page"}],"author":[{"embeddable":true,"href":"https:\/\/www.colomio.com\/sv\/wp-json\/wp\/v2\/users\/4"}],"replies":[{"embeddable":true,"href":"https:\/\/www.colomio.com\/sv\/wp-json\/wp\/v2\/comments?post=11541"}],"version-history":[{"count":6,"href":"https:\/\/www.colomio.com\/sv\/wp-json\/wp\/v2\/pages\/11541\/revisions"}],"predecessor-version":[{"id":96448,"href":"https:\/\/www.colomio.com\/sv\/wp-json\/wp\/v2\/pages\/11541\/revisions\/96448"}],"wp:attachment":[{"href":"https:\/\/www.colomio.com\/sv\/wp-json\/wp\/v2\/media?parent=11541"}],"curies":[{"name":"wp","href":"https:\/\/api.w.org\/{rel}","templated":true}]}}